{"id":589,"date":"2016-08-24T19:28:57","date_gmt":"2016-08-24T19:28:57","guid":{"rendered":"http:\/\/camtucuman.gob.ar\/web\/?page_id=589"},"modified":"2024-05-27T13:34:32","modified_gmt":"2024-05-27T13:34:32","slug":"ternas-remitidas","status":"publish","type":"page","link":"https:\/\/camtucuman.gob.ar\/accesible\/concursos\/ternas-remitidas\/","title":{"rendered":"Concursos Finalizados"},"content":{"rendered":"<p><strong>Concurso n\u00ba250. Fiscal\/a de Instrucci\u00f3n Penal de la VIII Nominaci\u00f3n del Centro Judicial Capital:<\/strong><\/p>\n<p>En fecha 20\/05\/2024 se elev\u00f3 al Poder Ejecutivo de la Provincia la terna resultante del concurso, mediante&nbsp;<a href=\"https:\/\/camtucuman.gob.ar\/documentos\/acuerdos\/acuerdo_2024_88.pdf\" target=\"_blank\" rel=\"noopener\">Acuerdo n\u00b088\/2024<\/a>&nbsp;y conforme art. 101 inc. 5\u00ba de la Constituci\u00f3n de la Provincia y art. 16 de la Ley 8.197:<\/p>\n<ol>\n<li>Patricio Agust\u00edn Prado,<\/li>\n<li>Mar\u00eda Paula Bellom\u00edo, y<\/li>\n<li>Lucas Manuel Maggio.<\/li>\n<\/ol>\n<hr>\n<p><strong>Concurso n\u00ba245. Defensor\/a Oficial Penal de la IX Nominaci\u00f3n del Centro Judicial Capital:<\/strong><\/p>\n<p>En fecha 20\/05\/2024 se elev\u00f3 al Poder Ejecutivo de la Provincia la terna resultante del concurso, mediante&nbsp;<a href=\"https:\/\/camtucuman.gob.ar\/documentos\/acuerdos\/acuerdo_2024_89.pdf\" target=\"_blank\" rel=\"noopener\">Acuerdo n\u00b089\/2024<\/a>&nbsp;y conforme art. 101 inc. 5\u00ba de la Constituci\u00f3n de la Provincia y art. 16 de la Ley 8.197:<\/p>\n<ol>\n<li>Rodolfo Sebasti\u00e1n Norniella Parache,<\/li>\n<li>Mar\u00eda Florencia Ci\u00f3tola, y<\/li>\n<li>Carolina Eugenia Epelbaum.<\/li>\n<\/ol>\n<hr>\n<p><strong>Concurso n\u00ba247. Defensor\/a Oficial Penal del Centro Judicial del Este:<\/strong><\/p>\n<p>En fecha 20\/05\/2024 se elev\u00f3 al Poder Ejecutivo de la Provincia la terna resultante del concurso, mediante&nbsp;<a href=\"https:\/\/camtucuman.gob.ar\/documentos\/acuerdos\/acuerdo_2024_90.pdf\" target=\"_blank\" rel=\"noopener\">Acuerdo n\u00b090\/2024<\/a>&nbsp;y conforme art. 101 inc. 5\u00ba de la Constituci\u00f3n de la Provincia y art. 16 de la Ley 8.197:<\/p>\n<ol>\n<li>Mar\u00eda de los \u00c1ngeles Pic\u00f3n,&nbsp;<\/li>\n<li>Paula Fajre, y<\/li>\n<li>F\u00e9lix Maximiliano Gh\u00edo.<\/li>\n<\/ol>\n<hr>\n<p><strong>Concurso n\u00ba281. Defensor\/a Oficial en lo Penal del Centro Judicial Monteros:<\/strong><\/p>\n<p>En fecha 20\/05\/2024 se elev\u00f3 al Poder Ejecutivo de la Provincia la terna resultante del concurso, mediante&nbsp;<a href=\"https:\/\/camtucuman.gob.ar\/documentos\/acuerdos\/acuerdo_2024_91.pdf\" target=\"_blank\" rel=\"noopener\">Acuerdo n\u00b091\/2024<\/a>&nbsp;y conforme art. 101 inc. 5\u00ba de la Constituci\u00f3n de la Provincia y art. 16 de la Ley 8.197:<\/p>\n<ol>\n<li>Juan Santos P\u00e9rez,<\/li>\n<li>Hugo Gonzalo Guerra, y<\/li>\n<li>Daniel Adri\u00e1n Mendivil.<\/li>\n<\/ol>\n<hr>\n<p><strong>Concurso n\u00b0274. Vocal de C\u00e1mara de Apelaciones en lo Civil y Comercial Com\u00fan del Centro Judicial Concepci\u00f3n:<\/strong><\/p>\n<p>En fecha 07\/05\/2024 se elev\u00f3 al Poder Ejecutivo de la Provincia la terna resultante del concurso, mediante Acuerdo n\u00b077\/2024 y conforme art. 101 inc. 5\u00ba de la Constituci\u00f3n de la Provincia y art. 16 de la Ley 8.197:<\/p>\n<ol>\n<li>Daniel Edgardo Moeremans,<\/li>\n<li>Luciana Eleas, y<\/li>\n<li>Carlos Vilfredo Garc\u00eda Maci\u00e1n.<\/li>\n<\/ol>\n<hr>\n<p><strong>Concurso n\u00b0273. Vocal de C\u00e1mara de Apelaciones en lo Civil y Comercial Com\u00fan del Centro Judicial Concepci\u00f3n:<\/strong><\/p>\n<p>En fecha 07\/05\/2024 se elev\u00f3 al Poder Ejecutivo de la Provincia la terna resultante del concurso, mediante&nbsp;<a href=\"https:\/\/camtucuman.gob.ar\/documentos\/acuerdos\/acuerdo_2024_76.pdf\" target=\"_blank\" rel=\"noopener\">Acuerdo n\u00b076\/2024<\/a>&nbsp;y conforme art. 101 inc. 5\u00ba de la Constituci\u00f3n de la Provincia y art. 16 de la Ley 8.197:<\/p>\n<ol>\n<li>Valeria Susana Castillo,<\/li>\n<li>Luciana Eleas, y<\/li>\n<li>Carlos Vilfredo Garc\u00eda Maci\u00e1n.<\/li>\n<\/ol>\n<hr>\n<p><strong>Concurso n\u00b0236. Juez\/a en lo Civil Especializado en Violencia contra la Mujer, del Centro Judicial Capital:<\/strong><\/p>\n<p>En fecha 22\/04\/2024 se elev\u00f3 al Poder Ejecutivo de la Provincia la terna resultante del concurso, mediante&nbsp;<a href=\"https:\/\/camtucuman.gob.ar\/documentos\/acuerdos\/acuerdo_2024_63.pdf\" target=\"_blank\" rel=\"noopener\">Acuerdo n\u00b063\/2024<\/a>&nbsp;y conforme art. 101 inc. 5\u00ba de la Constituci\u00f3n de la Provincia y art. 16 de la Ley 8.197:<\/p>\n<ol>\n<li>Roberto Jos\u00e9 Javier Zelaya,<\/li>\n<li>Mar\u00eda Josefina Olarte, y<\/li>\n<li>Mar\u00eda Soledad Deza.<\/li>\n<\/ol>\n<hr>\n<p><strong>Concurso n\u00b0240. Juez\/a en lo Civil Especializado en Violencia contra la Mujer, del Centro Judicial Monteros:<\/strong><\/p>\n<p>En fecha 22\/04\/2024 se elev\u00f3 al Poder Ejecutivo de la Provincia la terna resultante del concurso, mediante&nbsp;<a href=\"https:\/\/camtucuman.gob.ar\/documentos\/acuerdos\/acuerdo_2024_65.pdf\" target=\"_blank\" rel=\"noopener\">Acuerdo n\u00b065\/2024<\/a>&nbsp;y conforme art. 101 inc. 5\u00ba de la Constituci\u00f3n de la Provincia y art. 16 de la Ley 8.197:<\/p>\n<ol>\n<li>Mar\u00eda Alejandra Gan\u00edn Brodersen,<\/li>\n<li>Mar\u00eda Josefina Olarte, y<\/li>\n<li>Roberto Jos\u00e9 Javier Zelaya.<\/li>\n<\/ol>\n<hr>\n<p><strong>Concurso n\u00b0238. Juez\/a en lo Civil Especializado en Violencia contra la Mujer, del Centro Judicial Concepci\u00f3n:<\/strong><\/p>\n<p>En fecha 22\/04\/2024 se elev\u00f3 al Poder Ejecutivo de la Provincia la terna resultante del concurso, mediante&nbsp;<a href=\"https:\/\/camtucuman.gob.ar\/documentos\/acuerdos\/acuerdo_2024_64.pdf\" target=\"_blank\" rel=\"noopener\">Acuerdo n\u00b064\/2024<\/a>&nbsp;y conforme art. 101 inc. 5\u00ba de la Constituci\u00f3n de la Provincia y art. 16 de la Ley 8.197:<\/p>\n<ol>\n<li>Roberto Jos\u00e9 Javier Zelaya,<\/li>\n<li>Marcela Eugenia De Mari, y<\/li>\n<li>\u00c9lida Jessica Slavik.<\/li>\n<\/ol>\n<hr>\n<p><strong>Concurso n\u00b0237. Juez\/a en lo Penal Especializado en Violencia contra la Mujer, del Centro Judicial Capital:<\/strong><\/p>\n<p>En fecha 08\/04\/2024 se elev\u00f3 al Poder Ejecutivo de la Provincia la terna resultante del concurso, mediante&nbsp;<a href=\"https:\/\/camtucuman.gob.ar\/documentos\/acuerdos\/acuerdo_2024_60.pdf\" target=\"_blank\" rel=\"noopener\">Acuerdo n\u00b060\/2024<\/a>&nbsp;y conforme art. 101 inc. 5\u00ba de la Constituci\u00f3n de la Provincia y art. 16 de la Ley 8.197:<\/p>\n<ol>\n<li>Carolina Eugenia Epelbaum,<\/li>\n<li>Sandra Marcela Acosta, y<\/li>\n<li>Mar\u00eda Cecilia \u00c1vila.<\/li>\n<\/ol>\n<hr>\n<p><strong>Concurso n\u00b0239. Juez\/a en lo Penal Especializado en Violencia contra la Mujer, del Centro Judicial Concepci\u00f3n:<\/strong><\/p>\n<p>En fecha 08\/04\/2024 se elev\u00f3 al Poder Ejecutivo de la Provincia la terna resultante del concurso, mediante&nbsp;<a href=\"https:\/\/camtucuman.gob.ar\/documentos\/acuerdos\/acuerdo_2024_61.pdf\" target=\"_blank\" rel=\"noopener\">Acuerdo n\u00b061\/2024<\/a>&nbsp;y conforme art. 101 inc. 5\u00ba de la Constituci\u00f3n de la Provincia y art. 16 de la Ley 8.197:<\/p>\n<ol>\n<li>Mar\u00eda Cecilia \u00c1vila.<\/li>\n<li>Mar\u00eda Laura Basbus, y<\/li>\n<li>Carolina Eugenia Epelbaum.<\/li>\n<\/ol>\n<hr>\n<p><strong>Concurso n\u00b0241. Juez\/a en lo Penal Especializado en Violencia contra la Mujer, del Centro Judicial Monteros:<\/strong><\/p>\n<p>En fecha 08\/04\/2024 se elev\u00f3 al Poder Ejecutivo de la Provincia la terna resultante del concurso, mediante&nbsp;<a href=\"https:\/\/camtucuman.gob.ar\/documentos\/acuerdos\/acuerdo_2024_62.pdf\" target=\"_blank\" rel=\"noopener\">Acuerdo n\u00b062\/2024<\/a>&nbsp;y conforme art. 101 inc. 5\u00ba de la Constituci\u00f3n de la Provincia y art. 16 de la Ley 8.197:<\/p>\n<ol>\n<li>Mar\u00eda Cecilia \u00c1vila,<\/li>\n<li>Mar\u00eda Graciela del Valle Macci\u00f3, y<\/li>\n<li>Ileana Caillou Ch\u00e1vez.<\/li>\n<\/ol>\n<hr>\n<p><strong>Concurso n\u00ba310. Vocal de C\u00e1mara de Apelaciones en lo Civil en Familia y Sucesiones del Centro Judicial Capital:<\/strong><\/p>\n<p>En fecha 18\/03\/2024 se elev\u00f3 al Poder Ejecutivo de la Provincia la terna resultante del concurso, mediante&nbsp;<a href=\"https:\/\/camtucuman.gob.ar\/documentos\/acuerdos\/acuerdo_2024_50.pdf\" target=\"_blank\" rel=\"noopener\">Acuerdo n\u00b050\/2024<\/a>&nbsp;y conforme art. 101 inc. 5\u00ba de la Constituci\u00f3n de la Provincia y art. 16 de la Ley 8.197:<\/p>\n<ol>\n<li>Mariana Josefina Rey Galindo,<\/li>\n<li>Carlos Fernando Gramajo, y<\/li>\n<li>Valeria Judith Brand.<\/li>\n<\/ol>\n<hr>\n<p><strong>Concurso n\u00ba311. Vocal de C\u00e1mara de Apelaciones en lo Civil en Familia y Sucesiones del Centro Judicial Capital:<\/strong><\/p>\n<p>En fecha 18\/03\/2024 se elev\u00f3 al Poder Ejecutivo de la Provincia la terna resultante del concurso, mediante&nbsp;<a href=\"https:\/\/camtucuman.gob.ar\/documentos\/acuerdos\/acuerdo_2024_51.pdf\" target=\"_blank\" rel=\"noopener\">Acuerdo n\u00b051\/2024<\/a>&nbsp;y conforme art. 101 inc. 5\u00ba de la Constituci\u00f3n de la Provincia y art. 16 de la Ley 8.197:<\/p>\n<ol>\n<li>Silvia Karina Lescano De Francesco.<\/li>\n<li>Melisa Velia Hanssen Giffoniello, y<\/li>\n<li>Mariana Josefina Rey Galindo.<\/li>\n<\/ol>\n<hr>\n<p><strong>Concurso n\u00b0317. Juez\/a de Primera Instancia en lo Civil en Familia y Sucesiones de la IV nominaci\u00f3n del Centro Judicial Capital:<\/strong><\/p>\n<p>En fecha 25\/10\/2023 se elev\u00f3 al Poder Ejecutivo de la Provincia la terna resultante del concurso, mediante&nbsp;<a href=\"https:\/\/camtucuman.gob.ar\/documentos\/acuerdos\/acuerdo_2023_262.pdf\" target=\"_blank\" rel=\"noopener\">Acuerdo n\u00b0262\/2023<\/a>&nbsp;y conforme art. 101 inc. 5\u00ba de la Constituci\u00f3n de la Provincia y art. 16 de la Ley 8.197:<\/p>\n<ol>\n<li>Carlos Fernando Gramajo,&nbsp;<\/li>\n<li>Mar\u00eda Celeste del Huerto Silva, y<\/li>\n<li>Mar\u00eda In\u00e9s Arroyo.<\/li>\n<\/ol>\n<p>Se design\u00f3 en el cargo a la Dra. Arroyo, prestando&nbsp;<a href=\"https:\/\/camtucuman.gob.ar\/blog\/2023\/12\/15\/tras-su-paso-por-los-concursos-del-cam-asumieron-26-nuevos-magistrados-y-2-defensores\/\" target=\"_blank\" rel=\"noopener\">juramento<\/a>&nbsp;ante la CSJT el 11\/12\/2023.<\/p>\n<hr>\n<p><strong>Concurso n\u00b0316. Juez\/a de Primera Instancia en lo Civil en Familia y Sucesiones de la VI nominaci\u00f3n del Centro Judicial Capital:<\/strong><\/p>\n<p>En fecha 25\/10\/2023 se elev\u00f3 al Poder Ejecutivo de la Provincia la terna resultante del concurso, mediante&nbsp;<a href=\"https:\/\/camtucuman.gob.ar\/documentos\/acuerdos\/acuerdo_2023_261.pdf\" target=\"_blank\" rel=\"noopener\">Acuerdo n\u00b0261\/2023<\/a>&nbsp;y conforme art. 101 inc. 5\u00ba de la Constituci\u00f3n de la Provincia y art. 16 de la Ley 8.197:<\/p>\n<ol>\n<li>Carlos Fernando Gramajo,&nbsp;<\/li>\n<li>Melisa Velia Hanssen Giffoniello, y<\/li>\n<li>Mar\u00eda Laura Moisello.<\/li>\n<\/ol>\n<hr>\n<p><strong>Concurso n\u00b0309. Juez\/a de Primera Instancia en lo Civil en Familia y Sucesiones del Centro Judicial del Este:<\/strong><\/p>\n<p>En fecha 25\/10\/2023 se elev\u00f3 al Poder Ejecutivo de la Provincia la terna resultante del concurso, mediante&nbsp;<a href=\"https:\/\/camtucuman.gob.ar\/documentos\/acuerdos\/acuerdo_2023_260.pdf\" target=\"_blank\" rel=\"noopener\">Acuerdo n\u00b0260\/2023<\/a>&nbsp;y conforme art. 101 inc. 5\u00ba de la Constituci\u00f3n de la Provincia y art. 16 de la Ley 8.197:<\/p>\n<ol>\n<li>Carlos Fernando Gramajo,&nbsp;<\/li>\n<li>Cayetano Fernando Gabriel Alberti, y<\/li>\n<li>Mar\u00eda Laura Moisello.<\/li>\n<\/ol>\n<hr>\n<p><strong>Concurso n\u00b0306.<\/strong>&nbsp;<strong>Juez\/a de Primera Instancia en lo Civil en Familia y Sucesiones del Centro Judicial Capital:<\/strong><\/p>\n<p>En fecha 25\/10\/2023 se elev\u00f3 al Poder Ejecutivo de la Provincia la terna resultante del concurso, mediante&nbsp;<a href=\"https:\/\/camtucuman.gob.ar\/documentos\/acuerdos\/acuerdo_2023_259.pdf\" target=\"_blank\" rel=\"noopener\">Acuerdo n\u00b0259\/2023<\/a>&nbsp;y conforme art. 101 inc. 5\u00ba de la Constituci\u00f3n de la Provincia y art. 16 de la Ley 8.197:<\/p>\n<ol>\n<li>Diego Javier Trabadelo,&nbsp;<\/li>\n<li>Mar\u00eda Laura Moisello, y<\/li>\n<li>Paola Alexandra Fern\u00e1ndez.<\/li>\n<\/ol>\n<p>Conforme a lo dispuesto por el art\u00edculo 16 de la ley 8.197 (texto seg\u00fan ley 9.186) y mediante&nbsp;<a href=\"https:\/\/camtucuman.gob.ar\/documentos\/resoluciones\/resolucion_2023_613.pdf\" target=\"_blank\" rel=\"noopener\">Resoluci\u00f3n n\u00b0613\/2023<\/a>, se integr\u00f3 la terna de la siguiente forma:<\/p>\n<ol>\n<li>Diego Javier Trabadelo,&nbsp;<\/li>\n<li>Paola Alexandra Fern\u00e1ndez, y<\/li>\n<li>Mar\u00eda Carolina Bidegorry.<\/li>\n<\/ol>\n<hr>\n<p><strong>Concurso n\u00b0305.<\/strong>&nbsp;<strong>Juez\/a de Primera Instancia en lo Civil en Familia y Sucesiones del Centro Judicial Capital:<\/strong><\/p>\n<p>En fecha 25\/10\/2023 se elev\u00f3 al Poder Ejecutivo de la Provincia la terna resultante del concurso, mediante&nbsp;<a href=\"https:\/\/camtucuman.gob.ar\/documentos\/acuerdos\/acuerdo_2023_258.pdf\" target=\"_blank\" rel=\"noopener\">Acuerdo n\u00b0258\/2023<\/a>&nbsp;y conforme art. 101 inc. 5\u00ba de la Constituci\u00f3n de la Provincia y art. 16 de la Ley 8.197:<\/p>\n<ol>\n<li>Carlos Fernando Gramajo,&nbsp;<\/li>\n<li>Melisa Velia Hanssen Giffoniello, y<\/li>\n<li>Graciela Alicia Sokolic.<\/li>\n<\/ol>\n<hr>\n<p><strong>Concurso n\u00b0304.<\/strong>&nbsp;<strong>Juez\/a de Primera Instancia en lo Civil en Familia y Sucesiones del Centro Judicial Capital:<\/strong><\/p>\n<p>En fecha 25\/10\/2023 se elev\u00f3 al Poder Ejecutivo de la Provincia la terna resultante del concurso, mediante&nbsp;<a href=\"https:\/\/camtucuman.gob.ar\/documentos\/acuerdos\/acuerdo_2023_257.pdf\" target=\"_blank\" rel=\"noopener\">Acuerdo n\u00b0257\/2023<\/a>&nbsp;y conforme art. 101 inc. 5\u00ba de la Constituci\u00f3n de la Provincia y art. 16 de la Ley 8.197:<\/p>\n<ol>\n<li>Carlos Fernando Gramajo,<\/li>\n<li>Melisa Velia Hanssen Giffoniello, y<\/li>\n<li>Mar\u00eda Laura Moisello.<\/li>\n<\/ol>\n<p>Fue designada en el cargo la Dra. Moisello, prestando&nbsp;<a href=\"https:\/\/camtucuman.gob.ar\/blog\/2023\/12\/15\/tras-su-paso-por-los-concursos-del-cam-asumieron-26-nuevos-magistrados-y-2-defensores\/\" target=\"_blank\" rel=\"noopener\">juramento<\/a>&nbsp;el 11\/12\/2023.<\/p>\n<hr>\n<p><strong>Concurso n\u00b0303.<\/strong>&nbsp;<strong>Juez\/a de Primera Instancia en lo Civil en Familia y Sucesiones del Centro Judicial Capital:<\/strong><\/p>\n<p>En fecha 25\/10\/2023 se elev\u00f3 al Poder Ejecutivo de la Provincia la terna resultante del concurso, mediante&nbsp;<a href=\"https:\/\/camtucuman.gob.ar\/documentos\/acuerdos\/acuerdo_2023_256.pdf\" target=\"_blank\" rel=\"noopener\">Acuerdo n\u00b0256\/2023<\/a>&nbsp;y conforme art. 101 inc. 5\u00ba de la Constituci\u00f3n de la Provincia y art. 16 de la Ley 8.197:<\/p>\n<ol>\n<li>Sergio Eusebio Holgado,<\/li>\n<li>Mar\u00eda Celeste del Huerto Silva, y<\/li>\n<li>Paola Alexandra Fern\u00e1ndez.<\/li>\n<\/ol>\n<p>Fue designada en el cargo la Dra. Silva, prestando&nbsp;<a href=\"https:\/\/camtucuman.gob.ar\/blog\/2023\/12\/15\/tras-su-paso-por-los-concursos-del-cam-asumieron-26-nuevos-magistrados-y-2-defensores\/\" target=\"_blank\" rel=\"noopener\">juramento<\/a>&nbsp;ante la CSJT el 11\/12\/2023.<\/p>\n<hr>\n<p><strong>Concurso n\u00b0283. Juez\/a de Primera Instancia en lo Civil en Familia y Sucesiones del Centro Judicial del Este:<\/strong><\/p>\n<p>En fecha 25\/10\/2023 se elev\u00f3 al Poder Ejecutivo de la Provincia la terna resultante del concurso, mediante&nbsp;<a href=\"https:\/\/camtucuman.gob.ar\/documentos\/acuerdos\/acuerdo_2023_255.pdf\" target=\"_blank\" rel=\"noopener\">Acuerdo n\u00b0255\/2023<\/a>&nbsp;y conforme art. 101 inc. 5\u00ba de la Constituci\u00f3n de la Provincia y art. 16 de la Ley 8.197:<\/p>\n<ol>\n<li>Carlos Fernando Gramajo,<\/li>\n<li>Sergio Eusebio Holgado, y<\/li>\n<li>Paola Alexandra Fern\u00e1ndez.<\/li>\n<\/ol>\n<p>Fue designado en el cargo el Dr. Holgado, prestando&nbsp;<a href=\"https:\/\/camtucuman.gob.ar\/blog\/2023\/12\/15\/tras-su-paso-por-los-concursos-del-cam-asumieron-26-nuevos-magistrados-y-2-defensores\/\" target=\"_blank\" rel=\"noopener\">juramento<\/a>&nbsp;ante la CSJT el 11\/12\/2023.<\/p>\n<hr>\n<p><strong>Concurso n\u00b0260. Juez\/a de Primera Instancia en lo Civil en Documentos y Locaciones de la III Nominaci\u00f3n del Centro Judicial Concepci\u00f3n:<\/strong><\/p>\n<p>En fecha 25\/10\/2023 se elev\u00f3 al Poder Ejecutivo de la Provincia la terna resultante del concurso, mediante&nbsp;<a href=\"https:\/\/camtucuman.gob.ar\/documentos\/acuerdos\/acuerdo_2023_254.pdf\" target=\"_blank\" rel=\"noopener\">Acuerdo n\u00b0254\/2023<\/a>&nbsp;y conforme art. 101 inc. 5\u00ba de la Constituci\u00f3n de la Provincia y art. 16 de la Ley 8.197:<\/p>\n<ol>\n<li>Manuel Gonzalo Casas,<\/li>\n<li>Adriana Carolina Casillo, y<\/li>\n<li>Mar\u00eda Teresa Barquet.<\/li>\n<\/ol>\n<p>Fue designada en el cargo la Dra. Barquet, prestando&nbsp;<a href=\"https:\/\/camtucuman.gob.ar\/blog\/2023\/12\/15\/tras-su-paso-por-los-concursos-del-cam-asumieron-26-nuevos-magistrados-y-2-defensores\/\" target=\"_blank\" rel=\"noopener\">juramento<\/a>&nbsp;el 12\/12\/2023.<\/p>\n<hr>\n<p><strong>Concurso n\u00b0259. Juez\/a de Primera Instancia en lo Civil en Documentos y Locaciones de la VI Nominaci\u00f3n del Centro Judicial Capital:<\/strong><\/p>\n<p>En fecha 25\/10\/2023 se elev\u00f3 al Poder Ejecutivo de la Provincia la terna resultante del concurso, mediante&nbsp;<a href=\"https:\/\/camtucuman.gob.ar\/documentos\/acuerdos\/acuerdo_2023_253.pdf\" target=\"_blank\" rel=\"noopener\">Acuerdo n\u00b0253\/2023<\/a>&nbsp;y conforme art. 101 inc. 5\u00ba de la Constituci\u00f3n de la Provincia y art. 16 de la Ley 8.197:<\/p>\n<ol>\n<li>Daniel Lorenzo Iglesias,<\/li>\n<li>Sergio Eusebio Holgado, y<\/li>\n<li>Ariel Fabi\u00e1n Antonio.<\/li>\n<\/ol>\n<p>Conforme a lo dispuesto por el art\u00edculo 16 de la ley 8.197 (texto seg\u00fan ley 9.186) y mediante&nbsp;<a href=\"https:\/\/camtucuman.gob.ar\/documentos\/resoluciones\/resolucion_2023_600.pdf\" target=\"_blank\" rel=\"noopener\">Resoluci\u00f3n n\u00b0600\/2023<\/a>, se integr\u00f3 la terna de la siguiente forma:<\/p>\n<ol>\n<li>Daniel Lorenzo Iglesias,<\/li>\n<li>Enzo Dar\u00edo Pautassi, y<\/li>\n<li>Victoria In\u00e9s L\u00f3pez Herrera.<\/li>\n<\/ol>\n<hr>\n<p><strong>Concurso n\u00ba258. Juez\/a de Primera Instancia en lo Civil en Documentos y Locaciones de la IV Nominaci\u00f3n del Centro Judicial Capital:<\/strong><\/p>\n<p>En fecha 25\/10\/2023 se elev\u00f3 al Poder Ejecutivo de la Provincia la terna resultante del concurso, mediante&nbsp;<a href=\"https:\/\/camtucuman.gob.ar\/documentos\/acuerdos\/acuerdo_2023_252.pdf\" target=\"_blank\" rel=\"noopener\">Acuerdo n\u00b0252\/2023<\/a>&nbsp;y conforme art. 101 inc. 5\u00ba de la Constituci\u00f3n de la Provincia y art. 16 de la Ley 8.197:<\/p>\n<ol>\n<li>Fernando Garc\u00eda Hamilton,<\/li>\n<li>Ariel Fabi\u00e1n Antonio, y<\/li>\n<li>Pedro Esteban Yane Mana.<\/li>\n<\/ol>\n<p>Se design\u00f3 en el cargo al Dr. Antonio, prestando&nbsp;<a href=\"https:\/\/camtucuman.gob.ar\/blog\/2023\/12\/15\/tras-su-paso-por-los-concursos-del-cam-asumieron-26-nuevos-magistrados-y-2-defensores\/\" target=\"_blank\" rel=\"noopener\">juramento<\/a>&nbsp;ante la CSJT el 12\/12\/2023.<\/p>\n<hr>\n<p><strong>Concurso n\u00b0233. Juez\/a Contravencional del Centro Judicial Capital:<\/strong><\/p>\n<p>En fecha 11\/10\/2023 se elev\u00f3 al Poder Ejecutivo de la Provincia la terna resultante del concurso, mediante&nbsp;<a href=\"https:\/\/camtucuman.gob.ar\/documentos\/acuerdos\/acuerdo_2023_240.pdf\" target=\"_blank\" rel=\"noopener\">Acuerdo n\u00b0240\/2023<\/a>&nbsp;y conforme art. 101 inc. 5\u00ba de la Constituci\u00f3n de la Provincia y art. 16 de la Ley 8.197:<\/p>\n<ol>\n<li>Gonzalo Asc\u00e1rate,<\/li>\n<li>Mario Alejandro Herrera, y<\/li>\n<li>Daniel Esteban Sosa Pi\u00f1ero.<\/li>\n<\/ol>\n<p>Conforme a lo dispuesto por el art\u00edculo 16 de la ley 8.197 (texto seg\u00fan ley 9.186) y mediante&nbsp;<a href=\"https:\/\/camtucuman.gob.ar\/documentos\/resoluciones\/resolucion_2023_598.pdf\" target=\"_blank\" rel=\"noopener\">Resoluci\u00f3n n\u00b0598\/2023<\/a>, se integr\u00f3 la terna de la siguiente forma:<\/p>\n<ol>\n<li>Mario Alejandro Herrera,<\/li>\n<li>Antonio Nicol\u00e1s Guti\u00e9rrez, y<\/li>\n<li>Javier El\u00edas Arce.<\/li>\n<\/ol>\n<hr>\n<p><strong>Concurso n\u00ba298. Juez\/a de Primera Instancia en lo Civil y Comercial Com\u00fan del Centro Judicial Capital:&nbsp;<\/strong><\/p>\n<p>En fecha 11\/10\/2023 se elev\u00f3 al Poder Ejecutivo de la Provincia la terna resultante del concurso, mediante&nbsp;<a href=\"https:\/\/camtucuman.gob.ar\/documentos\/acuerdos\/acuerdo_2023_233.pdf\" target=\"_blank\" rel=\"noopener\">Acuerdo n\u00b0233\/2023<\/a>&nbsp;y conforme art. 101 inc. 5\u00ba de la Constituci\u00f3n de la Provincia y art. 16 de la Ley 8.197:<\/p>\n<ol>\n<li>Pablo Alejandro Salom\u00f3n,<\/li>\n<li>Carlos Vilfredo Garc\u00eda Maci\u00e1n, y<\/li>\n<li>Camilo Emiliano App\u00e1s.<\/li>\n<\/ol>\n<p>Fue designado en el cargo el Dr. App\u00e1s, prestando&nbsp;<a href=\"https:\/\/camtucuman.gob.ar\/blog\/2023\/12\/15\/tras-su-paso-por-los-concursos-del-cam-asumieron-26-nuevos-magistrados-y-2-defensores\/\" target=\"_blank\" rel=\"noopener\">juramento<\/a>&nbsp;el 11\/12\/2023.<\/p>\n<hr>\n<p><strong>Concurso n\u00ba297. Juez\/a de Primera Instancia en lo Civil y Comercial Com\u00fan del Centro Judicial Capital:&nbsp;<\/strong><\/p>\n<p>En fecha 11\/10\/2023 se elev\u00f3 al Poder Ejecutivo de la Provincia la terna resultante del concurso, mediante&nbsp;<a href=\"https:\/\/camtucuman.gob.ar\/documentos\/acuerdos\/acuerdo_2023_232.pdf\" target=\"_blank\" rel=\"noopener\">Acuerdo n\u00b0232\/2023<\/a>&nbsp;y conforme art. 101 inc. 5\u00ba de la Constituci\u00f3n de la Provincia y art. 16 de la Ley 8.197:<\/p>\n<ol>\n<li>Valeria Susana Castillo,<\/li>\n<li>Fernando Garc\u00eda Hamilton, e<\/li>\n<li>Ileana Melchiori.<\/li>\n<\/ol>\n<p>Fue designado en el cargo el Dr. Garc\u00eda Hamilton, prestando&nbsp;<a href=\"https:\/\/camtucuman.gob.ar\/blog\/2023\/12\/15\/tras-su-paso-por-los-concursos-del-cam-asumieron-26-nuevos-magistrados-y-2-defensores\/\" target=\"_blank\" rel=\"noopener\">juramento<\/a>&nbsp;el 11\/12\/2023.<\/p>\n<hr>\n<p><strong>Concurso n\u00ba296. Juez\/a de Primera Instancia en lo Civil y Comercial Com\u00fan del Centro Judicial Capital:&nbsp;<\/strong><\/p>\n<p>En fecha 11\/10\/2023 se elev\u00f3 al Poder Ejecutivo de la Provincia la terna resultante del concurso, mediante&nbsp;<a href=\"https:\/\/camtucuman.gob.ar\/documentos\/acuerdos\/acuerdo_2023_231.pdf\" target=\"_blank\" rel=\"noopener\">Acuerdo n\u00b0231\/2023<\/a>&nbsp;y conforme art. 101 inc. 5\u00ba de la Constituci\u00f3n de la Provincia y art. 16 de la Ley 8.197:<\/p>\n<ol>\n<li>Carlos Vilfredo Garc\u00eda Maci\u00e1n,<\/li>\n<li>Ra\u00fal Eugenio Mart\u00edn Tejerizo, e<\/li>\n<li>In\u00e9s de los \u00c1ngeles Yam\u00fass.<\/li>\n<\/ol>\n<p>Conforme a lo dispuesto por el art\u00edculo 16 de la ley 8.197 (texto seg\u00fan ley 9.186) y mediante&nbsp;<a href=\"https:\/\/camtucuman.gob.ar\/documentos\/resoluciones\/resolucion_2023_612.pdf\" target=\"_blank\" rel=\"noopener\">Resoluci\u00f3n n\u00b0612\/2023<\/a>, se integr\u00f3 la terna de la siguiente forma:<\/p>\n<ol>\n<li>Carlos Vilfredo Garc\u00eda Maci\u00e1n,<\/li>\n<li>Ra\u00fal Eugenio Mart\u00edn Tejerizo, y<\/li>\n<li>Mar\u00eda Florencia Guti\u00e9rrez.<\/li>\n<\/ol>\n<hr>\n<p><strong>Concurso n\u00ba295. Juez\/a de Primera Instancia en lo Civil y Comercial Com\u00fan del Centro Judicial Capital:&nbsp;<\/strong><\/p>\n<p>En fecha 11\/10\/2023 se elev\u00f3 al Poder Ejecutivo de la Provincia la terna resultante del concurso, mediante&nbsp;<a href=\"https:\/\/camtucuman.gob.ar\/documentos\/acuerdos\/acuerdo_2023_230.pdf\" target=\"_blank\" rel=\"noopener\">Acuerdo n\u00b0230\/2023<\/a>&nbsp;y conforme art. 101 inc. 5\u00ba de la Constituci\u00f3n de la Provincia y art. 16 de la Ley 8.197:<\/p>\n<ol>\n<li>Rodrigo Fernando Soriano,<\/li>\n<li>Ra\u00fal Eugenio Mart\u00edn Tejerizo, y<\/li>\n<li>Fernando Garc\u00eda Hamilton.<\/li>\n<\/ol>\n<p>Conforme a lo dispuesto por el art\u00edculo 16 de la ley 8.197 (texto seg\u00fan ley 9.186) y mediante&nbsp;<a href=\"https:\/\/camtucuman.gob.ar\/documentos\/resoluciones\/resolucion_2023_611.pdf\" target=\"_blank\" rel=\"noopener\">Resoluci\u00f3n n\u00b0611\/2023<\/a>, se integr\u00f3 la terna de la siguiente forma:<\/p>\n<ol>\n<li>Rodrigo Fernando Soriano,<\/li>\n<li>Ra\u00fal Eugenio Mart\u00edn Tejerizo, y<\/li>\n<li>Daniel Lorenzo Iglesias.<\/li>\n<\/ol>\n<hr>\n<p><strong>Concurso n\u00ba294. Juez\/a de Primera Instancia en lo Civil y Comercial Com\u00fan del Centro Judicial Capital:&nbsp;<\/strong><\/p>\n<p>En fecha 11\/10\/2023 se elev\u00f3 al Poder Ejecutivo de la Provincia la terna resultante del concurso, mediante&nbsp;<a href=\"https:\/\/camtucuman.gob.ar\/documentos\/acuerdos\/acuerdo_2023_229.pdf\" target=\"_blank\" rel=\"noopener\">Acuerdo n\u00b0229\/2023<\/a>&nbsp;y conforme art. 101 inc. 5\u00ba de la Constituci\u00f3n de la Provincia y art. 16 de la Ley 8.197:<\/p>\n<ol>\n<li>In\u00e9s de los \u00c1ngeles Yam\u00fass,<\/li>\n<li>Ra\u00fal Eugenio Mart\u00edn Tejerizo, y<\/li>\n<li>Pedro Esteban Yane Mana.<\/li>\n<\/ol>\n<p>Fue designada en el cargo la Dra. Yam\u00fass, prestando&nbsp;<a href=\"https:\/\/camtucuman.gob.ar\/blog\/2023\/12\/15\/tras-su-paso-por-los-concursos-del-cam-asumieron-26-nuevos-magistrados-y-2-defensores\/\" target=\"_blank\" rel=\"noopener\">juramento<\/a>&nbsp;el 11\/12\/2023.<\/p>\n<hr>\n<p><strong>Concurso n\u00ba293. Juez\/a de Primera Instancia en lo Civil y Comercial Com\u00fan del Centro Judicial Capital:&nbsp;<\/strong><\/p>\n<p>En fecha 11\/10\/2023 se elev\u00f3 al Poder Ejecutivo de la Provincia la terna resultante del concurso, mediante&nbsp;<a href=\"https:\/\/camtucuman.gob.ar\/documentos\/acuerdos\/acuerdo_2023_228.pdf\" target=\"_blank\" rel=\"noopener\">Acuerdo n\u00b0228\/2023<\/a>&nbsp;y conforme art. 101 inc. 5\u00ba de la Constituci\u00f3n de la Provincia y art. 16 de la Ley 8.197:<\/p>\n<ol>\n<li>Carlos Vilfredo Garc\u00eda Maci\u00e1n,<\/li>\n<li>Pablo Ignacio Loandos, y<\/li>\n<li>Leonardo Violetto.<\/li>\n<\/ol>\n<p>Conforme a lo dispuesto por el art\u00edculo 16 de la ley 8.197 (texto seg\u00fan ley 9.186) y mediante&nbsp;<a href=\"https:\/\/camtucuman.gob.ar\/documentos\/resoluciones\/resolucion_2023_610.pdf\" target=\"_blank\" rel=\"noopener\">Resoluci\u00f3n n\u00b0610\/2023<\/a>, se integr\u00f3 la terna de la siguiente forma:<\/p>\n<ol>\n<li>Carlos Vilfredo Garc\u00eda Maci\u00e1n,<\/li>\n<li>Leonardo Violetto, y<\/li>\n<li>Mar\u00eda Florencia Guti\u00e9rrez.<\/li>\n<\/ol>\n<hr>\n<p><strong>Concurso n\u00ba292. Juez\/a de Primera Instancia en lo Civil y Comercial Com\u00fan del Centro Judicial Capital:&nbsp;<\/strong><\/p>\n<p>En fecha 11\/10\/2023 se elev\u00f3 al Poder Ejecutivo de la Provincia la terna resultante del concurso, mediante&nbsp;<a href=\"https:\/\/camtucuman.gob.ar\/documentos\/acuerdos\/acuerdo_2023_227.pdf\" target=\"_blank\" rel=\"noopener\">Acuerdo n\u00b0227\/2023<\/a>&nbsp;y conforme art. 101 inc. 5\u00ba de la Constituci\u00f3n de la Provincia y art. 16 de la Ley 8.197:<\/p>\n<ol>\n<li>Fernando Garc\u00eda Hamilton,<\/li>\n<li>Pablo Alejandro Salom\u00f3n, y<\/li>\n<li>Camilo Emiliano App\u00e1s.<\/li>\n<\/ol>\n<p>Conforme a lo dispuesto por el art\u00edculo 16 de la ley 8.197 (texto seg\u00fan ley 9.186) y mediante&nbsp;<a href=\"https:\/\/camtucuman.gob.ar\/documentos\/resoluciones\/resolucion_2023_609.pdf\" target=\"_blank\" rel=\"noopener\">Resoluci\u00f3n n\u00b0609\/2023<\/a>, se integr\u00f3 la terna de la siguiente forma:<\/p>\n<ol>\n<li>Pablo Alejandro Salom\u00f3n,&nbsp;<\/li>\n<li>Mar\u00eda Florencia Guti\u00e9rrez, y<\/li>\n<li>Carlos Vilfredo Garc\u00eda Maci\u00e1n.<\/li>\n<\/ol>\n<hr>\n<p><strong>Concurso n\u00ba291. Juez\/a de Primera Instancia en lo Civil y Comercial Com\u00fan del Centro Judicial Capital:&nbsp;<\/strong><\/p>\n<p>En fecha 11\/10\/2023 se elev\u00f3 al Poder Ejecutivo de la Provincia la terna resultante del concurso, mediante&nbsp;<a href=\"https:\/\/camtucuman.gob.ar\/documentos\/acuerdos\/acuerdo_2023_226.pdf\" target=\"_blank\" rel=\"noopener\">Acuerdo n\u00b0226\/2023<\/a>&nbsp;y conforme art. 101 inc. 5\u00ba de la Constituci\u00f3n de la Provincia y art. 16 de la Ley 8.197:<\/p>\n<ol>\n<li>In\u00e9s de los \u00c1ngeles Yam\u00fass,<\/li>\n<li>Fernando Garc\u00eda Hamilton, y<\/li>\n<li>Santiago Jos\u00e9 Peral.<\/li>\n<\/ol>\n<p>Fue designado en el cargo el Dr. Peral, prestando&nbsp;<a href=\"https:\/\/camtucuman.gob.ar\/blog\/2023\/12\/15\/tras-su-paso-por-los-concursos-del-cam-asumieron-26-nuevos-magistrados-y-2-defensores\/\" target=\"_blank\" rel=\"noopener\">juramento<\/a>&nbsp;el 11\/12\/2023.<\/p>\n<hr>\n<p><strong>Concurso n\u00ba290. Juez\/a de Ejecuci\u00f3n Penal del Colegio de Jueces Penales del Centro Judicial Monteros:<\/strong><\/p>\n<p>En fecha 16\/08\/2023 se elev\u00f3 al Poder Ejecutivo de la Provincia la terna resultante del concurso, mediante&nbsp;<a href=\"https:\/\/camtucuman.gob.ar\/documentos\/acuerdos\/acuerdo_2023_142.pdf\" target=\"_blank\" rel=\"noopener noreferrer\">Acuerdo n\u00b0142\/2023<\/a>&nbsp;y&nbsp;conforme art. 101 inc. 5\u00ba de la Constituci\u00f3n de la Provincia y art. 16 de la Ley 8.197:<\/p>\n<ol>\n<li>Gonzalo Asc\u00e1rate,<\/li>\n<li>Carolina Eugenia Epelbaum, y<\/li>\n<li>Emilio Edgardo P\u00e9rez.<\/li>\n<\/ol>\n<p>Fue designado en el cargo el Dr. P\u00e9rez, prestando&nbsp;<a href=\"https:\/\/camtucuman.gob.ar\/blog\/2023\/12\/15\/tras-su-paso-por-los-concursos-del-cam-asumieron-26-nuevos-magistrados-y-2-defensores\/\" target=\"_blank\" rel=\"noopener\">juramento<\/a>&nbsp;el 14\/12\/2023.<\/p>\n<hr>\n<p><strong>Concurso n\u00b0289. Juez\/a del Colegio de Jueces Penales con especialidad en el juzgamiento de menores de edad del Centro Judicial Monteros:<\/strong><\/p>\n<p>En fecha 16\/08\/2023 se elev\u00f3 al Poder Ejecutivo de la Provincia la terna resultante del concurso, mediante&nbsp;<a href=\"https:\/\/camtucuman.gob.ar\/documentos\/acuerdos\/acuerdo_2023_141.pdf\" target=\"_blank\" rel=\"noopener noreferrer\">Acuerdo n\u00b0141\/2023<\/a>&nbsp;y&nbsp;conforme art. 101 inc. 5\u00ba de la Constituci\u00f3n de la Provincia y art. 16 de la Ley 8.197:<\/p>\n<ol>\n<li>Gonzalo Asc\u00e1rate,<\/li>\n<li>Guido Mart\u00edn Buldurini, y<\/li>\n<li>Mar\u00eda Tatiana Carrizo.<\/li>\n<\/ol>\n<p>Conforme a lo dispuesto por el art\u00edculo 16 de la ley 8.197 (texto seg\u00fan ley 9.186) y mediante&nbsp;<a href=\"https:\/\/camtucuman.gob.ar\/documentos\/resoluciones\/resolucion_2023_608.pdf\" target=\"_blank\" rel=\"noopener\">Resoluci\u00f3n n\u00b0608\/2023<\/a>, se integr\u00f3 la terna de la siguiente forma:<\/p>\n<ol>\n<li>Mar\u00eda Tatiana Carrizo,<\/li>\n<li>Ana Cecilia Escobar, y<\/li>\n<li>Hugo Gonzalo Guerra.<\/li>\n<\/ol>\n<hr>\n<p><strong>Concurso n\u00ba270. Juez\/a del Colegio de Jueces Penales con especialidad en el juzgamiento de menores de edad del Centro Judicial Capital:<\/strong><\/p>\n<p>En fecha 16\/08\/2023 se elev\u00f3 al Poder Ejecutivo de la Provincia la terna resultante del concurso, mediante&nbsp;<a href=\"https:\/\/camtucuman.gob.ar\/documentos\/acuerdos\/acuerdo_2023_140.pdf\" target=\"_blank\" rel=\"noopener noreferrer\">Acuerdo n\u00b0140\/2023<\/a>&nbsp;y&nbsp;conforme art. 101 inc. 5\u00ba de la Constituci\u00f3n de la Provincia y art. 16 de la Ley 8.197:<\/p>\n<ol>\n<li>Gonzalo Asc\u00e1rate,<\/li>\n<li>Guido Mart\u00edn Buldurini, y<\/li>\n<li>Emiliano Jos\u00e9 Palomino Teves.<\/li>\n<\/ol>\n<p>Conforme a lo dispuesto por el art\u00edculo 16 de la ley 8.197 (texto seg\u00fan ley 9.186) y mediante&nbsp;<a href=\"https:\/\/camtucuman.gob.ar\/documentos\/resoluciones\/resolucion_2023_603.pdf\" target=\"_blank\" rel=\"noopener\">Resoluci\u00f3n n\u00b0603\/2023<\/a>, se integr\u00f3 la terna de la siguiente forma:<\/p>\n<ol>\n<li>Emiliano Jos\u00e9 Palomino Teves,<\/li>\n<li>Elizabeth Myriam Raddi, y<\/li>\n<li>F\u00e9lix Maximiliano Gh\u00edo.<\/li>\n<\/ol>\n<hr>\n<p><strong>Concurso n\u00ba264. Juez\/a del Colegio de Jueces Penales del Centro Judicial Capital:<\/strong><\/p>\n<p>En fecha 27\/06\/2023 se elev\u00f3 al Poder Ejecutivo de la Provincia la terna resultante del concurso, mediante&nbsp;<a href=\"https:\/\/camtucuman.gob.ar\/documentos\/acuerdos\/acuerdo_2023_122.pdf\" target=\"_blank\" rel=\"noopener noreferrer\">Acuerdo n\u00b0122\/2023<\/a>&nbsp;y&nbsp;conforme art. 101 inc. 5\u00ba de la Constituci\u00f3n de la Provincia y art. 16 de la Ley 8.197:<\/p>\n<ol>\n<li>Gonzalo Asc\u00e1rate,<\/li>\n<li>Fernando Luis Z\u00f3ttoli Ort\u00edz, y<\/li>\n<li>Guillermo Taylor.<\/li>\n<\/ol>\n<p>Conforme a lo dispuesto por el art\u00edculo 16 de la ley 8.197 (texto seg\u00fan ley 9.186) y mediante&nbsp;<a href=\"https:\/\/camtucuman.gob.ar\/documentos\/resoluciones\/resolucion_2023_602.pdf\" target=\"_blank\" rel=\"noopener\">Resoluci\u00f3n n\u00b0602\/2023<\/a>, se integr\u00f3 la terna de la siguiente forma:<\/p>\n<ol>\n<li>Fernando Luis Z\u00f3ttoli Ort\u00edz,<\/li>\n<li>Roberto Ezequiel Maidana, y<\/li>\n<li>Augusto Jos\u00e9 Paz Almonacid.<\/li>\n<\/ol>\n<hr>\n<p><strong>Concurso n\u00ba265. Juez\/a del Colegio de Jueces Penales del Centro Judicial Capital:<\/strong><\/p>\n<p>En fecha 27\/06\/2023 se elev\u00f3 al Poder Ejecutivo de la Provincia la terna resultante del concurso, mediante&nbsp;<a href=\"https:\/\/camtucuman.gob.ar\/documentos\/acuerdos\/acuerdo_2023_123.pdf\" target=\"_blank\" rel=\"noopener noreferrer\">Acuerdo n\u00b0123\/2023<\/a>&nbsp;y&nbsp;conforme art. 101 inc. 5\u00ba de la Constituci\u00f3n de la Provincia y art. 16 de la Ley 8.197:<\/p>\n<ol>\n<li>Gonzalo Asc\u00e1rate,<\/li>\n<li>Roberto Ezequiel Maidana, y<\/li>\n<li>Gonzalo Javier Ortega.<\/li>\n<\/ol>\n<p>Fue designado en el cargo el Dr. Ortega, prestando&nbsp;<a href=\"https:\/\/camtucuman.gob.ar\/blog\/2023\/12\/15\/tras-su-paso-por-los-concursos-del-cam-asumieron-26-nuevos-magistrados-y-2-defensores\/\" target=\"_blank\" rel=\"noopener\">juramento<\/a>&nbsp;el 12\/12\/2023.<\/p>\n<hr>\n<p><strong>Concurso n\u00ba266. Juez\/a del Colegio de Jueces Penales del Centro Judicial Capital:<\/strong><\/p>\n<p>En fecha 27\/06\/2023 se elev\u00f3 al Poder Ejecutivo de la Provincia la terna resultante del concurso, mediante&nbsp;<a href=\"https:\/\/camtucuman.gob.ar\/documentos\/acuerdos\/acuerdo_2023_124.pdf\" target=\"_blank\" rel=\"noopener noreferrer\">Acuerdo n\u00b0124\/2023<\/a>&nbsp;y&nbsp;conforme art. 101 inc. 5\u00ba de la Constituci\u00f3n de la Provincia y art. 16 de la Ley 8.197:<\/p>\n<ol>\n<li>Guido Mart\u00edn Buldurini,<\/li>\n<li>Eliana Karina G\u00f3mez Moreira, y<\/li>\n<li>Gonzalo Asc\u00e1rate.<\/li>\n<\/ol>\n<p>Fue designado en el cargo el Dr. Buldurini, prestando&nbsp;<a href=\"https:\/\/camtucuman.gob.ar\/blog\/2023\/12\/15\/tras-su-paso-por-los-concursos-del-cam-asumieron-26-nuevos-magistrados-y-2-defensores\/\" target=\"_blank\" rel=\"noopener\">juramento<\/a>&nbsp;el 12\/12\/2023.<\/p>\n<hr>\n<p><strong>Concurso n\u00ba267. Juez\/a del Colegio de Jueces Penales del Centro Judicial Capital:<\/strong><\/p>\n<p>En fecha 27\/06\/2023 se elev\u00f3 al Poder Ejecutivo de la Provincia la terna resultante del concurso, mediante&nbsp;<a href=\"https:\/\/camtucuman.gob.ar\/documentos\/acuerdos\/acuerdo_2023_125.pdf\" target=\"_blank\" rel=\"noopener noreferrer\">Acuerdo n\u00b0125\/2023<\/a>&nbsp;y&nbsp;conforme art. 101 inc. 5\u00ba de la Constituci\u00f3n de la Provincia y art. 16 de la Ley 8.197:<\/p>\n<ol>\n<li>Gonzalo Asc\u00e1rate.<\/li>\n<li>Mar\u00eda Valeria Mibelli, y<\/li>\n<li>Guido Mart\u00edn Buldurini.<\/li>\n<\/ol>\n<p>Fue designada en el cargo la Dra. Mibelli, prestando&nbsp;<a href=\"https:\/\/camtucuman.gob.ar\/blog\/2023\/12\/15\/tras-su-paso-por-los-concursos-del-cam-asumieron-26-nuevos-magistrados-y-2-defensores\/\" target=\"_blank\" rel=\"noopener\">juramento<\/a>&nbsp;el 12\/12\/2023.<\/p>\n<hr>\n<p><strong>Concurso n\u00ba269. Juez\/a del Colegio de Jueces Penales del Centro Judicial Capital:<\/strong><\/p>\n<p>En fecha 27\/06\/2023 se elev\u00f3 al Poder Ejecutivo de la Provincia la terna resultante del concurso, mediante&nbsp;<a href=\"https:\/\/camtucuman.gob.ar\/documentos\/acuerdos\/acuerdo_2023_126.pdf\" target=\"_blank\" rel=\"noopener noreferrer\">Acuerdo n\u00b0126\/2023<\/a>&nbsp;y&nbsp;conforme art. 101 inc. 5\u00ba de la Constituci\u00f3n de la Provincia y art. 16 de la Ley 8.197:<\/p>\n<ol>\n<li>Guillermo Taylor,<\/li>\n<li>Gonzalo Asc\u00e1rate, y<\/li>\n<li>Guillermo Jos\u00e9 Di Lella.<\/li>\n<\/ol>\n<p>Fue designado en el cargo el Dr. Taylor, prestando&nbsp;<a href=\"https:\/\/camtucuman.gob.ar\/blog\/2023\/12\/15\/tras-su-paso-por-los-concursos-del-cam-asumieron-26-nuevos-magistrados-y-2-defensores\/\" target=\"_blank\" rel=\"noopener\">juramento<\/a>&nbsp;el 12\/12\/2023.<\/p>\n<hr>\n<p><strong>Concurso n\u00b0285. Juez\/a del Colegio de Jueces Penales del Centro Judicial Monteros:&nbsp;<\/strong>&nbsp;<\/p>\n<p>En fecha 27\/06\/2023 se elev\u00f3 al Poder Ejecutivo de la Provincia la terna resultante del concurso, mediante&nbsp;<a href=\"https:\/\/camtucuman.gob.ar\/documentos\/acuerdos\/acuerdo_2023_127.pdf\" target=\"_blank\" rel=\"noopener noreferrer\">Acuerdo n\u00b0127\/2023<\/a>&nbsp;y&nbsp;conforme art. 101 inc. 5\u00ba de la Constituci\u00f3n de la Provincia y art. 16 de la Ley 8.197:<\/p>\n<ol>\n<li>Gonzalo Asc\u00e1rate,<\/li>\n<li>Guido Mart\u00edin Buldurini, y<\/li>\n<li>Mat\u00edas Gra\u00f1a.<\/li>\n<\/ol>\n<p>Conforme a lo dispuesto por el art\u00edculo 16 de la ley 8.197 (texto seg\u00fan ley 9.186) y mediante&nbsp;<a href=\"https:\/\/camtucuman.gob.ar\/documentos\/resoluciones\/resolucion_2023_605.pdf\" target=\"_blank\" rel=\"noopener\">Resoluci\u00f3n n\u00b0605\/2023<\/a>, se integr\u00f3 la terna de la siguiente forma:<\/p>\n<ol>\n<li>Ana Cecilia Escobar,<\/li>\n<li>Miguel Esteban Fern\u00e1ndez, y<\/li>\n<li>Fanny del Carmen Dip.<\/li>\n<\/ol>\n<hr>\n<p><strong>Concurso n\u00b0286. Juez\/a del Colegio de Jueces Penales del Centro Judicial Monteros:<\/strong>&nbsp;<\/p>\n<p>En fecha 27\/06\/2023 se elev\u00f3 al Poder Ejecutivo de la Provincia la terna resultante del concurso, mediante&nbsp;<a href=\"https:\/\/camtucuman.gob.ar\/documentos\/acuerdos\/acuerdo_2023_128.pdf\" target=\"_blank\" rel=\"noopener noreferrer\">Acuerdo n\u00b0128\/2023<\/a>&nbsp;y&nbsp;conforme art. 101 inc. 5\u00ba de la Constituci\u00f3n de la Provincia y art. 16 de la Ley 8.197:<\/p>\n<ol>\n<li>Gonzalo Asc\u00e1rate,<\/li>\n<li>Guido Mart\u00edin Buldurini, y<\/li>\n<li>Mat\u00edas Gra\u00f1a.<\/li>\n<\/ol>\n<p>Fue designado en el cargo el Dr. Gra\u00f1a, prestando&nbsp;<a href=\"https:\/\/camtucuman.gob.ar\/blog\/2023\/12\/15\/tras-su-paso-por-los-concursos-del-cam-asumieron-26-nuevos-magistrados-y-2-defensores\/\" target=\"_blank\" rel=\"noopener\">juramento<\/a>&nbsp;el 14\/12\/2023.<\/p>\n<hr>\n<p><strong>Concurso n\u00b0287. Juez\/a del Colegio de Jueces Penales del Centro Judicial Monteros:&nbsp;<\/strong>&nbsp;<\/p>\n<p>En fecha 27\/06\/2023 se elev\u00f3 al Poder Ejecutivo de la Provincia la terna resultante del concurso, mediante&nbsp;<a href=\"https:\/\/camtucuman.gob.ar\/documentos\/acuerdos\/acuerdo_2023_129.pdf\" target=\"_blank\" rel=\"noopener noreferrer\">Acuerdo n\u00b0129\/2023<\/a>&nbsp;y&nbsp;conforme art. 101 inc. 5\u00ba de la Constituci\u00f3n de la Provincia y art. 16 de la Ley 8.197:<\/p>\n<ol>\n<li>Gonzalo Asc\u00e1rate,<\/li>\n<li>Mat\u00edas Gra\u00f1a, y<\/li>\n<li>Roberto Ezequiel Maidana.<\/li>\n<\/ol>\n<p>Conforme a lo dispuesto por el art\u00edculo 16 de la ley 8.197 (texto seg\u00fan ley 9.186) y mediante&nbsp;<a href=\"https:\/\/camtucuman.gob.ar\/documentos\/resoluciones\/resolucion_2023_606.pdf\" target=\"_blank\" rel=\"noopener\">Resoluci\u00f3n n\u00b0606\/2023<\/a>, se integr\u00f3 la terna de la siguiente forma:<\/p>\n<ol>\n<li>Roberto Ezequiel Maidana,<\/li>\n<li>Fernando Luis Z\u00f3ttoli Ort\u00edz, y<\/li>\n<li>F\u00e9lix Maximiliano Gh\u00edo.<\/li>\n<\/ol>\n<hr>\n<p><strong>Concurso n\u00b0288. Juez\/a del Colegio de Jueces Penales del Centro Judicial Monteros:&nbsp;<\/strong>&nbsp;<\/p>\n<p>En fecha 27\/06\/2023 se elev\u00f3 al Poder Ejecutivo de la Provincia la terna resultante del concurso, mediante&nbsp;<a href=\"https:\/\/camtucuman.gob.ar\/documentos\/acuerdos\/acuerdo_2023_130.pdf\" target=\"_blank\" rel=\"noopener noreferrer\">Acuerdo n\u00b0130\/2023<\/a>&nbsp;y&nbsp;conforme art. 101 inc. 5\u00ba de la Constituci\u00f3n de la Provincia y art. 16 de la Ley 8.197:<\/p>\n<ol>\n<li>Gonzalo Asc\u00e1rate,<\/li>\n<li>Mat\u00edas Gra\u00f1a, y<\/li>\n<li>Miguel Esteban Fern\u00e1ndez.<\/li>\n<\/ol>\n<p>Conforme a lo dispuesto por el art\u00edculo 16 de la ley 8.197 (texto seg\u00fan ley 9.186) y mediante&nbsp;<a href=\"https:\/\/camtucuman.gob.ar\/documentos\/resoluciones\/resolucion_2023_607.pdf\" target=\"_blank\" rel=\"noopener\">Resoluci\u00f3n n\u00b0607\/2023<\/a>, se integr\u00f3 la terna de la siguiente forma:<\/p>\n<ol>\n<li>Miguel Esteban Fern\u00e1ndez,&nbsp;<\/li>\n<li>Juan Santos P\u00e9rez, y<\/li>\n<li>Carolina Eugenia Epelbaum.<\/li>\n<\/ol>\n<hr>\n<p><strong>Concurso n\u00ba262. Vocal de C\u00e1mara de Apelaciones en lo Civil en Familia y Sucesiones, Sala II, del Centro Judicial Capital:<\/strong><\/p>\n<p>En fecha 14\/06\/2023 se elev\u00f3 al Poder Ejecutivo de la Provincia la terna resultante del concurso, mediante&nbsp;<a href=\"https:\/\/camtucuman.gob.ar\/documentos\/acuerdos\/acuerdo_2023_118.pdf\" target=\"_blank\" rel=\"noopener noreferrer\">Acuerdo n\u00b0118\/2023<\/a>&nbsp;y&nbsp;conforme art. 101 inc. 5\u00ba de la Constituci\u00f3n de la Provincia y art. 16 de la Ley 8.197:<\/p>\n<ol>\n<li>Silvia Karina Lescano De Francesco.<\/li>\n<li>Valeria Judith Brand, y<\/li>\n<li>Eleonora Claudia M\u00e9ndez.<\/li>\n<\/ol>\n<p>Conforme a lo dispuesto por el art\u00edculo 16 de la ley 8.197 (texto seg\u00fan ley 9.186) y mediante&nbsp;<a href=\"https:\/\/camtucuman.gob.ar\/documentos\/resoluciones\/resolucion_2023_601.pdf\" target=\"_blank\" rel=\"noopener\">Resoluci\u00f3n n\u00b0601\/2023<\/a>, se integr\u00f3 la terna de la siguiente forma:<\/p>\n<ol>\n<li>Silvia Karina Lescano De Francesco,<\/li>\n<li>Valeria Judith Brand, y<\/li>\n<li>Andrea Fabiana Segura.<\/li>\n<\/ol>\n<hr>\n<p><strong>Concurso n\u00ba251. Juez\/a de Primera Instancia del Trabajo de la V Nominaci\u00f3n del Centro Judicial Capital:<\/strong><\/p>\n<p>En fecha 07\/06\/2023 se elev\u00f3 al Poder Ejecutivo de la Provincia la terna resultante del concurso, mediante&nbsp;<a href=\"https:\/\/camtucuman.gob.ar\/documentos\/acuerdos\/acuerdo_2023_115.pdf\" target=\"_blank\" rel=\"noopener noreferrer\">Acuerdo n\u00b0115\/2023<\/a>&nbsp;y&nbsp;conforme art. 101 inc. 5\u00ba de la Constituci\u00f3n de la Provincia y art. 16 de la Ley 8.197:<\/p>\n<ol>\n<li>Mar\u00eda Constanza Romero,<\/li>\n<li>Pablo Alejandro Salom\u00f3n, y<\/li>\n<li>Marcos Manuel Alzab\u00e9.<\/li>\n<\/ol>\n<p>Fue designada en el cargo la Dra. Romero, prestando&nbsp;<a href=\"https:\/\/camtucuman.gob.ar\/blog\/2023\/12\/15\/tras-su-paso-por-los-concursos-del-cam-asumieron-26-nuevos-magistrados-y-2-defensores\/\" target=\"_blank\" rel=\"noopener\">juramento<\/a>&nbsp;el 12\/12\/2023.<\/p>\n<hr>\n<p><strong>Concurso n\u00ba253. Juez\/a de Primera Instancia del Trabajo de la IV Nominaci\u00f3n del Centro Judicial Capital:<\/strong><\/p>\n<p>En fecha 07\/06\/2023 se elev\u00f3 al Poder Ejecutivo de la Provincia la terna resultante del concurso, mediante&nbsp;<a href=\"https:\/\/camtucuman.gob.ar\/documentos\/acuerdos\/acuerdo_2023_116.pdf\" target=\"_blank\" rel=\"noopener noreferrer\">Acuerdo n\u00b0116\/2023<\/a>&nbsp;y conforme art. 101 inc. 5\u00ba de la Constituci\u00f3n de la Provincia y art. 16 de la Ley 8.197:<\/p>\n<ol>\n<li>Mar\u00eda Elina Nazar,<\/li>\n<li>Juan Pablo Mart\u00ednez Iriarte, y<\/li>\n<li>Rub\u00e9n Dar\u00edo Aquino.<\/li>\n<\/ol>\n<p>Fue designado en el cargo el Dr. Aquino, prestando&nbsp;<a href=\"https:\/\/camtucuman.gob.ar\/blog\/2023\/12\/15\/tras-su-paso-por-los-concursos-del-cam-asumieron-26-nuevos-magistrados-y-2-defensores\/\" target=\"_blank\" rel=\"noopener\">juramento<\/a>&nbsp;el 12\/12\/2023.<\/p>\n<hr>\n<p><strong>Concurso n\u00ba254. Vocal de C\u00e1mara de Apelaciones del Trabajo, Sala VI, del Centro Judicial Capital:<\/strong><\/p>\n<p>En fecha 07\/06\/2023 se elev\u00f3 al Poder Ejecutivo de la Provincia la terna resultante del concurso, mediante&nbsp;<a href=\"https:\/\/camtucuman.gob.ar\/documentos\/acuerdos\/acuerdo_2023_117.pdf\" target=\"_blank\" rel=\"noopener noreferrer\">Acuerdo n\u00b0117\/2023<\/a>&nbsp;y conforme art. 101 inc. 5\u00ba de la Constituci\u00f3n de la Provincia y art. 16 de la Ley 8.197:<\/p>\n<ol>\n<li>Juan Manuel P\u00e1ez de la Torre,<\/li>\n<li>Mar\u00eda Constanza Romero, y<\/li>\n<li>Mar\u00eda Elina Nazar.<\/li>\n<\/ol>\n<p>Fue designada en el cargo la Dra. Nazar, prestando&nbsp;<a href=\"https:\/\/camtucuman.gob.ar\/blog\/2023\/12\/15\/tras-su-paso-por-los-concursos-del-cam-asumieron-26-nuevos-magistrados-y-2-defensores\/\" target=\"_blank\" rel=\"noopener\">juramento<\/a>&nbsp;el 14\/12\/2023.<\/p>\n<hr>\n<p><strong>Concurso n\u00ba256. Vocal de C\u00e1mara en lo Contencioso Administrativo, Sala II:&nbsp;<\/strong><\/p>\n<p>En fecha 24\/04\/2023 se elev\u00f3 al Poder Ejecutivo de la Provincia la terna resultante del concurso, mediante&nbsp;<a href=\"https:\/\/camtucuman.gob.ar\/documentos\/acuerdos\/acuerdo_2023_71.pdf\" target=\"_blank\" rel=\"noopener noreferrer\">Acuerdo n\u00b071\/2023<\/a>&nbsp;y&nbsp;conforme art. 101 inc. 5\u00ba de la Constituci\u00f3n de la Provincia y art. 16 de la Ley 8.197:<\/p>\n<ol>\n<li>Mar\u00eda Felicitas Masaguer,<\/li>\n<li>Cristian Daniel Schurig.<\/li>\n<li>Pablo Alejandro Salom\u00f3n.<\/li>\n<\/ol>\n<p>Fue designada en el cargo la Dra. Masaguer, prestando&nbsp;<a href=\"https:\/\/camtucuman.gob.ar\/blog\/2023\/12\/15\/tras-su-paso-por-los-concursos-del-cam-asumieron-26-nuevos-magistrados-y-2-defensores\/\" target=\"_blank\" rel=\"noopener\">juramento<\/a>&nbsp;el 12\/12\/2023.<\/p>\n<hr>\n<p><strong>Concurso n\u00ba255. Vocal de C\u00e1mara en lo Contencioso Administrativo, Sala II:&nbsp;<\/strong><\/p>\n<p>En fecha 24\/04\/2023 se elev\u00f3 al Poder Ejecutivo de la Provincia la terna resultante del concurso, mediante&nbsp;<a href=\"https:\/\/camtucuman.gob.ar\/documentos\/acuerdos\/acuerdo_2023_70.pdf\" target=\"_blank\" rel=\"noopener noreferrer\">Acuerdo n\u00b070\/2023<\/a>&nbsp;y&nbsp;conforme art. 101 inc. 5\u00ba de la Constituci\u00f3n de la Provincia y art. 16 de la Ley 8.197:<\/p>\n<ol>\n<li>Mar\u00eda Felicitas Masaguer,<\/li>\n<li>Ana Mar\u00eda Jos\u00e9 Nazur,<\/li>\n<li>Cristian Daniel Schurig.<\/li>\n<\/ol>\n<p>Fue designada en el cargo la Dra. Nazur, prestando&nbsp;<a href=\"https:\/\/camtucuman.gob.ar\/blog\/2023\/12\/15\/tras-su-paso-por-los-concursos-del-cam-asumieron-26-nuevos-magistrados-y-2-defensores\/\" target=\"_blank\" rel=\"noopener\">juramento<\/a>&nbsp;el 12\/12\/2023.<\/p>\n<hr>\n<p><strong>Concurso n\u00ba268. Juez\/a del Colegio de Jueces Penales del Centro Judicial Capital:<\/strong><\/p>\n<p>En fecha 10\/04\/2023 se elev\u00f3 al Poder Ejecutivo de la Provincia la terna resultante del concurso, mediante&nbsp;<a href=\"https:\/\/camtucuman.gob.ar\/documentos\/acuerdos\/acuerdo_2023_49.pdf\" target=\"_blank\" rel=\"noopener noreferrer\">Acuerdo n\u00b049\/2023<\/a>&nbsp;y&nbsp;conforme art. 101 inc. 5\u00ba de la Constituci\u00f3n de la Provincia y art. 16 de la Ley 8.197:<\/p>\n<ol>\n<li>Gonzalo Asc\u00e1rate,<\/li>\n<li>Guillermo Jos\u00e9 Di Lella, y<\/li>\n<li>Guillermo Taylor.<\/li>\n<\/ol>\n<p>Fue designado en el cargo el Dr. Di Lella, prestando&nbsp;<a href=\"https:\/\/camtucuman.gob.ar\/blog\/2023\/12\/15\/tras-su-paso-por-los-concursos-del-cam-asumieron-26-nuevos-magistrados-y-2-defensores\/\" target=\"_blank\" rel=\"noopener\">juramento<\/a>&nbsp;el 14\/12\/2023.<\/p>\n<hr>\n<p><strong>Concurso n\u00ba257. Vocal de C\u00e1mara de Apelaciones en lo Civil en Familia y Sucesiones, Sala I, del Centro Judicial Capital:<\/strong><\/p>\n<p>En fecha 20\/03\/2023 se elev\u00f3 al Poder Ejecutivo de la Provincia la terna resultante del concurso, mediante&nbsp;<a href=\"https:\/\/camtucuman.gob.ar\/documentos\/acuerdos\/acuerdo_2023_37.pdf\" target=\"_blank\" rel=\"noopener noreferrer\">Acuerdo n\u00b037\/2023<\/a>&nbsp;y&nbsp;conforme art. 101 inc. 5\u00ba de la Constituci\u00f3n de la Provincia y art. 16 de la Ley 8.197:<\/p>\n<ol>\n<li>Valeria Judith Brand,<\/li>\n<li>Eleonora Claudia M\u00e9ndez, y<\/li>\n<li>Silvia Karina Lescano de Francesco.<\/li>\n<\/ol>\n<p>Fue designada en el cargo la Dra. M\u00e9ndez, prestando&nbsp;<a href=\"https:\/\/camtucuman.gob.ar\/blog\/2023\/12\/15\/tras-su-paso-por-los-concursos-del-cam-asumieron-26-nuevos-magistrados-y-2-defensores\/\" target=\"_blank\" rel=\"noopener\">juramento<\/a>&nbsp;el 11\/12\/2023.<\/p>\n<hr>\n<p><strong>Concurso n\u00ba252. Juez\/a en lo Civil y Comercial Com\u00fan de la I Nominaci\u00f3n del Centro Judicial Capital:<\/strong><\/p>\n<p>En fecha 20\/03\/2023 se elev\u00f3 al Poder Ejecutivo de la Provincia la terna resultante del concurso, mediante&nbsp;<a href=\"https:\/\/camtucuman.gob.ar\/documentos\/acuerdos\/acuerdo_2023_36.pdf\" target=\"_blank\" rel=\"noopener noreferrer\">Acuerdo n\u00b036\/2023<\/a>&nbsp;y&nbsp;conforme art. 101 inc. 5\u00ba de la Constituci\u00f3n de la Provincia y art. 16 de la Ley 8.197:<\/p>\n<ol>\n<li>Mar\u00eda Fernanda del Huerto Silva,<\/li>\n<li>In\u00e9s de los \u00c1ngeles Yam\u00fass, y<\/li>\n<li>Pedro Esteban Yane Mana.<\/li>\n<\/ol>\n<p>Fue designado en el cargo el Dra. Yane Mana, prestando&nbsp;<a href=\"https:\/\/camtucuman.gob.ar\/blog\/2023\/12\/15\/tras-su-paso-por-los-concursos-del-cam-asumieron-26-nuevos-magistrados-y-2-defensores\/\" target=\"_blank\" rel=\"noopener\">juramento<\/a>&nbsp;el 11\/12\/2023.<\/p>\n<hr>\n<p><strong>Concurso n\u00b0235. Juez\/a Contravencional del Centro Judicial Concepci\u00f3n:<\/strong><\/p>\n<p>En fecha 26\/12\/2022 se elev\u00f3 al Poder Ejecutivo de la Provincia la terna resultante del concurso, mediante&nbsp;<a href=\"https:\/\/camtucuman.gob.ar\/documentos\/acuerdos\/acuerdo_2022_120.pdf\" target=\"_blank\" rel=\"noopener noreferrer\">Acuerdo n\u00b0120\/2022<\/a>&nbsp;y&nbsp;conforme art. 101 inc. 5\u00ba de la Constituci\u00f3n de la Provincia y art. 16 de la Ley 8.197:<\/p>\n<ol>\n<li>Fanny del Carmen Dip,<\/li>\n<li>Daniel Esteban Sosa Pi\u00f1ero, y<\/li>\n<li>Ra\u00fal \u00c1ngel Rob\u00edn M\u00e1rquez.<\/li>\n<\/ol>\n<p>Conforme a lo dispuesto por el art\u00edculo 16 de la ley 8.197 (texto seg\u00fan ley 9.186) y mediante&nbsp;<a href=\"https:\/\/camtucuman.gob.ar\/documentos\/resoluciones\/resolucion_2023_599.pdf\" target=\"_blank\" rel=\"noopener\">Resoluci\u00f3n n\u00b0599\/2023<\/a>, se integr\u00f3 la terna de la siguiente forma:<\/p>\n<ol>\n<li>Fanny del Carmen Dip,<\/li>\n<li>Ra\u00fal \u00c1ngel Rob\u00edn M\u00e1rquez, y<\/li>\n<li>Amalia del Valle Barros.<\/li>\n<\/ol>\n<hr>\n<p><strong>Concurso n\u00ba271. Juez\/a de Ejecuci\u00f3n Penal del Colegio de Jueces Penales del Centro Judicial Capital:<\/strong><\/p>\n<p>En fecha 26\/12\/2022 se elev\u00f3 al Poder Ejecutivo de la Provincia la terna resultante del concurso, mediante&nbsp;<a href=\"https:\/\/camtucuman.gob.ar\/documentos\/acuerdos\/acuerdo_2022_121.pdf\" target=\"_blank\" rel=\"noopener noreferrer\">Acuerdo n\u00b0121\/2022<\/a>&nbsp;y&nbsp;conforme art. 101 inc. 5\u00ba de la Constituci\u00f3n de la Provincia y art. 16 de la Ley 8.197:<\/p>\n<ol>\n<li>Guillermo Mat\u00edas Puig,<\/li>\n<li>Gonzalo Asc\u00e1rate, y<\/li>\n<li>Mat\u00edas Lorenzo Pisarello.<\/li>\n<\/ol>\n<p>Conforme a lo dispuesto por el art\u00edculo 16 de la ley 8.197 (texto seg\u00fan ley 9.186) y mediante&nbsp;<a href=\"https:\/\/camtucuman.gob.ar\/documentos\/resoluciones\/resolucion_2023_604.pdf\" target=\"_blank\" rel=\"noopener\">Resoluci\u00f3n n\u00b0604\/2023<\/a>, se integr\u00f3 la terna de la siguiente forma:<\/p>\n<ol>\n<li>Guillermo Mat\u00edas Puig,<\/li>\n<li>Mat\u00edas Lorenzo Pisarello, y<\/li>\n<li>Ana Cecilia Escobar.<\/li>\n<\/ol>\n<hr>\n<p><strong>Concurso n\u00b0242. Juez\/a del Colegio de Jueces Penales con Especialidad en el Juzgamiento de Menores de Edad del Centro Judicial Concepci\u00f3n:<\/strong><\/p>\n<p>En fecha 15\/12\/2022 se elev\u00f3 al Poder Ejecutivo de la Provincia la terna resultante del concurso, mediante&nbsp;<a href=\"https:\/\/camtucuman.gob.ar\/documentos\/acuerdos\/acuerdo_2022_107.pdf\" target=\"_blank\" rel=\"noopener noreferrer\">Acuerdo n\u00b0107\/2022<\/a>&nbsp;y&nbsp;conforme art. 101 inc. 5\u00ba de la Constituci\u00f3n de la Provincia y art. 16 de la Ley 8.197:<\/p>\n<ol>\n<li>Gonzalo Asc\u00e1rate,<\/li>\n<li>Guido Mart\u00edn Buldurini, y<\/li>\n<li>Mar\u00eda Tatiana Carrizo.<\/li>\n<\/ol>\n<p>Fue designado en el cargo el Dr. Asc\u00e1rate, prestando&nbsp;<a href=\"https:\/\/camtucuman.gob.ar\/blog\/2023\/12\/15\/tras-su-paso-por-los-concursos-del-cam-asumieron-26-nuevos-magistrados-y-2-defensores\/\" target=\"_blank\" rel=\"noopener\">juramento<\/a>&nbsp;el 14\/12\/2023.<\/p>\n<hr>\n<p><strong>Concurso n\u00b0228. Fiscal\/a de Instrucci\u00f3n Penal de la IV Nominaci\u00f3n del Centro Judicial Concepci\u00f3n:<\/strong><\/p>\n<p>En fecha 08\/07\/2022 se elev\u00f3 al Poder Ejecutivo de la Provincia la terna resultante del concurso, mediante&nbsp;<a href=\"http:\/\/camtucuman.gob.ar\/documentos\/acuerdos\/acuerdo_2022_54.pdf\" target=\"_blank\" rel=\"noopener noreferrer\">Acuerdo n\u00b054\/2022<\/a>&nbsp;y&nbsp;conforme art. 101 inc. 5\u00ba de la Constituci\u00f3n de la Provincia y art. 16 de la Ley 8.197:<\/p>\n<ol>\n<li>Fernando Ariel Zingale,&nbsp;<\/li>\n<li>\u00c1ngel Favio Gramajo, y<\/li>\n<li>Diego Sebasti\u00e1n Hevia.<\/li>\n<\/ol>\n<p>Se design\u00f3 en el cargo al Dr. Hevia, prestando juramento ante el Ministro P\u00fablico Fiscal el 04\/11\/2022.<\/p>\n<hr>\n<p><strong>Concurso n\u00b0230. Juez\/a de Primera Instancia en lo Contencioso Administrativo del Centro Judicial Capital:<\/strong><\/p>\n<p>En fecha 27\/06\/2022 se elev\u00f3 al Poder Ejecutivo de la Provincia la terna resultante del concurso, mediante&nbsp;<a href=\"http:\/\/camtucuman.gob.ar\/documentos\/acuerdos\/acuerdo_2022_50.pdf\" target=\"_blank\" rel=\"noopener noreferrer\">Acuerdo n\u00ba50\/2022<\/a>&nbsp;y conforme art. 101 inc. 5\u00ba de la Constituci\u00f3n de la Provincia y art. 16 de la Ley 8.197:<\/p>\n<ol>\n<li>Cristian Daniel Schurig,<\/li>\n<li>Augusto Gonz\u00e1lez Navarro, y<\/li>\n<li>Pablo Alejandro Salom\u00f3n.<\/li>\n<\/ol>\n<hr>\n<p><strong>Concurso n\u00b0226. Juez\/a de Primera Instancia en lo Contencioso Administrativo del Centro Judicial Capital:<\/strong><\/p>\n<p>En fecha 13\/06\/2022 se elev\u00f3 al Poder Ejecutivo de la Provincia la terna resultante del concurso, mediante&nbsp;<a href=\"http:\/\/camtucuman.gob.ar\/documentos\/acuerdos\/acuerdo_2022_47.pdf\" target=\"_blank\" rel=\"noopener noreferrer\">Acuerdo n\u00ba47\/2022<\/a>&nbsp;y conforme art. 101 inc. 5\u00ba de la Constituci\u00f3n de la Provincia y art. 16 de la Ley 8.197:<\/p>\n<ol>\n<li>Pablo Alejandro Salom\u00f3n,<\/li>\n<li>Patricio Rom\u00e1n Argota, y<\/li>\n<li>Andrea Viviana Abate.<\/li>\n<li>Cristian Daniel Schurig. Se integr\u00f3 la terna con el 4\u00b0 postulante, quien pasa a ocupar el 3er puesto (en lugar de la postulante Abate), conforme a lo dispuesto por el art\u00edculo 16 de la ley 8.197 (texto seg\u00fan ley 9.186) y por&nbsp;<a href=\"https:\/\/camtucuman.gob.ar\/documentos\/acuerdos\/acuerdo_2022_72.pdf\" target=\"_blank\" rel=\"noopener noreferrer\">Acuerdo n\u00ba72\/2022<\/a>.<\/li>\n<\/ol>\n<hr>\n<p><strong>Concurso n\u00ba243. Juez\/a del Colegio de Jueces Penales del Centro Judicial Capital:<\/strong><\/p>\n<p>En fecha 30\/05\/2022 se elev\u00f3 al Poder Ejecutivo de la Provincia la terna resultante del concurso, mediante&nbsp;<a href=\"http:\/\/camtucuman.gob.ar\/documentos\/acuerdos\/acuerdo_2022_42.pdf\" target=\"_blank\" rel=\"noopener noreferrer\">Acuerdo n\u00ba42\/2022<\/a>&nbsp;y conforme art. 101 inc. 5\u00ba de la Constituci\u00f3n de la Provincia y art. 16 de la Ley 8.197:<\/p>\n<ol>\n<li>Gonzalo Asc\u00e1rate,&nbsp;<\/li>\n<li>Eduardo Mart\u00edn Gonz\u00e1lez, y<\/li>\n<li>Eliana Karina G\u00f3mez Moreira.<\/li>\n<\/ol>\n<p>Se integr\u00f3 la terna de la siguiente manera, mediante&nbsp;<a href=\"https:\/\/camtucuman.gob.ar\/documentos\/acuerdos\/acuerdo_2023_35.pdf\" target=\"_blank\" rel=\"noopener\">Acuerdo n\u00b035\/2023<\/a>&nbsp;y conforme ley 8197, art.16:<\/p>\n<ol>\n<li>Gonz\u00e1lo Asc\u00e1rate.<\/li>\n<li>Eliana Karina G\u00f3mez Moreira, y<\/li>\n<li>Guillermo Taylor.<\/li>\n<\/ol>\n<p>Fue designada en el cargo la Dra. G\u00f3mez Moreira, prestando&nbsp;<a href=\"https:\/\/camtucuman.gob.ar\/blog\/2023\/12\/15\/tras-su-paso-por-los-concursos-del-cam-asumieron-26-nuevos-magistrados-y-2-defensores\/\" target=\"_blank\" rel=\"noopener\">juramento<\/a>&nbsp;el 12\/12\/2023.<\/p>\n<hr>\n<p><strong><span lang=\"ES-AR\">Concurso n\u00ba244. Juez\/a del Colegio de Jueces Penales del Centro Judicial Capital:<\/span><\/strong><\/p>\n<p>En fecha 30\/05\/2022 se elev\u00f3 al Poder Ejecutivo de la Provincia la terna resultante del concurso, mediante&nbsp;<a href=\"http:\/\/camtucuman.gob.ar\/documentos\/acuerdos\/acuerdo_2022_43.pdf\" target=\"_blank\" rel=\"noopener noreferrer\">Acuerdo n\u00ba 43\/2022<\/a>&nbsp;y conforme art. 101 inc. 5\u00ba de la Constituci\u00f3n de la Provincia y art. 16 de la Ley 8.197:<\/p>\n<ol>\n<li>Cynthia Lorena Rocha,<\/li>\n<li>Eduardo Mart\u00edn Gonz\u00e1lez, y<\/li>\n<li>Fanny Siriani.<\/li>\n<li>Gonzalo Asc\u00e1rate. Se integr\u00f3 la terna con el 4\u00b0 postulante, quien pasa a ocupar el 3er puesto (en lugar de la postulante Siriani), conforme a lo dispuesto por el art\u00edculo 16 de la ley 8.197 (texto seg\u00fan ley 9.186) y por&nbsp;<a href=\"https:\/\/camtucuman.gob.ar\/documentos\/acuerdos\/acuerdo_2022_76.pdf\" target=\"_blank\" rel=\"noopener noreferrer\">Acuerdo n\u00ba76\/2022<\/a>.<\/li>\n<\/ol>\n<p>Se design\u00f3 en el cargo a la Dra. Rocha, prestando&nbsp;<a href=\"https:\/\/camtucuman.gob.ar\/blog\/2022\/11\/03\/asumieron-diez-nuevos-magistrados-as-luego-de-rendir-concursos-en-el-cam\/\" target=\"_blank\" rel=\"noopener\">juramento<\/a>&nbsp;ante la CSJT el 03\/11\/2022.<\/p>\n<hr>\n<p><strong><span lang=\"ES-AR\">Concurso n\u00ba246. Juez\/a del Colegio de Jueces Penales del Centro Judicial Capital:<\/span><\/strong><\/p>\n<p>En fecha 30\/05\/2022 se elev\u00f3 al Poder Ejecutivo de la Provincia la terna resultante del concurso, mediante&nbsp;<a href=\"http:\/\/camtucuman.gob.ar\/documentos\/acuerdos\/acuerdo_2022_44.pdf\" target=\"_blank\" rel=\"noopener noreferrer\">Acuerdo n\u00ba 44\/2022<\/a>&nbsp;y conforme art. 101 inc. 5\u00ba de la Constituci\u00f3n de la Provincia y art. 16 de la Ley 8.197:<\/p>\n<ol>\n<li>Gonzalo Asc\u00e1rate,<\/li>\n<li>Guido Mart\u00edn Buldurini, y&nbsp;<\/li>\n<li>Fanny Siriani.<\/li>\n<li>Eduardo Mart\u00edn Gonz\u00e1lez. Se integr\u00f3 la terna con el 4\u00b0 postulante, quien pasa a ocupar el 3er puesto (en lugar de la postulante Siriani), conforme a lo dispuesto por el art\u00edculo 16 de la ley 8.197 (texto seg\u00fan ley 9.186) y por&nbsp;<a href=\"https:\/\/camtucuman.gob.ar\/documentos\/acuerdos\/acuerdo_2022_77.pdf\" target=\"_blank\" rel=\"noopener noreferrer\">Acuerdo n\u00ba77\/2022<\/a>.<\/li>\n<\/ol>\n<p>Se design\u00f3 en el cargo al Dr. Gonz\u00e1lez, prestando&nbsp;<a href=\"https:\/\/camtucuman.gob.ar\/blog\/2022\/11\/03\/asumieron-diez-nuevos-magistrados-as-luego-de-rendir-concursos-en-el-cam\/\" target=\"_blank\" rel=\"noopener\">juramento<\/a>&nbsp;ante la CSJT el 03\/11\/2022.<\/p>\n<hr>\n<p><strong><span lang=\"ES-AR\">Concurso n\u00b0232. Fiscal\/a de Instrucci\u00f3n Penal del Centro Judicial Capital:<\/span><\/strong><\/p>\n<p>En fecha 11\/04\/2022 se elev\u00f3 al Poder Ejecutivo de la Provincia la terna resultante del concurso, mediante&nbsp;<a href=\"http:\/\/camtucuman.gob.ar\/documentos\/acuerdos\/acuerdo_2022_18.pdf\" target=\"_blank\" rel=\"noopener noreferrer\">Acuerdo n\u00ba 18\/2022<\/a>&nbsp;y conforme art. 101 inc. 5\u00ba de la Constituci\u00f3n de la Provincia y art. 16 de la Ley 8.197:<\/p>\n<ol>\n<li>Guillermo Taylor.<\/li>\n<li>Gonzalo Asc\u00e1rate.<\/li>\n<li>Susana Elena Cordisco.<\/li>\n<li>Patricio Agust\u00edn Prado. Se integr\u00f3 la terna con el 4\u00b0 postulante, quien pasa a ocupar el 3er puesto (en lugar de la postulante Cordisco), conforme a lo dispuesto por el art\u00edculo 16 de la ley 8.197 (texto seg\u00fan ley 9.186) y por&nbsp;<a href=\"https:\/\/camtucuman.gob.ar\/documentos\/acuerdos\/acuerdo_2022_75.pdf\" target=\"_blank\" rel=\"noopener noreferrer\">Acuerdo n\u00ba75\/2022<\/a>.<\/li>\n<\/ol>\n<p>Se integr\u00f3 la terna de la siguiente manera, conforme a lo dispuesto por el art\u00edculo 16 de la ley 8.197 (texto seg\u00fan ley 9.186) y por&nbsp;<a href=\"https:\/\/camtucuman.gob.ar\/documentos\/acuerdos\/acuerdo_2022_119.pdf\" target=\"_blank\" rel=\"noopener noreferrer\">Acuerdo n\u00ba119\/2022:<\/a><\/p>\n<ol>\n<li>Gonzalo Asc\u00e1rate,<\/li>\n<li>Patricio Agust\u00edn Prado, y<\/li>\n<li>Daniel Esteban Sosa Pi\u00f1ero.<\/li>\n<\/ol>\n<p>Fue designado en el cargo el Dr. Sosa Pi\u00f1ero.&nbsp;<\/p>\n<hr>\n<p><strong><span lang=\"ES-AR\">Concurso n\u00b0216. Defensor\/a Oficial Penal de la III Nominaci\u00f3n del Centro Judicial Capital:<\/span><\/strong><\/p>\n<p>En fecha 09\/03\/2022 se elev\u00f3 al Poder Ejecutivo de la Provincia la terna resultante del concurso, mediante&nbsp;<a href=\"http:\/\/camtucuman.gob.ar\/documentos\/acuerdos\/acuerdo_2022_13.pdf\" target=\"_blank\" rel=\"noopener noreferrer\">Acuerdo n\u00ba13\/2022<\/a>&nbsp;y conforme art. 101 inc. 5\u00ba de la Constituci\u00f3n de la Provincia y art. 16 de la Ley 8.197:<\/p>\n<ol>\n<li>Sof\u00eda Mar\u00eda Anad\u00f3n.<\/li>\n<li>\u00c1ngel Favio Gramajo.<\/li>\n<li>Diego Sebasti\u00e1n Hevia.<\/li>\n<\/ol>\n<p>Fue designada en el cargo la Dra. Anad\u00f3n, prestando&nbsp;<a href=\"https:\/\/www.instagram.com\/p\/CktQhWOO9kT\/\" target=\"_blank\" rel=\"noopener\">juramento<\/a>&nbsp;ante el Ministro Pupilar y de la Defensa el 08\/11\/2022.<\/p>\n<hr>\n<p><strong><span lang=\"ES-AR\">Concurso n\u00b0229. Fiscal\/a de Instrucci\u00f3n Penal de la II Nominaci\u00f3n del Centro Judicial Monteros:<\/span><\/strong><\/p>\n<p>En fecha 20\/12\/2021 se elev\u00f3 al Poder Ejecutivo de la Provincia la terna resultante del concurso, mediante&nbsp;<a href=\"http:\/\/camtucuman.gob.ar\/documentos\/acuerdos\/acuerdo_2021_145.pdf\" target=\"_blank\" rel=\"noopener noreferrer\">Acuerdo n\u00ba145\/2021<\/a>&nbsp;y conforme art. 101 inc. 5\u00ba de la Constituci\u00f3n de la Provincia y art. 16 de la Ley 8.197:<\/p>\n<ol>\n<li>Carlos Sebasti\u00e1n Pais,<\/li>\n<li>Mar\u00eda Alejandra Navarro, y<\/li>\n<li>Carlos Gonzalo Rodr\u00edguez.<\/li>\n<\/ol>\n<p>Se integr\u00f3 la terna de la siguiente manera, conforme a lo dispuesto por el art\u00edculo 16 de la ley 8.197 (texto seg\u00fan ley 9.186) y por&nbsp;<a href=\"https:\/\/camtucuman.gob.ar\/documentos\/acuerdos\/acuerdo_2022_74.pdf\" target=\"_blank\" rel=\"noopener noreferrer\">Acuerdo n\u00ba74\/2022:<\/a><\/p>\n<ol>\n<li>Carlos Gonzalo Rodr\u00edguez,<\/li>\n<li>Diego Sebasti\u00e1n Hevia, y<\/li>\n<li>Fernando Ariel Zingale.<\/li>\n<\/ol>\n<p>Se integr\u00f3 nuevamente la terna de la siguiente manera, conforme a lo dispuesto por el art\u00edculo 16 de la ley 8.197 (texto seg\u00fan ley 9.186) y por&nbsp;<a href=\"https:\/\/camtucuman.gob.ar\/documentos\/acuerdos\/acuerdo_2022_96.pdf\" target=\"_blank\" rel=\"noopener noreferrer\">Acuerdo n\u00ba96\/2022:<\/a><\/p>\n<ol>\n<li>Carlos Gonzalo Rodr\u00edguez,<\/li>\n<li>Fernando Ariel Zingale, y<\/li>\n<li>Eduardo Rub\u00e9n Borquez.<\/li>\n<\/ol>\n<p>Fue designado en el cargo el Dr. Rodr\u00edguez.<\/p>\n<hr>\n<p><strong><span lang=\"ES-AR\">Concurso n\u00b0221. Defensor\/a Oficial en lo Civil y del Trabajo del Centro Judicial Monteros:<\/span><\/strong><\/p>\n<p>En fecha 13\/10\/2021 se elev\u00f3 al Poder Ejecutivo de la Provincia la terna resultante del concurso, mediante&nbsp;<a href=\"http:\/\/camtucuman.gob.ar\/documentos\/acuerdos\/acuerdo_2021_125.pdf\" target=\"_blank\" rel=\"noopener noreferrer\">Acuerdo n\u00ba 125\/2021<\/a>&nbsp;y conforme art. 101 inc. 5\u00ba de la Constituci\u00f3n de la Provincia y art. 16 de la Ley 8.197:<\/p>\n<ol>\n<li>Carlos Gustavo Paliza,<\/li>\n<li>Sandra Marcela Acosta, y<\/li>\n<li>Cayetano Fernando Gabriel Alberti.<\/li>\n<\/ol>\n<p>Se design\u00f3 en el cargo al Dr. Paliza, prestando juramento ante el Ministro Pupilar y de la Defensa en 29\/07\/2022.<\/p>\n<hr>\n<p><strong><span lang=\"ES-AR\">Concurso n\u00b0225. Fiscal\/a de Instrucci\u00f3n Penal del Centro Judicial Capital:<\/span><\/strong><\/p>\n<p>En fecha 01\/09\/2021 se elev\u00f3 al Poder Ejecutivo de la Provincia la terna resultante del concurso, mediante&nbsp;<a href=\"http:\/\/camtucuman.gob.ar\/documentos\/acuerdos\/acuerdo_2021_113.pdf\" target=\"_blank\" rel=\"noopener noreferrer\">Acuerdo n\u00ba 113\/2021<\/a>&nbsp;y conforme art. 101 inc. 5\u00ba de la Constituci\u00f3n de la Provincia y art. 16 de la Ley 8.197:<\/p>\n<ol>\n<li>Guillermo Taylor,<\/li>\n<li>Patricio Agust\u00edn Prado, y&nbsp;<\/li>\n<li>Susana Elena Cordisco.<\/li>\n<\/ol>\n<p>Se design\u00f3 en el cargo a la Dra. Cordisco, prestando juramento ante el Ministerio P\u00fablico Fiscal en fecha 29\/06\/2022.<\/p>\n<hr>\n<p><strong><span lang=\"ES-AR\">Concurso n\u00b0231. Fiscal\/a de C\u00e1mara Penal III del Centro Judicial Concepci\u00f3n:<\/span><\/strong><\/p>\n<p>En fecha 18\/08\/2021 se elev\u00f3 al Poder Ejecutivo de la Provincia la terna resultante del concurso, mediante&nbsp;<a href=\"http:\/\/camtucuman.gob.ar\/documentos\/acuerdos\/acuerdo_2021_112.pdf\" target=\"_blank\" rel=\"noopener noreferrer\">Acuerdo n\u00ba 112\/2021<\/a>&nbsp;y conforme art. 101 inc. 5\u00ba de la Constituci\u00f3n de la Provincia y art. 16 de la Ley 8.197:<\/p>\n<ol>\n<li>Carolina Eugenia Epelbaum,<\/li>\n<li>Carlos Sebasti\u00e1n Pais, y<\/li>\n<li>Mar\u00eda Alejandra Navarro.<\/li>\n<\/ol>\n<p>Se design\u00f3 en el cargo a la Dra. Navarro, prestando juramento por ante el Ministerio P\u00fablico Fiscal en fecha 29\/06\/2022.<\/p>\n<hr>\n<p><strong>Concurso n\u00b0220. Defensor\/a Oficial Penal de la II Nominaci\u00f3n del Centro Judicial Monteros:<\/strong><\/p>\n<p>En fecha 28\/07\/2021 se elev\u00f3 al Poder Ejecutivo de la Provincia la terna resultante del concurso, mediante&nbsp;<a href=\"http:\/\/camtucuman.gob.ar\/documentos\/acuerdos\/acuerdo_2021_90.pdf\" target=\"_blank\" rel=\"noopener noreferrer\">Acuerdo n\u00ba 90\/2021<\/a>&nbsp;y conforme art. 101 inc. 5\u00ba de la Constituci\u00f3n de la Provincia y art. 16 de la Ley 8.197:<\/p>\n<ol>\n<li>Carlos Sebasti\u00e1n Pais,<\/li>\n<li>Silvia Adriana Rivero, y<\/li>\n<li>Sebasti\u00e1n Dar\u00edo Mardiza.<\/li>\n<\/ol>\n<p>Se design\u00f3 en el cargo a la Dra. Rivero prestando juramento ante el Ministro Pupilar y de la Defensa en 29\/07\/2022.<\/p>\n<hr>\n<p><strong>Concurso n\u00b0223.&nbsp;<\/strong><strong>Juez\/a del Colegio de Jueces Penales<\/strong>&nbsp;<strong>del Centro Judicial Capital:<\/strong><\/p>\n<p>En fecha 30\/06\/2021 se elev\u00f3 al Poder Ejecutivo de la Provincia la terna resultante del concurso, mediante&nbsp;<a href=\"http:\/\/camtucuman.gob.ar\/documentos\/acuerdos\/acuerdo_2021_84.pdf\" target=\"_blank\" rel=\"noopener noreferrer\">Acuerdo n\u00ba 84\/2021<\/a>&nbsp;y conforme art. 101 inc. 5\u00ba de la Constituci\u00f3n de la Provincia y art. 16 de la Ley 8.197:&nbsp;<\/p>\n<ol>\n<li>Fanny Siriani,&nbsp;<\/li>\n<li>Guillermo Taylor, y<\/li>\n<li>Patricio Agust\u00edn Prado.<\/li>\n<\/ol>\n<p>Se design\u00f3 en el cargo a la Dra. Siriani, prestando&nbsp;<a href=\"https:\/\/youtu.be\/usLhZzIeKcA\" target=\"_blank\" rel=\"noopener noreferrer\">Juramento<\/a>&nbsp;de Ley por ante la CSJT en fecha 30\/06\/2022.<\/p>\n<hr>\n<p><strong>Concurso n\u00b0219. Defensor\/a Oficial Penal de la VI Nominaci\u00f3n del Centro Judicial Concepci\u00f3n:<\/strong><\/p>\n<p>En fecha 23\/06\/2021 se elev\u00f3 al Poder Ejecutivo de la Provincia la terna resultante del concurso, mediante&nbsp;<a href=\"http:\/\/camtucuman.gob.ar\/documentos\/acuerdos\/acuerdo_2021_83.pdf\" target=\"_blank\" rel=\"noopener noreferrer\">Acuerdo n\u00ba 83\/2021<\/a>&nbsp;y conforme art. 101 Inc. 5\u00b0 de la Constituci\u00f3n de la Provincia y art. 16 de la Ley 8.197:&nbsp;<\/p>\n<ol>\n<li>Mart\u00edn Rodrigo Z\u00f3ttoli Correa,&nbsp;<\/li>\n<li>Sebasti\u00e1n Dar\u00edo Mardiza, y<\/li>\n<li>Guido Alberto D\u00edaz Alvillos.<\/li>\n<\/ol>\n<p>Se design\u00f3 en el cargo al Dr. Z\u00f3ttoli Correa, prestando juramento ante el Ministro Pupilar y de la Defensa en 29\/07\/2022.<\/p>\n<hr>\n<p><strong>Concurso n\u00b0224. Juez\/a de Primera Instancia en lo Civil y Comercial Com\u00fan de la II Nominaci\u00f3n<\/strong>&nbsp;<strong>del Centro Judicial Capital:<\/strong><\/p>\n<p>En fecha 16\/06\/2021 se elev\u00f3 al Poder Ejecutivo de la Provincia la terna resultante del concurso, mediante&nbsp;<a href=\"http:\/\/camtucuman.gob.ar\/documentos\/acuerdos\/acuerdo_2021_82.pdf\" target=\"_blank\" rel=\"noopener noreferrer\">Acuerdo n\u00ba 82\/2021<\/a>&nbsp;y conforme art. 101 Inc. 5\u00b0 de la Constituci\u00f3n de la Provincia y art. 16 de la Ley 8.197:<\/p>\n<ol>\n<li>Fernando Garc\u00eda Hamilton,&nbsp;<\/li>\n<li>Andrea Viviana Abate, y<\/li>\n<li>Carlos Ra\u00fal Rivas.&nbsp;<\/li>\n<li>Valeria Susana Castillo. Se integr\u00f3 la terna con la 4\u00aa postulante, quien pasa a ocupar el 3er puesto (en lugar del postulante Rivas), conforme a lo dispuesto por el art\u00edculo 16 de la ley 8.197 (texto seg\u00fan ley 9.186) por&nbsp;<a href=\"http:\/\/camtucuman.gob.ar\/documentos\/acuerdos\/acuerdo_2021_144.pdf\" target=\"_blank\" rel=\"noopener noreferrer\">Acuerdo n\u00ba144\/2021<\/a>.<\/li>\n<\/ol>\n<p>Fue designada la Dra. Abate, prestando&nbsp;<a href=\"https:\/\/camtucuman.gob.ar\/blog\/2022\/08\/17\/una-nueva-magistrada-presto-juramento-tras-completar-el-concurso-n224-del-cam\/\" target=\"_blank\" rel=\"noopener\">Juramento<\/a>&nbsp;de Ley ante la CSJT el 17\/08\/2022.<\/p>\n<hr>\n<p><strong>Concurso n\u00b0218.&nbsp;<\/strong><strong>Defensor\/a Oficial Penal de la V Nominaci\u00f3n del Centro Judicial Concepci\u00f3n:<\/strong><\/p>\n<p>En fecha 02\/06\/2021 se elev\u00f3 al Poder Ejecutivo de la Provincia la terna resultante del concurso, mediante&nbsp;<a href=\"http:\/\/camtucuman.gob.ar\/documentos\/acuerdos\/acuerdo_2021_69.pdf\" target=\"_blank\" rel=\"noopener noreferrer\">Acuerdo n\u00ba 69\/2021<\/a>&nbsp;y conforme art. 101 Inc. 5\u00b0 de la Constituci\u00f3n de la Provincia y art. 16 de la Ley 8.197:<\/p>\n<ol>\n<li>Mart\u00edn Rodrigo Z\u00f3ttoli Correa,<\/li>\n<li>Benjam\u00edn Eduardo N\u00fa\u00f1ez Ar\u00e9valo, y<\/li>\n<li>Diego Sebasti\u00e1n Hevia.<\/li>\n<\/ol>\n<p>Se integr\u00f3 la terna de la siguiente manera, conforme a lo dispuesto por el art\u00edculo 16 de la ley 8.197 (texto seg\u00fan ley 9.186) y por&nbsp;<a href=\"https:\/\/camtucuman.gob.ar\/documentos\/acuerdos\/acuerdo_2022_71.pdf\" target=\"_blank\" rel=\"noopener noreferrer\">Acuerdo n\u00ba71\/2022:<\/a><\/p>\n<ol>\n<li>Benjam\u00edn Eduardo N\u00fa\u00f1ez Ar\u00e9valo,<\/li>\n<li>Diego Sebasti\u00e1n Hevia, y<\/li>\n<li>Mar\u00eda Jos\u00e9 Ceres.<\/li>\n<\/ol>\n<p>Se integr\u00f3 la terna de la siguiente manera, conforme a lo dispuesto por el art\u00edculo 16 de la ley 8.197 (texto seg\u00fan ley 9.186) y por&nbsp;<a href=\"https:\/\/camtucuman.gob.ar\/documentos\/acuerdos\/acuerdo_2022_95.pdf\" target=\"_blank\" rel=\"noopener noreferrer\">Acuerdo n\u00ba95\/2022:<\/a><\/p>\n<ol>\n<li>Benjam\u00edn Eduardo N\u00fa\u00f1ez Ar\u00e9valo,<\/li>\n<li>Mar\u00eda Jos\u00e9 Ceres, y<\/li>\n<li>Jorge Joaqu\u00edn Mu\u00f1oz.<\/li>\n<\/ol>\n<p>Fue designado en el cargo el Dr. Mu\u00f1oz.<\/p>\n<hr>\n<p><strong>Concurso n\u00b0217. Defensor\/a Oficial Penal de la IV Nominaci\u00f3n del Centro Judicial Concepci\u00f3n:<\/strong><\/p>\n<p>En fecha 26\/05\/2021 se elev\u00f3 al Poder Ejecutivo de la Provincia la terna resultante del concurso, mediante&nbsp;<a href=\"http:\/\/camtucuman.gob.ar\/documentos\/acuerdos\/acuerdo_2021_68.pdf\" target=\"_blank\" rel=\"noopener noreferrer\">Acuerdo n\u00ba 68\/2021<\/a>&nbsp;y conforme art. 101 Inc. 5\u00b0 de la Constituci\u00f3n de la Provincia y art. 16 de la Ley 8.197:<\/p>\n<ol>\n<li>Carlos Sebasti\u00e1n Pais,<\/li>\n<li>Diego Sebasti\u00e1n Hevia, y&nbsp;<\/li>\n<li>Carlos Antonio Monroy.<\/li>\n<\/ol>\n<p>Se design\u00f3 en el cargo al Dr. Pais, prestando juramento ante el Ministro Pupilar y de la Defensa en 29\/07\/2022.<\/p>\n<hr>\n<p><strong>Concurso n\u00b0227. Defensor\/a Oficial Civil y Comercial de la III Nominaci\u00f3n del Centro Judicial Concepci\u00f3n:<\/strong><\/p>\n<p>En fecha 28\/04\/2021 se elev\u00f3 al Poder Ejecutivo de la Provincia la terna resultante del concurso, mediante&nbsp;<a href=\"http:\/\/camtucuman.gob.ar\/documentos\/acuerdos\/acuerdo_2021_50.pdf\" target=\"_blank\" rel=\"noopener noreferrer\">Acuerdo n\u00ba50\/2021<\/a>&nbsp;y conforme art. 101 Inc. 5\u00b0 de la Constituci\u00f3n de la Provincia y art. 16 de la Ley 8.197:<\/p>\n<ol>\n<li><span class=\"JsGRdQ\">Carlos Gustavo Paliza,<\/span><\/li>\n<li><span class=\"JsGRdQ\">Fernando Antonio Vera, y<\/span><\/li>\n<li><span class=\"JsGRdQ\">Pablo Ignacio Loandos.<\/span><\/li>\n<\/ol>\n<p>Se integr\u00f3 la terna de la siguiente manera, conforme a lo dispuesto por el art\u00edculo 16 de la ley 8.197 (texto seg\u00fan ley 9.186) y por&nbsp;<a href=\"https:\/\/camtucuman.gob.ar\/documentos\/acuerdos\/acuerdo_2022_73.pdf\" target=\"_blank\" rel=\"noopener noreferrer\">Acuerdo n\u00ba73\/2022:<\/a><\/p>\n<ol>\n<li>Fernando Antonio Vera,<\/li>\n<li><span class=\"JsGRdQ\">Pablo Ignacio Loandos<\/span>, y<\/li>\n<li>Cristian Alfredo Calder\u00f3n Valdez.<\/li>\n<\/ol>\n<p>Fue designado en el cargo el Dr. Loandos, prestando&nbsp;<a href=\"https:\/\/camtucuman.gob.ar\/blog\/2023\/12\/15\/tras-su-paso-por-los-concursos-del-cam-asumieron-26-nuevos-magistrados-y-2-defensores\/\" target=\"_blank\" rel=\"noopener\">juramento<\/a>&nbsp;el 13\/12\/2023.<\/p>\n<hr>\n<p><strong>Concurso n\u00b0193.&nbsp;<\/strong><strong>Juez\/a del Tribunal de Impugnaci\u00f3n del Centro Judicial Capital:<\/strong><\/p>\n<p>En fecha 17\/03\/2021 se elev\u00f3 al Poder Ejecutivo de la Provincia la terna resultante del concurso, mediante&nbsp;<a href=\"http:\/\/camtucuman.gob.ar\/documentos\/acuerdos\/acuerdo_2021_24.pdf\" target=\"_blank\" rel=\"noopener noreferrer\">Acuerdo n\u00ba 24\/2021<\/a>&nbsp;y conforme art. 101 Inc. 5\u00b0 de la Constituci\u00f3n de la Provincia y art. 16 de la Ley 8.197:<\/p>\n<ol>\n<li>Carolina Eugenia Epelbaum.<\/li>\n<li>Laura Julieta Casas.<\/li>\n<li>Juana Francisca Ju\u00e1rez.<\/li>\n<\/ol>\n<p>Se design\u00f3 en el cargo a la Dra. Ju\u00e1rez, prestando&nbsp;<a href=\"https:\/\/youtu.be\/usLhZzIeKcA\" target=\"_blank\" rel=\"noopener noreferrer\">Juramento<\/a>&nbsp;de Ley por ante la CSJT en fecha 30\/06\/2022.<\/p>\n<hr>\n<p><strong>Concurso n\u00b0207. Juez\/a de Primera Instancia en lo Contencioso Administrativo del Centro Judicial Concepci\u00f3n:<\/strong><\/p>\n<p>En fecha 10\/03\/2021 se elev\u00f3 al Poder Ejecutivo de la Provincia la terna resultante del concurso, mediante&nbsp;<a href=\"http:\/\/camtucuman.gob.ar\/documentos\/acuerdos\/acuerdo_2021_23.pdf\" target=\"_blank\" rel=\"noopener noreferrer\">Acuerdo n\u00ba 23\/2021<\/a>&nbsp;y conforme art. 101 Inc. 5\u00b0 de la Constituci\u00f3n de la Provincia y art. 16 de la Ley 8.197:<\/p>\n<ol>\n<li>Cristian Daniel Schurig,<\/li>\n<li>Fernando Efra\u00edn Graneros, y<\/li>\n<li>Patricio Rom\u00e1n Argota.<\/li>\n<\/ol>\n<p>Se integr\u00f3 la terna de la siguiente manera, conforme a lo dispuesto por el art\u00edculo 16 de la ley 8.197 (texto seg\u00fan ley 9.186) y por&nbsp;<a href=\"https:\/\/camtucuman.gob.ar\/documentos\/acuerdos\/acuerdo_2022_70.pdf\" target=\"_blank\" rel=\"noopener noreferrer\">Acuerdo n\u00ba70\/2022:<\/a><\/p>\n<ol>\n<li>Cristian Daniel Schurig,<\/li>\n<li>Patricio Rom\u00e1n Argota, y<\/li>\n<li>Ra\u00fal H\u00e9ctor Nieva.<\/li>\n<\/ol>\n<hr>\n<p><strong>Concurso n\u00b0164.&nbsp;Juez\/a del Trabajo del Centro Judicial Capital:<\/strong><\/p>\n<p>En fecha 03\/02\/2021 se elev\u00f3 al Poder Ejecutivo de la Provincia la terna resultante del concurso, mediante&nbsp;<a href=\"http:\/\/camtucuman.gob.ar\/documentos\/acuerdos\/acuerdo_2021_1.pdf\" target=\"_blank\" rel=\"noopener noreferrer\">Acuerdo n\u00ba 01\/2021<\/a>&nbsp;y conforme art. 101 Inc. 5\u00b0 de la Constituci\u00f3n de la Provincia y art. 16 de la Ley 8.197:<\/p>\n<ol>\n<li>Leticia Soledad Miqueleiz,&nbsp;<\/li>\n<li>Mar\u00eda Carmen L\u00f3pez Dom\u00ednguez, y<\/li>\n<li>Mar\u00eda Alejandra Moyano.<\/li>\n<\/ol>\n<p>Se design\u00f3 en el cargo a la Dra. L\u00f3pez Dom\u00ednguez, prestando juramento por ante la CSJT en fecha 06\/10\/2021.<\/p>\n<hr>\n<p><strong>Concurso n\u00b0212. Juez\/a Civil en Documentos y Locaciones de la III Nominaci\u00f3n del Centro Judicial Capital:<\/strong><\/p>\n<p>En fecha 01\/12\/2020 se elev\u00f3 al Poder Ejecutivo de la Provincia la terna resultante del concurso, mediante&nbsp;<a href=\"http:\/\/camtucuman.gob.ar\/documentos\/acuerdos\/acuerdo_2020_275.pdf\" target=\"_blank\" rel=\"noopener noreferrer\">Acuerdo n\u00ba 275\/2020<\/a>&nbsp;y conforme art. 101 Inc. 5\u00b0 de la Constituci\u00f3n de la Provincia y art. 16 de la Ley 8.197:<\/p>\n<ol>\n<li>Carlos Ra\u00fal Rivas,<\/li>\n<li>Leonardo Violetto, y<\/li>\n<li>Fernando Garc\u00eda Hamilton.<\/li>\n<\/ol>\n<p>Se design\u00f3 en el cargo al Dr. Rivas, prestando juramento por ante la CSJT en fecha 06\/10\/2021.<\/p>\n<hr>\n<p><strong>Concurso n\u00b0199. Defensor\/a Oficial en lo Penal de la IX Nominaci\u00f3n del Centro Judicial Capital:<\/strong><\/p>\n<p>En fecha 25\/11\/2020 se declar\u00f3 desierto, mediante&nbsp;<a href=\"http:\/\/camtucuman.gob.ar\/documentos\/acuerdos\/acuerdo_2020_273.pdf\" target=\"_blank\" rel=\"noopener noreferrer\">Acuerdo n\u00ba 273\/2020<\/a>. En misma fecha, se llam\u00f3 a Concurso N\u00ba 245 para id\u00e9ntico cargo, mediante&nbsp;<a href=\"http:\/\/camtucuman.gob.ar\/documentos\/acuerdos\/acuerdo_2020_274.pdf\" target=\"_blank\" rel=\"noopener noreferrer\">Acuerdo n\u00ba 274\/2020<\/a>.<\/p>\n<hr>\n<p><strong>Concurso n\u00b0206. Juez\/a de Primera Instancia en lo Contencioso Administrativo del Centro Judicial Capital:<\/strong><\/p>\n<p>En fecha 25\/11\/2020 se elev\u00f3 al Poder Ejecutivo de la Provincia la terna resultante del concurso, mediante&nbsp;<a href=\"http:\/\/camtucuman.gob.ar\/documentos\/acuerdos\/acuerdo_2020_262.pdf\" target=\"_blank\" rel=\"noopener noreferrer\">Acuerdo n\u00ba 262\/2020<\/a>&nbsp;y conforme art. 101 Inc. 5\u00b0 de la Constituci\u00f3n de la Provincia y art. 16 de la Ley 8.197:<\/p>\n<ol>\n<li>Fernando Efra\u00edn Graneros,<\/li>\n<li>Ileana Raquel Melchiori, y<\/li>\n<li>Santiago Luis Arcuri.<\/li>\n<\/ol>\n<p>Se integr\u00f3 la terna de la siguiente manera, conforme a lo dispuesto por el art\u00edculo 16 de la ley 8.197 (texto seg\u00fan ley 9.186) y por&nbsp;<a href=\"https:\/\/camtucuman.gob.ar\/documentos\/acuerdos\/acuerdo_2022_69.pdf\" target=\"_blank\" rel=\"noopener noreferrer\">Acuerdo n\u00ba69\/2022:<\/a><\/p>\n<ol>\n<li>Ileana Raquel Melchiori,<\/li>\n<li>Santiago Luis Arcuri, y<\/li>\n<li>Cristian Daniel Schurig.<\/li>\n<\/ol>\n<hr>\n<p><strong>Concurso n\u00b0205. Juez\/a de Primera Instancia en lo Contencioso Administrativo del Centro Judicial Capital:<\/strong><\/p>\n<p>En fecha 11\/11\/2020 se elev\u00f3 al Poder Ejecutivo de la Provincia la terna resultante del concurso, mediante&nbsp;<a href=\"http:\/\/camtucuman.gob.ar\/documentos\/acuerdos\/acuerdo_2020_259.pdf\" target=\"_blank\" rel=\"noopener noreferrer\">Acuerdo n\u00ba 259\/2020<\/a>&nbsp;y conforme art. 101 Inc. 5\u00b0 de la Constituci\u00f3n de la Provincia y art. 16 de la Ley 8.197:<\/p>\n<ol>\n<li>Fernando Efra\u00edn Graneros,<\/li>\n<li>Andrea Viviana Abate, y<\/li>\n<li>Pablo Alejandro Salom\u00f3n.<\/li>\n<\/ol>\n<p>Se integr\u00f3 la terna de la siguiente manera, conforme a lo dispuesto por el art\u00edculo 16 de la ley 8.197 (texto seg\u00fan ley 9.186) y por&nbsp;<a href=\"https:\/\/camtucuman.gob.ar\/documentos\/acuerdos\/acuerdo_2022_68.pdf\" target=\"_blank\" rel=\"noopener noreferrer\">Acuerdo n\u00ba68\/2022:<\/a><\/p>\n<ol>\n<li>Pablo Alejandro Salom\u00f3n,<\/li>\n<li>Leonardo Violetto, y<\/li>\n<li>Agust\u00edn Goll\u00e1n.<\/li>\n<\/ol>\n<hr>\n<p><b>Concurso n\u00b0215. Juez\/a del Colegio de Jueces Penales (originalmente llamado para Vocal de C\u00e1mara Penal, Sala I) del Centro Judicial Concepci\u00f3n:<\/b><\/p>\n<p>En fecha 14\/10\/2020 se elev\u00f3 al Poder Ejecutivo de la Provincia la terna resultante del concurso, mediante&nbsp;<a href=\"http:\/\/camtucuman.gob.ar\/documentos\/acuerdos\/acuerdo_2020_252.pdf\" target=\"_blank\" rel=\"noopener noreferrer\">Acuerdo n\u00ba 252\/2020<\/a>&nbsp;y conforme art. 101 Inc. 5\u00b0 de la Constituci\u00f3n de la Provincia y art. 16 de la Ley 8.197:<\/p>\n<ol>\n<li>Carlos Sebasti\u00e1n Pais,<\/li>\n<li>Rodrigo Sebasti\u00e1n Martearena, y<\/li>\n<li>F\u00e9lix Lo Pinto Colombres.<\/li>\n<\/ol>\n<p>Se design\u00f3 en el cargo al Dr. Martearena, prestando&nbsp;<a href=\"http:\/\/camtucuman.gob.ar\/web\/blog\/2020\/12\/18\/juraron-nuevos-jueces-y-juezas-tras-concursar-en-el-cam\/\" target=\"_blank\" rel=\"noopener noreferrer\">Juramento de Ley<\/a>&nbsp;por ante la CSJT en fecha 18\/12\/2020.<\/p>\n<hr>\n<p><strong>Concurso n\u00b0213. Juez\/a de 1a Instancia en lo Civil y Comercial Com\u00fan de la V Nominaci\u00f3n del Centro Judicial Capital:<\/strong><\/p>\n<p>En fecha 16\/09\/2020 se elev\u00f3 al Poder Ejecutivo de la Provincia la terna resultante del concurso, mediante&nbsp;<a href=\"http:\/\/camtucuman.gob.ar\/documentos\/acuerdos\/acuerdo_2020_243.pdf\" target=\"_blank\" rel=\"noopener noreferrer\">Acuerdo n\u00ba 243\/2020<\/a>&nbsp;y conforme art. 101 Inc. 5\u00b0 de la Constituci\u00f3n de la Provincia y art. 16 de la Ley 8.197:<\/p>\n<ol>\n<li>Andrea Viviana Abate,<\/li>\n<li>Pedro Daniel Cagna, y<\/li>\n<li>Pablo Alejandro Salom\u00f3n.<\/li>\n<\/ol>\n<p>Se design\u00f3 en el cargo al Dr. Cagna, prestando&nbsp;<a href=\"http:\/\/camtucuman.gob.ar\/web\/blog\/2020\/12\/18\/juraron-nuevos-jueces-y-juezas-tras-concursar-en-el-cam\/\" target=\"_blank\" rel=\"noopener noreferrer\">Juramento de Ley<\/a>&nbsp;por ante la CSJT en fecha 18\/12\/2020.<\/p>\n<hr>\n<p><strong>Concurso n\u00b0214. Fiscal\/a Correccional de la II Nominaci\u00f3n del Centro Judicial Capital:<\/strong><\/p>\n<p>En fecha 19\/08\/2020 se elev\u00f3 al Poder Ejecutivo de la Provincia la terna resultante del concurso, mediante&nbsp;<a href=\"http:\/\/camtucuman.gob.ar\/documentos\/acuerdos\/acuerdo_2020_234.pdf\" target=\"_blank\" rel=\"noopener noreferrer\">Acuerdo n\u00ba 234\/2020<\/a>&nbsp;y conforme art. 101 Inc. 5\u00b0 de la Constituci\u00f3n de la Provincia y art. 16 de la Ley 8.197:<\/p>\n<ol>\n<li>Guillermo Taylor,<\/li>\n<li>Gerardo Nicol\u00e1s Salas, y<\/li>\n<li>Patricia del Valle Carugatti.<\/li>\n<li>Augusto Jos\u00e9 Paz Almonacid.&nbsp;Se integr\u00f3 la terna con el 4to postulante, quien pasa a ocupar el 3er puesto (en lugar de la postulante Carugatti), conforme a lo dispuesto por el art\u00edculo 16 de la ley 8.197 (texto seg\u00fan ley 9.186) por&nbsp;<a href=\"http:\/\/camtucuman.gob.ar\/documentos\/acuerdos\/acuerdo_2020_254.pdf\" target=\"_blank\" rel=\"noopener noreferrer\">Acuerdo n\u00ba 254\/2020<\/a>.<\/li>\n<\/ol>\n<p>Se design\u00f3 en el cargo al Dr. Salas.<\/p>\n<hr>\n<p><strong>Concurso n\u00ba190. Juez\/a del Tribunal de Impugnaci\u00f3n del Centro Judicial Capital:<\/strong><\/p>\n<p>En fecha 12\/08\/2020 se elev\u00f3 al Poder Ejecutivo de la Provincia la terna resultante del concurso, mediante&nbsp;<a href=\"http:\/\/camtucuman.gob.ar\/documentos\/acuerdos\/acuerdo_2020_228.pdf\" target=\"_blank\" rel=\"noopener noreferrer\">Acuerdo n\u00ba 228\/2020<\/a>&nbsp;y conforme art. 101 Inc. 5\u00b0 de la Constituci\u00f3n de la Provincia y art. 16 de la Ley 8.197:<\/p>\n<ol>\n<li>Agust\u00edn Francisco Puppio,<\/li>\n<li>Laura Julieta Casas,&nbsp;<\/li>\n<li>Guillermo Gustavo Gonz\u00e1lez,<\/li>\n<li>Mar\u00eda Valeria Mibelli. Se integr\u00f3 la terna con la 4ta postulante, quien pasa a ocupar el 3er lugar (la postulante Casas ocupar\u00e1 ahora el 1er lugar y el postulante Gonz\u00e1lez el 2do) conforme a lo dispuesto por el art\u00edculo 16 de la ley 8.197 (texto seg\u00fan ley 9.186) por&nbsp;<a href=\"http:\/\/camtucuman.gob.ar\/documentos\/acuerdos\/acuerdo_2020_253.pdf\" target=\"_blank\" rel=\"noopener noreferrer\">Acuerdo n\u00ba253\/2020.<\/a><\/li>\n<\/ol>\n<p>Se design\u00f3 en el cargo a la Dra. Casas, prestando&nbsp;<a href=\"https:\/\/youtu.be\/usLhZzIeKcA\" target=\"_blank\" rel=\"noopener noreferrer\">Juramento de Ley<\/a>&nbsp;por ante la CSJT en fecha 30\/06\/2022.<\/p>\n<hr>\n<p><strong>Concurso n\u00b0189.&nbsp;<\/strong><strong>Juez\/a del Tribunal de Impugnaci\u00f3n del Centro Judicial Capital:<\/strong><\/p>\n<p>En fecha 24\/07\/2020 se elev\u00f3 al Poder Ejecutivo de la Provincia la terna resultante del concurso, mediante&nbsp;<a href=\"http:\/\/camtucuman.gob.ar\/documentos\/acuerdos\/acuerdo_2020_214.pdf\" target=\"_blank\" rel=\"noopener noreferrer\">Acuerdo n\u00b0 214\/2020<\/a>&nbsp;y conforme art. 101 Inc. 5\u00b0 de la Constituci\u00f3n de la Provincia y art. 16 de la Ley 8.197:<\/p>\n<ol>\n<li>Carlos Santiago Caramuti,<\/li>\n<li>Carlos Felipe D\u00edaz Lannes, y<\/li>\n<li>Laura Julieta Casas.<\/li>\n<li>Agust\u00edn Francisco Puppio. Se integr\u00f3 la terna con el 4to postulante, quien pasa a ocupar el 3er lugar, conforme a lo dispuesto por el art\u00edculo 16 de la ley 8.197 (texto seg\u00fan ley 9.186) por&nbsp;<a href=\"http:\/\/camtucuman.gob.ar\/documentos\/acuerdos\/acuerdo_2020_235.pdf\" target=\"_blank\" rel=\"noopener noreferrer\">Acuerdo n\u00ba 235\/2020<\/a>&nbsp;de fecha 19\/08\/2020.<\/li>\n<\/ol>\n<p>Se design\u00f3 en el cargo al Dr. Puppio, prestando&nbsp;<a href=\"http:\/\/camtucuman.gob.ar\/web\/blog\/2020\/11\/05\/tres-nuevos-as-jueces-prestaron-juramento-luego-de-concursar-en-el-cam\/\" target=\"_blank\" rel=\"noopener noreferrer\">Juramento de Ley<\/a>&nbsp;por ante la CSJT en fecha 05\/11\/2020.<\/p>\n<hr>\n<p><strong>Concurso n\u00b0211.<\/strong>&nbsp;<strong>Vocal de C\u00e1mara de Apelaciones en lo Civil en Documentos y Locaciones, Sala II, del Centro Judicial Capital:<\/strong><\/p>\n<p>En fecha 15\/07\/2020 se elev\u00f3 al Poder Ejecutivo de la Provincia la terna resultante del concurso, mediante&nbsp;<a href=\"http:\/\/camtucuman.gob.ar\/documentos\/acuerdos\/acuerdo_2020_184.pdf\" target=\"_blank\" rel=\"noopener noreferrer\">Acuerdo n\u00b0 184\/2020<\/a>&nbsp;y conforme art. 101 Inc. 5\u00b0 de la Constituci\u00f3n de la Provincia y art. 16 de la Ley 8.197:<\/p>\n<ol>\n<li>Pablo Roberto Toledo,<\/li>\n<li>Mar\u00eda Soledad Monteros, y<\/li>\n<li>Pedro Daniel Cagna.<\/li>\n<\/ol>\n<p>Se design\u00f3 en el cargo a la Dra. Monteros, prestando&nbsp;<a href=\"http:\/\/camtucuman.gob.ar\/web\/blog\/2020\/10\/21\/tras-concursar-en-el-cam-tres-magistradas-asumieron-en-sus-cargos\/\" target=\"_blank\" rel=\"noopener noreferrer\">Juramento de Ley<\/a>&nbsp;por ante la CSJT en fecha 21\/10\/2020.<\/p>\n<hr>\n<p><strong>Concurso n\u00b0108. Fiscal\/a de Instrucci\u00f3n Penal del Centro Judicial Capital:<\/strong><\/p>\n<p>En sesi\u00f3n de fecha 08\/07\/2020 se declar\u00f3 desierto el concurso, y se llam\u00f3 a Concurso N\u00b0 232 para cubrir el cargo, mediante&nbsp;<a href=\"http:\/\/camtucuman.gob.ar\/documentos\/acuerdos\/acuerdo_2020_180.pdf\" target=\"_blank\" rel=\"noopener noreferrer\">Acuerdo n\u00b0 180\/2020.<\/a><\/p>\n<hr>\n<p><strong>Concurso n\u00b0210.<\/strong>&nbsp;<strong>Vocal de C\u00e1mara en lo Civil y Comercial Com\u00fan, Sala I, del Centro Judicial Capital:<\/strong><\/p>\n<p>En fecha 08\/07\/2020 se elev\u00f3 al Poder Ejecutivo de la Provincia la terna resultante del concurso, mediante&nbsp;<a href=\"http:\/\/camtucuman.gob.ar\/documentos\/acuerdos\/acuerdo_2020_179.pdf\" target=\"_blank\" rel=\"noopener noreferrer\">Acuerdo n\u00b0 179\/2020<\/a>&nbsp;y conforme art. 101 Inc. 5\u00b0 de la Constituci\u00f3n de la Provincia y art. 16 de la Ley 8.197.<\/p>\n<ol>\n<li>Pedro Manuel Ram\u00f3n P\u00e9rez,<\/li>\n<li>Cristina F\u00e1tima Hurtado, y<\/li>\n<li>\u00c1lvaro Zamorano.<\/li>\n<\/ol>\n<p>Se design\u00f3 en el cargo al Dr. Zamorano, prestando&nbsp;<a href=\"http:\/\/camtucuman.gob.ar\/web\/blog\/2020\/12\/18\/juraron-nuevos-jueces-y-juezas-tras-concursar-en-el-cam\/\" target=\"_blank\" rel=\"noopener noreferrer\">Juramento de Ley<\/a>&nbsp;por ante la CSJT en fecha 18\/12\/2020.<\/p>\n<hr>\n<p><strong>Concurso n\u00b0191.&nbsp;<\/strong><strong>Juez\/a del Tribunal de Impugnaci\u00f3n del Centro Judicial Capital:<\/strong><\/p>\n<p>En fecha 08\/07\/2020 se elev\u00f3 al Poder Ejecutivo de la Provincia la terna resultante del concurso, mediante&nbsp;<a href=\"http:\/\/camtucuman.gob.ar\/documentos\/acuerdos\/acuerdo_2020_178.pdf\" target=\"_blank\" rel=\"noopener noreferrer\">Acuerdo n\u00b0 178\/2020<\/a>&nbsp;y conforme art. 101 Inc. 5\u00b0 de la Constituci\u00f3n de la Provincia y art. 16 de la Ley 8.197.<\/p>\n<ol>\n<li>Carlos Santiago Caramuti,<\/li>\n<li>Agust\u00edn Francisco Puppio, y<\/li>\n<li>Facundo Maggio.<\/li>\n<\/ol>\n<p>Se integr\u00f3 la terna conforme a lo dispuesto por el art\u00edculo 16 de la ley 8.197 (texto seg\u00fan ley 9.186) por&nbsp;<a href=\"http:\/\/camtucuman.gob.ar\/documentos\/acuerdos\/acuerdo_2020_237.pdf\" target=\"_blank\" rel=\"noopener noreferrer\">Acuerdo n\u00ba 237\/2020<\/a>&nbsp;de fecha 19\/08\/2020, de la siguiente manera:<\/p>\n<ol>\n<li>Agust\u00edn Francisco Puppio,<\/li>\n<li>Mar\u00eda Jimena Su\u00e1rez, y<\/li>\n<li>Juana Francisca Ju\u00e1rez.<\/li>\n<\/ol>\n<p>Se design\u00f3 en el cargo a la Dra. Su\u00e1rez, prestando&nbsp;<a href=\"http:\/\/camtucuman.gob.ar\/web\/blog\/2020\/10\/21\/tras-concursar-en-el-cam-tres-magistradas-asumieron-en-sus-cargos\/\" target=\"_blank\" rel=\"noopener noreferrer\">Juramento de Ley<\/a>&nbsp;por ante la CSJT en fecha 21\/10\/2020.<\/p>\n<hr>\n<p><strong>Concurso n\u00b0175. Vocal de C\u00e1mara de Apelaciones en lo Penal de Instrucci\u00f3n:<\/strong><\/p>\n<p>En fecha 08\/07\/2020 se elev\u00f3 al Poder Ejecutivo de la Provincia la terna resultante del concurso, mediante&nbsp;<a href=\"http:\/\/camtucuman.gob.ar\/documentos\/acuerdos\/acuerdo_2020_177.pdf\" target=\"_blank\" rel=\"noopener noreferrer\">Acuerdo n\u00b0 177\/2020<\/a>&nbsp;y conforme art. 101 Inc. 5\u00b0 de la Constituci\u00f3n de la Provincia y art. 16 de la Ley 8.197.<\/p>\n<ol>\n<li>Facundo Maggio,<\/li>\n<li>Carlos Santiago Caramuti, y<\/li>\n<li>Carlos Felipe D\u00edaz Lannes.<\/li>\n<\/ol>\n<p>Se integr\u00f3 la terna conforme a lo dispuesto por el art\u00edculo 16 de la ley 8.197 (texto seg\u00fan ley 9.186) por&nbsp;<a href=\"http:\/\/camtucuman.gob.ar\/documentos\/acuerdos\/acuerdo_2020_236.pdf\" target=\"_blank\" rel=\"noopener noreferrer\">Acuerdo n\u00ba 236\/2020<\/a>&nbsp;de fecha 19\/08\/2020, de la siguiente manera:<\/p>\n<ol>\n<li>Carlos Felipe D\u00edaz Lannes,<\/li>\n<li>Patricia del Valle Carugatti, y<\/li>\n<li>Mar\u00eda Valeria Mibelli.<\/li>\n<\/ol>\n<p>Se design\u00f3 en el cargo a la Dra. Carugatti, prestando&nbsp;<a href=\"http:\/\/camtucuman.gob.ar\/web\/blog\/2020\/10\/21\/tras-concursar-en-el-cam-tres-magistradas-asumieron-en-sus-cargos\/\" target=\"_blank\" rel=\"noopener noreferrer\">Juramento de Ley<\/a>&nbsp;por ante la CSJT en fecha 21\/10\/2020.<\/p>\n<hr>\n<p><strong>Concurso n\u00b0167.&nbsp;<\/strong><strong>Juez\/a del Trabajo del Centro Judicial Capital:<\/strong><\/p>\n<p>En fecha 01\/07\/2020 se elev\u00f3 al Poder Ejecutivo de la Provincia la terna resultante del concurso, mediante&nbsp;<a href=\"http:\/\/camtucuman.gob.ar\/documentos\/acuerdos\/acuerdo_2020_174.pdf\" target=\"_blank\" rel=\"noopener noreferrer\">Acuerdo n\u00b0174\/2020<\/a>&nbsp;y conforme art. 101 Inc. 5\u00b0 de la Constituci\u00f3n de la Provincia y art. 16 de la Ley 8.197:<\/p>\n<ol>\n<li>Jorge Agust\u00edn Mu\u00f1oz,<\/li>\n<li>Sandra Alicia Gonz\u00e1lez, y&nbsp;<\/li>\n<li>Patricia M\u00f3nica Ruiz.&nbsp;<\/li>\n<\/ol>\n<p>Se design\u00f3 en el cargo a la Dra. Gonz\u00e1lez, prestando&nbsp;<a href=\"http:\/\/camtucuman.gob.ar\/web\/blog\/2020\/09\/30\/dos-nuevos-jueces-del-trabajo-prestaron-juramento-luego-de-concursar-en-el-cam\/\" target=\"_blank\" rel=\"noopener noreferrer\">Juramento de Ley<\/a>&nbsp;por ante la Corte Suprema de Justicia de Tucum\u00e1n en fecha 30\/09\/2020.<\/p>\n<hr>\n<p><strong>Concurso n\u00b0188. Juez\/a del Tribunal de Impugnaci\u00f3n del Centro Judicial Capital:<\/strong><\/p>\n<p>En fecha 01\/07\/2020 se elev\u00f3 al Poder Ejecutivo de la Provincia la terna resultante del concurso, mediante&nbsp;<a href=\"http:\/\/camtucuman.gob.ar\/documentos\/acuerdos\/acuerdo_2020_175.pdf\" target=\"_blank\" rel=\"noopener noreferrer\">Acuerdo n\u00b0 175\/2020<\/a>&nbsp;y conforme art. 101 Inc. 5\u00b0 de la Constituci\u00f3n de la Provincia y art. 16 de la Ley 8.197:<\/p>\n<ol>\n<li>Carlos Santiago Caramuti,<\/li>\n<li>Laura Julieta Casas, y<\/li>\n<li>Facundo Maggio.<\/li>\n<\/ol>\n<p>Se design\u00f3 en el cargo al Dr. Maggio, prestando&nbsp;<a href=\"http:\/\/camtucuman.gob.ar\/web\/blog\/2020\/08\/14\/4-nuevos-magistrados-preseleccionados-por-el-cam-prestaron-juramento-ante-la-corte\/\" target=\"_blank\" rel=\"noopener noreferrer\">Juramento de Ley<\/a>&nbsp;por ante la Corte Suprema de Justicia de Tucum\u00e1n en fecha 13\/08\/2020.<\/p>\n<hr>\n<p><strong>Concurso n\u00b0198. Fiscal\/a de C\u00e1mara en lo Penal III del Centro Judicial Concepci\u00f3n.<\/strong><\/p>\n<p>Se declar\u00f3 desierto en sesi\u00f3n de fecha 24\/06\/2020, mediante&nbsp;<a href=\"http:\/\/camtucuman.gob.ar\/documentos\/acuerdos\/acuerdo_2020_163.pdf\" target=\"_blank\" rel=\"noopener noreferrer\">Acuerdo n\u00b0 163\/2020.<\/a><\/p>\n<hr>\n<p><strong>Concurso n\u00b0200<\/strong>.&nbsp;<strong>Vocal de C\u00e1mara Penal, Sala VI, del Centro Judicial Capital:<\/strong><\/p>\n<p>En fecha 03\/06\/2020 se elev\u00f3 al Poder Ejecutivo de la Provincia la terna resultante del concurso, mediante&nbsp;<a href=\"http:\/\/camtucuman.gob.ar\/documentos\/acuerdos\/acuerdo_2020_164.pdf\" target=\"_blank\" rel=\"noopener noreferrer\">Acuerdo n\u00b0 164\/2020<\/a>&nbsp;y conforme art. 101 Inc. 5\u00b0 de la Constituci\u00f3n de la Provincia y art. 16 de la Ley 8.197:<\/p>\n<ol>\n<li>Cynthia Lorena Rocha,<\/li>\n<li>Isabel de los \u00c1ngeles M\u00e9ndez, y<\/li>\n<li>Enrique Mart\u00edn Cacici.&nbsp;<\/li>\n<li>Mar\u00eda Jimena Su\u00e1rez. Se integr\u00f3 la terna con la 4ta postulante, quien pasa a ocupar el 3er lugar, conforme a lo dispuesto por el art\u00edculo 16 de la ley 8.197 (texto seg\u00fan ley 9.186) por&nbsp;<a href=\"http:\/\/camtucuman.gob.ar\/documentos\/acuerdos\/acuerdo_2020_212.pdf\" target=\"_blank\" rel=\"noopener noreferrer\">Acuerdo n\u00b0 212\/2020<\/a>&nbsp;de fecha 22\/07\/2020.<\/li>\n<\/ol>\n<p>Se design\u00f3 en el cargo a la Dra. M\u00e9ndez, prestando&nbsp;<a href=\"http:\/\/camtucuman.gob.ar\/web\/blog\/2020\/11\/05\/tres-nuevos-as-jueces-prestaron-juramento-luego-de-concursar-en-el-cam\/\" target=\"_blank\" rel=\"noopener noreferrer\">Juramento de Ley<\/a>&nbsp;por ante la CSJT en fecha 05\/11\/2020.<\/p>\n<hr>\n<p><strong>Concurso n\u00b0203<\/strong>.<strong>&nbsp;Defensor\/a Oficial Penal de la II Nominaci\u00f3n del Centro Judicial Concepci\u00f3n:<\/strong><\/p>\n<p>En fecha 03\/06\/2020 se elev\u00f3 al Poder Ejecutivo de la Provincia la terna resultante del concurso, mediante&nbsp;<a href=\"http:\/\/camtucuman.gob.ar\/documentos\/acuerdos\/acuerdo_2020_162.pdf\" target=\"_blank\" rel=\"noopener noreferrer\">Acuerdo n\u00b0 162\/2020<\/a>&nbsp;y conforme art. 101 Inc. 5\u00b0 de la Constituci\u00f3n de la Provincia y art. 16 de la Ley 8.197:<\/p>\n<ol>\n<li>Carlos Sebasti\u00e1n Pais,&nbsp;<\/li>\n<li>Gerardo Nicol\u00e1s Salas, y<\/li>\n<li>Carlos Mariano Delgado.<\/li>\n<\/ol>\n<p>Se design\u00f3 en el cargo al Dr. Delgado.<\/p>\n<hr>\n<p><strong>Concurso n\u00b0192. Juez\/a del Tribunal de Impugnaci\u00f3n del Centro Judicial Capital:<\/strong><\/p>\n<p>En fecha 03\/06\/2020 se elev\u00f3 al Poder Ejecutivo de la Provincia la terna resultante del concurso, mediante&nbsp;<a href=\"http:\/\/camtucuman.gob.ar\/documentos\/acuerdos\/acuerdo_2020_161.pdf\" target=\"_blank\" rel=\"noopener noreferrer\">Acuerdo n\u00b0 161\/2020<\/a>&nbsp;y conforme art. 101 Inc. 5\u00b0 de la Constituci\u00f3n de la Provincia y art. 16 de la Ley 8.197:<\/p>\n<ol>\n<li>Carlos Santiago Caramuti,<\/li>\n<li>Agust\u00edn Francisco Puppio, y<\/li>\n<li>Facundo Maggio.<\/li>\n<\/ol>\n<p>Se design\u00f3 en el cargo al Dr. Caramuti, prestando&nbsp;<a href=\"http:\/\/camtucuman.gob.ar\/web\/blog\/2020\/08\/14\/4-nuevos-magistrados-preseleccionados-por-el-cam-prestaron-juramento-ante-la-corte\/\" target=\"_blank\" rel=\"noopener noreferrer\">Juramento de Ley<\/a>&nbsp;por ante la Corte Suprema de Justicia de Tucum\u00e1n en fecha 13\/08\/2020.<\/p>\n<hr>\n<p><strong>Concurso n\u00b0163. Juez\/a del Trabajo del Centro Judicial Capital:<\/strong><\/p>\n<p>En fecha 03\/06\/2020 se elev\u00f3 al Poder Ejecutivo de la Provincia la terna resultante del concurso, mediante&nbsp;<a href=\"http:\/\/camtucuman.gob.ar\/documentos\/acuerdos\/acuerdo_2020_160.pdf\" target=\"_blank\" rel=\"noopener noreferrer\">Acuerdo n\u00b0 160\/2020<\/a>&nbsp;y conforme art. 101 Inc. 5\u00b0 de la Constituci\u00f3n de la Provincia y art. 16 de la Ley 8.197:<\/p>\n<ol>\n<li>C\u00e9sar Gabriel Exler,<\/li>\n<li>Mar\u00eda Dolores Malmierca, y<\/li>\n<li>Ram\u00f3n Ricardo Rivero.<\/li>\n<\/ol>\n<p>Se design\u00f3 en el cargo al Dr. Exler, prestando&nbsp;<a href=\"http:\/\/camtucuman.gob.ar\/web\/blog\/2020\/09\/30\/dos-nuevos-jueces-del-trabajo-prestaron-juramento-luego-de-concursar-en-el-cam\/\" target=\"_blank\" rel=\"noopener noreferrer\">Juramento de Ley<\/a>&nbsp;por ante la Corte Suprema de Justicia de Tucum\u00e1n en fecha 30\/09\/2020.<\/p>\n<hr>\n<p><b>Concurso n\u00b0209.&nbsp;<\/b><b>Vocal de C\u00e1mara de Apelaciones del Trabajo, Sala III<\/b><b>&nbsp;del Centro Judicial Capital:<\/b><b><\/b><\/p>\n<p>En fecha 13\/05\/2020 se elev\u00f3 al Poder Ejecutivo de la Provincia la terna resultante del concurso, mediante&nbsp;<a href=\"http:\/\/camtucuman.gob.ar\/documentos\/acuerdos\/acuerdo_2020_158.pdf\" target=\"_blank\" rel=\"noopener noreferrer\">Acuerdo n\u00b0 158\/2020<\/a>&nbsp;y conforme art. 101 Inc. 5\u00b0 de la Constituci\u00f3n de la Provincia y art. 16 de la Ley 8.197:<\/p>\n<ol start=\"1\" type=\"1\">\n<li><span lang=\"ES\">Ezio Enrique Jogna Prat,<\/span><\/li>\n<li><span lang=\"ES\">Tatiana Alejandra Carrera,<\/span><\/li>\n<li><span lang=\"ES\">Horacio Javier Rey.<\/span><\/li>\n<li>Graciela Beatriz Corai.&nbsp;Se integr\u00f3 la terna con la 4ta postulante, quien pasa a ocupar el 3er lugar, conforme a lo dispuesto por el art\u00edculo 16 de la ley 8.197 (texto seg\u00fan ley 9.186) por&nbsp;<a href=\"http:\/\/camtucuman.gob.ar\/documentos\/acuerdos\/acuerdo_2020_213.pdf\" target=\"_blank\" rel=\"noopener noreferrer\">Acuerdo n\u00b0 213\/2020<\/a>&nbsp;de fecha 22\/07\/2020.<\/li>\n<\/ol>\n<p>Se design\u00f3 en el cargo a la Dra. Corai, prestando&nbsp;<a href=\"http:\/\/camtucuman.gob.ar\/web\/blog\/2020\/11\/05\/tres-nuevos-as-jueces-prestaron-juramento-luego-de-concursar-en-el-cam\/\" target=\"_blank\" rel=\"noopener noreferrer\">Juramento de Ley<\/a>&nbsp;por ante la CSJT en fecha 05\/11\/2020.<\/p>\n<hr>\n<p><strong>Concurso n\u00b0168.&nbsp;<\/strong><strong>Juez\/a del Trabajo del Centro Judicial Capital:<\/strong><\/p>\n<p>En fecha 11\/03\/2020 se elev\u00f3 al Poder Ejecutivo de la Provincia la terna resultante del concurso, mediante&nbsp;<a href=\"http:\/\/camtucuman.gob.ar\/documentos\/acuerdos\/acuerdo_2020_80.pdf\">Acuerdo n\u00b0 80\/2020<\/a>&nbsp;y conforme art. 101 Inc. 5\u00b0 de la Constituci\u00f3n de la Provincia y art. 16 de la Ley 8.197:<\/p>\n<ol>\n<li>Horacio Javier Rey,<\/li>\n<li>Rub\u00e9n Dar\u00edo Aquino, y<\/li>\n<li>Mar\u00eda Dolores Malmierca.<\/li>\n<\/ol>\n<p>Se design\u00f3 en el cargo al Dr. Rey, prestando&nbsp;<a href=\"http:\/\/camtucuman.gob.ar\/web\/blog\/2020\/08\/14\/4-nuevos-magistrados-preseleccionados-por-el-cam-prestaron-juramento-ante-la-corte\/\" target=\"_blank\" rel=\"noopener noreferrer\">Juramento de Ley<\/a>&nbsp;por ante la Corte Suprema de Justicia de Tucum\u00e1n en fecha 13\/08\/\/2020.<\/p>\n<hr>\n<p><strong>Concurso n\u00b0202<\/strong>.&nbsp;<strong>Juez\/a de Instrucci\u00f3n Penal de la II Nominaci\u00f3n del Centro Judicial Concepci\u00f3n:<\/strong><\/p>\n<p>En fecha 26\/02\/2020 se elev\u00f3 al Poder Ejecutivo de la Provincia la terna resultante del concurso, mediante&nbsp;<a href=\"http:\/\/camtucuman.gob.ar\/documentos\/acuerdos\/acuerdo_2020_54.pdf\">Acuerdo n\u00b0 54\/2020<\/a>&nbsp;y conforme art. 101 Inc. 5\u00b0 de la Constituci\u00f3n de la Provincia y art. 16 de la Ley 8.197:<\/p>\n<ol>\n<li>Gerardo Nicol\u00e1s Salas,<\/li>\n<li>Enrique Mart\u00edn Cacici, y<\/li>\n<li>Carlos Sebasti\u00e1n Pais.<\/li>\n<\/ol>\n<p>Se design\u00f3 en el cargo al Dr. Cacici, prestando&nbsp;<a href=\"http:\/\/camtucuman.gob.ar\/web\/blog\/2020\/08\/14\/4-nuevos-magistrados-preseleccionados-por-el-cam-prestaron-juramento-ante-la-corte\/\" target=\"_blank\" rel=\"noopener noreferrer\">Juramento de Ley<\/a>&nbsp;por ante la Corte Suprema de Justicia de Tucum\u00e1n en fecha 13\/08\/\/2020.<\/p>\n<hr>\n<p><strong>Concurso n\u00b0<\/strong>&nbsp;<strong>208. Vocal de C\u00e1mara&nbsp;<\/strong><strong>en lo Contencioso Administrativo, Sala I<\/strong><strong>,<\/strong><strong>&nbsp;del Centro Judicial Capital<\/strong><strong>:<\/strong><\/p>\n<p>En fecha 06\/02\/2020 se elev\u00f3 al Poder Ejecutivo de la Provincia la terna resultante del concurso, mediante&nbsp;<a href=\"http:\/\/camtucuman.gob.ar\/documentos\/acuerdos\/acuerdo_2020_1.pdf\" target=\"_blank\" rel=\"noopener noreferrer\">Acuerdo n\u00b0 01\/2020<\/a>&nbsp;y conforme art. 101 Inc. 5\u00b0 de la Constituci\u00f3n de la Provincia y art. 16 de la Ley 8.197:<\/p>\n<ol>\n<li>Augusto Gonz\u00e1lez Navarro,<\/li>\n<li>Mar\u00eda Florencia Casas, y&nbsp;<\/li>\n<li>Claudia Eleonora M\u00e9ndez.<\/li>\n<\/ol>\n<p>Se design\u00f3 en el cargo a la Dra. Casas, prestando&nbsp;<a href=\"http:\/\/camtucuman.gob.ar\/web\/blog\/2020\/06\/05\/una-nueva-magistrada-para-la-camara-en-lo-contencioso-administrativo\/\" target=\"_blank\" rel=\"noopener noreferrer\">Juramento de Ley<\/a>&nbsp;por ante la Corte Suprema de Justicia de Tucum\u00e1n en fecha 05\/06\/2020.<\/p>\n<hr>\n<p><strong>Concurso n\u00b0 201. Fiscal\/a de Instrucci\u00f3n Penal de la II Nominaci\u00f3n del Centro Judicial Concepci\u00f3n:<\/strong><\/p>\n<p>En fecha 04\/12\/2019 se elev\u00f3 al Poder Ejecutivo de la Provincia la terna resultante del concurso, mediante&nbsp;<a href=\"http:\/\/camtucuman.gob.ar\/documentos\/acuerdos\/acuerdo_2019_341.pdf\" target=\"_blank\" rel=\"noopener noreferrer\">Acuerdo n\u00b0 341\/2019<\/a>&nbsp;y&nbsp;conforme&nbsp;art. 101 Inc. 5\u00b0 de la Constituci\u00f3n de la Provincia y art. 16 de la Ley 8.197:<\/p>\n<ol>\n<li>Carlos Sebasti\u00e1n Pais,<\/li>\n<li>Fernando Nicol\u00e1s Blanno, y<\/li>\n<li>Carlos Gustavo Pic\u00f3n.<\/li>\n<\/ol>\n<p>Fue designado en el cargo el Dr. Pic\u00f3n, prestando&nbsp;<a href=\"http:\/\/camtucuman.gob.ar\/web\/blog\/2020\/02\/20\/tres-nuevos-fiscales-asumieron-en-sus-cargos-luego-de-concursar-en-el-cam\/\" target=\"_blank\" rel=\"noopener noreferrer\">Juramento de Ley<\/a>&nbsp;por ante el Ministro P\u00fablico Fiscal en fecha 20\/02\/2020.<\/p>\n<hr>\n<p><strong>Concurso n\u00b0 166. Juez\/a de Primera Instancia del Trabajo del Centro Judicial Capital:<\/strong><\/p>\n<p>En fecha 04\/12\/2019 se elev\u00f3 al Poder Ejecutivo de la Provincia la terna resultante del concurso, mediante&nbsp;<a href=\"http:\/\/camtucuman.gob.ar\/documentos\/acuerdos\/acuerdo_2019_340.pdf\" target=\"_blank\" rel=\"noopener noreferrer\">Acuerdo n\u00b0 340\/2019<\/a>&nbsp;y&nbsp;conforme&nbsp;art. 101 Inc. 5\u00b0 de la Constituci\u00f3n de la Provincia y art. 16 de la Ley 8.197:<\/p>\n<ol>\n<li>Miguel Enrique Fern\u00e1nez Corona,<\/li>\n<li>Mar\u00eda Alejandra Moyano, y<\/li>\n<li>Rub\u00e9n Dar\u00edo Aquino.<\/li>\n<\/ol>\n<p>Fue designado en el cargo el Dr. Fern\u00e1ndez Corona, prestando&nbsp;<a href=\"http:\/\/camtucuman.gob.ar\/web\/blog\/2020\/02\/26\/la-corte-tomo-juramento-a-tres-magistrados-luego-de-su-paso-por-el-cam\/\" target=\"_blank\" rel=\"noopener noreferrer\">Juramento de Ley<\/a>&nbsp;por ante la CSJT en fecha 26\/02\/2020.<\/p>\n<hr>\n<p><strong>Concurso n\u00b0 197. Fiscal\/a de Instrucci\u00f3n Penal de la V Nominaci\u00f3n del Centro Judicial Capital:<\/strong><\/p>\n<p>En fecha 24\/10\/2019 se elev\u00f3 al Poder Ejecutivo de la Provincia la terna resultante del concurso, mediante&nbsp;<a href=\"http:\/\/camtucuman.gob.ar\/documentos\/acuerdos\/acuerdo_2019_331.pdf\" target=\"_blank\" rel=\"noopener noreferrer\">Acuerdo n\u00b0 331\/2019<\/a>&nbsp;y&nbsp;conforme&nbsp;art. 101 Inc. 5\u00b0 de la Constituci\u00f3n de la Provincia y art. 16 de la Ley 8.197:<\/p>\n<ol>\n<li>Guillermo Taylor,<\/li>\n<li>Carlos Sebasti\u00e1n Pais, y<\/li>\n<li>Jos\u00e9 Augusto Zapata (designado en igual cargo, renunci\u00f3 a integrar esta terna).<\/li>\n<li>Se integr\u00f3 la terna con el 4to postulante en orden de m\u00e9rito, remiti\u00e9ndose nuevamente al Poder Ejecutivo por&nbsp;<a href=\"http:\/\/camtucuman.gob.ar\/documentos\/acuerdos\/acuerdo_2019_351.pdf\" target=\"_blank\" rel=\"noopener noreferrer\">Acuerdo n\u00ba 351\/2019<\/a>&nbsp;de fecha 04\/12\/2019, quedando en 3er lugar el postulante Daniel Marcelo Leguizam\u00f3n.<\/li>\n<\/ol>\n<p>Fue designado en el cargo el Dr. Leguizam\u00f3n, prestando&nbsp;<a href=\"http:\/\/camtucuman.gob.ar\/web\/blog\/2020\/02\/20\/tres-nuevos-fiscales-asumieron-en-sus-cargos-luego-de-concursar-en-el-cam\/\" target=\"_blank\" rel=\"noopener noreferrer\">Juramento de Ley<\/a>&nbsp;por ante el Ministro P\u00fablico Fiscal en fecha 20\/02\/2020.<\/p>\n<hr>\n<p><strong>Concurso n\u00b0 204<\/strong>.&nbsp;<strong>Fiscal\/a de C\u00e1mara Penal I del Centro Judicial Concepci\u00f3n:<\/strong><\/p>\n<p>En fecha 22\/10\/2019 se elev\u00f3 al Poder Ejecutivo de la Provincia la terna resultante del concurso, mediante&nbsp;<a href=\"http:\/\/camtucuman.gob.ar\/documentos\/acuerdos\/acuerdo_2019_302.pdf\" target=\"_blank\" rel=\"noopener noreferrer\">Acuerdo n\u00b0 302\/2019<\/a>&nbsp;y&nbsp;conforme&nbsp;art. 101 Inc. 5\u00b0 de la Constituci\u00f3n de la Provincia y art. 16 de la Ley 8.197:<\/p>\n<ol>\n<li>Fernando Nicol\u00e1s Blanno,<\/li>\n<li>Carlos Gustavo Pic\u00f3n, y<\/li>\n<li>Carlos Mariano Delgado.<\/li>\n<\/ol>\n<p>Fue designado en el cargo el Dr. Blanno, prestando&nbsp;<a href=\"http:\/\/camtucuman.gob.ar\/web\/blog\/2020\/02\/20\/tres-nuevos-fiscales-asumieron-en-sus-cargos-luego-de-concursar-en-el-cam\/\" target=\"_blank\" rel=\"noopener noreferrer\">Juramento de Ley<\/a>&nbsp;por ante el Ministro P\u00fablico Fiscal en fecha 20\/02\/2020.<\/p>\n<hr>\n<p><strong>Concurso n\u00b0 169.&nbsp;<\/strong><strong>Juez\/a del Trabajo del Centro Judicial Concepci\u00f3n:<\/strong><\/p>\n<p>En fecha 16\/10\/2019 se dio de baja el concurso seg\u00fan lo dispuesto en&nbsp;<a href=\"http:\/\/camtucuman.gob.ar\/documentos\/acuerdos\/acuerdo_2019_281.pdf\" target=\"_blank\" rel=\"noopener noreferrer\">Acuerdo n\u00b0 281\/2019<\/a>.<\/p>\n<hr>\n<p><strong>Concurso n\u00b0 170.&nbsp;<\/strong><strong>Juez\/a del Trabajo del Centro Judicial Concepci\u00f3n:<\/strong><\/p>\n<p>En fecha 16\/10\/2019 se dio de baja el concurso seg\u00fan lo dispuesto en&nbsp;<a href=\"http:\/\/camtucuman.gob.ar\/documentos\/acuerdos\/acuerdo_2019_281.pdf\" target=\"_blank\" rel=\"noopener noreferrer\">Acuerdo n\u00b0 281\/2019<\/a>.<\/p>\n<hr>\n<p><strong>Concurso n\u00b0 187. Juez\/a Correccional en lo Penal de la II Nominaci\u00f3n del Centro Judicial Capital:<\/strong><\/p>\n<p>En fecha 09\/10\/2019 se elev\u00f3 al Poder Ejecutivo de la Provincia la terna resultante del concurso, mediante&nbsp;<a href=\"http:\/\/camtucuman.gob.ar\/documentos\/acuerdos\/acuerdo_2019_280.pdf\" target=\"_blank\" rel=\"noopener noreferrer\">Acuerdo n\u00b0 280\/2019<\/a>&nbsp;y&nbsp;conforme&nbsp;art. 101 Inc. 5\u00b0 de la Constituci\u00f3n de la Provincia y art. 16 de la Ley 8.197:<\/p>\n<ol>\n<li>Isolina Mar\u00eda Ap\u00e1s P\u00e9rez de Nucci,<\/li>\n<li>Mar\u00eda Valeria Mibelli, y<\/li>\n<li>Carlos Sebasti\u00e1n Pais.<\/li>\n<\/ol>\n<p>Fue designada en el cargo la Dra. Ap\u00e1s P\u00e9rez de Nucci, prestando&nbsp;<a href=\"http:\/\/camtucuman.gob.ar\/web\/blog\/2020\/02\/13\/juraron-nuevos-magistrados-preseleccionados-por-el-cam\/\" target=\"_blank\" rel=\"noopener noreferrer\">Juramento de Ley<\/a>&nbsp;por ante la CSJT en fecha 12\/02\/2020.<\/p>\n<hr>\n<p><strong>Concurso n\u00b0 184. Fiscal\/a de Instrucci\u00f3n Penal de la X\u00b0 Nominaci\u00f3n del Centro Judicial Capital.<\/strong><\/p>\n<p>En fecha 02\/10\/2019 se elev\u00f3 al Poder Ejecutivo de la Provincia la terna resultante del concurso, mediante&nbsp;<a href=\"http:\/\/camtucuman.gob.ar\/documentos\/acuerdos\/acuerdo_2019_272.pdf\" target=\"_blank\" rel=\"noopener noreferrer\">Acuerdo n\u00b0 272\/2019<\/a>&nbsp;y&nbsp;conforme&nbsp;art. 101 Inc. 5\u00b0 de la Constituci\u00f3n de la Provincia y art. 16 de la Ley 8.197:<\/p>\n<ol>\n<li>Guillermo Taylor,<\/li>\n<li>Jos\u00e9 Augusto Zapata, y<\/li>\n<li>Gerardo Nicol\u00e1s Salas.<\/li>\n<\/ol>\n<p>Fue designado en el cargo el Dr. Zapata, prestando Juramento de Ley ante el Ministerio P\u00fablico Fiscal en fecha 04\/11\/2019.<\/p>\n<hr>\n<p><strong>Concurso n\u00b0 183. Juez\/a de Instrucci\u00f3n Penal de la IV Nominaci\u00f3n del Centro Judicial Capital.<\/strong><\/p>\n<p>En fecha 02\/10\/2019 se elev\u00f3 al Poder Ejecutivo de la Provincia la terna resultante del concurso, mediante&nbsp;<a href=\"http:\/\/camtucuman.gob.ar\/documentos\/acuerdos\/acuerdo_2019_271.pdf\" target=\"_blank\" rel=\"noopener noreferrer\">Acuerdo n\u00b0 271\/2019<\/a>&nbsp; y&nbsp;conforme&nbsp;art. 101 Inc. 5\u00b0 de la Constituci\u00f3n de la Provincia y art. 16 de la Ley 8.197:<\/p>\n<ol>\n<li>Guillermo Mat\u00edas Puig,<\/li>\n<li>Gonzalo Asc\u00e1rate, y<\/li>\n<li>Ra\u00fal Armando Cardozo.<\/li>\n<\/ol>\n<p>Fue designado el Dr. Cardozo, prestando&nbsp;<a href=\"http:\/\/camtucuman.gob.ar\/web\/blog\/2019\/11\/01\/5-nuevos-magistrados-preseleccionados-por-el-cam-tomaron-posesion-de-sus-cargos\/\" target=\"_blank\" rel=\"noopener noreferrer\">Juramento de Ley<\/a>&nbsp;por ante la CSJT en fecha 01\/11\/2019<\/p>\n<hr>\n<p><strong>Concurso n\u00b0 179. Defensor\/a Oficial Penal de la I Nominaci\u00f3n del Centro Judicial Capital:<\/strong><\/p>\n<p>En fecha 25\/09\/2019 se elev\u00f3 al Poder Ejecutivo de la Provincia la terna resultante del concurso, mediante&nbsp;<a href=\"http:\/\/camtucuman.gob.ar\/documentos\/acuerdos\/acuerdo_2019_262.pdf\" target=\"_blank\" rel=\"noopener noreferrer\">Acuerdo n\u00b0 262\/2019<\/a>&nbsp;&nbsp;y&nbsp;conforme&nbsp;art. 101 Inc. 5\u00b0 de la Constituci\u00f3n de la Provincia y art. 16 de la Ley 8.197:<\/p>\n<ol>\n<li>Fanny Siriani,<\/li>\n<li>Isolina Mar\u00eda Ap\u00e1s P\u00e9rez de Nucci, y<\/li>\n<li>Julio Daniel Jorge Plaza.&nbsp;<\/li>\n<\/ol>\n<p>Fue designado en el cargo el Dr. Plaza, prestando&nbsp;<a href=\"http:\/\/camtucuman.gob.ar\/web\/blog\/2019\/11\/05\/asume-un-nuevo-defensor-oficial-penal-luego-de-concursar-en-el-cam\/?fbclid=IwAR0ro8iTNylPMsNGdghOC07A7-iRHqFOebLXMn3x0HGjhFFWeFP9HH5LEbM\" target=\"_blank\" rel=\"noopener noreferrer\">Juramento de Ley<\/a>&nbsp;ante el Ministro Pupilar y de la Defensa, en fecha 05\/11\/2019.<\/p>\n<hr>\n<p><strong>Concurso n\u00b0 181.<\/strong>&nbsp;<strong>Vocal de C\u00e1mara Penal, Sala II, del Centro Judicial Concepci\u00f3n.<\/strong><\/p>\n<p>En fecha 18\/09\/2019 se elev\u00f3 al Poder Ejecutivo de la Provincia la terna resultante del concurso, mediante&nbsp;<a href=\"http:\/\/camtucuman.gob.ar\/documentos\/acuerdos\/acuerdo_2019_248.pdf\" target=\"_blank\" rel=\"noopener noreferrer\">Acuerdo n\u00b0 248\/2019<\/a>&nbsp;y&nbsp;conforme&nbsp;art. 101 Inc. 5\u00b0 de la Constituci\u00f3n de la Provincia y art. 16 de la Ley 8.197:<\/p>\n<ol>\n<li>\n<ol>\n<li>Mar\u00eda Raquel Ferreyra As\u00eds,<\/li>\n<li>Mar\u00eda Valeria Mibelli, y<\/li>\n<li>Juan Fernando Saracho Daza.<\/li>\n<\/ol>\n<\/li>\n<\/ol>\n<p>Fue designado en el cargo el Dr. Saracho Daza, prestando&nbsp;<a href=\"http:\/\/camtucuman.gob.ar\/web\/blog\/2019\/11\/01\/5-nuevos-magistrados-preseleccionados-por-el-cam-tomaron-posesion-de-sus-cargos\/\" target=\"_blank\" rel=\"noopener noreferrer\">Juramento de Ley<\/a>&nbsp;por ante la CSJT en fecha 01\/11\/2019.<\/p>\n<hr>\n<p><strong>Concurso n\u00b0 182. Vocal de C\u00e1mara Penal, Sala I, Centro Judicial Concepci\u00f3n.<\/strong><\/p>\n<p>En fecha 18\/09\/2019 se elev\u00f3 al Poder Ejecutivo de la Provincia la terna resultante del concurso, mediante&nbsp;<a href=\"http:\/\/camtucuman.gob.ar\/documentos\/acuerdos\/acuerdo_2019_249.pdf\" target=\"_blank\" rel=\"noopener noreferrer\">Acuerdo n\u00b0 249\/2019<\/a>&nbsp;y&nbsp;conforme&nbsp;art. 101 Inc. 5\u00b0 de la Constituci\u00f3n de la Provincia y art. 16 de la Ley 8.197:<\/p>\n<ol>\n<li>Carolina Eugenia Epelbaum,<\/li>\n<li>Jorge Ariel Carrasco, y<\/li>\n<li>Claudio Hern\u00e1n Aybar.<\/li>\n<\/ol>\n<p>Fue designado en el cargo el Dr. Aybar, prestando&nbsp;<a href=\"http:\/\/camtucuman.gob.ar\/web\/blog\/2019\/11\/01\/5-nuevos-magistrados-preseleccionados-por-el-cam-tomaron-posesion-de-sus-cargos\/\" target=\"_blank\" rel=\"noopener noreferrer\">Juramento de Ley<\/a>&nbsp;por ante la CSJT en fecha 01\/11\/2019.<\/p>\n<hr>\n<p><strong>Concurso n\u00b0 180.<\/strong>&nbsp;<strong>Vocal de C\u00e1mara Penal, Sala I, del Centro Judicial Concepci\u00f3n.<\/strong><\/p>\n<p>Fue declarado desierto, mediante la firma del&nbsp;<a href=\"http:\/\/camtucuman.gob.ar\/documentos\/acuerdos\/acuerdo_2019_219.pdf\" target=\"_blank\" rel=\"noopener noreferrer\">Acuerdo n\u00b0 219\/2019<\/a>&nbsp;de fecha 04\/09\/2019.&nbsp;<\/p>\n<hr>\n<p><strong>Concurso n\u00b0 186. Juez de Primera Instancia del Trabajo de la II Nominaci\u00f3n del Centro Judicial Capital.<\/strong><\/p>\n<p>En fecha 28\/08\/2019 se elev\u00f3 al Poder Ejecutivo de la Provincia la terna resultante del concurso, mediante&nbsp;<a href=\"http:\/\/camtucuman.gob.ar\/documentos\/acuerdos\/acuerdo_2019_209.pdf\" target=\"_blank\" rel=\"noopener noreferrer\">Acuerdo n\u00b0 209\/2019<\/a>&nbsp;y&nbsp;conforme&nbsp;art. 101 Inc. 5\u00b0 de la Constituci\u00f3n de la Provincia y art. 16 de la Ley 8.197:<\/p>\n<ol>\n<li>Miguel Enrique Fern\u00e1ndez Corona,<\/li>\n<li>Mar\u00eda Constanza Romero, y<\/li>\n<li>Ezio Enrique Jogna Prat.<\/li>\n<\/ol>\n<p>Fue designado en el cargo el Dr. Jogna Prat, prestando&nbsp;<a href=\"http:\/\/camtucuman.gob.ar\/web\/blog\/2019\/11\/13\/nuevos-jueces-del-trabajo-preseleccionados-por-el-cam-prestaron-juramento\/\" target=\"_blank\" rel=\"noopener noreferrer\">Juramento de Ley<\/a>&nbsp;por ante la CSJT en fecha 13\/11\/2019.<\/p>\n<hr>\n<p><strong>Concurso n\u00b0 142. Fiscal de C\u00e1mara de Apelaciones en lo Penal de Instrucci\u00f3n, Centro Judicial Concepci\u00f3n.<\/strong><\/p>\n<p>Se dej\u00f3 sin efecto mediante&nbsp;<a href=\"http:\/\/camtucuman.gob.ar\/documentos\/acuerdos\/acuerdo_2019_210.pdf\" target=\"_blank\" rel=\"noopener noreferrer\">Acuerdo n\u00b0 210\/2019<\/a>&nbsp;de fecha 28\/08\/2019.<\/p>\n<hr>\n<p><strong>Concurso n\u00b0 157. Fiscal de C\u00e1mara de Apelaciones en lo Penal de Instrucci\u00f3n, Centro Judicial Capital.<\/strong><\/p>\n<p>Se dej\u00f3 sin efecto mediante&nbsp;<a href=\"http:\/\/camtucuman.gob.ar\/documentos\/acuerdos\/acuerdo_2019_210.pdf\" target=\"_blank\" rel=\"noopener noreferrer\">Acuerdo n\u00b0 210\/2019<\/a>&nbsp;de fecha 28\/08\/2019.<\/p>\n<hr>\n<p><strong>Concurso n\u00b0 158. Fiscal de C\u00e1mara de Apelaciones en lo Penal de Instrucci\u00f3n, Centro Judicial Capital:<\/strong><\/p>\n<p>Se dej\u00f3 sin efecto mediante&nbsp;<a href=\"http:\/\/camtucuman.gob.ar\/documentos\/acuerdos\/acuerdo_2019_210.pdf\" target=\"_blank\" rel=\"noopener noreferrer\">Acuerdo n\u00b0 210\/2019<\/a>&nbsp;de fecha 28\/08\/2019.<\/p>\n<hr>\n<p><strong>Concurso n\u00b0 194. Juez\/a del Tribunal de Impugnaci\u00f3n del Centro Judicial Concepci\u00f3n y Monteros.<\/strong><\/p>\n<p>En fecha 14\/08\/2019 se elev\u00f3 al Poder Ejecutivo de la Provincia la terna resultante del concurso, mediante&nbsp;<a href=\"http:\/\/camtucuman.gob.ar\/documentos\/acuerdos\/acuerdo_2019_178.pdf\" target=\"_blank\" rel=\"noopener noreferrer\">Acuerdo n\u00b0 178\/2019<\/a>&nbsp;y&nbsp;conforme&nbsp;art. 101 Inc. 5\u00b0 de la Constituci\u00f3n de la Provincia y art. 16 de la Ley 8.197:<\/p>\n<ol>\n<li>Paul Alfredo Hofer,<\/li>\n<li>Jorge Ariel Carrasco, y<\/li>\n<li>Edgardo Leonardo S\u00e1nchez.<\/li>\n<\/ol>\n<p>Fue designado en el cargo el Dr. Hofer, prestando&nbsp;<a href=\"http:\/\/camtucuman.gob.ar\/web\/blog\/2020\/02\/13\/juraron-nuevos-magistrados-preseleccionados-por-el-cam\/\" target=\"_blank\" rel=\"noopener noreferrer\">Juramento de Ley<\/a>&nbsp;por ante la CSJT en fecha 12\/02\/2020.<\/p>\n<hr>\n<p><strong>Concurso n\u00b0 195. Juez\/a del Tribunal de Impugnaci\u00f3n del Centro Judicial Concepci\u00f3n y Monteros.<\/strong><\/p>\n<p>En fecha 07\/08\/2019 se&nbsp;elev\u00f3 al Poder Ejecutivo de la Provincia la terna resultante del concurso, mediante&nbsp;<a href=\"http:\/\/camtucuman.gob.ar\/documentos\/acuerdos\/acuerdo_2019_173.pdf\" target=\"_blank\" rel=\"noopener noreferrer\">Acuerdo n\u00b0 173\/2019<\/a>&nbsp;y&nbsp;conforme&nbsp;art. 101 Inc. 5\u00b0 de la Constituci\u00f3n de la Provincia y art. 16 de la Ley 8.197:<\/p>\n<ol>\n<li>Edgardo Leonardo S\u00e1nchez,<\/li>\n<li>Jorge Ariel Carrasco, y<\/li>\n<li>Carlos Felipe D\u00edaz Lannes.<\/li>\n<\/ol>\n<p>Fue designado en el cargo el Dr. S\u00e1nchez, prestando&nbsp;<a href=\"http:\/\/camtucuman.gob.ar\/web\/blog\/2020\/02\/13\/juraron-nuevos-magistrados-preseleccionados-por-el-cam\/\" target=\"_blank\" rel=\"noopener noreferrer\">Juramento de Ley<\/a>&nbsp;por ante la CSJT en fecha 12\/02\/2020.<\/p>\n<hr>\n<p><strong>Concurso n\u00b0 196. Juez\/a del Tribunal de Impugnaci\u00f3n del Centro Judicial Concepci\u00f3n y Monteros.<\/strong><\/p>\n<p>En fecha 07\/08\/2019 se&nbsp;elev\u00f3 al Poder Ejecutivo de la Provincia la terna resultante del concurso, mediante&nbsp;<a href=\"http:\/\/camtucuman.gob.ar\/documentos\/acuerdos\/acuerdo_2019_174.pdf\" target=\"_blank\" rel=\"noopener noreferrer\">Acuerdo n\u00b0 174\/2019<\/a>&nbsp;y&nbsp;conforme&nbsp;art. 101 Inc. 5\u00b0 de la Constituci\u00f3n de la Provincia y art. 16 de la Ley 8.197:<\/p>\n<ol>\n<li>Mariano Eduardo Fern\u00e1ndez,<\/li>\n<li>Jorge Ariel Carrasco, y<\/li>\n<li>Paul Alfredo Hofer.<\/li>\n<\/ol>\n<p>Fue designado en el cargo el Dr. Carrasco, prestando&nbsp;<a href=\"http:\/\/camtucuman.gob.ar\/web\/blog\/2020\/02\/13\/juraron-nuevos-magistrados-preseleccionados-por-el-cam\/\" target=\"_blank\" rel=\"noopener noreferrer\">Juramento de Ley<\/a>&nbsp;por ante la CSJT en fecha 12\/02\/2020.<\/p>\n<hr>\n<p><strong>Concurso n\u00b0 165. Juez\/a de Primera Instancia del Trabajo del Centro Judicial Capital:<\/strong><\/p>\n<p>En fecha 25\/07\/2019&nbsp;se&nbsp;elev\u00f3 al Poder Ejecutivo de la Provincia la terna resultante del concurso, mediante&nbsp;<a href=\"http:\/\/camtucuman.gob.ar\/documentos\/acuerdos\/acuerdo_2019_156.pdf\" target=\"_blank\" rel=\"noopener noreferrer\">Acuerdo n\u00b0 156\/2019<\/a>&nbsp;y&nbsp;conforme&nbsp;art. 101 Inc. 5\u00b0 de la Constituci\u00f3n de la Provincia y art. 16 de la Ley 8.197:<\/p>\n<ol>\n<li>Ana Mar\u00eda Mena De Bulacio;<\/li>\n<li>Mar\u00eda Constanza Romero; y<\/li>\n<li>Mar\u00eda Carmen L\u00f3pez Dom\u00ednguez.<\/li>\n<\/ol>\n<p>Fue designada en el cargo la Dra. Mena De Bulacio, prestando&nbsp;<a href=\"http:\/\/camtucuman.gob.ar\/web\/blog\/2019\/11\/13\/nuevos-jueces-del-trabajo-preseleccionados-por-el-cam-prestaron-juramento\/\" target=\"_blank\" rel=\"noopener noreferrer\">Juramento de Ley<\/a>&nbsp;por ante la CSJT en fecha 13\/11\/2019.<\/p>\n<hr>\n<p><strong>Concurso n\u00b0 176. Defensor\/a Oficial en lo Penal del Centro Judicial Concepci\u00f3n:<\/strong><\/p>\n<p>En fecha 31\/05\/2019&nbsp;se&nbsp;elev\u00f3 al Poder Ejecutivo de la Provincia la terna resultante del concurso, mediante&nbsp;<a href=\"http:\/\/camtucuman.gob.ar\/documentos\/acuerdos\/acuerdo_2019_132.pdf\" target=\"_blank\" rel=\"noopener noreferrer\">Acuerdo n\u00b0 132\/2019<\/a>&nbsp;y&nbsp;conforme&nbsp;art. 101 Inc. 5\u00b0 de la Constituci\u00f3n de la Provincia y art. 16 de la Ley 8.197:<\/p>\n<ol>\n<li>Mariano Eduardo Fern\u00e1ndez,<\/li>\n<li>Carlos Sebasti\u00e1n Pais, y<\/li>\n<li>Diego \u00c1ngel Molina Franco.<\/li>\n<\/ol>\n<p>Fue designado en el cargo el Dr. Molina Franco, prestando Juramento de Ley por ante el Ministro Pupilar y de la Defensa en fecha 08\/08\/2019.<\/p>\n<hr>\n<p><strong>Concurso n\u00b0 178. Fiscal\/a de C\u00e1mara Penal III del Centro Judicial Capital:<\/strong><\/p>\n<p>En fecha 29\/05\/2019&nbsp;se&nbsp;elev\u00f3 al Poder Ejecutivo de la Provincia la terna resultante del concurso, mediante&nbsp;<a href=\"http:\/\/camtucuman.gob.ar\/documentos\/acuerdos\/acuerdo_2019_128.pdf\" target=\"_blank\" rel=\"noopener noreferrer\">Acuerdo n\u00b0 128\/2019<\/a>&nbsp;y&nbsp;conforme&nbsp;art. 101 Inc. 5\u00b0 de la Constituci\u00f3n de la Provincia y art. 16 de la Ley 8.197:<\/p>\n<ol>\n<li>Diego Ernesto&nbsp;Lammoglia,<\/li>\n<li>Mariano Eduardo&nbsp;Fern\u00e1ndez, y<\/li>\n<li>Enrique Mart\u00edn&nbsp;Cacici.<\/li>\n<\/ol>\n<p>Fue designado en el cargo el Dr. Fern\u00e1ndez, prestando&nbsp;<a href=\"http:\/\/camtucuman.gob.ar\/web\/blog\/2019\/08\/26\/dos-nuevos-fiscales-asumieron-en-sus-funciones\/\" target=\"_blank\" rel=\"noopener noreferrer\">Juramento de Ley<\/a>&nbsp;por ante el Ministro P\u00fablico Fiscal en fecha 26\/08\/2019.<\/p>\n<hr>\n<p><strong>Concurso n\u00b0 172. Juez\/a de Primera Instancia en lo Civil en Familia y Sucesiones de la II Nominaci\u00f3n del Centro Judicial Capital:<\/strong><\/p>\n<p>En fecha 29\/05\/2019&nbsp;se&nbsp;elev\u00f3 al Poder Ejecutivo de la Provincia la terna resultante del concurso, mediante&nbsp;<a href=\"http:\/\/camtucuman.gob.ar\/documentos\/acuerdos\/acuerdo_2019_127.pdf\" target=\"_blank\" rel=\"noopener noreferrer\">Acuerdo n\u00b0 127\/2019<\/a>&nbsp;y&nbsp;conforme&nbsp;art. 101 Inc. 5\u00b0 de la Constituci\u00f3n de la Provincia y art. 16 de la Ley 8.197:<\/p>\n<ol>\n<li>V\u00edctor Ra\u00fal<strong>&nbsp;<\/strong>Carlos<strong>,<\/strong><\/li>\n<li>Diego Javier&nbsp;Trabadelo, y<\/li>\n<li>Pablo Eugenio&nbsp;Barbaglia.<\/li>\n<\/ol>\n<p>Fue designado en el cargo el Dr. Carlos, prestando&nbsp;<a href=\"http:\/\/camtucuman.gob.ar\/web\/blog\/2019\/08\/21\/dos-nuevos-magistrados-preseleccionados-por-el-cam-prestaron-juramento\/\" target=\"_blank\" rel=\"noopener noreferrer\">Juramento de Ley<\/a>&nbsp;por ante la Corte Suprema de Justicia de Tucum\u00e1n en fecha 20\/08\/2019.<\/p>\n<hr>\n<p><strong>Concurso n\u00b0 177. Defensor\/a de Menores en lo Civil, Penal y del Trabajo de la I Nominaci\u00f3n del Centro Judicial Concepci\u00f3n:<\/strong><\/p>\n<p>En fecha 08\/05\/2019 se&nbsp;elev\u00f3 al Poder Ejecutivo de la Provincia la terna resultante del concurso, mediante&nbsp;<a href=\"http:\/\/camtucuman.gob.ar\/documentos\/acuerdos\/acuerdo_2019_110.pdf\" target=\"_blank\" rel=\"noopener noreferrer\">Acuerdo n\u00b0110\/2019<\/a>&nbsp;y&nbsp;conforme&nbsp;art. 101 Inc. 5\u00b0 de la Constituci\u00f3n de la Provincia y art. 16 de la Ley 8.197:<\/p>\n<ol>\n<li>Claudio Hern\u00e1n Aybar,<\/li>\n<li>Mar\u00eda Alejandra Rivas, y<\/li>\n<li>Camilo David Sleiman.<\/li>\n<\/ol>\n<p>Fue designado en el cargo el Dr. Sleiman, prestando Juramento de Ley por ante el Ministro Pupilar y de la Defensa en fecha 08\/08\/2019.<\/p>\n<hr>\n<p><strong>Concurso n\u00b0 185. Juez\/a de Primera Instancia en lo Civil y Comercial Com\u00fan de la VII Nominaci\u00f3n del Centro Judicial Capital:<\/strong><\/p>\n<p>En fecha 30\/04\/2019 se&nbsp;elev\u00f3 al Poder Ejecutivo de la Provincia la terna resultante del concurso, mediante&nbsp;<a href=\"http:\/\/camtucuman.gob.ar\/documentos\/acuerdos\/acuerdo_2019_109.pdf\" target=\"_blank\" rel=\"noopener noreferrer\">Acuerdo n\u00ba 109\/2019<\/a>&nbsp;y&nbsp;conforme&nbsp;art. 101 Inc. 5\u00b0 de la Constituci\u00f3n de la Provincia y art. 16 de la Ley 8.197:<\/p>\n<ol>\n<li>Carlos Ra\u00fal Rivas,<\/li>\n<li>Cristina F\u00e1tima Hurtado, y<\/li>\n<li>Mirta Estela Casares.<\/li>\n<\/ol>\n<p>Fue designada en el cargo la Dra. Casares, prestando&nbsp;<a href=\"http:\/\/camtucuman.gob.ar\/web\/blog\/2019\/08\/21\/dos-nuevos-magistrados-preseleccionados-por-el-cam-prestaron-juramento\/\" target=\"_blank\" rel=\"noopener noreferrer\">Juramento de Ley<\/a>&nbsp;por ante la Corte Suprema de Justicia de Tucum\u00e1n en fecha 20\/08\/2019.<\/p>\n<hr>\n<p><strong>Concurso n\u00b0 173. Juez\/a de Primera Instancia en lo Civil en Documentos y Locaciones , VIII Nominaci\u00f3n, Centro Judicial Capital:<\/strong><\/p>\n<p>En fecha 16\/04\/2019 se&nbsp;elev\u00f3 al Poder Ejecutivo de la Provincia la terna resultante del concurso, mediante&nbsp;<a href=\"http:\/\/camtucuman.gob.ar\/documentos\/acuerdos\/acuerdo_2019_99.pdf\" target=\"_blank\" rel=\"noopener noreferrer\">Acuerdo n\u00b0 99\/2019<\/a>&nbsp;y&nbsp;conforme&nbsp;art. 101 Inc. 5\u00b0 de la Constituci\u00f3n de la Provincia y art. 16 de la Ley 8.197:<\/p>\n<ol>\n<li>Pedro Daniel Cagna,<\/li>\n<li>Ezequiel Stordeur de Zaval\u00eda, y<\/li>\n<li>Cecilia Mar\u00eda Susana Wayar.<\/li>\n<\/ol>\n<p>Fue designada en el cargo la Dra. Wayar, prestando&nbsp;<a href=\"http:\/\/camtucuman.gob.ar\/web\/blog\/2019\/07\/31\/juraron-dos-nuevas-magistradas-preseleccionadas-por-el-cam\/\" target=\"_blank\" rel=\"noopener noreferrer\">Juramento de Ley<\/a>&nbsp;por ante la&nbsp;Corte Suprema de Justicia de Tucum\u00e1n en fecha 30\/07\/2019.<\/p>\n<hr>\n<p><strong>Concurso n\u00b0 174. Vocal de C\u00e1mara Penal, Sala I, Centro Judicial Capital:<\/strong><\/p>\n<p>En fecha 12\/04\/2019 se&nbsp;elev\u00f3 al Poder Ejecutivo de la Provincia la terna resultante del concurso, mediante&nbsp;<a href=\"http:\/\/camtucuman.gob.ar\/documentos\/acuerdos\/acuerdo_2019_97.pdf\" target=\"_blank\" rel=\"noopener noreferrer\">Acuerdo n\u00b0 97\/2019<\/a>&nbsp;y&nbsp;conforme&nbsp;art. 101 Inc. 5\u00b0 de la Constituci\u00f3n de la Provincia y art. 16 de la Ley 8.197:<\/p>\n<ol>\n<li>Diego Ernesto Lammoglia,<\/li>\n<li>Carlos Felipe D\u00edaz Lannes, y<\/li>\n<li>Agust\u00edn Francisco Puppio.<\/li>\n<\/ol>\n<p>Fue designado en el cargo el Dr. Lammoglia, prestando&nbsp;<a href=\"http:\/\/camtucuman.gob.ar\/web\/blog\/2019\/08\/14\/entro-en-funciones-un-nuevo-vocal-de-camara-penal-luego-de-concursar-en-el-cam\/\" target=\"_blank\" rel=\"noopener noreferrer\">Juramento de Ley<\/a>&nbsp;por ante la Corte Suprema de Justicia de Tucum\u00e1n en fecha 14\/08\/2019<\/p>\n<hr>\n<p><strong>Concurso n\u00b0 162. Defensor Oficial en lo Civil y del Trabajo, Centro Judicial Capital, con car\u00e1cter itinerante:<\/strong><\/p>\n<p>En fecha 08\/04\/2019 se&nbsp;elev\u00f3 al Poder Ejecutivo de la Provincia la terna resultante del concurso, mediante&nbsp;<a href=\"http:\/\/camtucuman.gob.ar\/documentos\/acuerdos\/acuerdo_2019_84.pdf\" target=\"_blank\" rel=\"noopener noreferrer\">Acuerdo n\u00ba 84\/2019<\/a>&nbsp;y&nbsp;conforme&nbsp;art. 101 Inc. 5\u00b0 de la Constituci\u00f3n de la Provincia y art. 16 de la Ley 8.197:<\/p>\n<ol>\n<li>Mar\u00eda del Pilar Lau,<\/li>\n<li>Carlos Gustavo Paliza, y<\/li>\n<li>Mercedes Mar\u00eda Navarro Zaldarriaga.<\/li>\n<\/ol>\n<p>Fue designada en el cargo la Dra. Lau, prestando&nbsp;<a href=\"http:\/\/camtucuman.gob.ar\/web\/blog\/2019\/08\/22\/asumio-una-nueva-defensora-oficial-itinerante\/\" target=\"_blank\" rel=\"noopener noreferrer\">Juramento de Ley<\/a>&nbsp;en fecha 21\/08\/2019.<\/p>\n<hr>\n<p><strong>Concurso n\u00b0 147. Juez\/a de Menores del Centro Judicial Monteros:<\/strong><\/p>\n<p>En fecha 20\/03\/2019 se&nbsp;elev\u00f3 al Poder Ejecutivo de la Provincia la terna resultante del concurso, mediante&nbsp;<a href=\"http:\/\/camtucuman.gob.ar\/documentos\/acuerdos\/acuerdo_2019_47.pdf\" target=\"_blank\" rel=\"noopener noreferrer\">Acuerdo n\u00b0 47\/2019<\/a>&nbsp;y&nbsp;conforme&nbsp;art. 101 Inc. 5\u00b0 de la Constituci\u00f3n de la Provincia y art. 16 de la Ley 8.197:<\/p>\n<ol>\n<li>Marcos Javier N\u00fa\u00f1ez Campero,<\/li>\n<li>Jes\u00fas Antonio Paradi, y<\/li>\n<li>H\u00e9ctor Fabi\u00e1n Assad.<\/li>\n<\/ol>\n<p>Fue designado en el cargo el Dr. N\u00fa\u00f1ez Campero, prestando&nbsp;<a href=\"http:\/\/camtucuman.gob.ar\/web\/blog\/2019\/09\/04\/dos-nuevos-magistrados-preseleccionados-por-el-cam-prestaron-juramento-2\/\" target=\"_blank\" rel=\"noopener noreferrer\">Juramento de Ley<\/a>&nbsp;por ante la CSJT en fecha 04\/09\/2019.<\/p>\n<hr>\n<p><strong>Concurso n\u00b0 124. Fiscal\/a de Instrucci\u00f3n Penal, IX Nominaci\u00f3n, Centro Judicial Capital:<\/strong>.<\/p>\n<p>En fecha 13\/03\/2019 se&nbsp;elev\u00f3 al Poder Ejecutivo de la Provincia la terna resultante del concurso, mediante&nbsp;<a href=\"http:\/\/camtucuman.gob.ar\/documentos\/acuerdos\/acuerdo_2019_34.pdf\" target=\"_blank\" rel=\"noopener noreferrer\">Acuerdo n\u00b0 34\/2019<\/a>&nbsp;y conforme&nbsp;art. 101 Inc. 5\u00b0 de la Constituci\u00f3n de la Provincia y art. 16 de la Ley 8.197:<\/p>\n<ol>\n<li>Carlos Eduardo L\u00f3pez,<\/li>\n<li>Facundo Maggio e<\/li>\n<li>Ignacio L\u00f3pez Bustos.<\/li>\n<\/ol>\n<p>Fue designado en el cargo el Dr. L\u00f3pez Bustos, prestando&nbsp;<a href=\"http:\/\/camtucuman.gob.ar\/web\/blog\/2019\/08\/26\/dos-nuevos-fiscales-asumieron-en-sus-funciones\/\" target=\"_blank\" rel=\"noopener noreferrer\">Juramento de Ley<\/a>&nbsp;por ante el Ministro P\u00fablico Fiscal en fecha 26\/08\/2019.<\/p>\n<hr>\n<p><strong>Concurso n\u00b0 160. Fiscal\/a de Instrucci\u00f3n en lo Penal del Centro Judicial Concepci\u00f3n:<\/strong><\/p>\n<p>En fecha 21\/11\/2018 se&nbsp;elev\u00f3 al Poder Ejecutivo de la Provincia la terna resultante del concurso, mediante&nbsp;<a href=\"http:\/\/camtucuman.gob.ar\/documentos\/acuerdos\/acuerdo_2018_141.pdf\" target=\"_blank\" rel=\"noopener noreferrer\">Acuerdo n\u00b0 141\/2018<\/a>&nbsp;y conforme&nbsp;art. 101 Inc. 5\u00b0 de la Constituci\u00f3n de la Provincia y art. 16 de la Ley 8.197:<\/p>\n<ol>\n<li>H\u00e9ctor Fabi\u00e1n Assad,<\/li>\n<li>Gerardo Nicol\u00e1s Salas y<\/li>\n<li>Ra\u00fal Armando Cardozo.<\/li>\n<\/ol>\n<p>Fue designado en el cargo el Dr. Assad, prestando Juramento de Ley por ante el Ministro P\u00fablico Fiscal en fecha 29\/07\/2019.<\/p>\n<hr>\n<p><strong>Concurso n\u00b0 141. Fiscal\/a de C\u00e1mara en lo Penal III, Centro Judicial Concepci\u00f3n:<\/strong><\/p>\n<p>En fecha 14\/11\/2018 se suscribi\u00f3 el&nbsp;<a href=\"http:\/\/camtucuman.gob.ar\/documentos\/acuerdos\/acuerdo_2018_137.pdf\" target=\"_blank\" rel=\"noopener noreferrer\">Acuerdo n\u00b0 137\/2018<\/a>&nbsp;por el cual se declara desierto el concurso.<\/p>\n<hr>\n<p><strong>Concurso n\u00b0 161. Vocal de C\u00e1mara Penal, Sala IV, Centro Judicial Capital:<\/strong><\/p>\n<p>En fecha 16\/10\/2018 se elev\u00f3 al Poder Ejecutivo de la Provincia la terna resultante del concurso, mediante&nbsp;<a href=\"http:\/\/camtucuman.gob.ar\/documentos\/acuerdos\/acuerdo_2018_131.pdf\" target=\"_blank\" rel=\"noopener noreferrer\">Acuerdo n\u00b0 131\/2018<\/a>&nbsp;y conforme&nbsp;art. 101 Inc. 5\u00b0 de la Constituci\u00f3n de la Provincia y art. 16 de la Ley 8.197:<\/p>\n<ol>\n<li>Mar\u00eda Fernanda B\u00e4hler,<\/li>\n<li>Roberto Eduardo Flores&nbsp;y<\/li>\n<li>Julio Daniel Jorge Plaza.<\/li>\n<\/ol>\n<p>Fue designada en el cargo la Dra. B\u00e4hler, prestando&nbsp;<a href=\"http:\/\/camtucuman.gob.ar\/web\/blog\/2019\/07\/31\/juraron-dos-nuevas-magistradas-preseleccionadas-por-el-cam\/\" target=\"_blank\" rel=\"noopener noreferrer\">Juramento de Ley<\/a>&nbsp;por ante la&nbsp;Corte Suprema de Justicia de Tucum\u00e1n en fecha 30\/07\/2019.<\/p>\n<hr>\n<p><strong>Concurso n\u00b0150. Juez de Primera&nbsp;<\/strong><strong>Instancia del Trabajo, Centro Judicial Monteros:<\/strong><\/p>\n<p>En fecha 03\/10\/2018 se&nbsp;elev\u00f3 al Poder Ejecutivo de la Provincia la terna resultante del concurso, mediante&nbsp;<a href=\"http:\/\/camtucuman.gob.ar\/documentos\/acuerdos\/acuerdo_2018_127.pdf\" target=\"_blank\" rel=\"noopener noreferrer\">Acuerdo n\u00b0 127\/2018<\/a>&nbsp;y conforme art. 101 Inc. 5\u00b0 de la Constituci\u00f3n de la Provincia y art. 16 de la Ley 8.197:<\/p>\n<ol>\n<li>Mar\u00eda Gabriela Rodr\u00edguez Dusing,<\/li>\n<li>Mar\u00eda Carmen L\u00f3pez Dom\u00ednguez y<\/li>\n<li>Tatiana Alejandra Carrera.<\/li>\n<\/ol>\n<p>Fue designada en el cargo la Dra. Carrera, prestando&nbsp;<a href=\"http:\/\/camtucuman.gob.ar\/web\/blog\/2019\/09\/04\/dos-nuevos-magistrados-preseleccionados-por-el-cam-prestaron-juramento-2\/\" target=\"_blank\" rel=\"noopener noreferrer\">Juramento de Ley<\/a>&nbsp;por ante la CSJT en fecha 04\/09\/2019.<\/p>\n<hr>\n<p><strong>Concurso n\u00b0 130. Vocal de C\u00e1mara Penal, Sala III, Centro Judicial Concepci\u00f3n&nbsp;<\/strong>(nuevo cargo creado por Ley N\u00b0 8837):&nbsp;<\/p>\n<p>En fecha 12\/09\/2018 se&nbsp;elev\u00f3 al Poder Ejecutivo de la Provincia la terna resultante del concurso, mediante&nbsp;<a href=\"http:\/\/camtucuman.gob.ar\/documentos\/acuerdos\/acuerdo_2018_109.pdf\" target=\"_blank\" rel=\"noopener noreferrer\">Acuerdo n\u00b0 109\/2018<\/a>&nbsp;y conforme art. 101 Inc. 5\u00b0 de la Constituci\u00f3n de la Provincia y art. 16 de la Ley 8.197:<\/p>\n<ol>\n<li>Mar\u00eda Carolina Ballesteros,<\/li>\n<li>Guillermo Jos\u00e9 Acosta y<\/li>\n<li>Fabi\u00e1n Edgardo Rojas.<\/li>\n<\/ol>\n<p>Fue designado en el cargo el Dr. Rojas, prestando&nbsp;<a href=\"http:\/\/camtucuman.gob.ar\/web\/blog\/2019\/02\/08\/3-nuevos-magistrados-entraron-en-funciones\/\" target=\"_blank\" rel=\"noopener noreferrer\">Juramento de Ley<\/a>&nbsp;por ante la&nbsp;Corte Suprema de Justicia de Tucum\u00e1n en fecha 08\/02\/2019.<\/p>\n<hr>\n<p><strong>Concurso n\u00b0 128. Vocal de C\u00e1mara Penal, Sala III, Centro Judicial Concepci\u00f3n&nbsp;<\/strong>(nuevo cargo creado por Ley N\u00b0 8837):<\/p>\n<p>En fecha 12\/09\/2018 se&nbsp;elev\u00f3 al Poder Ejecutivo de la Provincia la terna resultante del concurso, mediante&nbsp;&nbsp;<a href=\"http:\/\/camtucuman.gob.ar\/documentos\/acuerdos\/acuerdo_2018_108.pdf\" target=\"_blank\" rel=\"noopener noreferrer\">Acuerdo n\u00b0 108\/2018:<\/a>&nbsp;y conforme art. 101 Inc. 5\u00b0 de la Constituci\u00f3n de la Provincia y art. 16 de la Ley 8.197:<\/p>\n<ol>\n<li>Mar\u00eda Carolina Ballesteros,<\/li>\n<li>Guillermo Jos\u00e9 Acosta y<\/li>\n<li>Roberto Eduardo Flores.<\/li>\n<\/ol>\n<p>Fue designado en el cargo el Dr. Acosta, prestando&nbsp;<a href=\"http:\/\/camtucuman.gob.ar\/web\/blog\/2019\/02\/08\/3-nuevos-magistrados-entraron-en-funciones\/\" target=\"_blank\" rel=\"noopener noreferrer\">Juramento de Ley<\/a>&nbsp;por ante la&nbsp;Corte Suprema de Justicia de Tucum\u00e1n en fecha 08\/02\/2019.<\/p>\n<hr>\n<p><strong>Concurso n\u00b0 171.&nbsp;&nbsp;Vocal de C\u00e1mara en lo Contencioso Administrativo Sala I del Centro Judicial Capital:<\/strong><\/p>\n<p>En fecha 12\/09\/2018 se&nbsp;elev\u00f3 al Poder Ejecutivo de la Provincia la terna resultante del concurso, mediante&nbsp;&nbsp;<a href=\"http:\/\/camtucuman.gob.ar\/documentos\/acuerdos\/acuerdo_2018_111.pdf\" target=\"_blank\" rel=\"noopener noreferrer\">Acuerdo n\u00b0 111\/2018<\/a>&nbsp;y conforme art. 101 Inc. 5\u00b0 de la Constituci\u00f3n de la Provincia y art. 16 de la Ley 8.197:<\/p>\n<ol>\n<li>Juan Ricardo Acosta,<\/li>\n<li>Augusto Gonz\u00e1lez Navarro y<\/li>\n<li>Adolfo Antonio Iriarte Yanicelli.<\/li>\n<\/ol>\n<p>Fue designado en el cargo el Dr. Acosta, prestando&nbsp;<a href=\"http:\/\/camtucuman.gob.ar\/web\/blog\/2018\/11\/09\/ingresan-nuevos-magistrados-preseleccionados-por-el-cam\/\" target=\"_blank\" rel=\"noopener noreferrer\">Juramento de Ley<\/a>&nbsp;por ante la Corte Suprema de Justicia de Tucum\u00e1n en fecha 07\/11\/2018.<\/p>\n<hr>\n<p><strong>Concurso n\u00b0 143. Juez\/a de Instrucci\u00f3n en lo Penal, V Nominaci\u00f3n, Centro Judicial Capital:<\/strong><\/p>\n<p>En fecha 12\/09\/2018 se&nbsp;elev\u00f3 al Poder Ejecutivo de la Provincia la terna resultante del concurso, mediante&nbsp;&nbsp;<a href=\"http:\/\/camtucuman.gob.ar\/documentos\/acuerdos\/acuerdo_2018_110.pdf\" target=\"_blank\" rel=\"noopener noreferrer\">Acuerdo n\u00b0 110\/2018<\/a>&nbsp;y conforme art. 101 Inc. 5\u00b0 de la Constituci\u00f3n de la Provincia y art. 16 de la Ley 8.197:<\/p>\n<ol>\n<li>Agust\u00edn Francisco Puppio,<\/li>\n<li>Mar\u00eda Carolina Ballesteros y<\/li>\n<li>Carmen Rosa L\u00f3pez.<\/li>\n<\/ol>\n<p>Fue designada en el cargo la Dra. Ballesteros, prestando&nbsp;<a href=\"http:\/\/camtucuman.gob.ar\/web\/blog\/2019\/02\/08\/3-nuevos-magistrados-entraron-en-funciones\/\" target=\"_blank\" rel=\"noopener noreferrer\">Juramento de Ley<\/a>&nbsp;por ante la&nbsp;Corte Suprema de Justicia de Tucum\u00e1n en fecha 08\/02\/2019.<\/p>\n<hr>\n<p><strong>Concurso n\u00b0 137. Vocal de C\u00e1mara de Apelaciones en lo Penal de Instrucci\u00f3n, Centro Judicial Concepci\u00f3n:<\/strong><\/p>\n<p>Por&nbsp;<a href=\"http:\/\/camtucuman.gob.ar\/documentos\/acuerdos\/acuerdo_2018_114.pdf\" target=\"_blank\" rel=\"noopener noreferrer\">Acuerdo n\u00b0 114\/2018<\/a>&nbsp;&nbsp;de fecha 12\/09\/2018 se dispuso dejar sin efecto los concursos n\u00b0 137 a 139, notificar a los interesados y declarar abierta la inscripci\u00f3n para 3 cargos de Juez\/a del Tribunal de Impugnaci\u00f3n del Centro Judicial Concepci\u00f3n y Monteros.<\/p>\n<hr>\n<p><strong>Concurso n\u00b0 138. Vocal de C\u00e1mara de Apelaciones en lo Penal de Instrucci\u00f3n, Centro Judicial Concepci\u00f3n&nbsp;<\/strong>(nuevo cargo creado por Ley N\u00b0 8838):<\/p>\n<p>Por&nbsp;<a href=\"http:\/\/camtucuman.gob.ar\/documentos\/acuerdos\/acuerdo_2018_114.pdf\" target=\"_blank\" rel=\"noopener noreferrer\">Acuerdo n\u00b0 114\/2018<\/a>&nbsp; de fecha 12\/09\/2018 se dispuso dejar sin efecto los concursos n\u00b0 137 a 139, notificar a los interesados y declarar abierta la inscripci\u00f3n para 3 cargos de Juez\/a del Tribunal de Impugnaci\u00f3n del Centro Judicial Concepci\u00f3n y Monteros.<\/p>\n<hr>\n<p><strong>Concurso n\u00b0 139. Vocal de C\u00e1mara de Apelaciones en lo Penal de Instrucci\u00f3n, Centro Judicial Concepci\u00f3n&nbsp;<\/strong>(nuevo cargo creado por Ley N\u00b0 8838):<\/p>\n<p>Por&nbsp;<a href=\"http:\/\/camtucuman.gob.ar\/documentos\/acuerdos\/acuerdo_2018_114.pdf\" target=\"_blank\" rel=\"noopener noreferrer\">Acuerdo n\u00b0 114\/2018<\/a>&nbsp;de fecha 12\/09\/2018 se dispuso dejar sin efecto los concursos n\u00b0 137 a 139, notificar a los interesados y declarar abierta la inscripci\u00f3n para 3 cargos de Juez\/a del Tribunal de Impugnaci\u00f3n del Centro Judicial Concepci\u00f3n y Monteros.<\/p>\n<hr>\n<p><strong>Concurso n\u00b0 151. Vocal de C\u00e1mara de Apelaciones en lo Penal de Instrucci\u00f3n, Centro Judicial Capital:<\/strong><\/p>\n<p>Por Acuerdo&nbsp;<a href=\"http:\/\/camtucuman.gob.ar\/documentos\/acuerdos\/acuerdo_2018_113.pdf\" target=\"_blank\" rel=\"noopener noreferrer\">n\u00ba 113\/2018<\/a>&nbsp;de fecha 12\/09\/2018 se dispuso dejar sin efecto los concursos 151 a 156, notificar a los interesados y declarar abierta la inscripci\u00f3n para 6 cargos de Juez\/a del Tribunal de Impugnaci\u00f3n del Centro Judicial Capital.<\/p>\n<hr>\n<p><strong>Concurso n\u00b0 152. Vocal de C\u00e1mara de Apelaciones en lo Penal de Instrucci\u00f3n, Centro Judicial Capital:<\/strong><\/p>\n<p>Por Acuerdo n\u00ba&nbsp;<a href=\"http:\/\/camtucuman.gob.ar\/documentos\/acuerdos\/acuerdo_2018_113.pdf\" target=\"_blank\" rel=\"noopener noreferrer\">113\/2018<\/a>&nbsp;de fecha 12\/09\/2018 se dispuso dejar sin efecto los concursos 151 a 156, notificar a los interesados y declarar abierta la inscripci\u00f3n para 6 cargos de Juez\/a del Tribunal de Impugnaci\u00f3n del Centro Judicial Capital.<\/p>\n<hr>\n<p><strong>Concurso n\u00b0 153. Vocal de C\u00e1mara de Apelaciones en lo Penal de Instrucci\u00f3n, Centro Judicial Capital:<\/strong><\/p>\n<p>Por Acuerdo n\u00ba&nbsp;<a href=\"http:\/\/camtucuman.gob.ar\/documentos\/acuerdos\/acuerdo_2018_113.pdf\" target=\"_blank\" rel=\"noopener noreferrer\">113\/2018<\/a>&nbsp;de fecha 12\/09\/2018 se dispuso dejar sin efecto los concursos 151 a 156, notificar a los interesados y declarar abierta la inscripci\u00f3n para 6 cargos de Juez\/a del Tribunal de Impugnaci\u00f3n del Centro Judicial Capital.<\/p>\n<hr>\n<p><strong>Concurso n\u00b0 154. Vocal de C\u00e1mara de Apelaciones en lo Penal de Instrucci\u00f3n, Centro Judicial Capital:<\/strong><\/p>\n<p>Por Acuerdo n\u00ba&nbsp;<a href=\"http:\/\/camtucuman.gob.ar\/documentos\/acuerdos\/acuerdo_2018_113.pdf\" target=\"_blank\" rel=\"noopener noreferrer\">113\/2018<\/a>&nbsp;de fecha 12\/09\/2018 se dispuso dejar sin efecto los concursos 151 a 156, notificar a los interesados y declarar abierta la inscripci\u00f3n para 6 cargos de Juez\/a del Tribunal de Impugnaci\u00f3n del Centro Judicial Capital.&nbsp;<\/p>\n<hr>\n<p><strong>Concurso n\u00b0 155.<\/strong>&nbsp;<strong>Vocal de C\u00e1mara de Apelaciones en lo Penal de Instrucci\u00f3n, Centro Judicial Capital:<\/strong><\/p>\n<p>Por Acuerdo n\u00ba&nbsp;<a href=\"http:\/\/camtucuman.gob.ar\/documentos\/acuerdos\/acuerdo_2018_113.pdf\" target=\"_blank\" rel=\"noopener noreferrer\">113\/2018<\/a>&nbsp;de fecha 12\/09\/2018 se dispuso dejar sin efecto los concursos 151 a 156, notificar a los interesados y declarar abierta la inscripci\u00f3n para 6 cargos de Juez\/a del Tribunal de Impugnaci\u00f3n del Centro Judicial Capital.&nbsp;<\/p>\n<hr>\n<p><strong>Concurso n\u00b0 156. Vocal de C\u00e1mara de Apelaciones en lo Penal de Instrucci\u00f3n, Centro Judicial Capital:<\/strong><\/p>\n<p>Por Acuerdo n\u00ba&nbsp;<a href=\"http:\/\/camtucuman.gob.ar\/documentos\/acuerdos\/acuerdo_2018_113.pdf\" target=\"_blank\" rel=\"noopener noreferrer\">113\/2018<\/a>&nbsp;de fecha 12\/09\/2018 se dispuso dejar sin efecto los concursos 151 a 156, notificar a los interesados y declarar abierta la inscripci\u00f3n para 6 cargos de Juez\/a del Tribunal de Impugnaci\u00f3n del Centro Judicial Capital.&nbsp;<\/p>\n<hr>\n<p><strong>Concurso n\u00b0 129. Vocal de C\u00e1mara Penal, Sala III, del Centro Judicial Concepci\u00f3n.<\/strong><\/p>\n<p>En fecha 08\/08\/2018 se&nbsp;elev\u00f3 al Poder Ejecutivo de la Provincia la terna resultante del concurso, mediante&nbsp;<a href=\"http:\/\/camtucuman.gob.ar\/documentos\/acuerdos\/acuerdo_2018_91.pdf\" target=\"_blank\" rel=\"noopener noreferrer\">Acuerdo n\u00b0 91\/2018<\/a>&nbsp;y&nbsp;conforme art. 101 Inc. 5\u00b0 de la Constituci\u00f3n de la Provincia y art. 16 de la Ley 8.197:<\/p>\n<ol>\n<li>Roberto Eduardo Flores,<\/li>\n<li>Patricia del Valle Carugatti y<\/li>\n<li>Guillermo Jos\u00e9 Acosta.<\/li>\n<\/ol>\n<p>Fue designado en el cargo el Dr. Flores, prestando&nbsp;<a href=\"http:\/\/camtucuman.gob.ar\/web\/blog\/2018\/11\/09\/ingresan-nuevos-magistrados-preseleccionados-por-el-cam\/\" target=\"_blank\" rel=\"noopener noreferrer\">Juramento de Ley<\/a>&nbsp;por ante la Corte Suprema de Justicia de Tucum\u00e1n en fecha 07\/11\/2018.<\/p>\n<hr>\n<p><strong>Concurso n\u00b0 149. Juez\/a Civil y Comercial Com\u00fan del Centro Judicial Monteros.<\/strong><\/p>\n<p>En fecha 25\/07\/2018 se&nbsp;elev\u00f3 al Poder Ejecutivo de la Provincia la terna resultante del concurso, mediante&nbsp;<a href=\"http:\/\/camtucuman.gob.ar\/documentos\/acuerdos\/acuerdo_2018_77.pdf\" target=\"_blank\" rel=\"noopener noreferrer\">Acuerdo n\u00b0 77\/2018<\/a>&nbsp;y conforme art. 101 Inc. 5\u00b0 de la Constituci\u00f3n de la Provincia y art. 16 de la Ley 8.197:<\/p>\n<ol>\n<li>V\u00edctor Ra\u00fal Carlos,<\/li>\n<li>Luciana Eleas y<\/li>\n<li>Mirta Estela Casares.<\/li>\n<\/ol>\n<p>Fue designada en el cargo la Dra. Eleas, prestando&nbsp;<a href=\"http:\/\/camtucuman.gob.ar\/web\/blog\/2018\/11\/23\/juraron-2-nuevas-juezas-preseleccionadas-por-el-cam\/\" target=\"_blank\" rel=\"noopener noreferrer\">Juramento de Ley<\/a>&nbsp;por ante la Corte Suprema de Justicia de Tucum\u00e1n en fecha 23\/11\/2018.<\/p>\n<hr>\n<p><strong>Concurso n\u00b0 148. Juez\/a Civil en Documentos y Locaciones del Centro Judicial Monteros.<\/strong><\/p>\n<p>En fecha 25\/07\/2018 se&nbsp;elev\u00f3 al Poder Ejecutivo de la Provincia la terna resultante del concurso, mediante&nbsp;<a href=\"http:\/\/camtucuman.gob.ar\/documentos\/acuerdos\/acuerdo_2018_76.pdf\" target=\"_blank\" rel=\"noopener noreferrer\">Acuerdo n\u00b0 76\/2018<\/a>&nbsp;y conforme art. 101 Inc. 5\u00b0 de la Constituci\u00f3n de la Provincia y art. 16 de la Ley 8.197:<\/p>\n<ol>\n<li>Mar\u00eda Gabriela Rodr\u00edguez Dusing,<\/li>\n<li>Luciana Eleas y<\/li>\n<li>Mar\u00eda Soledad Monteros<\/li>\n<\/ol>\n<p>Fue designada en el cargo la Dra. Rodr\u00edguez Dusing, prestando&nbsp;<a href=\"http:\/\/camtucuman.gob.ar\/web\/blog\/2018\/11\/23\/juraron-2-nuevas-juezas-preseleccionadas-por-el-cam\/\" target=\"_blank\" rel=\"noopener noreferrer\">Juramento de Ley<\/a>&nbsp;por ante la Corte Suprema de Justicia de Tucum\u00e1n en fecha 23\/11\/2018.<\/p>\n<hr>\n<p><strong>Concurso n\u00b0 140. Fiscal\/a de Instrucci\u00f3n, X Nominaci\u00f3n, Centro Judicial Capital:<\/strong><\/p>\n<p>En fecha 19\/06\/2018 se firm\u00f3 el&nbsp;<a href=\"http:\/\/camtucuman.gob.ar\/documentos\/acuerdos\/acuerdo_2018_71.pdf\" target=\"_blank\" rel=\"noopener noreferrer\">Acuerdo n\u00b0 71\/2018<\/a>&nbsp;por el cual se declara desierto el concurso.<\/p>\n<hr>\n<p><strong>Concurso n\u00ba 159. Defensor\/a Oficial en lo Penal de la I Nominaci\u00f3n del Centro Judicial Concepci\u00f3n:<\/strong><\/p>\n<p>En fecha 14\/06\/2018 se elev\u00f3 al Poder Ejecutivo de la Provincia la terna resultante del concurso, mediante&nbsp;<a href=\"http:\/\/camtucuman.gob.ar\/documentos\/acuerdos\/acuerdo_2018_64.pdf\" target=\"_blank\" rel=\"noopener noreferrer\">Acuerdo n\u00b0 64\/2018<\/a>&nbsp;y conforme art. 101 Inc. 5\u00b0 de la Constituci\u00f3n de la Provincia y art. 16 de la Ley 8.197:<\/p>\n<ol>\n<li>Pablo Cannata,<\/li>\n<li>Mariano Eduardo Fern\u00e1ndez y<\/li>\n<li>Carlos Sebasti\u00e1n Pais.<\/li>\n<\/ol>\n<p>Fue designado en el cargo el Dr. Cannata prestando Juramento de Ley&nbsp;en fecha 15\/11\/2018.<\/p>\n<hr>\n<p><strong>Concurso n\u00b0 134. Juez\/a de Cobros y Apremios, Centro Judicial Concepci\u00f3n (nuevo cargo creado por Ley n\u00b0 8837):<\/strong><\/p>\n<p>En fecha 06\/06\/2018 se decidi\u00f3 elevar al Poder Ejecutivo de la Provincia, mediante&nbsp;<a href=\"http:\/\/camtucuman.gob.ar\/documentos\/acuerdos\/acuerdo_2018_55.pdf\" target=\"_blank\" rel=\"noopener noreferrer\">Acuerdo n\u00b0<strong>&nbsp;<\/strong>55\/2018,<\/a>&nbsp;la terna resultante:<\/p>\n<ol>\n<li>Adolfo Antonio Iriarte Yanicelli,<\/li>\n<li>Juan Carlos Ghiringhelli y<\/li>\n<li>Patricio Rom\u00e1n Argota.<\/li>\n<\/ol>\n<p>Fue designado en el cargo el Dr. Iriarte Yanicelli, prestando&nbsp;<a href=\"http:\/\/camtucuman.gob.ar\/web\/blog\/2018\/11\/09\/ingresan-nuevos-magistrados-preseleccionados-por-el-cam\/\" target=\"_blank\" rel=\"noopener noreferrer\">Juramento de Ley<\/a>&nbsp;por ante la Corte Suprema de Justicia de Tucum\u00e1n en fecha 07\/11\/2018.<\/p>\n<hr>\n<p><strong>Concurso n\u00b0 146. Vocal de C\u00e1mara Penal, Sala I, Centro Judicial Concepci\u00f3n:<\/strong><\/p>\n<p>Se declar\u00f3 desierto por&nbsp;<a href=\"http:\/\/camtucuman.gob.ar\/documentos\/acuerdos\/acuerdo_2018_52.pdf\" target=\"_blank\" rel=\"noopener noreferrer\">Acuerdo N\u00b0 52\/2018.<\/a><\/p>\n<hr>\n<p><strong>Concurso n\u00b0 145. Vocal de C\u00e1mara Penal, Sala II, Centro Judicial Concepci\u00f3n:<\/strong><\/p>\n<p>Se declar\u00f3 desierto por&nbsp;&nbsp;<a href=\"http:\/\/camtucuman.gob.ar\/documentos\/acuerdos\/acuerdo_2018_36.pdf\" target=\"_blank\" rel=\"noopener noreferrer\">Acuerdo n\u00b0 36\/2018<\/a><\/p>\n<hr>\n<p><strong>Concurso n\u00b0 123. Juez\/a de Menores de la II Nominaci\u00f3n del Centro Judicial Capital:<\/strong><\/p>\n<p>En fecha 04\/04\/2018 se elev\u00f3 al Poder Ejecutivo de la Provincia&nbsp; la siguiente terna, conforme&nbsp;<a href=\"http:\/\/camtucuman.gob.ar\/documentos\/acuerdos\/acuerdo_2018_25.pdf\" target=\"_blank\" rel=\"noopener noreferrer\">Acuerdo n\u00ba 25\/2018<\/a>, Art. 101 Inc. 5\u00b0 de la Constituci\u00f3n de la Provincia y Art. 16 de la Ley 8.197:<\/p>\n<ol>\n<li>Eugenia Mar\u00eda Posse<\/li>\n<li>Aurora del Carmen D\u00edaz Arga\u00f1araz<\/li>\n<li>Federico Rafael Moeykens.<\/li>\n<\/ol>\n<p>Fue designado en el cargo el Dr.&nbsp;Moeykens, prestando&nbsp;<a href=\"http:\/\/camtucuman.gob.ar\/web\/blog\/2018\/08\/08\/juraron-3-nuevos-magistrados-preseleccionados-por-el-cam\/\" target=\"_blank\" rel=\"noopener noreferrer\">juramento de ley<\/a>&nbsp;el d\u00eda 07\/08\/2018.<\/p>\n<hr>\n<p><strong>Concurso n\u00b0 144. Vocal de C\u00e1mara de Apelaciones Civil y Comercial Com\u00fan del Centro Judicial Concepci\u00f3n:<\/strong><\/p>\n<p>En fecha 14\/03\/2018 se elev\u00f3 al Poder Ejecutivo de la Provincia la siguiente terna, conforme&nbsp;&nbsp;<a href=\"http:\/\/camtucuman.gob.ar\/documentos\/acuerdos\/acuerdo_2018_23.pdf\" target=\"_blank\" rel=\"noopener noreferrer\">Acuerdo n\u00b0 23\/2018<\/a>,&nbsp;Art. 101 Inc. 5\u00b0 de la Constituci\u00f3n de la Provincia y Art. 16 de la Ley 8.197:<\/p>\n<ol>\n<li>Mario Rodolfo Leal,<\/li>\n<li>Mar\u00eda del Rosario Arias, y<\/li>\n<li>Mirta Estela Casares.<\/li>\n<\/ol>\n<p>Fue designado en el cargo el Dr. Leal,&nbsp;prestando&nbsp;<a href=\"http:\/\/camtucuman.gob.ar\/web\/blog\/2018\/08\/08\/juraron-3-nuevos-magistrados-preseleccionados-por-el-cam\/\" target=\"_blank\" rel=\"noopener noreferrer\">juramento de ley<\/a>&nbsp;el d\u00eda 07\/08\/2018.<\/p>\n<hr>\n<p><strong>Concurso n\u00b0 136. Defensor\/a Oficial en lo Penal del Centro Judicial Concepci\u00f3n:<\/strong><\/p>\n<p>En fecha 28\/02\/2018 se declar\u00f3 desierto al no haber alcanzado ning\u00fan postulante los requisitos para acceder a la etapa de entrevistas personales, por&nbsp;<a href=\"http:\/\/camtucuman.gob.ar\/documentos\/acuerdos\/acuerdo_2018_13.pdf\" target=\"_blank\" rel=\"noopener noreferrer\">Acuerdo n\u00b0 13\/2018.<\/a><\/p>\n<hr>\n<p><strong>Concurso n\u00b0 131. Juez\/a en lo Civil y Comercial Com\u00fan del Centro Judicial Concepci\u00f3n:<\/strong><strong>&nbsp;<\/strong><\/p>\n<p>En fecha 07\/12\/2017 se elev\u00f3 al Poder Ejecutivo de la Provincia la siguiente terna, conforme&nbsp;<a href=\"http:\/\/camtucuman.gob.ar\/documentos\/acuerdos\/acuerdo_2017_140.pdf\" target=\"_blank\" rel=\"noopener noreferrer\">Acuerdo n\u00b0 140\/2017<\/a>, Art. 101 Inc. 5\u00b0 de la Constituci\u00f3n de la Provincia y Art. 16 de la Ley 8.197:<\/p>\n<ol>\n<li>Mirta Estela Casares,<\/li>\n<li>Mar\u00eda del Rosario Arias, y<\/li>\n<li>Carlos Rub\u00e9n Molina.<\/li>\n<\/ol>\n<p>Fue designado en el cargo el Dr. Molina, prestando juramento el d\u00eda&nbsp;<a href=\"http:\/\/camtucuman.gob.ar\/web\/blog\/2018\/04\/13\/asumen-6-magistrados-preseleccionados-por-el-consejo\/\" target=\"_blank\" rel=\"noopener noreferrer\">13\/04\/2018.<\/a><\/p>\n<hr>\n<p><strong>Concurso n\u00b0 132. Juez\/a en lo Civil en Familia y Sucesiones, Centro Judicial Concepci\u00f3n&nbsp;<\/strong>(nuevo cargo creado por Ley N\u00b0 8837):<\/p>\n<p>En fecha 18\/10\/2017 se elev\u00f3 al Poder Ejecutivo de la Provincia la siguiente terna, conforme&nbsp;<a href=\"http:\/\/camtucuman.gob.ar\/documentos\/acuerdos\/acuerdo_2017_130.pdf\" target=\"_blank\" rel=\"noopener noreferrer\">Acuerdo n\u00b0 130\/2017<\/a>, Art. 101 Inc. 5\u00b0 de la Constituci\u00f3n de la Provincia y Art. 16 de la Ley 8.197:<\/p>\n<ol>\n<li>Mar\u00eda Claudia del Valle Albornoz,<\/li>\n<li>Roberto Jos\u00e9 Javier Zelaya,<\/li>\n<li>Mariela Viviana Donaire.<\/li>\n<\/ol>\n<p>Fue designada en el cargo la Dra. Donaire, prestando juramento el d\u00eda&nbsp;<a href=\"http:\/\/camtucuman.gob.ar\/web\/blog\/2018\/04\/13\/asumen-6-magistrados-preseleccionados-por-el-consejo\/\" target=\"_blank\" rel=\"noopener noreferrer\">13\/04\/2018.<\/a><\/p>\n<hr>\n<p><strong>Concurso n\u00b0 133. Juez\/a de Primera Instancia del Trabajo, Centro Judicial Concepci\u00f3n&nbsp;<\/strong>(nuevo cargo &nbsp;creado por Ley N\u00b0 8837):<\/p>\n<p>En fecha 28\/09\/2017 se elev\u00f3 al Poder Ejecutivo de la Provincia la siguiente terna, conforme&nbsp;<a href=\"http:\/\/camtucuman.gob.ar\/documentos\/acuerdos\/acuerdo_2017_129.pdf\" target=\"_blank\" rel=\"noopener noreferrer\">Acuerdo n\u00b0 129\/2017<\/a>, Art 101 Inc. 5\u00b0 de la Constituci\u00f3n de la Provincia&nbsp;y Art. 16 de la Ley 8.197:<\/p>\n<ol>\n<li>Tomas Ram\u00f3n Vicente Alba,<\/li>\n<li>Mar\u00eda Alicia Gonz\u00e1lez Mestre,<\/li>\n<li>Tatianana Alejandra Carrera<\/li>\n<\/ol>\n<p>Fue designado en el cargo el Dr. Alba, prestando juramento el d\u00eda&nbsp;<a href=\"http:\/\/camtucuman.gob.ar\/web\/blog\/2018\/04\/13\/asumen-6-magistrados-preseleccionados-por-el-consejo\/\" target=\"_blank\" rel=\"noopener noreferrer\">13\/04\/2018.<\/a><\/p>\n<hr>\n<p><strong>Concurso n\u00b0 135. Juez\/a de Instrucci\u00f3n en lo Penal del Centro Judicial Concepci\u00f3n.<\/strong><\/p>\n<p>En fecha 20\/09\/2017 se elev\u00f3 al Poder Ejecutivo de la Provincia la siguiente terna, conforme&nbsp;<a href=\"http:\/\/camtucuman.gob.ar\/documentos\/acuerdos\/acuerdo_2017_127.pdf\" target=\"_blank\" rel=\"noopener noreferrer\">Acuerdo n\u00b0 127\/2017<\/a>&nbsp;, Art 101 Inc. 5\u00b0 de la Constituci\u00f3n de la Provincia&nbsp;y Art. 16 de la Ley 8.197:<\/p>\n<ol>\n<li>Roberto Eduardo Flores,<\/li>\n<li>Cristian Andr\u00e9s Vel\u00e1zquez, y<\/li>\n<li>Patricia Del Valle Carugatti.<\/li>\n<\/ol>\n<p>Fue designado en el cargo el Dr. Vel\u00e1zquez,&nbsp;<a href=\"http:\/\/camtucuman.gob.ar\/web\/blog\/2018\/02\/20\/5-nuevos-magistrados-preseleccionados-por-el-cam-entraron-en-funciones\/\" target=\"_blank\" rel=\"noopener noreferrer\">prestando juramento<\/a>&nbsp;el d\u00eda 20\/02\/2018 por ante la Corte Suprema de Justicia.<\/p>\n<hr>\n<p><strong>Concurso n\u00b0 127. Juez\/a de Primera Instancia del Trabajo de la VI Nominaci\u00f3n del Centro Judicial Capital:<\/strong><\/p>\n<p>En fecha 04\/08\/2017 se elev\u00f3 al Poder Ejecutivo de la Provincia la siguiente terna, conforme&nbsp;<a href=\"http:\/\/camtucuman.gob.ar\/documentos\/acuerdos\/acuerdo_2017_110.pdf\" target=\"_blank\" rel=\"noopener noreferrer\">Acuerdo n\u00b0 110\/2017<\/a>, Art.&nbsp;101 Inc. 5\u00b0 de la Constituci\u00f3n de la Provincia&nbsp;y Art. 16 de la Ley 8.197:<\/p>\n<ol>\n<li>Tom\u00e1s Ram\u00f3n Vicente Alba,<\/li>\n<li>Miguel Fern\u00e1ndez Corona,<\/li>\n<li>Leonardo Andr\u00e9s Toscano.<\/li>\n<\/ol>\n<p>Fue designado en el cargo el Dr. Toscano, prestando juramento el d\u00eda&nbsp;<a href=\"http:\/\/camtucuman.gob.ar\/web\/blog\/2018\/04\/13\/asumen-6-magistrados-preseleccionados-por-el-consejo\/\" target=\"_blank\" rel=\"noopener noreferrer\">13\/04\/2018<\/a>.<\/p>\n<hr>\n<p><strong>Concurso n\u00b0 106. Defensor\/a Oficial en lo Civil y del Trabajo, Centro Judicial Capital con car\u00e1cter itinerante:<\/strong><\/p>\n<p>Se declar\u00f3 desierto mediante&nbsp;<a href=\"http:\/\/camtucuman.gob.ar\/documentos\/acuerdos\/acuerdo_2017_109.pdf\" target=\"_blank\" rel=\"noopener noreferrer\">Acuerdo n\u00b0 109\/2017<\/a>&nbsp;de fecha 27 de julio de 2017.<\/p>\n<hr>\n<p><strong>Concurso n\u00b0 112, Fiscal\/a de Instrucci\u00f3n Penal del Centro Judicial Monteros.<\/strong><\/p>\n<p>En fecha 26\/07\/2017 se elev\u00f3 al Poder Ejecutivo de la Provincia la siguiente terna, conforme&nbsp;<a href=\"http:\/\/camtucuman.gob.ar\/documentos\/acuerdos\/acuerdo_2017_105.pdf\" target=\"_blank\" rel=\"noopener noreferrer\">Acuerdo n\u00b0 105\/2017<\/a>, Art.&nbsp;101 Inc. 5\u00b0 de la Constituci\u00f3n de la Provincia&nbsp;y Art. 16 de la Ley 8.197:<\/p>\n<ol>\n<li>Facundo Maggio<\/li>\n<li>Carlos Eduardo L\u00f3pez<\/li>\n<li>Eugenia Mar\u00eda Posse.<\/li>\n<\/ol>\n<p>Fue designada en el cargo la Dra. Posse,&nbsp;<a href=\"http:\/\/camtucuman.gob.ar\/web\/blog\/2018\/02\/20\/5-nuevos-magistrados-preseleccionados-por-el-cam-entraron-en-funciones\/\" target=\"_blank\" rel=\"noopener noreferrer\">prestando juramento<\/a>&nbsp;el d\u00eda 20\/02\/2018 por ante la Corte Suprema de Justicia de Tucum\u00e1n.<\/p>\n<hr>\n<p><strong>Concurso n\u00b0109, Fiscal\/a de Instrucci\u00f3n Penal del Centro Judicial Capital.<\/strong><\/p>\n<p>En fecha 29\/06\/2017 se elev\u00f3 al Poder Ejecutivo de la Provincia la siguiente terna, conforme&nbsp;&nbsp;<a href=\"http:\/\/camtucuman.gob.ar\/documentos\/acuerdos\/acuerdo_2017_104.pdf\" target=\"_blank\" rel=\"noopener noreferrer\">Acuerdo n\u00b0 104<\/a>\/2017,&nbsp;Art. 101 Inc. 5\u00b0 de la Constituci\u00f3n de la Provincia&nbsp;y Art. 16 de la Ley 8.197:<\/p>\n<ol>\n<li>Pedro Le\u00f3n Gallo,<\/li>\n<li>Facundo Maggio, y<\/li>\n<li>Luis Jos\u00e9 Mar\u00eda Amarillo.<\/li>\n<\/ol>\n<p>Por nota n\u00b099\/2019 de fecha 28\/11\/2019 el Ministerio de Gobierno y Justicia inform\u00f3 que los postulantes de la citada terna presentaron sus renuncias a integrarla. Por Acuerdo n\u00b0352\/2019 del CAM&nbsp;<strong>se declara desierto<\/strong>&nbsp;este concurso y se llama a Concurso n\u00b0225 para la cobertura del cargo.<\/p>\n<hr>\n<p><strong>Concurso n\u00b0108, Fiscal\/a de Instrucci\u00f3n Penal del Centro Judicial Capital.<\/strong><\/p>\n<p>En fecha 29\/06\/2017 se elev\u00f3 al Poder Ejecutivo de la Provincia la siguiente terna, conforme&nbsp;&nbsp;<a href=\"http:\/\/camtucuman.gob.ar\/documentos\/acuerdos\/acuerdo_2017_103.pdf\" target=\"_blank\" rel=\"noopener noreferrer\">Acuerdo n\u00b0 103<\/a>\/2017, Art. 101 Inc. 5\u00b0 de la Constituci\u00f3n de la Provincia&nbsp;y Art. 16 de la Ley 8.197:<\/p>\n<ol>\n<li>Pedro Le\u00f3n Gallo,<\/li>\n<li>Eugenia Mar\u00eda Posse, y<\/li>\n<li>Luis Jos\u00e9 Mar\u00eda Amarillo<\/li>\n<\/ol>\n<p>Por nota de fecha 17\/03\/2020 el Ministerio de Gobierno y Justicia inform\u00f3 que los postulantes de la citada terna presentaron sus renuncias a integrarla. Por Acuerdo n\u00b0180\/2020 del CAM&nbsp;<strong>se declara desierto<\/strong>&nbsp;este concurso y se llama a Concurso n\u00b0232 para la cobertura del cargo.<\/p>\n<hr>\n<p><strong>Concurso n\u00b0110, Fiscal\/a de Instrucci\u00f3n Penal del Centro Judicial Capital.<\/strong><\/p>\n<p>En fecha 16\/06\/2017 se remiti\u00f3 al Poder Ejecutivo de la Provincia&nbsp;la siguiente terna, conforme&nbsp;<a href=\"http:\/\/camtucuman.gob.ar\/documentos\/acuerdos\/acuerdo_2017_97.pdf\" target=\"_blank\" rel=\"noopener noreferrer\">Acuerdo n\u00b0 97\/2017<\/a>&nbsp;, Art. 101 Inc. 5\u00ba de la Constituci\u00f3n de la Provincia y Art. 16 de la Ley 8.197:<\/p>\n<ol>\n<li>Facundo Maggio,<\/li>\n<li>Pedro Le\u00f3n Gallo,<\/li>\n<li>Luis Jos\u00e9 Mar\u00eda Amarillo<\/li>\n<\/ol>\n<p>Fue designado en el cargo el Dr. Gallo,&nbsp;prestando&nbsp;<a href=\"http:\/\/camtucuman.gob.ar\/web\/blog\/2018\/08\/08\/juraron-3-nuevos-magistrados-preseleccionados-por-el-cam\/\" target=\"_blank\" rel=\"noopener noreferrer\">juramento de ley<\/a>&nbsp;el d\u00eda 07\/08\/2018.<\/p>\n<hr>\n<p><strong>Concurso n\u00b0126, Juez\/a de Primera Instancia en lo Civil en Documentos y Locaciones de la II Nominaci\u00f3n del Centro Judicial Capital.<\/strong><\/p>\n<p>En fecha 16\/06\/2017 se remiti\u00f3 al Poder Ejecutivo de la Provincia&nbsp;la siguiente terna, conforme&nbsp;<a href=\"http:\/\/camtucuman.gob.ar\/documentos\/acuerdos\/acuerdo_2017_98.pdf\" target=\"_blank\" rel=\"noopener noreferrer\">Acuerdo n\u00b0 98\/2017<\/a>&nbsp;, Art. 101 Inc. 5\u00ba de la Constituci\u00f3n de la Provincia y Art. 16 de la Ley 8.197:<\/p>\n<ol>\n<li>Mar\u00eda Victoria G\u00f3mez Tacconi,<\/li>\n<li>Ezequiel Stordeur de Zaval\u00eda,<\/li>\n<li>Mar\u00eda In\u00e9s Barros de Araujo.<\/li>\n<\/ol>\n<p>Fue designada en el cargo la Dra. G\u00f3mez Tacconi,&nbsp;<a href=\"http:\/\/camtucuman.gob.ar\/web\/blog\/2018\/02\/20\/5-nuevos-magistrados-preseleccionados-por-el-cam-entraron-en-funciones\/\" target=\"_blank\" rel=\"noopener noreferrer\">prestando juramento<\/a>&nbsp;el d\u00eda 20\/02\/2018 por ante la Corte Suprema de Justicia de Tucum\u00e1n.<\/p>\n<hr>\n<p><strong>Concurso n\u00b0111, Fiscal\/a de Instrucci\u00f3n en lo Penal del Centro Judicial Concepci\u00f3n.<\/strong><\/p>\n<p>En fecha 06\/06\/2017&nbsp;se aprob\u00f3 el&nbsp;<a href=\"http:\/\/camtucuman.gob.ar\/documentos\/acuerdos\/acuerdo_2017_88.pdf\" target=\"_blank\" rel=\"noopener noreferrer\">Acuerdo n\u00b0 88\/2017<\/a>, que declara desierto el Concurso n\u00b0 111 para Fiscal\/a de Instrucci\u00f3n en lo Penal del Centro Judicial Concepci\u00f3n, y el&nbsp;<a href=\"http:\/\/camtucuman.gob.ar\/documentos\/acuerdos\/acuerdo_2017_89.pdf\" target=\"_blank\" rel=\"noopener noreferrer\">Acuerdo n\u00b0 89\/2017<\/a>&nbsp;que llama nuevamente a concurso para el cargo, con denominaci\u00f3n de Concurso n\u00b0 160.<\/p>\n<hr>\n<p><strong>Concurso n\u00ba114 Juzgado en lo Civil en Documentos y Locaciones de la I Nominaci\u00f3n, Centro Judicial Capital.<\/strong><\/p>\n<p>En fecha 24\/05\/2017 se remiti\u00f3 al Poder Ejecutivo de la Provincia la siguiente terna, conforme al&nbsp;<a href=\"http:\/\/camtucuman.gob.ar\/documentos\/acuerdos\/acuerdo_2017_79.pdf\" target=\"_blank\" rel=\"noopener noreferrer\">Acuerdo n\u00ba 79\/2017<\/a>, al&nbsp;Art. 101 Inc. 5\u00ba de la Constituci\u00f3n de la Provincia y al Art. 16 de la Ley 8.197:<\/p>\n<ol>\n<li>Mar\u00eda del Rosario Arias,<\/li>\n<li>Pedro Daniel Cagna,<\/li>\n<li>Enzo Dar\u00edo Pautassi<\/li>\n<\/ol>\n<p>Fue designada en el cargo la Dra. Arias, prestando juramento el d\u00eda&nbsp;<a href=\"http:\/\/camtucuman.gob.ar\/web\/blog\/2018\/04\/13\/asumen-6-magistrados-preseleccionados-por-el-consejo\/\" target=\"_blank\" rel=\"noopener noreferrer\">13\/04\/2018<\/a>.&nbsp;<\/p>\n<hr>\n<p><strong>Concurso n\u00ba116, Vocal de C\u00e1mara Penal, Sala II, Centro Judicial Capital.<\/strong><\/p>\n<p>En fecha 04\/05\/2017 se remiti\u00f3 al Poder Ejecutivo de la Provincia la siguiente terna, conforme al&nbsp;<a href=\"http:\/\/camtucuman.gob.ar\/documentos\/acuerdos\/acuerdo_2017_67.pdf\" target=\"_blank\" rel=\"noopener noreferrer\">Acuerdo n\u00ba 67\/2017<\/a>, al&nbsp;Art. 101 Inc. 5\u00ba de la Constituci\u00f3n de la Provincia y al Art. 16 de la Ley 8.197:<\/p>\n<ol>\n<li>Juan Carlos Nacul<\/li>\n<li>Luis Fernando Morales Lezica<\/li>\n<li>Carlos Eduardo Saltor.<\/li>\n<\/ol>\n<p>Fue designado en el cargo el Dr. Morales Lezica,&nbsp;<a href=\"http:\/\/camtucuman.gob.ar\/web\/blog\/2018\/02\/20\/5-nuevos-magistrados-preseleccionados-por-el-cam-entraron-en-funciones\/\" target=\"_blank\" rel=\"noopener noreferrer\">prestando juramento<\/a>&nbsp;el d\u00eda 20\/02\/2018 por ante la Corte Suprema de Justicia de Tucum\u00e1n.<\/p>\n<hr>\n<p><strong>Concurso n\u00ba125. Vocal de C\u00e1mara de Apelaciones en lo Civil en Familia y Sucesiones y Documentos y Locaciones, Sala de Familia y Sucesiones, del Centro Judicial Concepci\u00f3n<\/strong>. &nbsp;<\/p>\n<p>En fecha 26 de abril de 2017 se elev\u00f3 al Poder Ejecutivo de la Provincia la siguiente terna, seg\u00fan&nbsp;<a href=\"http:\/\/camtucuman.gob.ar\/documentos\/acuerdos\/acuerdo_2017_45.pdf\" target=\"_blank\" rel=\"noopener noreferrer\">Acuerdo n\u00ba 45\/2017<\/a>&nbsp;y&nbsp;conforme Art. 101 Inc. 5\u00ba de la Constituci\u00f3n de la Provincia y Art. 16 de la Ley 8.197:<\/p>\n<ol>\n<li>Mariana Josefina Rey Galindo,<\/li>\n<li>Ana Carolina Cano, y<\/li>\n<li>Andrea Fabiana Segura.<\/li>\n<\/ol>\n<p>Fue designada en el cargo la Dra. Cano,&nbsp;<a href=\"http:\/\/camtucuman.gob.ar\/web\/blog\/2018\/02\/20\/5-nuevos-magistrados-preseleccionados-por-el-cam-entraron-en-funciones\/\" target=\"_blank\" rel=\"noopener noreferrer\">prestando juramento<\/a>&nbsp;el d\u00eda 20\/02\/2018 por ante la Corte Suprema de Justicia de Tucum\u00e1n.<\/p>\n<hr>\n<p><strong>Concurso n\u00b092. Juez\/a de Menores Centro Judicial Capital con asiento en Banda del R\u00edo Sal\u00ed.<\/strong><\/p>\n<p>En fecha 10\/04\/2017 se remiti\u00f3 al Poder Ejecutivo de la Provincia la siguiente terna, seg\u00fan Acuerdo&nbsp;<a href=\"http:\/\/camtucuman.gob.ar\/documentos\/acuerdos\/acuerdo_2017_40.pdf\" target=\"_blank\" rel=\"noopener noreferrer\">n\u00ba 40\/2017<\/a>&nbsp; y conforme Art. 101 Inc. 5\u00ba de la Constituci\u00f3n de la Provincia y Art. 16 de la Ley 8.197:<\/p>\n<ol>\n<li>I\u00e1cono, Ana Mar\u00eda<\/li>\n<li>N\u00fa\u00f1ez Campero, Marcos Javier<\/li>\n<li>Clemente, Ricardo Daniel<\/li>\n<\/ol>\n<p>Fue designada en el cargo la Dra. I\u00e1cono, prestando juramento de ley el d\u00eda 01 de agosto de 2017 por ante la Corte Suprema de Justicia de Tucum\u00e1n.<\/p>\n<hr>\n<p><strong>Concurso n\u00ba104 Fiscal\u00eda de C\u00e1mara Penal Vl Centro Judicial Capital<\/strong><\/p>\n<p>En fecha 15\/03\/2017 se remiti\u00f3 al Poder Ejecutivo provincial la siguiente terna, seg\u00fan&nbsp;<a href=\"http:\/\/camtucuman.gob.ar\/documentos\/acuerdos\/acuerdo_2017_30.pdf\" target=\"_blank\" rel=\"noopener noreferrer\">Acuerdo n\u00ba 30\/2017<\/a>&nbsp;y conforme Art. 101 Inc. 5\u00ba de la Constituci\u00f3n de la Provincia y Art. 16 de la Ley 8.197:<\/p>\n<ol>\n<li>Nacul, Juan Carlos,<\/li>\n<li>Saltor, Carlos Eduardo,<\/li>\n<li>Epelbaum, Carolina Eugenia.<\/li>\n<\/ol>\n<p>Fue designado en el cargo el Dr. Saltor, prestando juramento de ley el d\u00eda 01 de agosto de 2017 por ante la Corte Suprema de Justicia de Tucum\u00e1n.<\/p>\n<hr>\n<p><strong>Concurso n\u00ba119, Juez\/a de Instrucci\u00f3n Penal de la II Nominaci\u00f3n del Centro Judicial Capital.<\/strong><\/p>\n<p>En fecha 15\/03\/2017 se remiti\u00f3 al Poder Ejecutivo provincial la siguiente terna, seg\u00fan&nbsp;<a href=\"http:\/\/camtucuman.gob.ar\/documentos\/acuerdos\/acuerdo_2017_31.pdf\" target=\"_blank\" rel=\"noopener noreferrer\">Acuerdo n\u00ba 31\/2017<\/a>&nbsp; y conforme Art. 101 Inc. 5\u00ba de la Constituci\u00f3n de la Provincia y Art. 16 de la Ley 8.197:<\/p>\n<ol>\n<li>Ballesteros, Mar\u00eda Carolina.<\/li>\n<li>Maggio, Facundo.<\/li>\n<li>Nacul, Juan Carlos.<\/li>\n<\/ol>\n<p>Fue designado en el cargo el Dr. Maggio, prestando juramento de ley el d\u00eda<a href=\"http:\/\/camtucuman.gob.ar\/web\/blog\/2018\/04\/13\/asumen-6-magistrados-preseleccionados-por-el-consejo\/\" target=\"_blank\" rel=\"noopener noreferrer\">&nbsp;13\/04\/2018.<\/a><\/p>\n<hr>\n<p><strong>Concurso n\u00b0122. Vocal de C\u00e1mara Penal, Sala II, Centro Judicial Concepci\u00f3n.<\/strong><\/p>\n<p>En fecha 08\/03\/2017 se remiti\u00f3 al Poder Ejecutivo provincial la siguiente terna, seg\u00fan Acuerdo&nbsp;<a href=\"http:\/\/camtucuman.gob.ar\/documentos\/acuerdos\/acuerdo_2017_24.pdf\" target=\"_blank\" rel=\"noopener noreferrer\">n\u00ba 24\/2017<\/a>&nbsp;y conforme Art. 101 Inc. 5\u00ba de la Constituci\u00f3n de la Provincia y Art. 16 de la Ley 8.197:<\/p>\n<ol>\n<li>Mar\u00eda Carolina Ballesteros,<\/li>\n<li>Juan Carlos Nacul,<\/li>\n<li>Sergio Dante Altamirano.<\/li>\n<\/ol>\n<p>Fue designado en el cargo el Dr. Altamirano, prestando juramento de ley el d\u00eda 01 de agosto de 2017 por ante la Corte Suprema de Justicia de Tucum\u00e1n.<\/p>\n<hr>\n<p><strong>Concurso n\u00ba115: Defensor\/a Oficial en lo Penal de la I Nominaci\u00f3n del Centro Judicial Concepci\u00f3n.Defensor\/a Oficial en lo Penal de la I Nominaci\u00f3n del Centro Judicial Concepci\u00f3n.<\/strong><\/p>\n<p>Se declar\u00f3 desierto mediante&nbsp;<a href=\"http:\/\/camtucuman.gob.ar\/documentos\/acuerdos\/acuerdo_2017_23.pdf\" target=\"_blank\" rel=\"noopener noreferrer\">Acuerdo n\u00ba 23\/2017.<\/a>&nbsp;del 02\/03\/2017.<\/p>\n<hr>\n<p><strong>Concurso n\u00ba121: Fiscal de C\u00e1mara Civil, Comercial, Laboral y Contencioso Administrativo del Centro Judicial Capital.<\/strong><\/p>\n<p>En Fecha 27\/12\/2016 se remiti\u00f3 al Poder Ejecutivo provincial la siguiente terna, seg\u00fan Acuerdo&nbsp;<a href=\"http:\/\/camtucuman.gob.ar\/documentos\/acuerdos\/acuerdo_2016_125.pdf\" target=\"_blank\" rel=\"noopener noreferrer\">n\u00ba 125\/2016<\/a>&nbsp;y conforme Art. 101 Inc. 5\u00ba de la Constituci\u00f3n de la Provincia y Art. 16 de la Ley 8.197<\/p>\n<ol>\n<li>Hael, Juana In\u00e9s.<\/li>\n<li>M\u00e9ndez, Eleonora Claudia.<\/li>\n<li>Holgado, Sergio Eusebio.<\/li>\n<\/ol>\n<p>Fue designada en el cargo la Dra. Hael, prestando juramento de ley el d\u00eda 10 de mayo de 2017 por ante la Corte Suprema de Justicia de Tucum\u00e1n.<\/p>\n<hr>\n<p><strong>Concurso n\u00ba105: Defensor\/a Oficial Civil y del Trabajo del Centro Judicial Capital con asiento en Banda del R\u00edo Sal\u00ed<\/strong><\/p>\n<p>En Fecha 27\/12\/2016 se remiti\u00f3 al Poder Ejecutivo provincial la siguiente terna correspondiente al Concurso N\u00ba 105, Seg\u00fan Acuerdo&nbsp;<a href=\"http:\/\/camtucuman.gob.ar\/documentos\/acuerdos\/acuerdo_2016_124.pdf\" target=\"_blank\" rel=\"noopener noreferrer\">n\u00ba 124\/2016<\/a>&nbsp;y&nbsp; conforme Art. 101 Inc. 5\u00ba de la Constituci\u00f3n de la Provincia y Art. 16 de la Ley 8.197<\/p>\n<ol>\n<li>M\u00e9ndez, Eleonora Claudia.<\/li>\n<li>Acu\u00f1a,&nbsp;Agust\u00edn Eugenio.<\/li>\n<li>Carlos, V\u00edctor Ra\u00fal.<\/li>\n<\/ol>\n<p>Fue designada en el cargo la Dra. M\u00e9ndez, prestando juramento de ley el d\u00eda 10 de mayo de 2017 ante la Corte Suprema de Justicia de Tucum\u00e1n.<\/p>\n<hr>\n<p><strong>Concurso n\u00ba118:<\/strong>&nbsp;<strong>Fiscal\/a en lo Civil y del Trabajo, Centro Judicial Monteros.<\/strong><\/p>\n<p>El d\u00eda 29\/11\/2016 se remiti\u00f3 al Poder Ejecutivo el&nbsp;<a href=\"http:\/\/camtucuman.gob.ar\/documentos\/acuerdos\/acuerdo_2016_121.pdf\" target=\"_blank\" rel=\"noopener noreferrer\">Acuerdo n\u00b0 121\/2016<\/a>&nbsp;de elevaci\u00f3n de terna integrada por:<\/p>\n<ol>\n<li>Alicia Estela Carranza,<\/li>\n<li>Eleonora Claudia M\u00e9ndez y<\/li>\n<li>Mar\u00eda In\u00e9s Barros.<\/li>\n<\/ol>\n<p>Fue designada en el cargo la Dra. Carranza, prestando juramento de ley el d\u00eda 10 de mayo de 2017 ante la Corte Suprema de Justicia de Tucum\u00e1n.<\/p>\n<hr>\n<p><strong>Concurso n\u00ba117: Juez\/a en lo Civil en Familia y Sucesiones, Centro Judicial Monteros.<\/strong><\/p>\n<p>El d\u00eda 10\/11\/2016 se remiti\u00f3 al Poder Ejecutivo&nbsp;<a href=\"http:\/\/camtucuman.gob.ar\/documentos\/acuerdos\/acuerdo_2016_115.pdf\" target=\"_blank\" rel=\"noopener noreferrer\">Acuerdo n\u00b0 115\/2016&nbsp;<\/a>de elevaci\u00f3n de terna integrada por<\/p>\n<ol>\n<li>Eleonora Claudia M\u00e9ndez,<\/li>\n<li>Mariana Josefina Rey Galindo y<\/li>\n<li>Mar\u00eda Isabel Nieva Conejos.<\/li>\n<\/ol>\n<p>Fue designada en el cargo la Dra. Rey Galindo, prestando juramento de ley el d\u00eda 10 de mayo de 2017 ante la Corte Suprema de Justicia de Tucum\u00e1n.<\/p>\n<hr>\n<p><strong>Concurso n\u00b0120: Vocal de C\u00e1mara Penal, Sala II. Centro Judicial Concepci\u00f3n<\/strong><\/p>\n<p>En fecha 16\/08\/2016 se aprob\u00f3 el Acuerdo<a href=\"http:\/\/camtucuman.gob.ar\/documentos\/acuerdos\/acuerdo_2016_77.pdf\" target=\"_blank\" rel=\"noopener noreferrer\">&nbsp;n\u00b0 77\/2016<\/a>&nbsp;declarando desierto el concurso por no haber al menos tres postulantes alcanzado el puntaje m\u00ednimo para acceder a la etapa de entrevistas.<\/p>\n<hr>\n<p><strong>Concurso n\u00b0103: Juez\/a en lo Civil y Comercial Com\u00fan de la I Nominaci\u00f3n. Centro Judicial Capital.<\/strong><\/p>\n<p>En 03\/08\/2016 se remiti\u00f3 al Poder Ejecutivo el&nbsp;<a href=\"http:\/\/camtucuman.gob.ar\/documentos\/acuerdos\/acuerdo_2016_74.pdf\" target=\"_blank\" rel=\"noopener noreferrer\">Acuerdo n\u00b0 74\/2016&nbsp;<\/a>de elevaci\u00f3n de terna, la cual qued\u00f3 integrada por<\/p>\n<ol>\n<li>\u00c1lvaro Zamorano,<\/li>\n<li>Fernando Garc\u00eda Hamilton y<\/li>\n<li>Hern\u00e1n Fr\u00edas Silva.<\/li>\n<\/ol>\n<p>Fue designado en el cargo el Dr. Zamorano, prestando juramento de ley el d\u00eda 10 de mayo de 2017 ante la Corte Suprema de Justicia de Tucum\u00e1n.<\/p>\n<hr>\n<p><strong>Concurso n\u00b0102: Juez\/a de Conciliaci\u00f3n y Tr\u00e1mite de la III Nominaci\u00f3n. Centro Judicial Capital.<\/strong><\/p>\n<p>El d\u00eda 2 de junio de 2016 se remiti\u00f3 al Poder Ejecutivo el Acuerdo&nbsp;<a href=\"http:\/\/camtucuman.gob.ar\/documentos\/acuerdos\/acuerdo_2016_58.pdf\" target=\"_blank\" rel=\"noopener noreferrer\">n\u00b0 58\/2016<\/a>&nbsp;de elevaci\u00f3n de terna, integrada por<\/p>\n<ol>\n<li>Miguel Eduardo Fern\u00e1ndez Corona,<\/li>\n<li>Mar\u00eda Gabriela Rodr\u00edguez Dusing y<\/li>\n<li>Guillermo Ernesto Kutter.<\/li>\n<\/ol>\n<p>Fue designado en el cargo el Dr. Kutter, prestando juramento de ley el d\u00eda 10 de mayo de 2017 ante la Corte Suprema de Justicia de Tucum\u00e1n.<\/p>\n<hr>\n<p><strong>Concurso n\u00b0113: Vocal de C\u00e1mara del Trabajo, Sala II. Centro Judicial Concepci\u00f3n.<\/strong><\/p>\n<p>El d\u00eda 18\/05\/2016 se remiti\u00f3 al Poder Ejecutivo el&nbsp;<a href=\"http:\/\/camtucuman.gob.ar\/documentos\/acuerdos\/acuerdo_2016_56.pdf\" target=\"_blank\" rel=\"noopener noreferrer\">Acuerdo n\u00b0 56\/2016<\/a>&nbsp;de elevaci\u00f3n de terna, la que qued\u00f3 integrada por l<\/p>\n<ol>\n<li>Pedro Patricio Stordeur,<\/li>\n<li>Tom\u00e1s Ram\u00f3n Vicente Alba y<\/li>\n<li>Mar\u00eda Alicia Gonz\u00e1lez Mestre.<\/li>\n<\/ol>\n<p>Fue designado en el cargo el Dr. Stordeur, prestando juramento de ley el d\u00eda 10 de mayo de 2017 por ante la Corte Suprema de Justicia de Tucum\u00e1n.<\/p>\n<hr>\n<p><strong>Concurso n\u00b0107: Defensor\/a Oficial en lo Civil y del Trabajo. Centro Judicial Concepci\u00f3n, con car\u00e1cter itinerante.<\/strong><\/p>\n<p>En 18\/05\/2016 se remiti\u00f3 al Poder Ejecutivo el&nbsp;<a href=\"http:\/\/camtucuman.gob.ar\/documentos\/acuerdos\/acuerdo_2016_55.pdf\" target=\"_blank\" rel=\"noopener noreferrer\">Acuerdo n\u00b0 55\/2016<\/a>&nbsp;de elevaci\u00f3n de terna, la cual qued\u00f3 integrada por<\/p>\n<ol>\n<li>Victor Ra\u00fal Carlos,<\/li>\n<li>Eleonora Claudia M\u00e9ndez y<\/li>\n<li>Agust\u00edn Eugenio Acu\u00f1a.<\/li>\n<\/ol>\n<p>Fue designado en el cargo el Dr. Acu\u00f1a, prestando juramento de ley el d\u00eda 10 de mayo de 2017 ante la Corte Suprema de Justicia de Tucum\u00e1n.<\/p>\n<hr>\n<p><strong>Concurso n\u00b0100: Juez\/a en lo Civil y Comercial Com\u00fan de la VIII Nominaci\u00f3n. Centro Judicial Capital.<\/strong><\/p>\n<p>El 12\/05\/2016 se remiti\u00f3 al Poder Ejecutivo el&nbsp;<a href=\"http:\/\/camtucuman.gob.ar\/documentos\/acuerdos\/acuerdo_2016_53.pdf\" target=\"_blank\" rel=\"noopener noreferrer\">Acuerdo n\u00b0 53\/2016<\/a>&nbsp;de elevaci\u00f3n de terna integrada por<\/p>\n<ol>\n<li>Eleonora Claudia M\u00e9ndez,<\/li>\n<li>Pedro Manuel Ram\u00f3n P\u00e9rez y<\/li>\n<li>Fernando Garc\u00eda Hamilton.<\/li>\n<\/ol>\n<p>Se design\u00f3 en el cargo al Dr. P\u00e9rez, quien jur\u00f3 el d\u00eda 23 de agosto de 2016.<\/p>\n<hr>\n<p><strong>Concurso n\u00b0101: Juez\/a en lo Civil en Familia y Sucesiones de la I Nominaci\u00f3n. Centro Judicial Concepci\u00f3n.<\/strong><\/p>\n<p>El 7 de abril de 2016 se remiti\u00f3 al Poder Ejecutivo el Acuerdo&nbsp;<a href=\"http:\/\/camtucuman.gob.ar\/documentos\/acuerdos\/acuerdo_2016_39.pdf\" target=\"_blank\" rel=\"noopener noreferrer\">n\u00b0 39\/2016<\/a>&nbsp;de elevaci\u00f3n de terna integrada por<\/p>\n<ol>\n<li>Mariela Viviana Donaire,<\/li>\n<li>Eleonora Claudia M\u00e9ndez y<\/li>\n<li>Jos\u00e9 Rub\u00e9n Sale.<\/li>\n<\/ol>\n<p>Fue designado en el cargo el Dr. Sale, jurando el d\u00eda 23 de agosto de 2016.<\/p>\n<hr>\n<p><strong>Concurso n\u00b097: Juez de Ejecuci\u00f3n en lo Penal. Centro Judicial Capital.<\/strong><\/p>\n<p>El 07 de abril de 2016 se remiti\u00f3 al Poder Ejecutivo el&nbsp;<a href=\"http:\/\/camtucuman.gob.ar\/documentos\/acuerdos\/acuerdo_2016_38.pdf\" target=\"_blank\" rel=\"noopener noreferrer\">Acuerdo n\u00b0 38\/2016<\/a>&nbsp;de elevaci\u00f3n de terna integrada por<\/p>\n<ol>\n<li>Roberto Eduardo Flores,<\/li>\n<li>Lucas Manuel Maggio y<\/li>\n<li>Roberto Eugenio Guyot.<\/li>\n<\/ol>\n<p>Fue designado en el cargo el Dr. Guyot, jurando el d\u00eda 23 de agosto de 2016.<\/p>\n<hr>\n<p><strong>Concurso n\u00ba96: Fiscal de Instrucci\u00f3n Penal de la II Nominaci\u00f3n. Centro Judicial Capital.<\/strong><\/p>\n<p>En sesi\u00f3n del 9\/12\/2015 se aprob\u00f3 el&nbsp;<a href=\"http:\/\/camtucuman.gob.ar\/documentos\/acuerdos\/acuerdo_2015_172.pdf\" target=\"_blank\" rel=\"noopener noreferrer\">Acuerdo n\u00ba 172\/2015&nbsp;<\/a>de elevaci\u00f3n de terna integrada por<\/p>\n<ol>\n<li>Mar\u00eda Carolina Ballesteros,<\/li>\n<li>Carlos Eduardo Saltor y<\/li>\n<li>Claudio Osmar Bonari.<\/li>\n<\/ol>\n<p>Se remiti\u00f3 al Poder Ejecutivo de la Provincia en fecha 15\/12\/2015. Se design\u00f3 en el cargo al Dr. Bonari, quien prest\u00f3 juramento el d\u00eda 23\/08\/2016.<\/p>\n<hr>\n<p><strong>Concurso n\u00b094: Defensor\/a de Menores Civil, Penal y del Trabajo. Centro Judicial Capital con asiento en Banda del R\u00edo Sal\u00ed.<\/strong><\/p>\n<p>El 26 de octubre de 2015 se aprob\u00f3 el&nbsp;<a href=\"http:\/\/camtucuman.gob.ar\/documentos\/acuerdos\/acuerdo_2015_156.pdf\" target=\"_blank\" rel=\"noopener noreferrer\">Acuerdo n\u00b0 156\/2015<\/a>&nbsp;por el cual se remiti\u00f3 la terna al Poder Ejecutivo integrada por:<\/p>\n<ol>\n<li>Andrea Fabiana Segura,<\/li>\n<li>Diego Javier Trabadelo y<\/li>\n<li>Mar\u00eda Lorena Arquez.<\/li>\n<\/ol>\n<p>Se design\u00f3 en el cargo a la Dra. Arquez, quien prest\u00f3 juramento el d\u00eda 23 de agosto del 2016.<\/p>\n<hr>\n<p><strong>Concurso n\u00ba 89: Vocal de C\u00e1mara Penal, Sala II. Centro Judicial Capital.<\/strong><\/p>\n<p>El d\u00eda 19\/06\/2015 se remiti\u00f3 al Poder Ejecutivo el&nbsp;<a href=\"http:\/\/camtucuman.gob.ar\/documentos\/acuerdos\/acuerdo_2015_79.pdf\" target=\"_blank\" rel=\"noopener noreferrer\">Acuerdo n\u00ba 79\/2015<\/a>&nbsp;de elevaci\u00f3n de terna, la cual qued\u00f3 integrada por:<\/p>\n<ol>\n<li>Gustavo Aldo Sim\u00f3n Romagnoli,<\/li>\n<li>Juan Carlos Nacul y<\/li>\n<li>Walter Emilio Ojeda \u00c1vila.<\/li>\n<\/ol>\n<p>Fue designado en el cargo el Dr. Romagnoli, prestando juramento el d\u00eda 23\/08\/2016.<\/p>\n<hr>\n<p><strong>Concurso n\u00ba 98:<\/strong>&nbsp;<strong>Juez\/a de Ejecuci\u00f3n en lo Penal, Centro Judicial Concepci\u00f3n.<\/strong><\/p>\n<p>En sesi\u00f3n del 01\/07\/2015 se aprob\u00f3&nbsp;<a href=\"http:\/\/camtucuman.gob.ar\/documentos\/acuerdos\/acuerdo_2015_91.pdf\" target=\"_blank\" rel=\"noopener noreferrer\">Acuerdo n\u00b0 91\/2015<\/a>&nbsp;de elevaci\u00f3n de terna, remitida al Poder Ejecutivo en fecha 02\/07\/2015 e integrada por:<\/p>\n<ol>\n<li>Emilio Edgardo P\u00e9rez,<\/li>\n<li>Alicia Merched y<\/li>\n<li>Fernando Rodolfo Rivera&nbsp;<\/li>\n<\/ol>\n<p>Fue designada en el cargo la Dra. Merched, prestando juramento de ley el d\u00eda 10 de mayo de 2017 ante la Corte Suprema de Justicia de Tucum\u00e1n.&nbsp;<\/p>\n<p>i\u00f3n de la Provincia y art. 16 de la Ley 8.197:<\/p>\n<ol>\n<li>Fernando Ariel Zingale,&nbsp;<\/li>\n<li>\u00c1ngel Favio Gramajo, y<\/li>\n<li>Diego Sebasti\u00e1n Hevia.<\/li>\n<\/ol>\n<hr>\n<p><strong>Concurso n\u00b0 230. Juez\/a de Primera Instancia en lo Contencioso Administrativo del Centro Judicial Capital:<\/strong><\/p>\n<p>En fecha 27\/06\/2022 se elev\u00f3 al Poder Ejecutivo de la Provincia la terna resultante del concurso, mediante&nbsp;<a href=\"http:\/\/camtucuman.gob.ar\/documentos\/acuerdos\/acuerdo_2022_50.pdf\" target=\"_blank\" rel=\"noopener noreferrer\">Acuerdo n\u00ba 50\/2022<\/a>&nbsp;y conforme art. 101 inc. 5\u00ba de la Constituci\u00f3n de la Provincia y art. 16 de la Ley 8.197:<\/p>\n<ol>\n<li>Cristian Daniel Schurig,<\/li>\n<li>Augusto Gonz\u00e1lez Navarro, y<\/li>\n<li>Pablo Alejandro Salom\u00f3n.<\/li>\n<\/ol>\n<hr>\n<p><strong>Concurso n\u00b0 226. Juez\/a de Primera Instancia en lo Contencioso Administrativo del Centro Judicial Capital:<\/strong><\/p>\n<p>En fecha 13\/06\/2022 se elev\u00f3 al Poder Ejecutivo de la Provincia la terna resultante del concurso, mediante&nbsp;<a href=\"http:\/\/camtucuman.gob.ar\/documentos\/acuerdos\/acuerdo_2022_47.pdf\" target=\"_blank\" rel=\"noopener noreferrer\">Acuerdo n\u00ba 47\/2022<\/a>&nbsp;y conforme art. 101 inc. 5\u00ba de la Constituci\u00f3n de la Provincia y art. 16 de la Ley 8.197:<\/p>\n<ol>\n<li>Pablo Alejandro Salom\u00f3n,<\/li>\n<li>Patricio Rom\u00e1n Argota, y<\/li>\n<li>Andrea Viviana Abate.<\/li>\n<\/ol>\n<hr>\n<p><strong>Concurso n\u00ba 243. Juez\/a del Colegio de Jueces Penales del Centro Judicial Capital:<\/strong><\/p>\n<p>En fecha 30\/05\/2022 se elev\u00f3 al Poder Ejecutivo de la Provincia la terna resultante del concurso, mediante&nbsp;<a href=\"http:\/\/camtucuman.gob.ar\/documentos\/acuerdos\/acuerdo_2022_42.pdf\" target=\"_blank\" rel=\"noopener noreferrer\">Acuerdo n\u00ba 42\/2022<\/a>&nbsp;y conforme art. 101 inc. 5\u00ba de la Constituci\u00f3n de la Provincia y art. 16 de la Ley 8.197:<\/p>\n<ol>\n<li>Gonzalo Asc\u00e1rate,&nbsp;<\/li>\n<li>Eduardo Mart\u00edn Gonz\u00e1lez, y<\/li>\n<li>Eliana Karina G\u00f3mez Moreira.<\/li>\n<\/ol>\n<hr>\n<p><strong><span lang=\"ES-AR\">Concurso n\u00ba 244. Juez\/a del Colegio de Jueces Penales del Centro Judicial Capital:<\/span><\/strong><\/p>\n<p>En fecha 30\/05\/2022 se elev\u00f3 al Poder Ejecutivo de la Provincia la terna resultante del concurso, mediante&nbsp;<a href=\"http:\/\/camtucuman.gob.ar\/documentos\/acuerdos\/acuerdo_2022_43.pdf\" target=\"_blank\" rel=\"noopener noreferrer\">Acuerdo n\u00ba 43\/2022<\/a>&nbsp;y conforme art. 101 inc. 5\u00ba de la Constituci\u00f3n de la Provincia y art. 16 de la Ley 8.197:<\/p>\n<ol>\n<li>Cynthia Lorena Rocha,<\/li>\n<li>Eduardo Mart\u00edn Gonz\u00e1lez, y<\/li>\n<li>Fanny Siriani.<\/li>\n<\/ol>\n<hr>\n<p><strong><span lang=\"ES-AR\">Concurso n\u00ba 246. Juez\/a del Colegio de Jueces Penales del Centro Judicial Capital:<\/span><\/strong><\/p>\n<p>En fecha 30\/05\/2022 se elev\u00f3 al Poder Ejecutivo de la Provincia la terna resultante del concurso, mediante&nbsp;<a href=\"http:\/\/camtucuman.gob.ar\/documentos\/acuerdos\/acuerdo_2022_44.pdf\" target=\"_blank\" rel=\"noopener noreferrer\">Acuerdo n\u00ba 44\/2022<\/a>&nbsp;y conforme art. 101 inc. 5\u00ba de la Constituci\u00f3n de la Provincia y art. 16 de la Ley 8.197:<\/p>\n<ol>\n<li>Gonzalo Asc\u00e1rate,<\/li>\n<li>Guido Mart\u00edn Buldurini, y&nbsp;<\/li>\n<li>Fanny Siriani.<\/li>\n<\/ol>\n<hr>\n<p><strong><span lang=\"ES-AR\">Concurso n\u00b0 232. Fiscal\/a de Instrucci\u00f3n Penal del Centro Judicial Capital:<\/span><\/strong><\/p>\n<p>En fecha 11\/04\/2022 se elev\u00f3 al Poder Ejecutivo de la Provincia la terna resultante del concurso, mediante&nbsp;<a href=\"http:\/\/camtucuman.gob.ar\/documentos\/acuerdos\/acuerdo_2022_18.pdf\" target=\"_blank\" rel=\"noopener noreferrer\">Acuerdo n\u00ba 18\/2022<\/a>&nbsp;y conforme art. 101 inc. 5\u00ba de la Constituci\u00f3n de la Provincia y art. 16 de la Ley 8.197:<\/p>\n<ol>\n<li>Guillermo Taylor.<\/li>\n<li>Gonzalo Asc\u00e1rate.<\/li>\n<li>Susana Elena Cordisco.<\/li>\n<\/ol>\n<hr>\n<p><strong><span lang=\"ES-AR\">Concurso n\u00b0 216. Defensor\/a Oficial Penal de la III Nominaci\u00f3n del Centro Judicial Capital:<\/span><\/strong><\/p>\n<p>En fecha 09\/03\/2022 se elev\u00f3 al Poder Ejecutivo de la Provincia la terna resultante del concurso, mediante&nbsp;<a href=\"http:\/\/camtucuman.gob.ar\/documentos\/acuerdos\/acuerdo_2022_13.pdf\" target=\"_blank\" rel=\"noopener noreferrer\">Acuerdo n\u00ba 13\/2022<\/a>&nbsp;y conforme art. 101 inc. 5\u00ba de la Constituci\u00f3n de la Provincia y art. 16 de la Ley 8.197:<\/p>\n<ol>\n<li>Sof\u00eda Mar\u00eda Anad\u00f3n.<\/li>\n<li>\u00c1ngel Favio Gramajo.<\/li>\n<li>Diego Sebasti\u00e1n Hevia.<\/li>\n<\/ol>\n<hr>\n<p><strong><span lang=\"ES-AR\">Concurso n\u00b0 229. Fiscal\/a de Instrucci\u00f3n Penal de la II Nominaci\u00f3n del Centro Judicial Monteros:<\/span><\/strong><\/p>\n<p>En fecha 20\/12\/2021 se elev\u00f3 al Poder Ejecutivo de la Provincia la terna resultante del concurso, mediante&nbsp;<a href=\"http:\/\/camtucuman.gob.ar\/documentos\/acuerdos\/acuerdo_2021_145.pdf\" target=\"_blank\" rel=\"noopener noreferrer\">Acuerdo n\u00ba 145\/2021<\/a>&nbsp;y conforme art. 101 inc. 5\u00ba de la Constituci\u00f3n de la Provincia y art. 16 de la Ley 8.197:<\/p>\n<ol>\n<li>Carlos Sebasti\u00e1n Pais,<\/li>\n<li>Mar\u00eda Alejandra Navarro, y<\/li>\n<li>Carlos Gonzalo Rodr\u00edguez.<\/li>\n<\/ol>\n<hr>\n<p><strong><span lang=\"ES-AR\">Concurso n\u00b0 221. Defensor\/a Oficial en lo Civil y del Trabajo del Centro Judicial Monteros:<\/span><\/strong><\/p>\n<p>En fecha 13\/10\/2021 se elev\u00f3 al Poder Ejecutivo de la Provincia la terna resultante del concurso, mediante&nbsp;<a href=\"http:\/\/camtucuman.gob.ar\/documentos\/acuerdos\/acuerdo_2021_125.pdf\" target=\"_blank\" rel=\"noopener noreferrer\">Acuerdo n\u00ba 125\/2021<\/a>&nbsp;y conforme art. 101 inc. 5\u00ba de la Constituci\u00f3n de la Provincia y art. 16 de la Ley 8.197:<\/p>\n<ol>\n<li>Carlos Gustavo Paliza,<\/li>\n<li>Sandra Marcela Acosta, y<\/li>\n<li>Cayetano Fernando Gabriel Alberti.<\/li>\n<\/ol>\n<p>Se design\u00f3 en el cargo al Dr. Paliza, prestando juramento ante el Ministro Pupilar y de la Defensa en 29\/07\/2022.<\/p>\n<hr>\n<p><strong><span lang=\"ES-AR\">Concurso n\u00b0 225. Fiscal\/a de Instrucci\u00f3n Penal del Centro Judicial Capital:<\/span><\/strong><\/p>\n<p>En fecha 01\/09\/2021 se elev\u00f3 al Poder Ejecutivo de la Provincia la terna resultante del concurso, mediante&nbsp;<a href=\"http:\/\/camtucuman.gob.ar\/documentos\/acuerdos\/acuerdo_2021_113.pdf\" target=\"_blank\" rel=\"noopener noreferrer\">Acuerdo n\u00ba 113\/2021<\/a>&nbsp;y conforme art. 101 inc. 5\u00ba de la Constituci\u00f3n de la Provincia y art. 16 de la Ley 8.197:<\/p>\n<ol>\n<li>Guillermo Taylor,<\/li>\n<li>Patricio Agust\u00edn Prado, y&nbsp;<\/li>\n<li>Susana Elena Cordisco.<\/li>\n<\/ol>\n<p>Se design\u00f3 en el cargo a la Dra. Cordisco, prestando juramento por ante el Ministerio P\u00fablico Fiscal en fecha 29\/06\/2022.<\/p>\n<hr>\n<p><strong><span lang=\"ES-AR\">Concurso n\u00b0 231. Fiscal\/a de C\u00e1mara Penal III del Centro Judicial Concepci\u00f3n:<\/span><\/strong><\/p>\n<p>En fecha 18\/08\/2021 se elev\u00f3 al Poder Ejecutivo de la Provincia la terna resultante del concurso, mediante&nbsp;<a href=\"http:\/\/camtucuman.gob.ar\/documentos\/acuerdos\/acuerdo_2021_112.pdf\" target=\"_blank\" rel=\"noopener noreferrer\">Acuerdo n\u00ba 112\/2021<\/a>&nbsp;y conforme art. 101 inc. 5\u00ba de la Constituci\u00f3n de la Provincia y art. 16 de la Ley 8.197:<\/p>\n<ol>\n<li>Carolina Eugenia Epelbaum,<\/li>\n<li>Carlos Sebasti\u00e1n Pais, y<\/li>\n<li>Mar\u00eda Alejandra Navarro.<\/li>\n<\/ol>\n<p>Se design\u00f3 en el cargo a la Dra. Navarro, prestando juramento por ante el Ministerio P\u00fablico Fiscal en fecha 29\/06\/2022.<\/p>\n<hr>\n<p><strong>Concurso n\u00b0 220. Defensor\/a Oficial Penal de la II Nominaci\u00f3n del Centro Judicial Monteros:<\/strong><\/p>\n<p>En fecha 28\/07\/2021 se elev\u00f3 al Poder Ejecutivo de la Provincia la terna resultante del concurso, mediante&nbsp;<a href=\"http:\/\/camtucuman.gob.ar\/documentos\/acuerdos\/acuerdo_2021_90.pdf\" target=\"_blank\" rel=\"noopener noreferrer\">Acuerdo n\u00ba 90\/2021<\/a>&nbsp;y conforme art. 101 inc. 5\u00ba de la Constituci\u00f3n de la Provincia y art. 16 de la Ley 8.197:<\/p>\n<ol>\n<li>Carlos Sebasti\u00e1n Pais,<\/li>\n<li>Silvia Adriana Rivero, y<\/li>\n<li>Sebasti\u00e1n Dar\u00edo Mardiza.<\/li>\n<\/ol>\n<p>Se design\u00f3 en el cargo a la Dra. Rivero prestando juramento ante el Ministro Pupilar y de la Defensa en 29\/07\/2022.<\/p>\n<hr>\n<p><strong>Concurso n\u00b0 223.&nbsp;<\/strong><strong>Juez\/a del Colegio de Jueces Penales<\/strong>&nbsp;<strong>del Centro Judicial Capital:<\/strong><\/p>\n<p>En fecha 30\/06\/2021 se elev\u00f3 al Poder Ejecutivo de la Provincia la terna resultante del concurso, mediante&nbsp;<a href=\"http:\/\/camtucuman.gob.ar\/documentos\/acuerdos\/acuerdo_2021_84.pdf\" target=\"_blank\" rel=\"noopener noreferrer\">Acuerdo n\u00ba 84\/2021<\/a>&nbsp;y conforme art. 101 inc. 5\u00ba de la Constituci\u00f3n de la Provincia y art. 16 de la Ley 8.197:&nbsp;<\/p>\n<ol>\n<li>Fanny Siriani,&nbsp;<\/li>\n<li>Guillermo Taylor, y<\/li>\n<li>Patricio Agust\u00edn Prado.<\/li>\n<\/ol>\n<p>Se design\u00f3 en el cargo a la Dra. Siriani, prestando&nbsp;<a href=\"https:\/\/youtu.be\/usLhZzIeKcA\" target=\"_blank\" rel=\"noopener noreferrer\">Juramento<\/a>&nbsp;de Ley por ante la CSJT en fecha 30\/06\/2022.<\/p>\n<hr>\n<p><strong>Concurso n\u00b0 219. Defensor\/a Oficial Penal de la VI Nominaci\u00f3n del Centro Judicial Concepci\u00f3n:<\/strong><\/p>\n<p>En fecha 23\/06\/2021 se elev\u00f3 al Poder Ejecutivo de la Provincia la terna resultante del concurso, mediante&nbsp;<a href=\"http:\/\/camtucuman.gob.ar\/documentos\/acuerdos\/acuerdo_2021_83.pdf\" target=\"_blank\" rel=\"noopener noreferrer\">Acuerdo n\u00ba 83\/2021<\/a>&nbsp;y conforme art. 101 Inc. 5\u00b0 de la Constituci\u00f3n de la Provincia y art. 16 de la Ley 8.197:&nbsp;<\/p>\n<ol>\n<li>Mart\u00edn Rodrigo Z\u00f3ttoli Correa,&nbsp;<\/li>\n<li>Sebasti\u00e1n Dar\u00edo Mardiza, y<\/li>\n<li>Guido Alberto D\u00edaz Alvillos.<\/li>\n<\/ol>\n<p>Se design\u00f3 en el cargo al Dr. Z\u00f3ttoli Correa, prestando juramento ante el Ministro Pupilar y de la Defensa en 29\/07\/2022.<\/p>\n<hr>\n<p><strong>Concurso n\u00b0 224. Juez\/a de Primera Instancia en lo Civil y Comercial Com\u00fan de la II Nominaci\u00f3n<\/strong>&nbsp;<strong>del Centro Judicial Capital:<\/strong><\/p>\n<p>En fecha 16\/06\/2021 se elev\u00f3 al Poder Ejecutivo de la Provincia la terna resultante del concurso, mediante&nbsp;<a href=\"http:\/\/camtucuman.gob.ar\/documentos\/acuerdos\/acuerdo_2021_82.pdf\" target=\"_blank\" rel=\"noopener noreferrer\">Acuerdo n\u00ba 82\/2021<\/a>&nbsp;y conforme art. 101 Inc. 5\u00b0 de la Constituci\u00f3n de la Provincia y art. 16 de la Ley 8.197:<\/p>\n<ol>\n<li>Fernando Garc\u00eda Hamilton,&nbsp;<\/li>\n<li>Andrea Viviana Abate, y<\/li>\n<li>Carlos Ra\u00fal Rivas.&nbsp;<\/li>\n<li>Valeria Susana Castillo. Se integr\u00f3 la terna con la 4\u00aa postulante, quien pasa a ocupar el 3er puesto (en lugar del postulante Rivas), conforme a lo dispuesto por el art\u00edculo 16 de la ley 8.197 (texto seg\u00fan ley 9.186) por&nbsp;<a href=\"http:\/\/camtucuman.gob.ar\/documentos\/acuerdos\/acuerdo_2021_144.pdf\" target=\"_blank\" rel=\"noopener noreferrer\">Acuerdo n\u00ba 144\/2020<\/a>.<\/li>\n<\/ol>\n<hr>\n<p><strong>Concurso n\u00b0 218.&nbsp;<\/strong><strong>Defensor\/a Oficial Penal de la V Nominaci\u00f3n del Centro Judicial Concepci\u00f3n:<\/strong><\/p>\n<p>En fecha 02\/06\/2021 se elev\u00f3 al Poder Ejecutivo de la Provincia la terna resultante del concurso, mediante&nbsp;<a href=\"http:\/\/camtucuman.gob.ar\/documentos\/acuerdos\/acuerdo_2021_69.pdf\" target=\"_blank\" rel=\"noopener noreferrer\">Acuerdo n\u00ba 69\/2021<\/a>&nbsp;y conforme art. 101 Inc. 5\u00b0 de la Constituci\u00f3n de la Provincia y art. 16 de la Ley 8.197:<\/p>\n<ol>\n<li>Mart\u00edn Rodrigo Z\u00f3ttoli Correa,<\/li>\n<li>Benjam\u00edn Eduardo N\u00fa\u00f1ez Ar\u00e9valo, y<\/li>\n<li>Diego Sebasti\u00e1n Hevia.<\/li>\n<\/ol>\n<hr>\n<p><strong>Concurso n\u00b0 217. Defensor\/a Oficial Penal de la IV Nominaci\u00f3n del Centro Judicial Concepci\u00f3n:<\/strong><\/p>\n<p>En fecha 26\/05\/2021 se elev\u00f3 al Poder Ejecutivo de la Provincia la terna resultante del concurso, mediante&nbsp;<a href=\"http:\/\/camtucuman.gob.ar\/documentos\/acuerdos\/acuerdo_2021_68.pdf\" target=\"_blank\" rel=\"noopener noreferrer\">Acuerdo n\u00ba 68\/2021<\/a>&nbsp;y conforme art. 101 Inc. 5\u00b0 de la Constituci\u00f3n de la Provincia y art. 16 de la Ley 8.197:<\/p>\n<ol>\n<li>Carlos Sebasti\u00e1n Pais,<\/li>\n<li>Diego Sebasti\u00e1n Hevia, y&nbsp;<\/li>\n<li>Carlos Antonio Monroy.<\/li>\n<\/ol>\n<p>Se design\u00f3 en el cargo al Dr. Pais, prestando juramento ante el Ministro Pupilar y de la Defensa en 29\/07\/2022.<\/p>\n<hr>\n<p><strong>Concurso n\u00b0 227. Defensor\/a Oficial Civil y Comercial de la III Nominaci\u00f3n del Centro Judicial Concepci\u00f3n:<\/strong><\/p>\n<p>En fecha 28\/04\/2021 se elev\u00f3 al Poder Ejecutivo de la Provincia la terna resultante del concurso, mediante&nbsp;<a href=\"http:\/\/camtucuman.gob.ar\/documentos\/acuerdos\/acuerdo_2021_50.pdf\" target=\"_blank\" rel=\"noopener noreferrer\">Acuerdo n\u00ba 50\/2021<\/a>&nbsp;y conforme art. 101 Inc. 5\u00b0 de la Constituci\u00f3n de la Provincia y art. 16 de la Ley 8.197:<\/p>\n<ol>\n<li><span class=\"JsGRdQ\">Carlos Gustavo Paliza,<\/span><\/li>\n<li><span class=\"JsGRdQ\">Fernando Antonio Vera, y<\/span><\/li>\n<li><span class=\"JsGRdQ\">Pablo Ignacio Loandos.<\/span><\/li>\n<\/ol>\n<hr>\n<p><strong>Concurso n\u00b0 193.&nbsp;<\/strong><strong>Juez\/a del Tribunal de Impugnaci\u00f3n del Centro Judicial Capital:<\/strong><\/p>\n<p>En fecha 17\/03\/2021 se elev\u00f3 al Poder Ejecutivo de la Provincia la terna resultante del concurso, mediante&nbsp;<a href=\"http:\/\/camtucuman.gob.ar\/documentos\/acuerdos\/acuerdo_2021_24.pdf\" target=\"_blank\" rel=\"noopener noreferrer\">Acuerdo n\u00ba 24\/2021<\/a>&nbsp;y conforme art. 101 Inc. 5\u00b0 de la Constituci\u00f3n de la Provincia y art. 16 de la Ley 8.197:<\/p>\n<ol>\n<li>Carolina Eugenia Epelbaum.<\/li>\n<li>Laura Julieta Casas.<\/li>\n<li>Juana Francisca Ju\u00e1rez.<\/li>\n<\/ol>\n<p>Se design\u00f3 en el cargo a la Dra. Ju\u00e1rez, prestando&nbsp;<a href=\"https:\/\/youtu.be\/usLhZzIeKcA\" target=\"_blank\" rel=\"noopener noreferrer\">Juramento<\/a>&nbsp;de Ley por ante la CSJT en fecha 30\/06\/2022.<\/p>\n<hr>\n<p><strong>Concurso n\u00b0 207. Juez\/a de Primera Instancia en lo Contencioso Administrativo del Centro Judicial Concepci\u00f3n:<\/strong><\/p>\n<p>En fecha 10\/03\/2021 se elev\u00f3 al Poder Ejecutivo de la Provincia la terna resultante del concurso, mediante&nbsp;<a href=\"http:\/\/camtucuman.gob.ar\/documentos\/acuerdos\/acuerdo_2021_23.pdf\" target=\"_blank\" rel=\"noopener noreferrer\">Acuerdo n\u00ba 23\/2021<\/a>&nbsp;y conforme art. 101 Inc. 5\u00b0 de la Constituci\u00f3n de la Provincia y art. 16 de la Ley 8.197:<\/p>\n<ol>\n<li>Cristian Daniel Schurig,<\/li>\n<li>Fernando Efra\u00edn Graneros, y<\/li>\n<li>Patricio Rom\u00e1n Argota.<\/li>\n<\/ol>\n<hr>\n<p><strong>Concurso n\u00b0 164.&nbsp;Juez\/a del Trabajo del Centro Judicial Capital:<\/strong><\/p>\n<p>En fecha 03\/02\/2021 se elev\u00f3 al Poder Ejecutivo de la Provincia la terna resultante del concurso, mediante&nbsp;<a href=\"http:\/\/camtucuman.gob.ar\/documentos\/acuerdos\/acuerdo_2021_1.pdf\" target=\"_blank\" rel=\"noopener noreferrer\">Acuerdo n\u00ba 01\/2021<\/a>&nbsp;y conforme art. 101 Inc. 5\u00b0 de la Constituci\u00f3n de la Provincia y art. 16 de la Ley 8.197:<\/p>\n<ol>\n<li>Leticia Soledad Miqueleiz,&nbsp;<\/li>\n<li>Mar\u00eda Carmen L\u00f3pez Dom\u00ednguez, y<\/li>\n<li>Mar\u00eda Alejandra Moyano.<\/li>\n<\/ol>\n<p>Se design\u00f3 en el cargo a la Dra. L\u00f3pez Dom\u00ednguez, prestando juramento por ante la CSJT en fecha 06\/10\/2021.<\/p>\n<hr>\n<p><strong>Concurso n\u00b0 212. Juez\/a Civil en Documentos y Locaciones de la III Nominaci\u00f3n del Centro Judicial Capital:<\/strong><\/p>\n<p>En fecha 01\/12\/2020 se elev\u00f3 al Poder Ejecutivo de la Provincia la terna resultante del concurso, mediante&nbsp;<a href=\"http:\/\/camtucuman.gob.ar\/documentos\/acuerdos\/acuerdo_2020_275.pdf\" target=\"_blank\" rel=\"noopener noreferrer\">Acuerdo n\u00ba 275\/2020<\/a>&nbsp;y conforme art. 101 Inc. 5\u00b0 de la Constituci\u00f3n de la Provincia y art. 16 de la Ley 8.197:<\/p>\n<ol>\n<li>Carlos Ra\u00fal Rivas,<\/li>\n<li>Leonardo Violetto, y<\/li>\n<li>Fernando Garc\u00eda Hamilton.<\/li>\n<\/ol>\n<p>Se design\u00f3 en el cargo al Dr. Rivas, prestando juramento por ante la CSJT en fecha 06\/10\/2021.<\/p>\n<hr>\n<p><strong>Concurso n\u00b0 199. Defensor\/a Oficial en lo Penal de la IX Nominaci\u00f3n del Centro Judicial Capital:<\/strong><\/p>\n<p>En fecha 25\/11\/2020 se declar\u00f3 desierto, mediante&nbsp;<a href=\"http:\/\/camtucuman.gob.ar\/documentos\/acuerdos\/acuerdo_2020_273.pdf\" target=\"_blank\" rel=\"noopener noreferrer\">Acuerdo n\u00ba 273\/2020<\/a>. En misma fecha, se llam\u00f3 a Concurso N\u00ba 245 para id\u00e9ntico cargo, mediante&nbsp;<a href=\"http:\/\/camtucuman.gob.ar\/documentos\/acuerdos\/acuerdo_2020_274.pdf\" target=\"_blank\" rel=\"noopener noreferrer\">Acuerdo n\u00ba 274\/2020<\/a>.<\/p>\n<hr>\n<p><strong>Concurso n\u00b0 206. Juez\/a de Primera Instancia en lo Contencioso Administrativo del Centro Judicial Capital:<\/strong><\/p>\n<p>En fecha 25\/11\/2020 se elev\u00f3 al Poder Ejecutivo de la Provincia la terna resultante del concurso, mediante&nbsp;<a href=\"http:\/\/camtucuman.gob.ar\/documentos\/acuerdos\/acuerdo_2020_262.pdf\" target=\"_blank\" rel=\"noopener noreferrer\">Acuerdo n\u00ba 262\/2020<\/a>&nbsp;y conforme art. 101 Inc. 5\u00b0 de la Constituci\u00f3n de la Provincia y art. 16 de la Ley 8.197:<\/p>\n<ol>\n<li>Fernando Efra\u00edn Graneros,<\/li>\n<li>Ileana Raquel Melchiori, y<\/li>\n<li>Santiago Luis Arcuri.<\/li>\n<\/ol>\n<hr>\n<p><strong>Concurso n\u00b0 205. Juez\/a de Primera Instancia en lo Contencioso Administrativo del Centro Judicial Capital:<\/strong><\/p>\n<p>En fecha 11\/11\/2020 se elev\u00f3 al Poder Ejecutivo de la Provincia la terna resultante del concurso, mediante&nbsp;<a href=\"http:\/\/camtucuman.gob.ar\/documentos\/acuerdos\/acuerdo_2020_259.pdf\" target=\"_blank\" rel=\"noopener noreferrer\">Acuerdo n\u00ba 259\/2020<\/a>&nbsp;y conforme art. 101 Inc. 5\u00b0 de la Constituci\u00f3n de la Provincia y art. 16 de la Ley 8.197:<\/p>\n<ol>\n<li>Fernando Efra\u00edn Graneros,<\/li>\n<li>Andrea Viviana Abate, y<\/li>\n<li>Pablo Alejandro Salom\u00f3n.<\/li>\n<\/ol>\n<hr>\n<p><b>Concurso n\u00b0 215. Juez\/a del Colegio de Jueces Penales (originalmente llamado para Vocal de C\u00e1mara Penal, Sala I) del Centro Judicial Concepci\u00f3n:<\/b><\/p>\n<p>En fecha 14\/10\/2020 se elev\u00f3 al Poder Ejecutivo de la Provincia la terna resultante del concurso, mediante&nbsp;<a href=\"http:\/\/camtucuman.gob.ar\/documentos\/acuerdos\/acuerdo_2020_252.pdf\" target=\"_blank\" rel=\"noopener noreferrer\">Acuerdo n\u00ba 252\/2020<\/a>&nbsp;y conforme art. 101 Inc. 5\u00b0 de la Constituci\u00f3n de la Provincia y art. 16 de la Ley 8.197:<\/p>\n<ol>\n<li>Carlos Sebasti\u00e1n Pais,<\/li>\n<li>Rodrigo Sebasti\u00e1n Martearena, y<\/li>\n<li>F\u00e9lix Lo Pinto Colombres.<\/li>\n<\/ol>\n<p>Se design\u00f3 en el cargo al Dr. Martearena, prestando&nbsp;<a href=\"http:\/\/camtucuman.gob.ar\/web\/blog\/2020\/12\/18\/juraron-nuevos-jueces-y-juezas-tras-concursar-en-el-cam\/\" target=\"_blank\" rel=\"noopener noreferrer\">Juramento de Ley<\/a>&nbsp;por ante la CSJT en fecha 18\/12\/2020.<\/p>\n<hr>\n<p><strong>Concurso n\u00b0 213. Juez\/a de 1a Instancia en lo Civil y Comercial Com\u00fan de la V Nominaci\u00f3n del Centro Judicial Capital:<\/strong><\/p>\n<p>En fecha 16\/09\/2020 se elev\u00f3 al Poder Ejecutivo de la Provincia la terna resultante del concurso, mediante&nbsp;<a href=\"http:\/\/camtucuman.gob.ar\/documentos\/acuerdos\/acuerdo_2020_243.pdf\" target=\"_blank\" rel=\"noopener noreferrer\">Acuerdo n\u00ba 243\/2020<\/a>&nbsp;y conforme art. 101 Inc. 5\u00b0 de la Constituci\u00f3n de la Provincia y art. 16 de la Ley 8.197:<\/p>\n<ol>\n<li>Andrea Viviana Abate,<\/li>\n<li>Pedro Daniel Cagna, y<\/li>\n<li>Pablo Alejandro Salom\u00f3n.<\/li>\n<\/ol>\n<p>Se design\u00f3 en el cargo al Dr. Cagna, prestando&nbsp;<a href=\"http:\/\/camtucuman.gob.ar\/web\/blog\/2020\/12\/18\/juraron-nuevos-jueces-y-juezas-tras-concursar-en-el-cam\/\" target=\"_blank\" rel=\"noopener noreferrer\">Juramento de Ley<\/a>&nbsp;por ante la CSJT en fecha 18\/12\/2020.<\/p>\n<hr>\n<p><strong>Concurso n\u00b0 214. Fiscal\/a Correccional de la II Nominaci\u00f3n del Centro Judicial Capital:<\/strong><\/p>\n<p>En fecha 19\/08\/2020 se elev\u00f3 al Poder Ejecutivo de la Provincia la terna resultante del concurso, mediante&nbsp;<a href=\"http:\/\/camtucuman.gob.ar\/documentos\/acuerdos\/acuerdo_2020_234.pdf\" target=\"_blank\" rel=\"noopener noreferrer\">Acuerdo n\u00ba 234\/2020<\/a>&nbsp;y conforme art. 101 Inc. 5\u00b0 de la Constituci\u00f3n de la Provincia y art. 16 de la Ley 8.197:<\/p>\n<ol>\n<li>Guillermo Taylor,<\/li>\n<li>Gerardo Nicol\u00e1s Salas, y<\/li>\n<li>Patricia del Valle Carugatti.<\/li>\n<li>Augusto Jos\u00e9 Paz Almonacid.&nbsp;Se integr\u00f3 la terna con el 4to postulante, quien pasa a ocupar el 3er puesto (en lugar de la postulante Carugatti), conforme a lo dispuesto por el art\u00edculo 16 de la ley 8.197 (texto seg\u00fan ley 9.186) por&nbsp;<a href=\"http:\/\/camtucuman.gob.ar\/documentos\/acuerdos\/acuerdo_2020_254.pdf\" target=\"_blank\" rel=\"noopener noreferrer\">Acuerdo n\u00ba 254\/2020<\/a>.<\/li>\n<\/ol>\n<p>Se design\u00f3 en el cargo al Dr. Salas.<\/p>\n<hr>\n<p><strong>Concurso n\u00ba 190. Juez\/a del Tribunal de Impugnaci\u00f3n del Centro Judicial Capital:<\/strong><\/p>\n<p>En fecha 12\/08\/2020 se elev\u00f3 al Poder Ejecutivo de la Provincia la terna resultante del concurso, mediante&nbsp;<a href=\"http:\/\/camtucuman.gob.ar\/documentos\/acuerdos\/acuerdo_2020_228.pdf\" target=\"_blank\" rel=\"noopener noreferrer\">Acuerdo n\u00ba 228\/2020<\/a>&nbsp;y conforme art. 101 Inc. 5\u00b0 de la Constituci\u00f3n de la Provincia y art. 16 de la Ley 8.197:<\/p>\n<ol>\n<li>Agust\u00edn Francisco Puppio,<\/li>\n<li>Laura Julieta Casas,&nbsp;<\/li>\n<li>Guillermo Gustavo Gonz\u00e1lez,<\/li>\n<li>Mar\u00eda Valeria Mibelli. Se integr\u00f3 la terna con la 4ta postulante, quien pasa a ocupar el 3er lugar (la postulante Casas ocupar\u00e1 ahora el 1er lugar y el postulante Gonz\u00e1lez el 2do) conforme a lo dispuesto por el art\u00edculo 16 de la ley 8.197 (texto seg\u00fan ley 9.186) por&nbsp;<a href=\"http:\/\/camtucuman.gob.ar\/documentos\/acuerdos\/acuerdo_2020_253.pdf\" target=\"_blank\" rel=\"noopener noreferrer\">Acuerdo n\u00ba 253\/2020.<\/a><\/li>\n<\/ol>\n<p>Se design\u00f3 en el cargo a la Dra. Casas, prestando&nbsp;<a href=\"https:\/\/youtu.be\/usLhZzIeKcA\" target=\"_blank\" rel=\"noopener noreferrer\">Juramento de Ley<\/a>&nbsp;por ante la CSJT en fecha 30\/06\/2022.<\/p>\n<hr>\n<p><strong>Concurso n\u00b0 189.&nbsp;<\/strong><strong>Juez\/a del Tribunal de Impugnaci\u00f3n del Centro Judicial Capital:<\/strong><\/p>\n<p>En fecha 24\/07\/2020 se elev\u00f3 al Poder Ejecutivo de la Provincia la terna resultante del concurso, mediante&nbsp;<a href=\"http:\/\/camtucuman.gob.ar\/documentos\/acuerdos\/acuerdo_2020_214.pdf\" target=\"_blank\" rel=\"noopener noreferrer\">Acuerdo n\u00b0 214\/2020<\/a>&nbsp;y conforme art. 101 Inc. 5\u00b0 de la Constituci\u00f3n de la Provincia y art. 16 de la Ley 8.197:<\/p>\n<ol>\n<li>Carlos Santiago Caramuti,<\/li>\n<li>Carlos Felipe D\u00edaz Lannes, y<\/li>\n<li>Laura Julieta Casas.<\/li>\n<li>Agust\u00edn Francisco Puppio. Se integr\u00f3 la terna con el 4to postulante, quien pasa a ocupar el 3er lugar, conforme a lo dispuesto por el art\u00edculo 16 de la ley 8.197 (texto seg\u00fan ley 9.186) por&nbsp;<a href=\"http:\/\/camtucuman.gob.ar\/documentos\/acuerdos\/acuerdo_2020_235.pdf\" target=\"_blank\" rel=\"noopener noreferrer\">Acuerdo n\u00ba 235\/2020<\/a>&nbsp;de fecha 19\/08\/2020.<\/li>\n<\/ol>\n<p>Se design\u00f3 en el cargo al Dr. Puppio, prestando&nbsp;<a href=\"http:\/\/camtucuman.gob.ar\/web\/blog\/2020\/11\/05\/tres-nuevos-as-jueces-prestaron-juramento-luego-de-concursar-en-el-cam\/\" target=\"_blank\" rel=\"noopener noreferrer\">Juramento de Ley<\/a>&nbsp;por ante la CSJT en fecha 05\/11\/2020.<\/p>\n<hr>\n<p><strong>Concurso n\u00b0 211.<\/strong>&nbsp;<strong>Vocal de C\u00e1mara de Apelaciones en lo Civil en Documentos y Locaciones, Sala II, del Centro Judicial Capital:<\/strong><\/p>\n<p>En fecha 15\/07\/2020 se elev\u00f3 al Poder Ejecutivo de la Provincia la terna resultante del concurso, mediante&nbsp;<a href=\"http:\/\/camtucuman.gob.ar\/documentos\/acuerdos\/acuerdo_2020_184.pdf\" target=\"_blank\" rel=\"noopener noreferrer\">Acuerdo n\u00b0 184\/2020<\/a>&nbsp;y conforme art. 101 Inc. 5\u00b0 de la Constituci\u00f3n de la Provincia y art. 16 de la Ley 8.197:<\/p>\n<ol>\n<li>Pablo Roberto Toledo,<\/li>\n<li>Mar\u00eda Soledad Monteros, y<\/li>\n<li>Pedro Daniel Cagna.<\/li>\n<\/ol>\n<p>Se design\u00f3 en el cargo a la Dra. Monteros, prestando&nbsp;<a href=\"http:\/\/camtucuman.gob.ar\/web\/blog\/2020\/10\/21\/tras-concursar-en-el-cam-tres-magistradas-asumieron-en-sus-cargos\/\" target=\"_blank\" rel=\"noopener noreferrer\">Juramento de Ley<\/a>&nbsp;por ante la CSJT en fecha 21\/10\/2020.<\/p>\n<hr>\n<p><strong>Concurso n\u00b0 108. Fiscal\/a de Instrucci\u00f3n Penal del Centro Judicial Capital:<\/strong><\/p>\n<p>En sesi\u00f3n de fecha 08\/07\/2020 se declar\u00f3 desierto el concurso, y se llam\u00f3 a Concurso N\u00b0 232 para cubrir el cargo, mediante&nbsp;<a href=\"http:\/\/camtucuman.gob.ar\/documentos\/acuerdos\/acuerdo_2020_180.pdf\" target=\"_blank\" rel=\"noopener noreferrer\">Acuerdo n\u00b0 180\/2020.<\/a><\/p>\n<hr>\n<p><strong>Concurso n\u00b0 210.<\/strong>&nbsp;<strong>Vocal de C\u00e1mara en lo Civil y Comercial Com\u00fan, Sala I, del Centro Judicial Capital:<\/strong><\/p>\n<p>En fecha 08\/07\/2020 se elev\u00f3 al Poder Ejecutivo de la Provincia la terna resultante del concurso, mediante&nbsp;<a href=\"http:\/\/camtucuman.gob.ar\/documentos\/acuerdos\/acuerdo_2020_179.pdf\" target=\"_blank\" rel=\"noopener noreferrer\">Acuerdo n\u00b0 179\/2020<\/a>&nbsp;y conforme art. 101 Inc. 5\u00b0 de la Constituci\u00f3n de la Provincia y art. 16 de la Ley 8.197.<\/p>\n<ol>\n<li>Pedro Manuel Ram\u00f3n P\u00e9rez,<\/li>\n<li>Cristina F\u00e1tima Hurtado, y<\/li>\n<li>\u00c1lvaro Zamorano.<\/li>\n<\/ol>\n<p>Se design\u00f3 en el cargo al Dr. Zamorano, prestando&nbsp;<a href=\"http:\/\/camtucuman.gob.ar\/web\/blog\/2020\/12\/18\/juraron-nuevos-jueces-y-juezas-tras-concursar-en-el-cam\/\" target=\"_blank\" rel=\"noopener noreferrer\">Juramento de Ley<\/a>&nbsp;por ante la CSJT en fecha 18\/12\/2020.<\/p>\n<hr>\n<p><strong>Concurso n\u00b0 191.&nbsp;<\/strong><strong>Juez\/a del Tribunal de Impugnaci\u00f3n del Centro Judicial Capital:<\/strong><\/p>\n<p>En fecha 08\/07\/2020 se elev\u00f3 al Poder Ejecutivo de la Provincia la terna resultante del concurso, mediante&nbsp;<a href=\"http:\/\/camtucuman.gob.ar\/documentos\/acuerdos\/acuerdo_2020_178.pdf\" target=\"_blank\" rel=\"noopener noreferrer\">Acuerdo n\u00b0 178\/2020<\/a>&nbsp;y conforme art. 101 Inc. 5\u00b0 de la Constituci\u00f3n de la Provincia y art. 16 de la Ley 8.197.<\/p>\n<ol>\n<li>Carlos Santiago Caramuti,<\/li>\n<li>Agust\u00edn Francisco Puppio, y<\/li>\n<li>Facundo Maggio.<\/li>\n<\/ol>\n<p>Se integr\u00f3 la terna conforme a lo dispuesto por el art\u00edculo 16 de la ley 8.197 (texto seg\u00fan ley 9.186) por&nbsp;<a href=\"http:\/\/camtucuman.gob.ar\/documentos\/acuerdos\/acuerdo_2020_237.pdf\" target=\"_blank\" rel=\"noopener noreferrer\">Acuerdo n\u00ba 237\/2020<\/a>&nbsp;de fecha 19\/08\/2020, de la siguiente manera:<\/p>\n<ol>\n<li>Agust\u00edn Francisco Puppio,<\/li>\n<li>Mar\u00eda Jimena Su\u00e1rez, y<\/li>\n<li>Juana Francisca Ju\u00e1rez.<\/li>\n<\/ol>\n<p>Se design\u00f3 en el cargo a la Dra. Su\u00e1rez, prestando&nbsp;<a href=\"http:\/\/camtucuman.gob.ar\/web\/blog\/2020\/10\/21\/tras-concursar-en-el-cam-tres-magistradas-asumieron-en-sus-cargos\/\" target=\"_blank\" rel=\"noopener noreferrer\">Juramento de Ley<\/a>&nbsp;por ante la CSJT en fecha 21\/10\/2020.<\/p>\n<hr>\n<p><strong>Concurso n\u00b0 175. Vocal de C\u00e1mara de Apelaciones en lo Penal de Instrucci\u00f3n:<\/strong><\/p>\n<p>En fecha 08\/07\/2020 se elev\u00f3 al Poder Ejecutivo de la Provincia la terna resultante del concurso, mediante&nbsp;<a href=\"http:\/\/camtucuman.gob.ar\/documentos\/acuerdos\/acuerdo_2020_177.pdf\" target=\"_blank\" rel=\"noopener noreferrer\">Acuerdo n\u00b0 177\/2020<\/a>&nbsp;y conforme art. 101 Inc. 5\u00b0 de la Constituci\u00f3n de la Provincia y art. 16 de la Ley 8.197.<\/p>\n<ol>\n<li>Facundo Maggio,<\/li>\n<li>Carlos Santiago Caramuti, y<\/li>\n<li>Carlos Felipe D\u00edaz Lannes.<\/li>\n<\/ol>\n<p>Se integr\u00f3 la terna conforme a lo dispuesto por el art\u00edculo 16 de la ley 8.197 (texto seg\u00fan ley 9.186) por&nbsp;<a href=\"http:\/\/camtucuman.gob.ar\/documentos\/acuerdos\/acuerdo_2020_236.pdf\" target=\"_blank\" rel=\"noopener noreferrer\">Acuerdo n\u00ba 236\/2020<\/a>&nbsp;de fecha 19\/08\/2020, de la siguiente manera:<\/p>\n<ol>\n<li>Carlos Felipe D\u00edaz Lannes,<\/li>\n<li>Patricia del Valle Carugatti, y<\/li>\n<li>Mar\u00eda Valeria Mibelli.<\/li>\n<\/ol>\n<p>Se design\u00f3 en el cargo a la Dra. Carugatti, prestando&nbsp;<a href=\"http:\/\/camtucuman.gob.ar\/web\/blog\/2020\/10\/21\/tras-concursar-en-el-cam-tres-magistradas-asumieron-en-sus-cargos\/\" target=\"_blank\" rel=\"noopener noreferrer\">Juramento de Ley<\/a>&nbsp;por ante la CSJT en fecha 21\/10\/2020.<\/p>\n<hr>\n<p><strong>Concurso n\u00b0 167.&nbsp;<\/strong><strong>Juez\/a del Trabajo del Centro Judicial Capital:<\/strong><\/p>\n<p>En fecha 01\/07\/2020 se elev\u00f3 al Poder Ejecutivo de la Provincia la terna resultante del concurso, mediante&nbsp;<a href=\"http:\/\/camtucuman.gob.ar\/documentos\/acuerdos\/acuerdo_2020_174.pdf\" target=\"_blank\" rel=\"noopener noreferrer\">Acuerdo n\u00b0174\/2020<\/a>&nbsp;y conforme art. 101 Inc. 5\u00b0 de la Constituci\u00f3n de la Provincia y art. 16 de la Ley 8.197:<\/p>\n<ol>\n<li>Jorge Agust\u00edn Mu\u00f1oz,<\/li>\n<li>Sandra Alicia Gonz\u00e1lez, y&nbsp;<\/li>\n<li>Patricia M\u00f3nica Ruiz.&nbsp;<\/li>\n<\/ol>\n<p>Se design\u00f3 en el cargo a la Dra. Gonz\u00e1lez, prestando&nbsp;<a href=\"http:\/\/camtucuman.gob.ar\/web\/blog\/2020\/09\/30\/dos-nuevos-jueces-del-trabajo-prestaron-juramento-luego-de-concursar-en-el-cam\/\" target=\"_blank\" rel=\"noopener noreferrer\">Juramento de Ley<\/a>&nbsp;por ante la Corte Suprema de Justicia de Tucum\u00e1n en fecha 30\/09\/2020.<\/p>\n<hr>\n<p><strong>Concurso n\u00b0 188. Juez\/a del Tribunal de Impugnaci\u00f3n del Centro Judicial Capital:<\/strong><\/p>\n<p>En fecha 01\/07\/2020 se elev\u00f3 al Poder Ejecutivo de la Provincia la terna resultante del concurso, mediante&nbsp;<a href=\"http:\/\/camtucuman.gob.ar\/documentos\/acuerdos\/acuerdo_2020_175.pdf\" target=\"_blank\" rel=\"noopener noreferrer\">Acuerdo n\u00b0 175\/2020<\/a>&nbsp;y conforme art. 101 Inc. 5\u00b0 de la Constituci\u00f3n de la Provincia y art. 16 de la Ley 8.197:<\/p>\n<ol>\n<li>Carlos Santiago Caramuti,<\/li>\n<li>Laura Julieta Casas, y<\/li>\n<li>Facundo Maggio.<\/li>\n<\/ol>\n<p>Se design\u00f3 en el cargo al Dr. Maggio, prestando&nbsp;<a href=\"http:\/\/camtucuman.gob.ar\/web\/blog\/2020\/08\/14\/4-nuevos-magistrados-preseleccionados-por-el-cam-prestaron-juramento-ante-la-corte\/\" target=\"_blank\" rel=\"noopener noreferrer\">Juramento de Ley<\/a>&nbsp;por ante la Corte Suprema de Justicia de Tucum\u00e1n en fecha 13\/08\/2020.<\/p>\n<hr>\n<p><strong>Concurso n\u00b0 198. Fiscal\/a de C\u00e1mara en lo Penal III del Centro Judicial Concepci\u00f3n.<\/strong><\/p>\n<p>Se declar\u00f3 desierto en sesi\u00f3n de fecha 24\/06\/2020, mediante&nbsp;<a href=\"http:\/\/camtucuman.gob.ar\/documentos\/acuerdos\/acuerdo_2020_163.pdf\" target=\"_blank\" rel=\"noopener noreferrer\">Acuerdo n\u00b0 163\/2020.<\/a><\/p>\n<hr>\n<p><strong>Concurso n\u00b0 200<\/strong>.&nbsp;<strong>Vocal de C\u00e1mara Penal, Sala VI, del Centro Judicial Capital:<\/strong><\/p>\n<p>En fecha 03\/06\/2020 se elev\u00f3 al Poder Ejecutivo de la Provincia la terna resultante del concurso, mediante&nbsp;<a href=\"http:\/\/camtucuman.gob.ar\/documentos\/acuerdos\/acuerdo_2020_164.pdf\" target=\"_blank\" rel=\"noopener noreferrer\">Acuerdo n\u00b0 164\/2020<\/a>&nbsp;y conforme art. 101 Inc. 5\u00b0 de la Constituci\u00f3n de la Provincia y art. 16 de la Ley 8.197:<\/p>\n<ol>\n<li>Cynthia Lorena Rocha,<\/li>\n<li>Isabel de los \u00c1ngeles M\u00e9ndez, y<\/li>\n<li>Enrique Mart\u00edn Cacici.&nbsp;<\/li>\n<li>Mar\u00eda Jimena Su\u00e1rez. Se integr\u00f3 la terna con la 4ta postulante, quien pasa a ocupar el 3er lugar, conforme a lo dispuesto por el art\u00edculo 16 de la ley 8.197 (texto seg\u00fan ley 9.186) por&nbsp;<a href=\"http:\/\/camtucuman.gob.ar\/documentos\/acuerdos\/acuerdo_2020_212.pdf\" target=\"_blank\" rel=\"noopener noreferrer\">Acuerdo n\u00b0 212\/2020<\/a>&nbsp;de fecha 22\/07\/2020.<\/li>\n<\/ol>\n<p>Se design\u00f3 en el cargo a la Dra. M\u00e9ndez, prestando&nbsp;<a href=\"http:\/\/camtucuman.gob.ar\/web\/blog\/2020\/11\/05\/tres-nuevos-as-jueces-prestaron-juramento-luego-de-concursar-en-el-cam\/\" target=\"_blank\" rel=\"noopener noreferrer\">Juramento de Ley<\/a>&nbsp;por ante la CSJT en fecha 05\/11\/2020.<\/p>\n<hr>\n<p><strong>Concurso n\u00b0 203<\/strong>.<strong>&nbsp;Defensor\/a Oficial Penal de la II Nominaci\u00f3n del Centro Judicial Concepci\u00f3n:<\/strong><\/p>\n<p>En fecha 03\/06\/2020 se elev\u00f3 al Poder Ejecutivo de la Provincia la terna resultante del concurso, mediante&nbsp;<a href=\"http:\/\/camtucuman.gob.ar\/documentos\/acuerdos\/acuerdo_2020_162.pdf\" target=\"_blank\" rel=\"noopener noreferrer\">Acuerdo n\u00b0 162\/2020<\/a>&nbsp;y conforme art. 101 Inc. 5\u00b0 de la Constituci\u00f3n de la Provincia y art. 16 de la Ley 8.197:<\/p>\n<ol>\n<li>Carlos Sebasti\u00e1n Pais,&nbsp;<\/li>\n<li>Gerardo Nicol\u00e1s Salas, y<\/li>\n<li>Carlos Mariano Delgado.<\/li>\n<\/ol>\n<p>Se design\u00f3 en el cargo al Dr. Delgado.<\/p>\n<hr>\n<p><strong>Concurso n\u00b0 192. Juez\/a del Tribunal de Impugnaci\u00f3n del Centro Judicial Capital:<\/strong><\/p>\n<p>En fecha 03\/06\/2020 se elev\u00f3 al Poder Ejecutivo de la Provincia la terna resultante del concurso, mediante&nbsp;<a href=\"http:\/\/camtucuman.gob.ar\/documentos\/acuerdos\/acuerdo_2020_161.pdf\" target=\"_blank\" rel=\"noopener noreferrer\">Acuerdo n\u00b0 161\/2020<\/a>&nbsp;y conforme art. 101 Inc. 5\u00b0 de la Constituci\u00f3n de la Provincia y art. 16 de la Ley 8.197:<\/p>\n<ol>\n<li>Carlos Santiago Caramuti,<\/li>\n<li>Agust\u00edn Francisco Puppio, y<\/li>\n<li>Facundo Maggio.<\/li>\n<\/ol>\n<p>Se design\u00f3 en el cargo al Dr. Caramuti, prestando&nbsp;<a href=\"http:\/\/camtucuman.gob.ar\/web\/blog\/2020\/08\/14\/4-nuevos-magistrados-preseleccionados-por-el-cam-prestaron-juramento-ante-la-corte\/\" target=\"_blank\" rel=\"noopener noreferrer\">Juramento de Ley<\/a>&nbsp;por ante la Corte Suprema de Justicia de Tucum\u00e1n en fecha 13\/08\/2020.<\/p>\n<hr>\n<p><strong>Concurso n\u00b0 163. Juez\/a del Trabajo del Centro Judicial Capital:<\/strong><\/p>\n<p>En fecha 03\/06\/2020 se elev\u00f3 al Poder Ejecutivo de la Provincia la terna resultante del concurso, mediante&nbsp;<a href=\"http:\/\/camtucuman.gob.ar\/documentos\/acuerdos\/acuerdo_2020_160.pdf\" target=\"_blank\" rel=\"noopener noreferrer\">Acuerdo n\u00b0 160\/2020<\/a>&nbsp;y conforme art. 101 Inc. 5\u00b0 de la Constituci\u00f3n de la Provincia y art. 16 de la Ley 8.197:<\/p>\n<ol>\n<li>C\u00e9sar Gabriel Exler,<\/li>\n<li>Mar\u00eda Dolores Malmierca, y<\/li>\n<li>Ram\u00f3n Ricardo Rivero.<\/li>\n<\/ol>\n<p>Se design\u00f3 en el cargo al Dr. Exler, prestando&nbsp;<a href=\"http:\/\/camtucuman.gob.ar\/web\/blog\/2020\/09\/30\/dos-nuevos-jueces-del-trabajo-prestaron-juramento-luego-de-concursar-en-el-cam\/\" target=\"_blank\" rel=\"noopener noreferrer\">Juramento de Ley<\/a>&nbsp;por ante la Corte Suprema de Justicia de Tucum\u00e1n en fecha 30\/09\/2020.<\/p>\n<hr>\n<p><b>Concurso n\u00b0 209.&nbsp;<\/b><b>Vocal de C\u00e1mara de Apelaciones del Trabajo, Sala III<\/b><b>&nbsp;del Centro Judicial Capital:<\/b><b><\/b><\/p>\n<p>En fecha 13\/05\/2020 se elev\u00f3 al Poder Ejecutivo de la Provincia la terna resultante del concurso, mediante&nbsp;<a href=\"http:\/\/camtucuman.gob.ar\/documentos\/acuerdos\/acuerdo_2020_158.pdf\" target=\"_blank\" rel=\"noopener noreferrer\">Acuerdo n\u00b0 158\/2020<\/a>&nbsp;y conforme art. 101 Inc. 5\u00b0 de la Constituci\u00f3n de la Provincia y art. 16 de la Ley 8.197:<\/p>\n<ol start=\"1\" type=\"1\">\n<li><span lang=\"ES\">Ezio Enrique Jogna Prat,<\/span><\/li>\n<li><span lang=\"ES\">Tatiana Alejandra Carrera,<\/span><\/li>\n<li><span lang=\"ES\">Horacio Javier Rey.<\/span><\/li>\n<li>Graciela Beatriz Corai.&nbsp;Se integr\u00f3 la terna con la 4ta postulante, quien pasa a ocupar el 3er lugar, conforme a lo dispuesto por el art\u00edculo 16 de la ley 8.197 (texto seg\u00fan ley 9.186) por&nbsp;<a href=\"http:\/\/camtucuman.gob.ar\/documentos\/acuerdos\/acuerdo_2020_213.pdf\" target=\"_blank\" rel=\"noopener noreferrer\">Acuerdo n\u00b0 213\/2020<\/a>&nbsp;de fecha 22\/07\/2020.<\/li>\n<\/ol>\n<p>Se design\u00f3 en el cargo a la Dra. Corai, prestando&nbsp;<a href=\"http:\/\/camtucuman.gob.ar\/web\/blog\/2020\/11\/05\/tres-nuevos-as-jueces-prestaron-juramento-luego-de-concursar-en-el-cam\/\" target=\"_blank\" rel=\"noopener noreferrer\">Juramento de Ley<\/a>&nbsp;por ante la CSJT en fecha 05\/11\/2020.<\/p>\n<hr>\n<p><strong>Concurso n\u00b0 168.&nbsp;<\/strong><strong>Juez\/a del Trabajo del Centro Judicial Capital:<\/strong><\/p>\n<p>En fecha 11\/03\/2020 se elev\u00f3 al Poder Ejecutivo de la Provincia la terna resultante del concurso, mediante&nbsp;<a href=\"http:\/\/camtucuman.gob.ar\/documentos\/acuerdos\/acuerdo_2020_80.pdf\">Acuerdo n\u00b0 80\/2020<\/a>&nbsp;y conforme art. 101 Inc. 5\u00b0 de la Constituci\u00f3n de la Provincia y art. 16 de la Ley 8.197:<\/p>\n<ol>\n<li>Horacio Javier Rey,<\/li>\n<li>Rub\u00e9n Dar\u00edo Aquino, y<\/li>\n<li>Mar\u00eda Dolores Malmierca.<\/li>\n<\/ol>\n<p>Se design\u00f3 en el cargo al Dr. Rey, prestando&nbsp;<a href=\"http:\/\/camtucuman.gob.ar\/web\/blog\/2020\/08\/14\/4-nuevos-magistrados-preseleccionados-por-el-cam-prestaron-juramento-ante-la-corte\/\" target=\"_blank\" rel=\"noopener noreferrer\">Juramento de Ley<\/a>&nbsp;por ante la Corte Suprema de Justicia de Tucum\u00e1n en fecha 13\/08\/\/2020.<\/p>\n<hr>\n<p><strong>Concurso n\u00b0 202<\/strong>.&nbsp;<strong>Juez\/a de Instrucci\u00f3n Penal de la II Nominaci\u00f3n del Centro Judicial Concepci\u00f3n:<\/strong><\/p>\n<p>En fecha 26\/02\/2020 se elev\u00f3 al Poder Ejecutivo de la Provincia la terna resultante del concurso, mediante&nbsp;<a href=\"http:\/\/camtucuman.gob.ar\/documentos\/acuerdos\/acuerdo_2020_54.pdf\">Acuerdo n\u00b0 54\/2020<\/a>&nbsp;y conforme art. 101 Inc. 5\u00b0 de la Constituci\u00f3n de la Provincia y art. 16 de la Ley 8.197:<\/p>\n<ol>\n<li>Gerardo Nicol\u00e1s Salas,<\/li>\n<li>Enrique Mart\u00edn Cacici, y<\/li>\n<li>Carlos Sebasti\u00e1n Pais.<\/li>\n<\/ol>\n<p>Se design\u00f3 en el cargo al Dr. Cacici, prestando&nbsp;<a href=\"http:\/\/camtucuman.gob.ar\/web\/blog\/2020\/08\/14\/4-nuevos-magistrados-preseleccionados-por-el-cam-prestaron-juramento-ante-la-corte\/\" target=\"_blank\" rel=\"noopener noreferrer\">Juramento de Ley<\/a>&nbsp;por ante la Corte Suprema de Justicia de Tucum\u00e1n en fecha 13\/08\/\/2020.<\/p>\n<hr>\n<p><strong>Concurso n\u00b0<\/strong>&nbsp;<strong>208. Vocal de C\u00e1mara&nbsp;<\/strong><strong>en lo Contencioso Administrativo, Sala I<\/strong><strong>,<\/strong><strong>&nbsp;del Centro Judicial Capital<\/strong><strong>:<\/strong><\/p>\n<p>En fecha 06\/02\/2020 se elev\u00f3 al Poder Ejecutivo de la Provincia la terna resultante del concurso, mediante&nbsp;<a href=\"http:\/\/camtucuman.gob.ar\/documentos\/acuerdos\/acuerdo_2020_1.pdf\" target=\"_blank\" rel=\"noopener noreferrer\">Acuerdo n\u00b0 01\/2020<\/a>&nbsp;y conforme art. 101 Inc. 5\u00b0 de la Constituci\u00f3n de la Provincia y art. 16 de la Ley 8.197:<\/p>\n<ol>\n<li>Augusto Gonz\u00e1lez Navarro,<\/li>\n<li>Mar\u00eda Florencia Casas, y&nbsp;<\/li>\n<li>Claudia Eleonora M\u00e9ndez.<\/li>\n<\/ol>\n<p>Se design\u00f3 en el cargo a la Dra. Casas, prestando&nbsp;<a href=\"http:\/\/camtucuman.gob.ar\/web\/blog\/2020\/06\/05\/una-nueva-magistrada-para-la-camara-en-lo-contencioso-administrativo\/\" target=\"_blank\" rel=\"noopener noreferrer\">Juramento de Ley<\/a>&nbsp;por ante la Corte Suprema de Justicia de Tucum\u00e1n en fecha 05\/06\/2020.<\/p>\n<hr>\n<p><strong>Concurso n\u00b0 201. Fiscal\/a de Instrucci\u00f3n Penal de la II Nominaci\u00f3n del Centro Judicial Concepci\u00f3n:<\/strong><\/p>\n<p>En fecha 04\/12\/2019 se elev\u00f3 al Poder Ejecutivo de la Provincia la terna resultante del concurso, mediante&nbsp;<a href=\"http:\/\/camtucuman.gob.ar\/documentos\/acuerdos\/acuerdo_2019_341.pdf\" target=\"_blank\" rel=\"noopener noreferrer\">Acuerdo n\u00b0 341\/2019<\/a>&nbsp;y&nbsp;conforme&nbsp;art. 101 Inc. 5\u00b0 de la Constituci\u00f3n de la Provincia y art. 16 de la Ley 8.197:<\/p>\n<ol>\n<li>Carlos Sebasti\u00e1n Pais,<\/li>\n<li>Fernando Nicol\u00e1s Blanno, y<\/li>\n<li>Carlos Gustavo Pic\u00f3n.<\/li>\n<\/ol>\n<p>Fue designado en el cargo el Dr. Pic\u00f3n, prestando&nbsp;<a href=\"http:\/\/camtucuman.gob.ar\/web\/blog\/2020\/02\/20\/tres-nuevos-fiscales-asumieron-en-sus-cargos-luego-de-concursar-en-el-cam\/\" target=\"_blank\" rel=\"noopener noreferrer\">Juramento de Ley<\/a>&nbsp;por ante el Ministro P\u00fablico Fiscal en fecha 20\/02\/2020.<\/p>\n<hr>\n<p><strong>Concurso n\u00b0 166. Juez\/a de Primera Instancia del Trabajo del Centro Judicial Capital:<\/strong><\/p>\n<p>En fecha 04\/12\/2019 se elev\u00f3 al Poder Ejecutivo de la Provincia la terna resultante del concurso, mediante&nbsp;<a href=\"http:\/\/camtucuman.gob.ar\/documentos\/acuerdos\/acuerdo_2019_340.pdf\" target=\"_blank\" rel=\"noopener noreferrer\">Acuerdo n\u00b0 340\/2019<\/a>&nbsp;y&nbsp;conforme&nbsp;art. 101 Inc. 5\u00b0 de la Constituci\u00f3n de la Provincia y art. 16 de la Ley 8.197:<\/p>\n<ol>\n<li>Miguel Enrique Fern\u00e1nez Corona,<\/li>\n<li>Mar\u00eda Alejandra Moyano, y<\/li>\n<li>Rub\u00e9n Dar\u00edo Aquino.<\/li>\n<\/ol>\n<p>Fue designado en el cargo el Dr. Fern\u00e1ndez Corona, prestando&nbsp;<a href=\"http:\/\/camtucuman.gob.ar\/web\/blog\/2020\/02\/26\/la-corte-tomo-juramento-a-tres-magistrados-luego-de-su-paso-por-el-cam\/\" target=\"_blank\" rel=\"noopener noreferrer\">Juramento de Ley<\/a>&nbsp;por ante la CSJT en fecha 26\/02\/2020.<\/p>\n<hr>\n<p><strong>Concurso n\u00b0 197. Fiscal\/a de Instrucci\u00f3n Penal de la V Nominaci\u00f3n del Centro Judicial Capital:<\/strong><\/p>\n<p>En fecha 24\/10\/2019 se elev\u00f3 al Poder Ejecutivo de la Provincia la terna resultante del concurso, mediante&nbsp;<a href=\"http:\/\/camtucuman.gob.ar\/documentos\/acuerdos\/acuerdo_2019_331.pdf\" target=\"_blank\" rel=\"noopener noreferrer\">Acuerdo n\u00b0 331\/2019<\/a>&nbsp;y&nbsp;conforme&nbsp;art. 101 Inc. 5\u00b0 de la Constituci\u00f3n de la Provincia y art. 16 de la Ley 8.197:<\/p>\n<ol>\n<li>Guillermo Taylor,<\/li>\n<li>Carlos Sebasti\u00e1n Pais, y<\/li>\n<li>Jos\u00e9 Augusto Zapata (designado en igual cargo, renunci\u00f3 a integrar esta terna).<\/li>\n<li>Se integr\u00f3 la terna con el 4to postulante en orden de m\u00e9rito, remiti\u00e9ndose nuevamente al Poder Ejecutivo por&nbsp;<a href=\"http:\/\/camtucuman.gob.ar\/documentos\/acuerdos\/acuerdo_2019_351.pdf\" target=\"_blank\" rel=\"noopener noreferrer\">Acuerdo n\u00ba 351\/2019<\/a>&nbsp;de fecha 04\/12\/2019, quedando en 3er lugar el postulante Daniel Marcelo Leguizam\u00f3n.<\/li>\n<\/ol>\n<p>Fue designado en el cargo el Dr. Leguizam\u00f3n, prestando&nbsp;<a href=\"http:\/\/camtucuman.gob.ar\/web\/blog\/2020\/02\/20\/tres-nuevos-fiscales-asumieron-en-sus-cargos-luego-de-concursar-en-el-cam\/\" target=\"_blank\" rel=\"noopener noreferrer\">Juramento de Ley<\/a>&nbsp;por ante el Ministro P\u00fablico Fiscal en fecha 20\/02\/2020.<\/p>\n<hr>\n<p><strong>Concurso n\u00b0 204<\/strong>.&nbsp;<strong>Fiscal\/a de C\u00e1mara Penal I del Centro Judicial Concepci\u00f3n:<\/strong><\/p>\n<p>En fecha 22\/10\/2019 se elev\u00f3 al Poder Ejecutivo de la Provincia la terna resultante del concurso, mediante&nbsp;<a href=\"http:\/\/camtucuman.gob.ar\/documentos\/acuerdos\/acuerdo_2019_302.pdf\" target=\"_blank\" rel=\"noopener noreferrer\">Acuerdo n\u00b0 302\/2019<\/a>&nbsp;y&nbsp;conforme&nbsp;art. 101 Inc. 5\u00b0 de la Constituci\u00f3n de la Provincia y art. 16 de la Ley 8.197:<\/p>\n<ol>\n<li>Fernando Nicol\u00e1s Blanno,<\/li>\n<li>Carlos Gustavo Pic\u00f3n, y<\/li>\n<li>Carlos Mariano Delgado.<\/li>\n<\/ol>\n<p>Fue designado en el cargo el Dr. Blanno, prestando&nbsp;<a href=\"http:\/\/camtucuman.gob.ar\/web\/blog\/2020\/02\/20\/tres-nuevos-fiscales-asumieron-en-sus-cargos-luego-de-concursar-en-el-cam\/\" target=\"_blank\" rel=\"noopener noreferrer\">Juramento de Ley<\/a>&nbsp;por ante el Ministro P\u00fablico Fiscal en fecha 20\/02\/2020.<\/p>\n<hr>\n<p><strong>Concurso n\u00b0 169.&nbsp;<\/strong><strong>Juez\/a del Trabajo del Centro Judicial Concepci\u00f3n:<\/strong><\/p>\n<p>En fecha 16\/10\/2019 se dio de baja el concurso seg\u00fan lo dispuesto en&nbsp;<a href=\"http:\/\/camtucuman.gob.ar\/documentos\/acuerdos\/acuerdo_2019_281.pdf\" target=\"_blank\" rel=\"noopener noreferrer\">Acuerdo n\u00b0 281\/2019<\/a>.<\/p>\n<hr>\n<p><strong>Concurso n\u00b0 170.&nbsp;<\/strong><strong>Juez\/a del Trabajo del Centro Judicial Concepci\u00f3n:<\/strong><\/p>\n<p>En fecha 16\/10\/2019 se dio de baja el concurso seg\u00fan lo dispuesto en&nbsp;<a href=\"http:\/\/camtucuman.gob.ar\/documentos\/acuerdos\/acuerdo_2019_281.pdf\" target=\"_blank\" rel=\"noopener noreferrer\">Acuerdo n\u00b0 281\/2019<\/a>.<\/p>\n<hr>\n<p><strong>Concurso n\u00b0 187. Juez\/a Correccional en lo Penal de la II Nominaci\u00f3n del Centro Judicial Capital:<\/strong><\/p>\n<p>En fecha 09\/10\/2019 se elev\u00f3 al Poder Ejecutivo de la Provincia la terna resultante del concurso, mediante&nbsp;<a href=\"http:\/\/camtucuman.gob.ar\/documentos\/acuerdos\/acuerdo_2019_280.pdf\" target=\"_blank\" rel=\"noopener noreferrer\">Acuerdo n\u00b0 280\/2019<\/a>&nbsp;y&nbsp;conforme&nbsp;art. 101 Inc. 5\u00b0 de la Constituci\u00f3n de la Provincia y art. 16 de la Ley 8.197:<\/p>\n<ol>\n<li>Isolina Mar\u00eda Ap\u00e1s P\u00e9rez de Nucci,<\/li>\n<li>Mar\u00eda Valeria Mibelli, y<\/li>\n<li>Carlos Sebasti\u00e1n Pais.<\/li>\n<\/ol>\n<p>Fue designada en el cargo la Dra. Ap\u00e1s P\u00e9rez de Nucci, prestando&nbsp;<a href=\"http:\/\/camtucuman.gob.ar\/web\/blog\/2020\/02\/13\/juraron-nuevos-magistrados-preseleccionados-por-el-cam\/\" target=\"_blank\" rel=\"noopener noreferrer\">Juramento de Ley<\/a>&nbsp;por ante la CSJT en fecha 12\/02\/2020.<\/p>\n<hr>\n<p><strong>Concurso n\u00b0 184. Fiscal\/a de Instrucci\u00f3n Penal de la X\u00b0 Nominaci\u00f3n del Centro Judicial Capital.<\/strong><\/p>\n<p>En fecha 02\/10\/2019 se elev\u00f3 al Poder Ejecutivo de la Provincia la terna resultante del concurso, mediante&nbsp;<a href=\"http:\/\/camtucuman.gob.ar\/documentos\/acuerdos\/acuerdo_2019_272.pdf\" target=\"_blank\" rel=\"noopener noreferrer\">Acuerdo n\u00b0 272\/2019<\/a>&nbsp;y&nbsp;conforme&nbsp;art. 101 Inc. 5\u00b0 de la Constituci\u00f3n de la Provincia y art. 16 de la Ley 8.197:<\/p>\n<ol>\n<li>Guillermo Taylor,<\/li>\n<li>Jos\u00e9 Augusto Zapata, y<\/li>\n<li>Gerardo Nicol\u00e1s Salas.<\/li>\n<\/ol>\n<p>Fue designado en el cargo el Dr. Zapata, prestando Juramento de Ley ante el Ministerio P\u00fablico Fiscal en fecha 04\/11\/2019.<\/p>\n<hr>\n<p><strong>Concurso n\u00b0 183. Juez\/a de Instrucci\u00f3n Penal de la IV Nominaci\u00f3n del Centro Judicial Capital.<\/strong><\/p>\n<p>En fecha 02\/10\/2019 se elev\u00f3 al Poder Ejecutivo de la Provincia la terna resultante del concurso, mediante&nbsp;<a href=\"http:\/\/camtucuman.gob.ar\/documentos\/acuerdos\/acuerdo_2019_271.pdf\" target=\"_blank\" rel=\"noopener noreferrer\">Acuerdo n\u00b0 271\/2019<\/a>&nbsp; y&nbsp;conforme&nbsp;art. 101 Inc. 5\u00b0 de la Constituci\u00f3n de la Provincia y art. 16 de la Ley 8.197:<\/p>\n<ol>\n<li>Guillermo Mat\u00edas Puig,<\/li>\n<li>Gonzalo Asc\u00e1rate, y<\/li>\n<li>Ra\u00fal Armando Cardozo.<\/li>\n<\/ol>\n<p>Fue designado el Dr. Cardozo, prestando&nbsp;<a href=\"http:\/\/camtucuman.gob.ar\/web\/blog\/2019\/11\/01\/5-nuevos-magistrados-preseleccionados-por-el-cam-tomaron-posesion-de-sus-cargos\/\" target=\"_blank\" rel=\"noopener noreferrer\">Juramento de Ley<\/a>&nbsp;por ante la CSJT en fecha 01\/11\/2019<\/p>\n<hr>\n<p><strong>Concurso n\u00b0 179. Defensor\/a Oficial Penal de la I Nominaci\u00f3n del Centro Judicial Capital:<\/strong><\/p>\n<p>En fecha 25\/09\/2019 se elev\u00f3 al Poder Ejecutivo de la Provincia la terna resultante del concurso, mediante&nbsp;<a href=\"http:\/\/camtucuman.gob.ar\/documentos\/acuerdos\/acuerdo_2019_262.pdf\" target=\"_blank\" rel=\"noopener noreferrer\">Acuerdo n\u00b0 262\/2019<\/a>&nbsp;&nbsp;y&nbsp;conforme&nbsp;art. 101 Inc. 5\u00b0 de la Constituci\u00f3n de la Provincia y art. 16 de la Ley 8.197:<\/p>\n<ol>\n<li>Fanny Siriani,<\/li>\n<li>Isolina Mar\u00eda Ap\u00e1s P\u00e9rez de Nucci, y<\/li>\n<li>Julio Daniel Jorge Plaza.&nbsp;<\/li>\n<\/ol>\n<p>Fue designado en el cargo el Dr. Plaza, prestando&nbsp;<a href=\"http:\/\/camtucuman.gob.ar\/web\/blog\/2019\/11\/05\/asume-un-nuevo-defensor-oficial-penal-luego-de-concursar-en-el-cam\/?fbclid=IwAR0ro8iTNylPMsNGdghOC07A7-iRHqFOebLXMn3x0HGjhFFWeFP9HH5LEbM\" target=\"_blank\" rel=\"noopener noreferrer\">Juramento de Ley<\/a>&nbsp;ante el Ministro Pupilar y de la Defensa, en fecha 05\/11\/2019.<\/p>\n<hr>\n<p><strong>Concurso n\u00b0 181.<\/strong>&nbsp;<strong>Vocal de C\u00e1mara Penal, Sala II, del Centro Judicial Concepci\u00f3n.<\/strong><\/p>\n<p>En fecha 18\/09\/2019 se elev\u00f3 al Poder Ejecutivo de la Provincia la terna resultante del concurso, mediante&nbsp;<a href=\"http:\/\/camtucuman.gob.ar\/documentos\/acuerdos\/acuerdo_2019_248.pdf\" target=\"_blank\" rel=\"noopener noreferrer\">Acuerdo n\u00b0 248\/2019<\/a>&nbsp;y&nbsp;conforme&nbsp;art. 101 Inc. 5\u00b0 de la Constituci\u00f3n de la Provincia y art. 16 de la Ley 8.197:<\/p>\n<ol>\n<li>\n<ol>\n<li>Mar\u00eda Raquel Ferreyra As\u00eds,<\/li>\n<li>Mar\u00eda Valeria Mibelli, y<\/li>\n<li>Juan Fernando Saracho Daza.<\/li>\n<\/ol>\n<\/li>\n<\/ol>\n<p>Fue designado en el cargo el Dr. Saracho Daza, prestando&nbsp;<a href=\"http:\/\/camtucuman.gob.ar\/web\/blog\/2019\/11\/01\/5-nuevos-magistrados-preseleccionados-por-el-cam-tomaron-posesion-de-sus-cargos\/\" target=\"_blank\" rel=\"noopener noreferrer\">Juramento de Ley<\/a>&nbsp;por ante la CSJT en fecha 01\/11\/2019.<\/p>\n<hr>\n<p><strong>Concurso n\u00b0 182. Vocal de C\u00e1mara Penal, Sala I, Centro Judicial Concepci\u00f3n.<\/strong><\/p>\n<p>En fecha 18\/09\/2019 se elev\u00f3 al Poder Ejecutivo de la Provincia la terna resultante del concurso, mediante&nbsp;<a href=\"http:\/\/camtucuman.gob.ar\/documentos\/acuerdos\/acuerdo_2019_249.pdf\" target=\"_blank\" rel=\"noopener noreferrer\">Acuerdo n\u00b0 249\/2019<\/a>&nbsp;y&nbsp;conforme&nbsp;art. 101 Inc. 5\u00b0 de la Constituci\u00f3n de la Provincia y art. 16 de la Ley 8.197:<\/p>\n<ol>\n<li>Carolina Eugenia Epelbaum,<\/li>\n<li>Jorge Ariel Carrasco, y<\/li>\n<li>Claudio Hern\u00e1n Aybar.<\/li>\n<\/ol>\n<p>Fue designado en el cargo el Dr. Aybar, prestando&nbsp;<a href=\"http:\/\/camtucuman.gob.ar\/web\/blog\/2019\/11\/01\/5-nuevos-magistrados-preseleccionados-por-el-cam-tomaron-posesion-de-sus-cargos\/\" target=\"_blank\" rel=\"noopener noreferrer\">Juramento de Ley<\/a>&nbsp;por ante la CSJT en fecha 01\/11\/2019.<\/p>\n<hr>\n<p><strong>Concurso n\u00b0 180.<\/strong>&nbsp;<strong>Vocal de C\u00e1mara Penal, Sala I, del Centro Judicial Concepci\u00f3n.<\/strong><\/p>\n<p>Fue declarado desierto, mediante la firma del&nbsp;<a href=\"http:\/\/camtucuman.gob.ar\/documentos\/acuerdos\/acuerdo_2019_219.pdf\" target=\"_blank\" rel=\"noopener noreferrer\">Acuerdo n\u00b0 219\/2019<\/a>&nbsp;de fecha 04\/09\/2019.&nbsp;<\/p>\n<hr>\n<p><strong>Concurso n\u00b0 186. Juez de Primera Instancia del Trabajo de la II Nominaci\u00f3n del Centro Judicial Capital.<\/strong><\/p>\n<p>En fecha 28\/08\/2019 se elev\u00f3 al Poder Ejecutivo de la Provincia la terna resultante del concurso, mediante&nbsp;<a href=\"http:\/\/camtucuman.gob.ar\/documentos\/acuerdos\/acuerdo_2019_209.pdf\" target=\"_blank\" rel=\"noopener noreferrer\">Acuerdo n\u00b0 209\/2019<\/a>&nbsp;y&nbsp;conforme&nbsp;art. 101 Inc. 5\u00b0 de la Constituci\u00f3n de la Provincia y art. 16 de la Ley 8.197:<\/p>\n<ol>\n<li>Miguel Enrique Fern\u00e1ndez Corona,<\/li>\n<li>Mar\u00eda Constanza Romero, y<\/li>\n<li>Ezio Enrique Jogna Prat.<\/li>\n<\/ol>\n<p>Fue designado en el cargo el Dr. Jogna Prat, prestando&nbsp;<a href=\"http:\/\/camtucuman.gob.ar\/web\/blog\/2019\/11\/13\/nuevos-jueces-del-trabajo-preseleccionados-por-el-cam-prestaron-juramento\/\" target=\"_blank\" rel=\"noopener noreferrer\">Juramento de Ley<\/a>&nbsp;por ante la CSJT en fecha 13\/11\/2019.<\/p>\n<hr>\n<p><strong>Concurso n\u00b0 142. Fiscal de C\u00e1mara de Apelaciones en lo Penal de Instrucci\u00f3n, Centro Judicial Concepci\u00f3n.<\/strong><\/p>\n<p>Se dej\u00f3 sin efecto mediante&nbsp;<a href=\"http:\/\/camtucuman.gob.ar\/documentos\/acuerdos\/acuerdo_2019_210.pdf\" target=\"_blank\" rel=\"noopener noreferrer\">Acuerdo n\u00b0 210\/2019<\/a>&nbsp;de fecha 28\/08\/2019.<\/p>\n<hr>\n<p><strong>Concurso n\u00b0 157. Fiscal de C\u00e1mara de Apelaciones en lo Penal de Instrucci\u00f3n, Centro Judicial Capital.<\/strong><\/p>\n<p>Se dej\u00f3 sin efecto mediante&nbsp;<a href=\"http:\/\/camtucuman.gob.ar\/documentos\/acuerdos\/acuerdo_2019_210.pdf\" target=\"_blank\" rel=\"noopener noreferrer\">Acuerdo n\u00b0 210\/2019<\/a>&nbsp;de fecha 28\/08\/2019.<\/p>\n<hr>\n<p><strong>Concurso n\u00b0 158. Fiscal de C\u00e1mara de Apelaciones en lo Penal de Instrucci\u00f3n, Centro Judicial Capital:<\/strong><\/p>\n<p>Se dej\u00f3 sin efecto mediante&nbsp;<a href=\"http:\/\/camtucuman.gob.ar\/documentos\/acuerdos\/acuerdo_2019_210.pdf\" target=\"_blank\" rel=\"noopener noreferrer\">Acuerdo n\u00b0 210\/2019<\/a>&nbsp;de fecha 28\/08\/2019.<\/p>\n<hr>\n<p><strong>Concurso n\u00b0 194. Juez\/a del Tribunal de Impugnaci\u00f3n del Centro Judicial Concepci\u00f3n y Monteros.<\/strong><\/p>\n<p>En fecha 14\/08\/2019 se elev\u00f3 al Poder Ejecutivo de la Provincia la terna resultante del concurso, mediante&nbsp;<a href=\"http:\/\/camtucuman.gob.ar\/documentos\/acuerdos\/acuerdo_2019_178.pdf\" target=\"_blank\" rel=\"noopener noreferrer\">Acuerdo n\u00b0 178\/2019<\/a>&nbsp;y&nbsp;conforme&nbsp;art. 101 Inc. 5\u00b0 de la Constituci\u00f3n de la Provincia y art. 16 de la Ley 8.197:<\/p>\n<ol>\n<li>Paul Alfredo Hofer,<\/li>\n<li>Jorge Ariel Carrasco, y<\/li>\n<li>Edgardo Leonardo S\u00e1nchez.<\/li>\n<\/ol>\n<p>Fue designado en el cargo el Dr. Hofer, prestando&nbsp;<a href=\"http:\/\/camtucuman.gob.ar\/web\/blog\/2020\/02\/13\/juraron-nuevos-magistrados-preseleccionados-por-el-cam\/\" target=\"_blank\" rel=\"noopener noreferrer\">Juramento de Ley<\/a>&nbsp;por ante la CSJT en fecha 12\/02\/2020.<\/p>\n<hr>\n<p><strong>Concurso n\u00b0 195. Juez\/a del Tribunal de Impugnaci\u00f3n del Centro Judicial Concepci\u00f3n y Monteros.<\/strong><\/p>\n<p>En fecha 07\/08\/2019 se&nbsp;elev\u00f3 al Poder Ejecutivo de la Provincia la terna resultante del concurso, mediante&nbsp;<a href=\"http:\/\/camtucuman.gob.ar\/documentos\/acuerdos\/acuerdo_2019_173.pdf\" target=\"_blank\" rel=\"noopener noreferrer\">Acuerdo n\u00b0 173\/2019<\/a>&nbsp;y&nbsp;conforme&nbsp;art. 101 Inc. 5\u00b0 de la Constituci\u00f3n de la Provincia y art. 16 de la Ley 8.197:<\/p>\n<ol>\n<li>Edgardo Leonardo S\u00e1nchez,<\/li>\n<li>Jorge Ariel Carrasco, y<\/li>\n<li>Carlos Felipe D\u00edaz Lannes.<\/li>\n<\/ol>\n<p>Fue designado en el cargo el Dr. S\u00e1nchez, prestando&nbsp;<a href=\"http:\/\/camtucuman.gob.ar\/web\/blog\/2020\/02\/13\/juraron-nuevos-magistrados-preseleccionados-por-el-cam\/\" target=\"_blank\" rel=\"noopener noreferrer\">Juramento de Ley<\/a>&nbsp;por ante la CSJT en fecha 12\/02\/2020.<\/p>\n<hr>\n<p><strong>Concurso n\u00b0 196. Juez\/a del Tribunal de Impugnaci\u00f3n del Centro Judicial Concepci\u00f3n y Monteros.<\/strong><\/p>\n<p>En fecha 07\/08\/2019 se&nbsp;elev\u00f3 al Poder Ejecutivo de la Provincia la terna resultante del concurso, mediante&nbsp;<a href=\"http:\/\/camtucuman.gob.ar\/documentos\/acuerdos\/acuerdo_2019_174.pdf\" target=\"_blank\" rel=\"noopener noreferrer\">Acuerdo n\u00b0 174\/2019<\/a>&nbsp;y&nbsp;conforme&nbsp;art. 101 Inc. 5\u00b0 de la Constituci\u00f3n de la Provincia y art. 16 de la Ley 8.197:<\/p>\n<ol>\n<li>Mariano Eduardo Fern\u00e1ndez,<\/li>\n<li>Jorge Ariel Carrasco, y<\/li>\n<li>Paul Alfredo Hofer.<\/li>\n<\/ol>\n<p>Fue designado en el cargo el Dr. Carrasco, prestando&nbsp;<a href=\"http:\/\/camtucuman.gob.ar\/web\/blog\/2020\/02\/13\/juraron-nuevos-magistrados-preseleccionados-por-el-cam\/\" target=\"_blank\" rel=\"noopener noreferrer\">Juramento de Ley<\/a>&nbsp;por ante la CSJT en fecha 12\/02\/2020.<\/p>\n<hr>\n<p><strong>Concurso n\u00b0 165. Juez\/a de Primera Instancia del Trabajo del Centro Judicial Capital:<\/strong><\/p>\n<p>En fecha 25\/07\/2019&nbsp;se&nbsp;elev\u00f3 al Poder Ejecutivo de la Provincia la terna resultante del concurso, mediante&nbsp;<a href=\"http:\/\/camtucuman.gob.ar\/documentos\/acuerdos\/acuerdo_2019_156.pdf\" target=\"_blank\" rel=\"noopener noreferrer\">Acuerdo n\u00b0 156\/2019<\/a>&nbsp;y&nbsp;conforme&nbsp;art. 101 Inc. 5\u00b0 de la Constituci\u00f3n de la Provincia y art. 16 de la Ley 8.197:<\/p>\n<ol>\n<li>Ana Mar\u00eda Mena De Bulacio;<\/li>\n<li>Mar\u00eda Constanza Romero; y<\/li>\n<li>Mar\u00eda Carmen L\u00f3pez Dom\u00ednguez.<\/li>\n<\/ol>\n<p>Fue designada en el cargo la Dra. Mena De Bulacio, prestando&nbsp;<a href=\"http:\/\/camtucuman.gob.ar\/web\/blog\/2019\/11\/13\/nuevos-jueces-del-trabajo-preseleccionados-por-el-cam-prestaron-juramento\/\" target=\"_blank\" rel=\"noopener noreferrer\">Juramento de Ley<\/a>&nbsp;por ante la CSJT en fecha 13\/11\/2019.<\/p>\n<hr>\n<p><strong>Concurso n\u00b0 176. Defensor\/a Oficial en lo Penal del Centro Judicial Concepci\u00f3n:<\/strong><\/p>\n<p>En fecha 31\/05\/2019&nbsp;se&nbsp;elev\u00f3 al Poder Ejecutivo de la Provincia la terna resultante del concurso, mediante&nbsp;<a href=\"http:\/\/camtucuman.gob.ar\/documentos\/acuerdos\/acuerdo_2019_132.pdf\" target=\"_blank\" rel=\"noopener noreferrer\">Acuerdo n\u00b0 132\/2019<\/a>&nbsp;y&nbsp;conforme&nbsp;art. 101 Inc. 5\u00b0 de la Constituci\u00f3n de la Provincia y art. 16 de la Ley 8.197:<\/p>\n<ol>\n<li>Mariano Eduardo Fern\u00e1ndez,<\/li>\n<li>Carlos Sebasti\u00e1n Pais, y<\/li>\n<li>Diego \u00c1ngel Molina Franco.<\/li>\n<\/ol>\n<p>Fue designado en el cargo el Dr. Molina Franco, prestando Juramento de Ley por ante el Ministro Pupilar y de la Defensa en fecha 08\/08\/2019.<\/p>\n<hr>\n<p><strong>Concurso n\u00b0 178. Fiscal\/a de C\u00e1mara Penal III del Centro Judicial Capital:<\/strong><\/p>\n<p>En fecha 29\/05\/2019&nbsp;se&nbsp;elev\u00f3 al Poder Ejecutivo de la Provincia la terna resultante del concurso, mediante&nbsp;<a href=\"http:\/\/camtucuman.gob.ar\/documentos\/acuerdos\/acuerdo_2019_128.pdf\" target=\"_blank\" rel=\"noopener noreferrer\">Acuerdo n\u00b0 128\/2019<\/a>&nbsp;y&nbsp;conforme&nbsp;art. 101 Inc. 5\u00b0 de la Constituci\u00f3n de la Provincia y art. 16 de la Ley 8.197:<\/p>\n<ol>\n<li>Diego Ernesto&nbsp;Lammoglia,<\/li>\n<li>Mariano Eduardo&nbsp;Fern\u00e1ndez, y<\/li>\n<li>Enrique Mart\u00edn&nbsp;Cacici.<\/li>\n<\/ol>\n<p>Fue designado en el cargo el Dr. Fern\u00e1ndez, prestando&nbsp;<a href=\"http:\/\/camtucuman.gob.ar\/web\/blog\/2019\/08\/26\/dos-nuevos-fiscales-asumieron-en-sus-funciones\/\" target=\"_blank\" rel=\"noopener noreferrer\">Juramento de Ley<\/a>&nbsp;por ante el Ministro P\u00fablico Fiscal en fecha 26\/08\/2019.<\/p>\n<hr>\n<p><strong>Concurso n\u00b0 172. Juez\/a de Primera Instancia en lo Civil en Familia y Sucesiones de la II Nominaci\u00f3n del Centro Judicial Capital:<\/strong><\/p>\n<p>En fecha 29\/05\/2019&nbsp;se&nbsp;elev\u00f3 al Poder Ejecutivo de la Provincia la terna resultante del concurso, mediante&nbsp;<a href=\"http:\/\/camtucuman.gob.ar\/documentos\/acuerdos\/acuerdo_2019_127.pdf\" target=\"_blank\" rel=\"noopener noreferrer\">Acuerdo n\u00b0 127\/2019<\/a>&nbsp;y&nbsp;conforme&nbsp;art. 101 Inc. 5\u00b0 de la Constituci\u00f3n de la Provincia y art. 16 de la Ley 8.197:<\/p>\n<ol>\n<li>V\u00edctor Ra\u00fal<strong>&nbsp;<\/strong>Carlos<strong>,<\/strong><\/li>\n<li>Diego Javier&nbsp;Trabadelo, y<\/li>\n<li>Pablo Eugenio&nbsp;Barbaglia.<\/li>\n<\/ol>\n<p>Fue designado en el cargo el Dr. Carlos, prestando&nbsp;<a href=\"http:\/\/camtucuman.gob.ar\/web\/blog\/2019\/08\/21\/dos-nuevos-magistrados-preseleccionados-por-el-cam-prestaron-juramento\/\" target=\"_blank\" rel=\"noopener noreferrer\">Juramento de Ley<\/a>&nbsp;por ante la Corte Suprema de Justicia de Tucum\u00e1n en fecha 20\/08\/2019.<\/p>\n<hr>\n<p><strong>Concurso n\u00b0 177. Defensor\/a de Menores en lo Civil, Penal y del Trabajo de la I Nominaci\u00f3n del Centro Judicial Concepci\u00f3n:<\/strong><\/p>\n<p>En fecha 08\/05\/2019 se&nbsp;elev\u00f3 al Poder Ejecutivo de la Provincia la terna resultante del concurso, mediante&nbsp;<a href=\"http:\/\/camtucuman.gob.ar\/documentos\/acuerdos\/acuerdo_2019_110.pdf\" target=\"_blank\" rel=\"noopener noreferrer\">Acuerdo n\u00b0110\/2019<\/a>&nbsp;y&nbsp;conforme&nbsp;art. 101 Inc. 5\u00b0 de la Constituci\u00f3n de la Provincia y art. 16 de la Ley 8.197:<\/p>\n<ol>\n<li>Claudio Hern\u00e1n Aybar,<\/li>\n<li>Mar\u00eda Alejandra Rivas, y<\/li>\n<li>Camilo David Sleiman.<\/li>\n<\/ol>\n<p>Fue designado en el cargo el Dr. Sleiman, prestando Juramento de Ley por ante el Ministro Pupilar y de la Defensa en fecha 08\/08\/2019.<\/p>\n<hr>\n<p><strong>Concurso n\u00b0 185. Juez\/a de Primera Instancia en lo Civil y Comercial Com\u00fan de la VII Nominaci\u00f3n del Centro Judicial Capital:<\/strong><\/p>\n<p>En fecha 30\/04\/2019 se&nbsp;elev\u00f3 al Poder Ejecutivo de la Provincia la terna resultante del concurso, mediante&nbsp;<a href=\"http:\/\/camtucuman.gob.ar\/documentos\/acuerdos\/acuerdo_2019_109.pdf\" target=\"_blank\" rel=\"noopener noreferrer\">Acuerdo n\u00ba 109\/2019<\/a>&nbsp;y&nbsp;conforme&nbsp;art. 101 Inc. 5\u00b0 de la Constituci\u00f3n de la Provincia y art. 16 de la Ley 8.197:<\/p>\n<ol>\n<li>Carlos Ra\u00fal Rivas,<\/li>\n<li>Cristina F\u00e1tima Hurtado, y<\/li>\n<li>Mirta Estela Casares.<\/li>\n<\/ol>\n<p>Fue designada en el cargo la Dra. Casares, prestando&nbsp;<a href=\"http:\/\/camtucuman.gob.ar\/web\/blog\/2019\/08\/21\/dos-nuevos-magistrados-preseleccionados-por-el-cam-prestaron-juramento\/\" target=\"_blank\" rel=\"noopener noreferrer\">Juramento de Ley<\/a>&nbsp;por ante la Corte Suprema de Justicia de Tucum\u00e1n en fecha 20\/08\/2019.<\/p>\n<hr>\n<p><strong>Concurso n\u00b0 173. Juez\/a de Primera Instancia en lo Civil en Documentos y Locaciones , VIII Nominaci\u00f3n, Centro Judicial Capital:<\/strong><\/p>\n<p>En fecha 16\/04\/2019 se&nbsp;elev\u00f3 al Poder Ejecutivo de la Provincia la terna resultante del concurso, mediante&nbsp;<a href=\"http:\/\/camtucuman.gob.ar\/documentos\/acuerdos\/acuerdo_2019_99.pdf\" target=\"_blank\" rel=\"noopener noreferrer\">Acuerdo n\u00b0 99\/2019<\/a>&nbsp;y&nbsp;conforme&nbsp;art. 101 Inc. 5\u00b0 de la Constituci\u00f3n de la Provincia y art. 16 de la Ley 8.197:<\/p>\n<ol>\n<li>Pedro Daniel Cagna,<\/li>\n<li>Ezequiel Stordeur de Zaval\u00eda, y<\/li>\n<li>Cecilia Mar\u00eda Susana Wayar.<\/li>\n<\/ol>\n<p>Fue designada en el cargo la Dra. Wayar, prestando&nbsp;<a href=\"http:\/\/camtucuman.gob.ar\/web\/blog\/2019\/07\/31\/juraron-dos-nuevas-magistradas-preseleccionadas-por-el-cam\/\" target=\"_blank\" rel=\"noopener noreferrer\">Juramento de Ley<\/a>&nbsp;por ante la&nbsp;Corte Suprema de Justicia de Tucum\u00e1n en fecha 30\/07\/2019.<\/p>\n<hr>\n<p><strong>Concurso n\u00b0 174. Vocal de C\u00e1mara Penal, Sala I, Centro Judicial Capital:<\/strong><\/p>\n<p>En fecha 12\/04\/2019 se&nbsp;elev\u00f3 al Poder Ejecutivo de la Provincia la terna resultante del concurso, mediante&nbsp;<a href=\"http:\/\/camtucuman.gob.ar\/documentos\/acuerdos\/acuerdo_2019_97.pdf\" target=\"_blank\" rel=\"noopener noreferrer\">Acuerdo n\u00b0 97\/2019<\/a>&nbsp;y&nbsp;conforme&nbsp;art. 101 Inc. 5\u00b0 de la Constituci\u00f3n de la Provincia y art. 16 de la Ley 8.197:<\/p>\n<ol>\n<li>Diego Ernesto Lammoglia,<\/li>\n<li>Carlos Felipe D\u00edaz Lannes, y<\/li>\n<li>Agust\u00edn Francisco Puppio.<\/li>\n<\/ol>\n<p>Fue designado en el cargo el Dr. Lammoglia, prestando&nbsp;<a href=\"http:\/\/camtucuman.gob.ar\/web\/blog\/2019\/08\/14\/entro-en-funciones-un-nuevo-vocal-de-camara-penal-luego-de-concursar-en-el-cam\/\" target=\"_blank\" rel=\"noopener noreferrer\">Juramento de Ley<\/a>&nbsp;por ante la Corte Suprema de Justicia de Tucum\u00e1n en fecha 14\/08\/2019<\/p>\n<hr>\n<p><strong>Concurso n\u00b0 162. Defensor Oficial en lo Civil y del Trabajo, Centro Judicial Capital, con car\u00e1cter itinerante:<\/strong><\/p>\n<p>En fecha 08\/04\/2019 se&nbsp;elev\u00f3 al Poder Ejecutivo de la Provincia la terna resultante del concurso, mediante&nbsp;<a href=\"http:\/\/camtucuman.gob.ar\/documentos\/acuerdos\/acuerdo_2019_84.pdf\" target=\"_blank\" rel=\"noopener noreferrer\">Acuerdo n\u00ba 84\/2019<\/a>&nbsp;y&nbsp;conforme&nbsp;art. 101 Inc. 5\u00b0 de la Constituci\u00f3n de la Provincia y art. 16 de la Ley 8.197:<\/p>\n<ol>\n<li>Mar\u00eda del Pilar Lau,<\/li>\n<li>Carlos Gustavo Paliza, y<\/li>\n<li>Mercedes Mar\u00eda Navarro Zaldarriaga.<\/li>\n<\/ol>\n<p>Fue designada en el cargo la Dra. Lau, prestando&nbsp;<a href=\"http:\/\/camtucuman.gob.ar\/web\/blog\/2019\/08\/22\/asumio-una-nueva-defensora-oficial-itinerante\/\" target=\"_blank\" rel=\"noopener noreferrer\">Juramento de Ley<\/a>&nbsp;en fecha 21\/08\/2019.<\/p>\n<hr>\n<p><strong>Concurso n\u00b0 147. Juez\/a de Menores del Centro Judicial Monteros:<\/strong><\/p>\n<p>En fecha 20\/03\/2019 se&nbsp;elev\u00f3 al Poder Ejecutivo de la Provincia la terna resultante del concurso, mediante&nbsp;<a href=\"http:\/\/camtucuman.gob.ar\/documentos\/acuerdos\/acuerdo_2019_47.pdf\" target=\"_blank\" rel=\"noopener noreferrer\">Acuerdo n\u00b0 47\/2019<\/a>&nbsp;y&nbsp;conforme&nbsp;art. 101 Inc. 5\u00b0 de la Constituci\u00f3n de la Provincia y art. 16 de la Ley 8.197:<\/p>\n<ol>\n<li>Marcos Javier N\u00fa\u00f1ez Campero,<\/li>\n<li>Jes\u00fas Antonio Paradi, y<\/li>\n<li>H\u00e9ctor Fabi\u00e1n Assad.<\/li>\n<\/ol>\n<p>Fue designado en el cargo el Dr. N\u00fa\u00f1ez Campero, prestando&nbsp;<a href=\"http:\/\/camtucuman.gob.ar\/web\/blog\/2019\/09\/04\/dos-nuevos-magistrados-preseleccionados-por-el-cam-prestaron-juramento-2\/\" target=\"_blank\" rel=\"noopener noreferrer\">Juramento de Ley<\/a>&nbsp;por ante la CSJT en fecha 04\/09\/2019.<\/p>\n<hr>\n<p><strong>Concurso n\u00b0 124. Fiscal\/a de Instrucci\u00f3n Penal, IX Nominaci\u00f3n, Centro Judicial Capital:<\/strong>.<\/p>\n<p>En fecha 13\/03\/2019 se&nbsp;elev\u00f3 al Poder Ejecutivo de la Provincia la terna resultante del concurso, mediante&nbsp;<a href=\"http:\/\/camtucuman.gob.ar\/documentos\/acuerdos\/acuerdo_2019_34.pdf\" target=\"_blank\" rel=\"noopener noreferrer\">Acuerdo n\u00b0 34\/2019<\/a>&nbsp;y conforme&nbsp;art. 101 Inc. 5\u00b0 de la Constituci\u00f3n de la Provincia y art. 16 de la Ley 8.197:<\/p>\n<ol>\n<li>Carlos Eduardo L\u00f3pez,<\/li>\n<li>Facundo Maggio e<\/li>\n<li>Ignacio L\u00f3pez Bustos.<\/li>\n<\/ol>\n<p>Fue designado en el cargo el Dr. L\u00f3pez Bustos, prestando&nbsp;<a href=\"http:\/\/camtucuman.gob.ar\/web\/blog\/2019\/08\/26\/dos-nuevos-fiscales-asumieron-en-sus-funciones\/\" target=\"_blank\" rel=\"noopener noreferrer\">Juramento de Ley<\/a>&nbsp;por ante el Ministro P\u00fablico Fiscal en fecha 26\/08\/2019.<\/p>\n<hr>\n<p><strong>Concurso n\u00b0 160. Fiscal\/a de Instrucci\u00f3n en lo Penal del Centro Judicial Concepci\u00f3n:<\/strong><\/p>\n<p>En fecha 21\/11\/2018 se&nbsp;elev\u00f3 al Poder Ejecutivo de la Provincia la terna resultante del concurso, mediante&nbsp;<a href=\"http:\/\/camtucuman.gob.ar\/documentos\/acuerdos\/acuerdo_2018_141.pdf\" target=\"_blank\" rel=\"noopener noreferrer\">Acuerdo n\u00b0 141\/2018<\/a>&nbsp;y conforme&nbsp;art. 101 Inc. 5\u00b0 de la Constituci\u00f3n de la Provincia y art. 16 de la Ley 8.197:<\/p>\n<ol>\n<li>H\u00e9ctor Fabi\u00e1n Assad,<\/li>\n<li>Gerardo Nicol\u00e1s Salas y<\/li>\n<li>Ra\u00fal Armando Cardozo.<\/li>\n<\/ol>\n<p>Fue designado en el cargo el Dr. Assad, prestando Juramento de Ley por ante el Ministro P\u00fablico Fiscal en fecha 29\/07\/2019.<\/p>\n<hr>\n<p><strong>Concurso n\u00b0 141. Fiscal\/a de C\u00e1mara en lo Penal III, Centro Judicial Concepci\u00f3n:<\/strong><\/p>\n<p>En fecha 14\/11\/2018 se suscribi\u00f3 el&nbsp;<a href=\"http:\/\/camtucuman.gob.ar\/documentos\/acuerdos\/acuerdo_2018_137.pdf\" target=\"_blank\" rel=\"noopener noreferrer\">Acuerdo n\u00b0 137\/2018<\/a>&nbsp;por el cual se declara desierto el concurso.<\/p>\n<hr>\n<p><strong>Concurso n\u00b0 161. Vocal de C\u00e1mara Penal, Sala IV, Centro Judicial Capital:<\/strong><\/p>\n<p>En fecha 16\/10\/2018 se elev\u00f3 al Poder Ejecutivo de la Provincia la terna resultante del concurso, mediante&nbsp;<a href=\"http:\/\/camtucuman.gob.ar\/documentos\/acuerdos\/acuerdo_2018_131.pdf\" target=\"_blank\" rel=\"noopener noreferrer\">Acuerdo n\u00b0 131\/2018<\/a>&nbsp;y conforme&nbsp;art. 101 Inc. 5\u00b0 de la Constituci\u00f3n de la Provincia y art. 16 de la Ley 8.197:<\/p>\n<ol>\n<li>Mar\u00eda Fernanda B\u00e4hler,<\/li>\n<li>Roberto Eduardo Flores&nbsp;y<\/li>\n<li>Julio Daniel Jorge Plaza.<\/li>\n<\/ol>\n<p>Fue designada en el cargo la Dra. B\u00e4hler, prestando&nbsp;<a href=\"http:\/\/camtucuman.gob.ar\/web\/blog\/2019\/07\/31\/juraron-dos-nuevas-magistradas-preseleccionadas-por-el-cam\/\" target=\"_blank\" rel=\"noopener noreferrer\">Juramento de Ley<\/a>&nbsp;por ante la&nbsp;Corte Suprema de Justicia de Tucum\u00e1n en fecha 30\/07\/2019.<\/p>\n<hr>\n<p><strong>Concurso n\u00b0 150. Juez de Primera&nbsp;<\/strong><strong>Instancia del Trabajo, Centro Judicial Monteros:<\/strong><\/p>\n<p>En fecha 03\/10\/2018 se&nbsp;elev\u00f3 al Poder Ejecutivo de la Provincia la terna resultante del concurso, mediante&nbsp;<a href=\"http:\/\/camtucuman.gob.ar\/documentos\/acuerdos\/acuerdo_2018_127.pdf\" target=\"_blank\" rel=\"noopener noreferrer\">Acuerdo n\u00b0 127\/2018<\/a>&nbsp;y conforme art. 101 Inc. 5\u00b0 de la Constituci\u00f3n de la Provincia y art. 16 de la Ley 8.197:<\/p>\n<ol>\n<li>Mar\u00eda Gabriela Rodr\u00edguez Dusing,<\/li>\n<li>Mar\u00eda Carmen L\u00f3pez Dom\u00ednguez y<\/li>\n<li>Tatiana Alejandra Carrera.<\/li>\n<\/ol>\n<p>Fue designada en el cargo la Dra. Carrera, prestando&nbsp;<a href=\"http:\/\/camtucuman.gob.ar\/web\/blog\/2019\/09\/04\/dos-nuevos-magistrados-preseleccionados-por-el-cam-prestaron-juramento-2\/\" target=\"_blank\" rel=\"noopener noreferrer\">Juramento de Ley<\/a>&nbsp;por ante la CSJT en fecha 04\/09\/2019.<\/p>\n<hr>\n<p><strong>Concurso n\u00b0 130. Vocal de C\u00e1mara Penal, Sala III, Centro Judicial Concepci\u00f3n&nbsp;<\/strong>(nuevo cargo creado por Ley N\u00b0 8837):&nbsp;<\/p>\n<p>En fecha 12\/09\/2018 se&nbsp;elev\u00f3 al Poder Ejecutivo de la Provincia la terna resultante del concurso, mediante&nbsp;<a href=\"http:\/\/camtucuman.gob.ar\/documentos\/acuerdos\/acuerdo_2018_109.pdf\" target=\"_blank\" rel=\"noopener noreferrer\">Acuerdo n\u00b0 109\/2018<\/a>&nbsp;y conforme art. 101 Inc. 5\u00b0 de la Constituci\u00f3n de la Provincia y art. 16 de la Ley 8.197:<\/p>\n<ol>\n<li>Mar\u00eda Carolina Ballesteros,<\/li>\n<li>Guillermo Jos\u00e9 Acosta y<\/li>\n<li>Fabi\u00e1n Edgardo Rojas.<\/li>\n<\/ol>\n<p>Fue designado en el cargo el Dr. Rojas, prestando&nbsp;<a href=\"http:\/\/camtucuman.gob.ar\/web\/blog\/2019\/02\/08\/3-nuevos-magistrados-entraron-en-funciones\/\" target=\"_blank\" rel=\"noopener noreferrer\">Juramento de Ley<\/a>&nbsp;por ante la&nbsp;Corte Suprema de Justicia de Tucum\u00e1n en fecha 08\/02\/2019.<\/p>\n<hr>\n<p><strong>Concurso n\u00b0 128. Vocal de C\u00e1mara Penal, Sala III, Centro Judicial Concepci\u00f3n&nbsp;<\/strong>(nuevo cargo creado por Ley N\u00b0 8837):<\/p>\n<p>En fecha 12\/09\/2018 se&nbsp;elev\u00f3 al Poder Ejecutivo de la Provincia la terna resultante del concurso, mediante&nbsp;&nbsp;<a href=\"http:\/\/camtucuman.gob.ar\/documentos\/acuerdos\/acuerdo_2018_108.pdf\" target=\"_blank\" rel=\"noopener noreferrer\">Acuerdo n\u00b0 108\/2018:<\/a>&nbsp;y conforme art. 101 Inc. 5\u00b0 de la Constituci\u00f3n de la Provincia y art. 16 de la Ley 8.197:<\/p>\n<ol>\n<li>Mar\u00eda Carolina Ballesteros,<\/li>\n<li>Guillermo Jos\u00e9 Acosta y<\/li>\n<li>Roberto Eduardo Flores.<\/li>\n<\/ol>\n<p>Fue designado en el cargo el Dr. Acosta, prestando&nbsp;<a href=\"http:\/\/camtucuman.gob.ar\/web\/blog\/2019\/02\/08\/3-nuevos-magistrados-entraron-en-funciones\/\" target=\"_blank\" rel=\"noopener noreferrer\">Juramento de Ley<\/a>&nbsp;por ante la&nbsp;Corte Suprema de Justicia de Tucum\u00e1n en fecha 08\/02\/2019.<\/p>\n<hr>\n<p><strong>Concurso n\u00b0 171.&nbsp;&nbsp;Vocal de C\u00e1mara en lo Contencioso Administrativo Sala I del Centro Judicial Capital:<\/strong><\/p>\n<p>En fecha 12\/09\/2018 se&nbsp;elev\u00f3 al Poder Ejecutivo de la Provincia la terna resultante del concurso, mediante&nbsp;&nbsp;<a href=\"http:\/\/camtucuman.gob.ar\/documentos\/acuerdos\/acuerdo_2018_111.pdf\" target=\"_blank\" rel=\"noopener noreferrer\">Acuerdo n\u00b0 111\/2018<\/a>&nbsp;y conforme art. 101 Inc. 5\u00b0 de la Constituci\u00f3n de la Provincia y art. 16 de la Ley 8.197:<\/p>\n<ol>\n<li>Juan Ricardo Acosta,<\/li>\n<li>Augusto Gonz\u00e1lez Navarro y<\/li>\n<li>Adolfo Antonio Iriarte Yanicelli.<\/li>\n<\/ol>\n<p>Fue designado en el cargo el Dr. Acosta, prestando&nbsp;<a href=\"http:\/\/camtucuman.gob.ar\/web\/blog\/2018\/11\/09\/ingresan-nuevos-magistrados-preseleccionados-por-el-cam\/\" target=\"_blank\" rel=\"noopener noreferrer\">Juramento de Ley<\/a>&nbsp;por ante la Corte Suprema de Justicia de Tucum\u00e1n en fecha 07\/11\/2018.<\/p>\n<hr>\n<p><strong>Concurso n\u00b0 143. Juez\/a de Instrucci\u00f3n en lo Penal, V Nominaci\u00f3n, Centro Judicial Capital:<\/strong><\/p>\n<p>En fecha 12\/09\/2018 se&nbsp;elev\u00f3 al Poder Ejecutivo de la Provincia la terna resultante del concurso, mediante&nbsp;&nbsp;<a href=\"http:\/\/camtucuman.gob.ar\/documentos\/acuerdos\/acuerdo_2018_110.pdf\" target=\"_blank\" rel=\"noopener noreferrer\">Acuerdo n\u00b0 110\/2018<\/a>&nbsp;y conforme art. 101 Inc. 5\u00b0 de la Constituci\u00f3n de la Provincia y art. 16 de la Ley 8.197:<\/p>\n<ol>\n<li>Agust\u00edn Francisco Puppio,<\/li>\n<li>Mar\u00eda Carolina Ballesteros y<\/li>\n<li>Carmen Rosa L\u00f3pez.<\/li>\n<\/ol>\n<p>Fue designada en el cargo la Dra. Ballesteros, prestando&nbsp;<a href=\"http:\/\/camtucuman.gob.ar\/web\/blog\/2019\/02\/08\/3-nuevos-magistrados-entraron-en-funciones\/\" target=\"_blank\" rel=\"noopener noreferrer\">Juramento de Ley<\/a>&nbsp;por ante la&nbsp;Corte Suprema de Justicia de Tucum\u00e1n en fecha 08\/02\/2019.<\/p>\n<hr>\n<p><strong>Concurso n\u00b0 137. Vocal de C\u00e1mara de Apelaciones en lo Penal de Instrucci\u00f3n, Centro Judicial Concepci\u00f3n:<\/strong><\/p>\n<p>Por&nbsp;<a href=\"http:\/\/camtucuman.gob.ar\/documentos\/acuerdos\/acuerdo_2018_114.pdf\" target=\"_blank\" rel=\"noopener noreferrer\">Acuerdo n\u00b0 114\/2018<\/a>&nbsp;&nbsp;de fecha 12\/09\/2018 se dispuso dejar sin efecto los concursos n\u00b0 137 a 139, notificar a los interesados y declarar abierta la inscripci\u00f3n para 3 cargos de Juez\/a del Tribunal de Impugnaci\u00f3n del Centro Judicial Concepci\u00f3n y Monteros.<\/p>\n<hr>\n<p><strong>Concurso n\u00b0 138. Vocal de C\u00e1mara de Apelaciones en lo Penal de Instrucci\u00f3n, Centro Judicial Concepci\u00f3n&nbsp;<\/strong>(nuevo cargo creado por Ley N\u00b0 8838):<\/p>\n<p>Por&nbsp;<a href=\"http:\/\/camtucuman.gob.ar\/documentos\/acuerdos\/acuerdo_2018_114.pdf\" target=\"_blank\" rel=\"noopener noreferrer\">Acuerdo n\u00b0 114\/2018<\/a>&nbsp; de fecha 12\/09\/2018 se dispuso dejar sin efecto los concursos n\u00b0 137 a 139, notificar a los interesados y declarar abierta la inscripci\u00f3n para 3 cargos de Juez\/a del Tribunal de Impugnaci\u00f3n del Centro Judicial Concepci\u00f3n y Monteros.<\/p>\n<hr>\n<p><strong>Concurso n\u00b0 139. Vocal de C\u00e1mara de Apelaciones en lo Penal de Instrucci\u00f3n, Centro Judicial Concepci\u00f3n&nbsp;<\/strong>(nuevo cargo creado por Ley N\u00b0 8838):<\/p>\n<p>Por&nbsp;<a href=\"http:\/\/camtucuman.gob.ar\/documentos\/acuerdos\/acuerdo_2018_114.pdf\" target=\"_blank\" rel=\"noopener noreferrer\">Acuerdo n\u00b0 114\/2018<\/a>&nbsp;de fecha 12\/09\/2018 se dispuso dejar sin efecto los concursos n\u00b0 137 a 139, notificar a los interesados y declarar abierta la inscripci\u00f3n para 3 cargos de Juez\/a del Tribunal de Impugnaci\u00f3n del Centro Judicial Concepci\u00f3n y Monteros.<\/p>\n<hr>\n<p><strong>Concurso n\u00b0 151. Vocal de C\u00e1mara de Apelaciones en lo Penal de Instrucci\u00f3n, Centro Judicial Capital:<\/strong><\/p>\n<p>Por Acuerdo&nbsp;<a href=\"http:\/\/camtucuman.gob.ar\/documentos\/acuerdos\/acuerdo_2018_113.pdf\" target=\"_blank\" rel=\"noopener noreferrer\">n\u00ba 113\/2018<\/a>&nbsp;de fecha 12\/09\/2018 se dispuso dejar sin efecto los concursos 151 a 156, notificar a los interesados y declarar abierta la inscripci\u00f3n para 6 cargos de Juez\/a del Tribunal de Impugnaci\u00f3n del Centro Judicial Capital.<\/p>\n<hr>\n<p><strong>Concurso n\u00b0 152. Vocal de C\u00e1mara de Apelaciones en lo Penal de Instrucci\u00f3n, Centro Judicial Capital:<\/strong><\/p>\n<p>Por Acuerdo n\u00ba&nbsp;<a href=\"http:\/\/camtucuman.gob.ar\/documentos\/acuerdos\/acuerdo_2018_113.pdf\" target=\"_blank\" rel=\"noopener noreferrer\">113\/2018<\/a>&nbsp;de fecha 12\/09\/2018 se dispuso dejar sin efecto los concursos 151 a 156, notificar a los interesados y declarar abierta la inscripci\u00f3n para 6 cargos de Juez\/a del Tribunal de Impugnaci\u00f3n del Centro Judicial Capital.<\/p>\n<hr>\n<p><strong>Concurso n\u00b0 153. Vocal de C\u00e1mara de Apelaciones en lo Penal de Instrucci\u00f3n, Centro Judicial Capital:<\/strong><\/p>\n<p>Por Acuerdo n\u00ba&nbsp;<a href=\"http:\/\/camtucuman.gob.ar\/documentos\/acuerdos\/acuerdo_2018_113.pdf\" target=\"_blank\" rel=\"noopener noreferrer\">113\/2018<\/a>&nbsp;de fecha 12\/09\/2018 se dispuso dejar sin efecto los concursos 151 a 156, notificar a los interesados y declarar abierta la inscripci\u00f3n para 6 cargos de Juez\/a del Tribunal de Impugnaci\u00f3n del Centro Judicial Capital.<\/p>\n<hr>\n<p><strong>Concurso n\u00b0 154. Vocal de C\u00e1mara de Apelaciones en lo Penal de Instrucci\u00f3n, Centro Judicial Capital:<\/strong><\/p>\n<p>Por Acuerdo n\u00ba&nbsp;<a href=\"http:\/\/camtucuman.gob.ar\/documentos\/acuerdos\/acuerdo_2018_113.pdf\" target=\"_blank\" rel=\"noopener noreferrer\">113\/2018<\/a>&nbsp;de fecha 12\/09\/2018 se dispuso dejar sin efecto los concursos 151 a 156, notificar a los interesados y declarar abierta la inscripci\u00f3n para 6 cargos de Juez\/a del Tribunal de Impugnaci\u00f3n del Centro Judicial Capital.&nbsp;<\/p>\n<hr>\n<p><strong>Concurso n\u00b0 155.<\/strong>&nbsp;<strong>Vocal de C\u00e1mara de Apelaciones en lo Penal de Instrucci\u00f3n, Centro Judicial Capital:<\/strong><\/p>\n<p>Por Acuerdo n\u00ba&nbsp;<a href=\"http:\/\/camtucuman.gob.ar\/documentos\/acuerdos\/acuerdo_2018_113.pdf\" target=\"_blank\" rel=\"noopener noreferrer\">113\/2018<\/a>&nbsp;de fecha 12\/09\/2018 se dispuso dejar sin efecto los concursos 151 a 156, notificar a los interesados y declarar abierta la inscripci\u00f3n para 6 cargos de Juez\/a del Tribunal de Impugnaci\u00f3n del Centro Judicial Capital.&nbsp;<\/p>\n<hr>\n<p><strong>Concurso n\u00b0 156. Vocal de C\u00e1mara de Apelaciones en lo Penal de Instrucci\u00f3n, Centro Judicial Capital:<\/strong><\/p>\n<p>Por Acuerdo n\u00ba&nbsp;<a href=\"http:\/\/camtucuman.gob.ar\/documentos\/acuerdos\/acuerdo_2018_113.pdf\" target=\"_blank\" rel=\"noopener noreferrer\">113\/2018<\/a>&nbsp;de fecha 12\/09\/2018 se dispuso dejar sin efecto los concursos 151 a 156, notificar a los interesados y declarar abierta la inscripci\u00f3n para 6 cargos de Juez\/a del Tribunal de Impugnaci\u00f3n del Centro Judicial Capital.&nbsp;<\/p>\n<hr>\n<p><strong>Concurso n\u00b0 129. Vocal de C\u00e1mara Penal, Sala III, del Centro Judicial Concepci\u00f3n.<\/strong><\/p>\n<p>En fecha 08\/08\/2018 se&nbsp;elev\u00f3 al Poder Ejecutivo de la Provincia la terna resultante del concurso, mediante&nbsp;<a href=\"http:\/\/camtucuman.gob.ar\/documentos\/acuerdos\/acuerdo_2018_91.pdf\" target=\"_blank\" rel=\"noopener noreferrer\">Acuerdo n\u00b0 91\/2018<\/a>&nbsp;y&nbsp;conforme art. 101 Inc. 5\u00b0 de la Constituci\u00f3n de la Provincia y art. 16 de la Ley 8.197:<\/p>\n<ol>\n<li>Roberto Eduardo Flores,<\/li>\n<li>Patricia del Valle Carugatti y<\/li>\n<li>Guillermo Jos\u00e9 Acosta.<\/li>\n<\/ol>\n<p>Fue designado en el cargo el Dr. Flores, prestando&nbsp;<a href=\"http:\/\/camtucuman.gob.ar\/web\/blog\/2018\/11\/09\/ingresan-nuevos-magistrados-preseleccionados-por-el-cam\/\" target=\"_blank\" rel=\"noopener noreferrer\">Juramento de Ley<\/a>&nbsp;por ante la Corte Suprema de Justicia de Tucum\u00e1n en fecha 07\/11\/2018.<\/p>\n<hr>\n<p><strong>Concurso n\u00b0 149. Juez\/a Civil y Comercial Com\u00fan del Centro Judicial Monteros.<\/strong><\/p>\n<p>En fecha 25\/07\/2018 se&nbsp;elev\u00f3 al Poder Ejecutivo de la Provincia la terna resultante del concurso, mediante&nbsp;<a href=\"http:\/\/camtucuman.gob.ar\/documentos\/acuerdos\/acuerdo_2018_77.pdf\" target=\"_blank\" rel=\"noopener noreferrer\">Acuerdo n\u00b0 77\/2018<\/a>&nbsp;y conforme art. 101 Inc. 5\u00b0 de la Constituci\u00f3n de la Provincia y art. 16 de la Ley 8.197:<\/p>\n<ol>\n<li>V\u00edctor Ra\u00fal Carlos,<\/li>\n<li>Luciana Eleas y<\/li>\n<li>Mirta Estela Casares.<\/li>\n<\/ol>\n<p>Fue designada en el cargo la Dra. Eleas, prestando&nbsp;<a href=\"http:\/\/camtucuman.gob.ar\/web\/blog\/2018\/11\/23\/juraron-2-nuevas-juezas-preseleccionadas-por-el-cam\/\" target=\"_blank\" rel=\"noopener noreferrer\">Juramento de Ley<\/a>&nbsp;por ante la Corte Suprema de Justicia de Tucum\u00e1n en fecha 23\/11\/2018.<\/p>\n<hr>\n<p><strong>Concurso n\u00b0 148. Juez\/a Civil en Documentos y Locaciones del Centro Judicial Monteros.<\/strong><\/p>\n<p>En fecha 25\/07\/2018 se&nbsp;elev\u00f3 al Poder Ejecutivo de la Provincia la terna resultante del concurso, mediante&nbsp;<a href=\"http:\/\/camtucuman.gob.ar\/documentos\/acuerdos\/acuerdo_2018_76.pdf\" target=\"_blank\" rel=\"noopener noreferrer\">Acuerdo n\u00b0 76\/2018<\/a>&nbsp;y conforme art. 101 Inc. 5\u00b0 de la Constituci\u00f3n de la Provincia y art. 16 de la Ley 8.197:<\/p>\n<ol>\n<li>Mar\u00eda Gabriela Rodr\u00edguez Dusing,<\/li>\n<li>Luciana Eleas y<\/li>\n<li>Mar\u00eda Soledad Monteros<\/li>\n<\/ol>\n<p>Fue designada en el cargo la Dra. Rodr\u00edguez Dusing, prestando&nbsp;<a href=\"http:\/\/camtucuman.gob.ar\/web\/blog\/2018\/11\/23\/juraron-2-nuevas-juezas-preseleccionadas-por-el-cam\/\" target=\"_blank\" rel=\"noopener noreferrer\">Juramento de Ley<\/a>&nbsp;por ante la Corte Suprema de Justicia de Tucum\u00e1n en fecha 23\/11\/2018.<\/p>\n<hr>\n<p><strong>Concurso n\u00b0 140. Fiscal\/a de Instrucci\u00f3n, X Nominaci\u00f3n, Centro Judicial Capital:<\/strong><\/p>\n<p>En fecha 19\/06\/2018 se firm\u00f3 el&nbsp;<a href=\"http:\/\/camtucuman.gob.ar\/documentos\/acuerdos\/acuerdo_2018_71.pdf\" target=\"_blank\" rel=\"noopener noreferrer\">Acuerdo n\u00b0 71\/2018<\/a>&nbsp;por el cual se declara desierto el concurso.<\/p>\n<hr>\n<p><strong>Concurso n\u00ba 159. Defensor\/a Oficial en lo Penal de la I Nominaci\u00f3n del Centro Judicial Concepci\u00f3n:<\/strong><\/p>\n<p>En fecha 14\/06\/2018 se elev\u00f3 al Poder Ejecutivo de la Provincia la terna resultante del concurso, mediante&nbsp;<a href=\"http:\/\/camtucuman.gob.ar\/documentos\/acuerdos\/acuerdo_2018_64.pdf\" target=\"_blank\" rel=\"noopener noreferrer\">Acuerdo n\u00b0 64\/2018<\/a>&nbsp;y conforme art. 101 Inc. 5\u00b0 de la Constituci\u00f3n de la Provincia y art. 16 de la Ley 8.197:<\/p>\n<ol>\n<li>Pablo Cannata,<\/li>\n<li>Mariano Eduardo Fern\u00e1ndez y<\/li>\n<li>Carlos Sebasti\u00e1n Pais.<\/li>\n<\/ol>\n<p>Fue designado en el cargo el Dr. Cannata prestando Juramento de Ley&nbsp;en fecha 15\/11\/2018.<\/p>\n<hr>\n<p><strong>Concurso n\u00b0 134. Juez\/a de Cobros y Apremios, Centro Judicial Concepci\u00f3n (nuevo cargo creado por Ley n\u00b0 8837):<\/strong><\/p>\n<p>En fecha 06\/06\/2018 se decidi\u00f3 elevar al Poder Ejecutivo de la Provincia, mediante&nbsp;<a href=\"http:\/\/camtucuman.gob.ar\/documentos\/acuerdos\/acuerdo_2018_55.pdf\" target=\"_blank\" rel=\"noopener noreferrer\">Acuerdo n\u00b0<strong>&nbsp;<\/strong>55\/2018,<\/a>&nbsp;la terna resultante:<\/p>\n<ol>\n<li>Adolfo Antonio Iriarte Yanicelli,<\/li>\n<li>Juan Carlos Ghiringhelli y<\/li>\n<li>Patricio Rom\u00e1n Argota.<\/li>\n<\/ol>\n<p>Fue designado en el cargo el Dr. Iriarte Yanicelli, prestando&nbsp;<a href=\"http:\/\/camtucuman.gob.ar\/web\/blog\/2018\/11\/09\/ingresan-nuevos-magistrados-preseleccionados-por-el-cam\/\" target=\"_blank\" rel=\"noopener noreferrer\">Juramento de Ley<\/a>&nbsp;por ante la Corte Suprema de Justicia de Tucum\u00e1n en fecha 07\/11\/2018.<\/p>\n<hr>\n<p><strong>Concurso n\u00b0 146. Vocal de C\u00e1mara Penal, Sala I, Centro Judicial Concepci\u00f3n:<\/strong><\/p>\n<p>Se declar\u00f3 desierto por&nbsp;<a href=\"http:\/\/camtucuman.gob.ar\/documentos\/acuerdos\/acuerdo_2018_52.pdf\" target=\"_blank\" rel=\"noopener noreferrer\">Acuerdo N\u00b0 52\/2018.<\/a><\/p>\n<hr>\n<p><strong>Concurso n\u00b0 145. Vocal de C\u00e1mara Penal, Sala II, Centro Judicial Concepci\u00f3n:<\/strong><\/p>\n<p>Se declar\u00f3 desierto por&nbsp;&nbsp;<a href=\"http:\/\/camtucuman.gob.ar\/documentos\/acuerdos\/acuerdo_2018_36.pdf\" target=\"_blank\" rel=\"noopener noreferrer\">Acuerdo n\u00b0 36\/2018<\/a><\/p>\n<hr>\n<p><strong>Concurso n\u00b0 123. Juez\/a de Menores de la II Nominaci\u00f3n del Centro Judicial Capital:<\/strong><\/p>\n<p>En fecha 04\/04\/2018 se elev\u00f3 al Poder Ejecutivo de la Provincia&nbsp; la siguiente terna, conforme&nbsp;<a href=\"http:\/\/camtucuman.gob.ar\/documentos\/acuerdos\/acuerdo_2018_25.pdf\" target=\"_blank\" rel=\"noopener noreferrer\">Acuerdo n\u00ba 25\/2018<\/a>, Art. 101 Inc. 5\u00b0 de la Constituci\u00f3n de la Provincia y Art. 16 de la Ley 8.197:<\/p>\n<ol>\n<li>Eugenia Mar\u00eda Posse<\/li>\n<li>Aurora del Carmen D\u00edaz Arga\u00f1araz<\/li>\n<li>Federico Rafael Moeykens.<\/li>\n<\/ol>\n<p>Fue designado en el cargo el Dr.&nbsp;Moeykens, prestando&nbsp;<a href=\"http:\/\/camtucuman.gob.ar\/web\/blog\/2018\/08\/08\/juraron-3-nuevos-magistrados-preseleccionados-por-el-cam\/\" target=\"_blank\" rel=\"noopener noreferrer\">juramento de ley<\/a>&nbsp;el d\u00eda 07\/08\/2018.<\/p>\n<hr>\n<p><strong>Concurso n\u00b0 144. Vocal de C\u00e1mara de Apelaciones Civil y Comercial Com\u00fan del Centro Judicial Concepci\u00f3n:<\/strong><\/p>\n<p>En fecha 14\/03\/2018 se elev\u00f3 al Poder Ejecutivo de la Provincia la siguiente terna, conforme&nbsp;&nbsp;<a href=\"http:\/\/camtucuman.gob.ar\/documentos\/acuerdos\/acuerdo_2018_23.pdf\" target=\"_blank\" rel=\"noopener noreferrer\">Acuerdo n\u00b0 23\/2018<\/a>,&nbsp;Art. 101 Inc. 5\u00b0 de la Constituci\u00f3n de la Provincia y Art. 16 de la Ley 8.197:<\/p>\n<ol>\n<li>Mario Rodolfo Leal,<\/li>\n<li>Mar\u00eda del Rosario Arias, y<\/li>\n<li>Mirta Estela Casares.<\/li>\n<\/ol>\n<p>Fue designado en el cargo el Dr. Leal,&nbsp;prestando&nbsp;<a href=\"http:\/\/camtucuman.gob.ar\/web\/blog\/2018\/08\/08\/juraron-3-nuevos-magistrados-preseleccionados-por-el-cam\/\" target=\"_blank\" rel=\"noopener noreferrer\">juramento de ley<\/a>&nbsp;el d\u00eda 07\/08\/2018.<\/p>\n<hr>\n<p><strong>Concurso n\u00b0 136. Defensor\/a Oficial en lo Penal del Centro Judicial Concepci\u00f3n:<\/strong><\/p>\n<p>En fecha 28\/02\/2018 se declar\u00f3 desierto al no haber alcanzado ning\u00fan postulante los requisitos para acceder a la etapa de entrevistas personales, por&nbsp;<a href=\"http:\/\/camtucuman.gob.ar\/documentos\/acuerdos\/acuerdo_2018_13.pdf\" target=\"_blank\" rel=\"noopener noreferrer\">Acuerdo n\u00b0 13\/2018.<\/a><\/p>\n<hr>\n<p><strong>Concurso n\u00b0 131. Juez\/a en lo Civil y Comercial Com\u00fan del Centro Judicial Concepci\u00f3n:<\/strong><strong>&nbsp;<\/strong><\/p>\n<p>En fecha 07\/12\/2017 se elev\u00f3 al Poder Ejecutivo de la Provincia la siguiente terna, conforme&nbsp;<a href=\"http:\/\/camtucuman.gob.ar\/documentos\/acuerdos\/acuerdo_2017_140.pdf\" target=\"_blank\" rel=\"noopener noreferrer\">Acuerdo n\u00b0 140\/2017<\/a>, Art. 101 Inc. 5\u00b0 de la Constituci\u00f3n de la Provincia y Art. 16 de la Ley 8.197:<\/p>\n<ol>\n<li>Mirta Estela Casares,<\/li>\n<li>Mar\u00eda del Rosario Arias, y<\/li>\n<li>Carlos Rub\u00e9n Molina.<\/li>\n<\/ol>\n<p>Fue designado en el cargo el Dr. Molina, prestando juramento el d\u00eda&nbsp;<a href=\"http:\/\/camtucuman.gob.ar\/web\/blog\/2018\/04\/13\/asumen-6-magistrados-preseleccionados-por-el-consejo\/\" target=\"_blank\" rel=\"noopener noreferrer\">13\/04\/2018.<\/a><\/p>\n<hr>\n<p><strong>Concurso n\u00b0 132. Juez\/a en lo Civil en Familia y Sucesiones, Centro Judicial Concepci\u00f3n&nbsp;<\/strong>(nuevo cargo creado por Ley N\u00b0 8837):<\/p>\n<p>En fecha 18\/10\/2017 se elev\u00f3 al Poder Ejecutivo de la Provincia la siguiente terna, conforme&nbsp;<a href=\"http:\/\/camtucuman.gob.ar\/documentos\/acuerdos\/acuerdo_2017_130.pdf\" target=\"_blank\" rel=\"noopener noreferrer\">Acuerdo n\u00b0 130\/2017<\/a>, Art. 101 Inc. 5\u00b0 de la Constituci\u00f3n de la Provincia y Art. 16 de la Ley 8.197:<\/p>\n<ol>\n<li>Mar\u00eda Claudia del Valle Albornoz,<\/li>\n<li>Roberto Jos\u00e9 Javier Zelaya,<\/li>\n<li>Mariela Viviana Donaire.<\/li>\n<\/ol>\n<p>Fue designada en el cargo la Dra. Donaire, prestando juramento el d\u00eda&nbsp;<a href=\"http:\/\/camtucuman.gob.ar\/web\/blog\/2018\/04\/13\/asumen-6-magistrados-preseleccionados-por-el-consejo\/\" target=\"_blank\" rel=\"noopener noreferrer\">13\/04\/2018.<\/a><\/p>\n<hr>\n<p><strong>Concurso n\u00b0 133. Juez\/a de Primera Instancia del Trabajo, Centro Judicial Concepci\u00f3n&nbsp;<\/strong>(nuevo cargo &nbsp;creado por Ley N\u00b0 8837):<\/p>\n<p>En fecha 28\/09\/2017 se elev\u00f3 al Poder Ejecutivo de la Provincia la siguiente terna, conforme&nbsp;<a href=\"http:\/\/camtucuman.gob.ar\/documentos\/acuerdos\/acuerdo_2017_129.pdf\" target=\"_blank\" rel=\"noopener noreferrer\">Acuerdo n\u00b0 129\/2017<\/a>, Art 101 Inc. 5\u00b0 de la Constituci\u00f3n de la Provincia&nbsp;y Art. 16 de la Ley 8.197:<\/p>\n<ol>\n<li>Tomas Ram\u00f3n Vicente Alba,<\/li>\n<li>Mar\u00eda Alicia Gonz\u00e1lez Mestre,<\/li>\n<li>Tatianana Alejandra Carrera<\/li>\n<\/ol>\n<p>Fue designado en el cargo el Dr. Alba, prestando juramento el d\u00eda&nbsp;<a href=\"http:\/\/camtucuman.gob.ar\/web\/blog\/2018\/04\/13\/asumen-6-magistrados-preseleccionados-por-el-consejo\/\" target=\"_blank\" rel=\"noopener noreferrer\">13\/04\/2018.<\/a><\/p>\n<hr>\n<p><strong>Concurso n\u00b0 135. Juez\/a de Instrucci\u00f3n en lo Penal del Centro Judicial Concepci\u00f3n.<\/strong><\/p>\n<p>En fecha 20\/09\/2017 se elev\u00f3 al Poder Ejecutivo de la Provincia la siguiente terna, conforme&nbsp;<a href=\"http:\/\/camtucuman.gob.ar\/documentos\/acuerdos\/acuerdo_2017_127.pdf\" target=\"_blank\" rel=\"noopener noreferrer\">Acuerdo n\u00b0 127\/2017<\/a>&nbsp;, Art 101 Inc. 5\u00b0 de la Constituci\u00f3n de la Provincia&nbsp;y Art. 16 de la Ley 8.197:<\/p>\n<ol>\n<li>Roberto Eduardo Flores,<\/li>\n<li>Cristian Andr\u00e9s Vel\u00e1zquez, y<\/li>\n<li>Patricia Del Valle Carugatti.<\/li>\n<\/ol>\n<p>Fue designado en el cargo el Dr. Vel\u00e1zquez,&nbsp;<a href=\"http:\/\/camtucuman.gob.ar\/web\/blog\/2018\/02\/20\/5-nuevos-magistrados-preseleccionados-por-el-cam-entraron-en-funciones\/\" target=\"_blank\" rel=\"noopener noreferrer\">prestando juramento<\/a>&nbsp;el d\u00eda 20\/02\/2018 por ante la Corte Suprema de Justicia.<\/p>\n<hr>\n<p><strong>Concurso n\u00b0 127. Juez\/a de Primera Instancia del Trabajo de la VI Nominaci\u00f3n del Centro Judicial Capital:<\/strong><\/p>\n<p>En fecha 04\/08\/2017 se elev\u00f3 al Poder Ejecutivo de la Provincia la siguiente terna, conforme&nbsp;<a href=\"http:\/\/camtucuman.gob.ar\/documentos\/acuerdos\/acuerdo_2017_110.pdf\" target=\"_blank\" rel=\"noopener noreferrer\">Acuerdo n\u00b0 110\/2017<\/a>, Art.&nbsp;101 Inc. 5\u00b0 de la Constituci\u00f3n de la Provincia&nbsp;y Art. 16 de la Ley 8.197:<\/p>\n<ol>\n<li>Tom\u00e1s Ram\u00f3n Vicente Alba,<\/li>\n<li>Miguel Fern\u00e1ndez Corona,<\/li>\n<li>Leonardo Andr\u00e9s Toscano.<\/li>\n<\/ol>\n<p>Fue designado en el cargo el Dr. Toscano, prestando juramento el d\u00eda&nbsp;<a href=\"http:\/\/camtucuman.gob.ar\/web\/blog\/2018\/04\/13\/asumen-6-magistrados-preseleccionados-por-el-consejo\/\" target=\"_blank\" rel=\"noopener noreferrer\">13\/04\/2018<\/a>.<\/p>\n<hr>\n<p><strong>Concurso n\u00b0 106. Defensor\/a Oficial en lo Civil y del Trabajo, Centro Judicial Capital con car\u00e1cter itinerante:<\/strong><\/p>\n<p>Se declar\u00f3 desierto mediante&nbsp;<a href=\"http:\/\/camtucuman.gob.ar\/documentos\/acuerdos\/acuerdo_2017_109.pdf\" target=\"_blank\" rel=\"noopener noreferrer\">Acuerdo n\u00b0 109\/2017<\/a>&nbsp;de fecha 27 de julio de 2017.<\/p>\n<hr>\n<p><strong>Concurso n\u00b0 112, Fiscal\/a de Instrucci\u00f3n Penal del Centro Judicial Monteros.<\/strong><\/p>\n<p>En fecha 26\/07\/2017 se elev\u00f3 al Poder Ejecutivo de la Provincia la siguiente terna, conforme&nbsp;<a href=\"http:\/\/camtucuman.gob.ar\/documentos\/acuerdos\/acuerdo_2017_105.pdf\" target=\"_blank\" rel=\"noopener noreferrer\">Acuerdo n\u00b0 105\/2017<\/a>, Art.&nbsp;101 Inc. 5\u00b0 de la Constituci\u00f3n de la Provincia&nbsp;y Art. 16 de la Ley 8.197:<\/p>\n<ol>\n<li>Facundo Maggio<\/li>\n<li>Carlos Eduardo L\u00f3pez<\/li>\n<li>Eugenia Mar\u00eda Posse.<\/li>\n<\/ol>\n<p>Fue designada en el cargo la Dra. Posse,&nbsp;<a href=\"http:\/\/camtucuman.gob.ar\/web\/blog\/2018\/02\/20\/5-nuevos-magistrados-preseleccionados-por-el-cam-entraron-en-funciones\/\" target=\"_blank\" rel=\"noopener noreferrer\">prestando juramento<\/a>&nbsp;el d\u00eda 20\/02\/2018 por ante la Corte Suprema de Justicia de Tucum\u00e1n.<\/p>\n<hr>\n<p><strong>Concurso n\u00b0 109, Fiscal\/a de Instrucci\u00f3n Penal del Centro Judicial Capital.<\/strong><\/p>\n<p>En fecha 29\/06\/2017 se elev\u00f3 al Poder Ejecutivo de la Provincia la siguiente terna, conforme&nbsp;&nbsp;<a href=\"http:\/\/camtucuman.gob.ar\/documentos\/acuerdos\/acuerdo_2017_104.pdf\" target=\"_blank\" rel=\"noopener noreferrer\">Acuerdo n\u00b0 104<\/a>\/2017,&nbsp;Art. 101 Inc. 5\u00b0 de la Constituci\u00f3n de la Provincia&nbsp;y Art. 16 de la Ley 8.197:<\/p>\n<ol>\n<li>Pedro Le\u00f3n Gallo,<\/li>\n<li>Facundo Maggio, y<\/li>\n<li>Luis Jos\u00e9 Mar\u00eda Amarillo<\/li>\n<\/ol>\n<hr>\n<p><strong>Concurso n\u00b0 108, Fiscal\/a de Instrucci\u00f3n Penal del Centro Judicial Capital.<\/strong><\/p>\n<p>En fecha 29\/06\/2017 se elev\u00f3 al Poder Ejecutivo de la Provincia la siguiente terna, conforme&nbsp;&nbsp;<a href=\"http:\/\/camtucuman.gob.ar\/documentos\/acuerdos\/acuerdo_2017_103.pdf\" target=\"_blank\" rel=\"noopener noreferrer\">Acuerdo n\u00b0 103<\/a>\/2017, Art. 101 Inc. 5\u00b0 de la Constituci\u00f3n de la Provincia&nbsp;y Art. 16 de la Ley 8.197:<\/p>\n<ol>\n<li>Pedro Le\u00f3n Gallo,<\/li>\n<li>Eugenia Mar\u00eda Posse, y<\/li>\n<li>Luis Jos\u00e9 Mar\u00eda Amarillo<\/li>\n<\/ol>\n<hr>\n<p><strong>Concurso n\u00b0 110, Fiscal\/a de Instrucci\u00f3n Penal del Centro Judicial Capital.<\/strong><\/p>\n<p>En fecha 16\/06\/2017 se remiti\u00f3 al Poder Ejecutivo de la Provincia&nbsp;la siguiente terna, conforme&nbsp;<a href=\"http:\/\/camtucuman.gob.ar\/documentos\/acuerdos\/acuerdo_2017_97.pdf\" target=\"_blank\" rel=\"noopener noreferrer\">Acuerdo n\u00b0 97\/2017<\/a>&nbsp;, Art. 101 Inc. 5\u00ba de la Constituci\u00f3n de la Provincia y Art. 16 de la Ley 8.197:<\/p>\n<ol>\n<li>Facundo Maggio,<\/li>\n<li>Pedro Le\u00f3n Gallo,<\/li>\n<li>Luis Jos\u00e9 Mar\u00eda Amarillo<\/li>\n<\/ol>\n<p>Fue designado en el cargo el Dr. Gallo,&nbsp;prestando&nbsp;<a href=\"http:\/\/camtucuman.gob.ar\/web\/blog\/2018\/08\/08\/juraron-3-nuevos-magistrados-preseleccionados-por-el-cam\/\" target=\"_blank\" rel=\"noopener noreferrer\">juramento de ley<\/a>&nbsp;el d\u00eda 07\/08\/2018.<\/p>\n<hr>\n<p><strong>Concurso n\u00b0 126, Juez\/a de Primera Instancia en lo Civil en Documentos y Locaciones de la II Nominaci\u00f3n del Centro Judicial Capital.<\/strong><\/p>\n<p>En fecha 16\/06\/2017 se remiti\u00f3 al Poder Ejecutivo de la Provincia&nbsp;la siguiente terna, conforme&nbsp;<a href=\"http:\/\/camtucuman.gob.ar\/documentos\/acuerdos\/acuerdo_2017_98.pdf\" target=\"_blank\" rel=\"noopener noreferrer\">Acuerdo n\u00b0 98\/2017<\/a>&nbsp;, Art. 101 Inc. 5\u00ba de la Constituci\u00f3n de la Provincia y Art. 16 de la Ley 8.197:<\/p>\n<ol>\n<li>Mar\u00eda Victoria G\u00f3mez Tacconi,<\/li>\n<li>Ezequiel Stordeur de Zaval\u00eda,<\/li>\n<li>Mar\u00eda In\u00e9s Barros de Araujo.<\/li>\n<\/ol>\n<p>Fue designada en el cargo la Dra. G\u00f3mez Tacconi,&nbsp;<a href=\"http:\/\/camtucuman.gob.ar\/web\/blog\/2018\/02\/20\/5-nuevos-magistrados-preseleccionados-por-el-cam-entraron-en-funciones\/\" target=\"_blank\" rel=\"noopener noreferrer\">prestando juramento<\/a>&nbsp;el d\u00eda 20\/02\/2018 por ante la Corte Suprema de Justicia de Tucum\u00e1n.<\/p>\n<hr>\n<p><strong>Concurso n\u00b0 111, Fiscal\/a de Instrucci\u00f3n en lo Penal del Centro Judicial Concepci\u00f3n.<\/strong><\/p>\n<p>En fecha 06\/06\/2017&nbsp;se aprob\u00f3 el&nbsp;<a href=\"http:\/\/camtucuman.gob.ar\/documentos\/acuerdos\/acuerdo_2017_88.pdf\" target=\"_blank\" rel=\"noopener noreferrer\">Acuerdo n\u00b0 88\/2017<\/a>, que declara desierto el Concurso n\u00b0 111 para Fiscal\/a de Instrucci\u00f3n en lo Penal del Centro Judicial Concepci\u00f3n, y el&nbsp;<a href=\"http:\/\/camtucuman.gob.ar\/documentos\/acuerdos\/acuerdo_2017_89.pdf\" target=\"_blank\" rel=\"noopener noreferrer\">Acuerdo n\u00b0 89\/2017<\/a>&nbsp;que llama nuevamente a concurso para el cargo, con denominaci\u00f3n de Concurso n\u00b0 160.<\/p>\n<hr>\n<p><strong>Concurso n\u00ba 114 Juzgado en lo Civil en Documentos y Locaciones de la I Nominaci\u00f3n, Centro Judicial Capital.<\/strong><\/p>\n<p>En fecha 24\/05\/2017 se remiti\u00f3 al Poder Ejecutivo de la Provincia la siguiente terna, conforme al&nbsp;<a href=\"http:\/\/camtucuman.gob.ar\/documentos\/acuerdos\/acuerdo_2017_79.pdf\" target=\"_blank\" rel=\"noopener noreferrer\">Acuerdo n\u00ba 79\/2017<\/a>, al&nbsp;Art. 101 Inc. 5\u00ba de la Constituci\u00f3n de la Provincia y al Art. 16 de la Ley 8.197:<\/p>\n<ol>\n<li>Mar\u00eda del Rosario Arias,<\/li>\n<li>Pedro Daniel Cagna,<\/li>\n<li>Enzo Dar\u00edo Pautassi<\/li>\n<\/ol>\n<p>Fue designada en el cargo la Dra. Arias, prestando juramento el d\u00eda&nbsp;<a href=\"http:\/\/camtucuman.gob.ar\/web\/blog\/2018\/04\/13\/asumen-6-magistrados-preseleccionados-por-el-consejo\/\" target=\"_blank\" rel=\"noopener noreferrer\">13\/04\/2018<\/a>.&nbsp;<\/p>\n<hr>\n<p><strong>Concurso n\u00ba 116, Vocal de C\u00e1mara Penal, Sala II, Centro Judicial Capital.<\/strong><\/p>\n<p>En fecha 04\/05\/2017 se remiti\u00f3 al Poder Ejecutivo de la Provincia la siguiente terna, conforme al&nbsp;<a href=\"http:\/\/camtucuman.gob.ar\/documentos\/acuerdos\/acuerdo_2017_67.pdf\" target=\"_blank\" rel=\"noopener noreferrer\">Acuerdo n\u00ba 67\/2017<\/a>, al&nbsp;Art. 101 Inc. 5\u00ba de la Constituci\u00f3n de la Provincia y al Art. 16 de la Ley 8.197:<\/p>\n<ol>\n<li>Juan Carlos Nacul<\/li>\n<li>Luis Fernando Morales Lezica<\/li>\n<li>Carlos Eduardo Saltor.<\/li>\n<\/ol>\n<p>Fue designado en el cargo el Dr. Morales Lezica,&nbsp;<a href=\"http:\/\/camtucuman.gob.ar\/web\/blog\/2018\/02\/20\/5-nuevos-magistrados-preseleccionados-por-el-cam-entraron-en-funciones\/\" target=\"_blank\" rel=\"noopener noreferrer\">prestando juramento<\/a>&nbsp;el d\u00eda 20\/02\/2018 por ante la Corte Suprema de Justicia de Tucum\u00e1n.<\/p>\n<hr>\n<p><strong>Concurso n\u00ba 125. Vocal de C\u00e1mara de Apelaciones en lo Civil en Familia y Sucesiones y Documentos y Locaciones, Sala de Familia y Sucesiones, del Centro Judicial Concepci\u00f3n<\/strong>. &nbsp;<\/p>\n<p>En fecha 26 de abril de 2017 se elev\u00f3 al Poder Ejecutivo de la Provincia la siguiente terna, seg\u00fan&nbsp;<a href=\"http:\/\/camtucuman.gob.ar\/documentos\/acuerdos\/acuerdo_2017_45.pdf\" target=\"_blank\" rel=\"noopener noreferrer\">Acuerdo n\u00ba 45\/2017<\/a>&nbsp;y&nbsp;conforme Art. 101 Inc. 5\u00ba de la Constituci\u00f3n de la Provincia y Art. 16 de la Ley 8.197:<\/p>\n<ol>\n<li>Mariana Josefina Rey Galindo,<\/li>\n<li>Ana Carolina Cano, y<\/li>\n<li>Andrea Fabiana Segura.<\/li>\n<\/ol>\n<p>Fue designada en el cargo la Dra. Cano,&nbsp;<a href=\"http:\/\/camtucuman.gob.ar\/web\/blog\/2018\/02\/20\/5-nuevos-magistrados-preseleccionados-por-el-cam-entraron-en-funciones\/\" target=\"_blank\" rel=\"noopener noreferrer\">prestando juramento<\/a>&nbsp;el d\u00eda 20\/02\/2018 por ante la Corte Suprema de Justicia de Tucum\u00e1n.<\/p>\n<hr>\n<p><strong>Concurso n\u00b0 92. Juez\/a de Menores Centro Judicial Capital con asiento en Banda del R\u00edo Sal\u00ed.<\/strong><\/p>\n<p>En fecha 10\/04\/2017 se remiti\u00f3 al Poder Ejecutivo de la Provincia la siguiente terna, seg\u00fan Acuerdo&nbsp;<a href=\"http:\/\/camtucuman.gob.ar\/documentos\/acuerdos\/acuerdo_2017_40.pdf\" target=\"_blank\" rel=\"noopener noreferrer\">n\u00ba 40\/2017<\/a>&nbsp; y conforme Art. 101 Inc. 5\u00ba de la Constituci\u00f3n de la Provincia y Art. 16 de la Ley 8.197:<\/p>\n<ol>\n<li>I\u00e1cono, Ana Mar\u00eda<\/li>\n<li>N\u00fa\u00f1ez Campero, Marcos Javier<\/li>\n<li>Clemente, Ricardo Daniel<\/li>\n<\/ol>\n<p>Fue designada en el cargo la Dra. I\u00e1cono, prestando juramento de ley el d\u00eda 01 de agosto de 2017 por ante la Corte Suprema de Justicia de Tucum\u00e1n.<\/p>\n<hr>\n<p><strong>Concurso n\u00ba 104 Fiscal\u00eda de C\u00e1mara Penal Vl Centro Judicial Capital<\/strong><\/p>\n<p>En fecha 15\/03\/2017 se remiti\u00f3 al Poder Ejecutivo provincial la siguiente terna, seg\u00fan&nbsp;<a href=\"http:\/\/camtucuman.gob.ar\/documentos\/acuerdos\/acuerdo_2017_30.pdf\" target=\"_blank\" rel=\"noopener noreferrer\">Acuerdo n\u00ba 30\/2017<\/a>&nbsp;y conforme Art. 101 Inc. 5\u00ba de la Constituci\u00f3n de la Provincia y Art. 16 de la Ley 8.197:<\/p>\n<ol>\n<li>Nacul, Juan Carlos,<\/li>\n<li>Saltor, Carlos Eduardo,<\/li>\n<li>Epelbaum, Carolina Eugenia.<\/li>\n<\/ol>\n<p>Fue designado en el cargo el Dr. Saltor, prestando juramento de ley el d\u00eda 01 de agosto de 2017 por ante la Corte Suprema de Justicia de Tucum\u00e1n.<\/p>\n<hr>\n<p><strong>Concurso n\u00ba 119, Juez\/a de Instrucci\u00f3n Penal de la II Nominaci\u00f3n del Centro Judicial Capital.<\/strong><\/p>\n<p>En fecha 15\/03\/2017 se remiti\u00f3 al Poder Ejecutivo provincial la siguiente terna, seg\u00fan&nbsp;<a href=\"http:\/\/camtucuman.gob.ar\/documentos\/acuerdos\/acuerdo_2017_31.pdf\" target=\"_blank\" rel=\"noopener noreferrer\">Acuerdo n\u00ba 31\/2017<\/a>&nbsp; y conforme Art. 101 Inc. 5\u00ba de la Constituci\u00f3n de la Provincia y Art. 16 de la Ley 8.197:<\/p>\n<ol>\n<li>Ballesteros, Mar\u00eda Carolina.<\/li>\n<li>Maggio, Facundo.<\/li>\n<li>Nacul, Juan Carlos.<\/li>\n<\/ol>\n<p>Fue designado en el cargo el Dr. Maggio, prestando juramento de ley el d\u00eda<a href=\"http:\/\/camtucuman.gob.ar\/web\/blog\/2018\/04\/13\/asumen-6-magistrados-preseleccionados-por-el-consejo\/\" target=\"_blank\" rel=\"noopener noreferrer\">&nbsp;13\/04\/2018.<\/a><\/p>\n<hr>\n<p><strong>Concurso n\u00b0 122. Vocal de C\u00e1mara Penal, Sala II, Centro Judicial Concepci\u00f3n.<\/strong><\/p>\n<p>En fecha 08\/03\/2017 se remiti\u00f3 al Poder Ejecutivo provincial la siguiente terna, seg\u00fan Acuerdo&nbsp;<a href=\"http:\/\/camtucuman.gob.ar\/documentos\/acuerdos\/acuerdo_2017_24.pdf\" target=\"_blank\" rel=\"noopener noreferrer\">n\u00ba 24\/2017<\/a>&nbsp;y conforme Art. 101 Inc. 5\u00ba de la Constituci\u00f3n de la Provincia y Art. 16 de la Ley 8.197:<\/p>\n<ol>\n<li>Mar\u00eda Carolina Ballesteros,<\/li>\n<li>Juan Carlos Nacul,<\/li>\n<li>Sergio Dante Altamirano.<\/li>\n<\/ol>\n<p>Fue designado en el cargo el Dr. Altamirano, prestando juramento de ley el d\u00eda 01 de agosto de 2017 por ante la Corte Suprema de Justicia de Tucum\u00e1n.<\/p>\n<hr>\n<p><strong>Concurso n\u00ba 115: Defensor\/a Oficial en lo Penal de la I Nominaci\u00f3n del Centro Judicial Concepci\u00f3n.Defensor\/a Oficial en lo Penal de la I Nominaci\u00f3n del Centro Judicial Concepci\u00f3n.<\/strong><\/p>\n<p>Se declar\u00f3 desierto mediante&nbsp;<a href=\"http:\/\/camtucuman.gob.ar\/documentos\/acuerdos\/acuerdo_2017_23.pdf\" target=\"_blank\" rel=\"noopener noreferrer\">Acuerdo n\u00ba 23\/2017.<\/a>&nbsp;del 02\/03\/2017.<\/p>\n<hr>\n<p><strong>Concurso n\u00ba 121: Fiscal de C\u00e1mara Civil, Comercial, Laboral y Contencioso Administrativo del Centro Judicial Capital.<\/strong><\/p>\n<p>En Fecha 27\/12\/2016 se remiti\u00f3 al Poder Ejecutivo provincial la siguiente terna, seg\u00fan Acuerdo&nbsp;<a href=\"http:\/\/camtucuman.gob.ar\/documentos\/acuerdos\/acuerdo_2016_125.pdf\" target=\"_blank\" rel=\"noopener noreferrer\">n\u00ba 125\/2016<\/a>&nbsp;y conforme Art. 101 Inc. 5\u00ba de la Constituci\u00f3n de la Provincia y Art. 16 de la Ley 8.197<\/p>\n<ol>\n<li>Hael, Juana In\u00e9s.<\/li>\n<li>M\u00e9ndez, Eleonora Claudia.<\/li>\n<li>Holgado, Sergio Eusebio.<\/li>\n<\/ol>\n<p>Fue designada en el cargo la Dra. Hael, prestando juramento de ley el d\u00eda 10 de mayo de 2017 por ante la Corte Suprema de Justicia de Tucum\u00e1n.<\/p>\n<hr>\n<p><strong>Concurso n\u00ba 105: Defensor\/a Oficial Civil y del Trabajo del Centro Judicial Capital con asiento en Banda del R\u00edo Sal\u00ed<\/strong><\/p>\n<p>En Fecha 27\/12\/2016 se remiti\u00f3 al Poder Ejecutivo provincial la siguiente terna correspondiente al Concurso N\u00ba 105, Seg\u00fan Acuerdo&nbsp;<a href=\"http:\/\/camtucuman.gob.ar\/documentos\/acuerdos\/acuerdo_2016_124.pdf\" target=\"_blank\" rel=\"noopener noreferrer\">n\u00ba 124\/2016<\/a>&nbsp;y&nbsp; conforme Art. 101 Inc. 5\u00ba de la Constituci\u00f3n de la Provincia y Art. 16 de la Ley 8.197<\/p>\n<ol>\n<li>M\u00e9ndez, Eleonora Claudia.<\/li>\n<li>Acu\u00f1a,&nbsp;Agust\u00edn Eugenio.<\/li>\n<li>Carlos, V\u00edctor Ra\u00fal.<\/li>\n<\/ol>\n<p>Fue designada en el cargo la Dra. M\u00e9ndez, prestando juramento de ley el d\u00eda 10 de mayo de 2017 ante la Corte Suprema de Justicia de Tucum\u00e1n.<\/p>\n<hr>\n<p><strong>Concurso n\u00ba 118:<\/strong>&nbsp;<strong>Fiscal\/a en lo Civil y del Trabajo, Centro Judicial Monteros.<\/strong><\/p>\n<p>El d\u00eda 29\/11\/2016 se remiti\u00f3 al Poder Ejecutivo el&nbsp;<a href=\"http:\/\/camtucuman.gob.ar\/documentos\/acuerdos\/acuerdo_2016_121.pdf\" target=\"_blank\" rel=\"noopener noreferrer\">Acuerdo n\u00b0 121\/2016<\/a>&nbsp;de elevaci\u00f3n de terna integrada por:<\/p>\n<ol>\n<li>Alicia Estela Carranza,<\/li>\n<li>Eleonora Claudia M\u00e9ndez y<\/li>\n<li>Mar\u00eda In\u00e9s Barros.<\/li>\n<\/ol>\n<p>Fue designada en el cargo la Dra. Carranza, prestando juramento de ley el d\u00eda 10 de mayo de 2017 ante la Corte Suprema de Justicia de Tucum\u00e1n.<\/p>\n<hr>\n<p><strong>Concurso n\u00ba 117: Juez\/a en lo Civil en Familia y Sucesiones, Centro Judicial Monteros.<\/strong><\/p>\n<p>El d\u00eda 10\/11\/2016 se remiti\u00f3 al Poder Ejecutivo&nbsp;<a href=\"http:\/\/camtucuman.gob.ar\/documentos\/acuerdos\/acuerdo_2016_115.pdf\" target=\"_blank\" rel=\"noopener noreferrer\">Acuerdo n\u00b0 115\/2016&nbsp;<\/a>de elevaci\u00f3n de terna integrada por<\/p>\n<ol>\n<li>Eleonora Claudia M\u00e9ndez,<\/li>\n<li>Mariana Josefina Rey Galindo y<\/li>\n<li>Mar\u00eda Isabel Nieva Conejos.<\/li>\n<\/ol>\n<p>Fue designada en el cargo la Dra. Rey Galindo, prestando juramento de ley el d\u00eda 10 de mayo de 2017 ante la Corte Suprema de Justicia de Tucum\u00e1n.<\/p>\n<hr>\n<p><strong>Concurso n\u00b0 120: Vocal de C\u00e1mara Penal, Sala II. Centro Judicial Concepci\u00f3n<\/strong><\/p>\n<p>En fecha 16\/08\/2016 se aprob\u00f3 el Acuerdo<a href=\"http:\/\/camtucuman.gob.ar\/documentos\/acuerdos\/acuerdo_2016_77.pdf\" target=\"_blank\" rel=\"noopener noreferrer\">&nbsp;n\u00b0 77\/2016<\/a>&nbsp;declarando desierto el concurso por no haber al menos tres postulantes alcanzado el puntaje m\u00ednimo para acceder a la etapa de entrevistas.<\/p>\n<hr>\n<p><strong>Concurso n\u00b0 103: Juez\/a en lo Civil y Comercial Com\u00fan de la I Nominaci\u00f3n. Centro Judicial Capital.<\/strong><\/p>\n<p>En 03\/08\/2016 se remiti\u00f3 al Poder Ejecutivo el&nbsp;<a href=\"http:\/\/camtucuman.gob.ar\/documentos\/acuerdos\/acuerdo_2016_74.pdf\" target=\"_blank\" rel=\"noopener noreferrer\">Acuerdo n\u00b0 74\/2016&nbsp;<\/a>de elevaci\u00f3n de terna, la cual qued\u00f3 integrada por<\/p>\n<ol>\n<li>\u00c1lvaro Zamorano,<\/li>\n<li>Fernando Garc\u00eda Hamilton y<\/li>\n<li>Hern\u00e1n Fr\u00edas Silva.<\/li>\n<\/ol>\n<p>Fue designado en el cargo el Dr. Zamorano, prestando juramento de ley el d\u00eda 10 de mayo de 2017 ante la Corte Suprema de Justicia de Tucum\u00e1n.<\/p>\n<hr>\n<p><strong>Concurso n\u00b0 102: Juez\/a de Conciliaci\u00f3n y Tr\u00e1mite de la III Nominaci\u00f3n. Centro Judicial Capital.<\/strong><\/p>\n<p>El d\u00eda 2 de junio de 2016 se remiti\u00f3 al Poder Ejecutivo el Acuerdo&nbsp;<a href=\"http:\/\/camtucuman.gob.ar\/documentos\/acuerdos\/acuerdo_2016_58.pdf\" target=\"_blank\" rel=\"noopener noreferrer\">n\u00b0 58\/2016<\/a>&nbsp;de elevaci\u00f3n de terna, integrada por<\/p>\n<ol>\n<li>Miguel Eduardo Fern\u00e1ndez Corona,<\/li>\n<li>Mar\u00eda Gabriela Rodr\u00edguez Dusing y<\/li>\n<li>Guillermo Ernesto Kutter.<\/li>\n<\/ol>\n<p>Fue designado en el cargo el Dr. Kutter, prestando juramento de ley el d\u00eda 10 de mayo de 2017 ante la Corte Suprema de Justicia de Tucum\u00e1n.<\/p>\n<hr>\n<p><strong>Concurso n\u00b0 113: Vocal de C\u00e1mara del Trabajo, Sala II. Centro Judicial Concepci\u00f3n.<\/strong><\/p>\n<p>El d\u00eda 18\/05\/2016 se remiti\u00f3 al Poder Ejecutivo el&nbsp;<a href=\"http:\/\/camtucuman.gob.ar\/documentos\/acuerdos\/acuerdo_2016_56.pdf\" target=\"_blank\" rel=\"noopener noreferrer\">Acuerdo n\u00b0 56\/2016<\/a>&nbsp;de elevaci\u00f3n de terna, la que qued\u00f3 integrada por l<\/p>\n<ol>\n<li>Pedro Patricio Stordeur,<\/li>\n<li>Tom\u00e1s Ram\u00f3n Vicente Alba y<\/li>\n<li>Mar\u00eda Alicia Gonz\u00e1lez Mestre.<\/li>\n<\/ol>\n<p>Fue designado en el cargo el Dr. Stordeur, prestando juramento de ley el d\u00eda 10 de mayo de 2017 por ante la Corte Suprema de Justicia de Tucum\u00e1n.<\/p>\n<hr>\n<p><strong>Concurso n\u00b0 107: Defensor\/a Oficial en lo Civil y del Trabajo. Centro Judicial Concepci\u00f3n, con car\u00e1cter itinerante.<\/strong><\/p>\n<p>En 18\/05\/2016 se remiti\u00f3 al Poder Ejecutivo el&nbsp;<a href=\"http:\/\/camtucuman.gob.ar\/documentos\/acuerdos\/acuerdo_2016_55.pdf\" target=\"_blank\" rel=\"noopener noreferrer\">Acuerdo n\u00b0 55\/2016<\/a>&nbsp;de elevaci\u00f3n de terna, la cual qued\u00f3 integrada por<\/p>\n<ol>\n<li>Victor Ra\u00fal Carlos,<\/li>\n<li>Eleonora Claudia M\u00e9ndez y<\/li>\n<li>Agust\u00edn Eugenio Acu\u00f1a.<\/li>\n<\/ol>\n<p>Fue designado en el cargo el Dr. Acu\u00f1a, prestando juramento de ley el d\u00eda 10 de mayo de 2017 ante la Corte Suprema de Justicia de Tucum\u00e1n.<\/p>\n<hr>\n<p><strong>Concurso n\u00b0 100: Juez\/a en lo Civil y Comercial Com\u00fan de la VIII Nominaci\u00f3n. Centro Judicial Capital.<\/strong><\/p>\n<p>El 12\/05\/2016 se remiti\u00f3 al Poder Ejecutivo el&nbsp;<a href=\"http:\/\/camtucuman.gob.ar\/documentos\/acuerdos\/acuerdo_2016_53.pdf\" target=\"_blank\" rel=\"noopener noreferrer\">Acuerdo n\u00b0 53\/2016<\/a>&nbsp;de elevaci\u00f3n de terna integrada por<\/p>\n<ol>\n<li>Eleonora Claudia M\u00e9ndez,<\/li>\n<li>Pedro Manuel Ram\u00f3n P\u00e9rez y<\/li>\n<li>Fernando Garc\u00eda Hamilton.<\/li>\n<\/ol>\n<p>Se design\u00f3 en el cargo al Dr. P\u00e9rez, quien jur\u00f3 el d\u00eda 23 de agosto de 2016.<\/p>\n<hr>\n<p><strong>Concurso n\u00b0 101: Juez\/a en lo Civil en Familia y Sucesiones de la I Nominaci\u00f3n. Centro Judicial Concepci\u00f3n.<\/strong><\/p>\n<p>El 7 de abril de 2016 se remiti\u00f3 al Poder Ejecutivo el Acuerdo&nbsp;<a href=\"http:\/\/camtucuman.gob.ar\/documentos\/acuerdos\/acuerdo_2016_39.pdf\" target=\"_blank\" rel=\"noopener noreferrer\">n\u00b0 39\/2016<\/a>&nbsp;de elevaci\u00f3n de terna integrada por<\/p>\n<ol>\n<li>Mariela Viviana Donaire,<\/li>\n<li>Eleonora Claudia M\u00e9ndez y<\/li>\n<li>Jos\u00e9 Rub\u00e9n Sale.<\/li>\n<\/ol>\n<p>Fue designado en el cargo el Dr. Sale, jurando el d\u00eda 23 de agosto de 2016.<\/p>\n<hr>\n<p><strong>Concurso n\u00b0 97: Juez de Ejecuci\u00f3n en lo Penal. Centro Judicial Capital.<\/strong><\/p>\n<p>El 07 de abril de 2016 se remiti\u00f3 al Poder Ejecutivo el&nbsp;<a href=\"http:\/\/camtucuman.gob.ar\/documentos\/acuerdos\/acuerdo_2016_38.pdf\" target=\"_blank\" rel=\"noopener noreferrer\">Acuerdo n\u00b0 38\/2016<\/a>&nbsp;de elevaci\u00f3n de terna integrada por<\/p>\n<ol>\n<li>Roberto Eduardo Flores,<\/li>\n<li>Lucas Manuel Maggio y<\/li>\n<li>Roberto Eugenio Guyot.<\/li>\n<\/ol>\n<p>Fue designado en el cargo el Dr. Guyot, jurando el d\u00eda 23 de agosto de 2016.<\/p>\n<hr>\n<p><strong>Concurso n\u00ba 96: Fiscal de Instrucci\u00f3n Penal de la II Nominaci\u00f3n. Centro Judicial Capital.<\/strong><\/p>\n<p>En sesi\u00f3n del 9\/12\/2015 se aprob\u00f3 el&nbsp;<a href=\"http:\/\/camtucuman.gob.ar\/documentos\/acuerdos\/acuerdo_2015_172.pdf\" target=\"_blank\" rel=\"noopener noreferrer\">Acuerdo n\u00ba 172\/2015&nbsp;<\/a>de elevaci\u00f3n de terna integrada por<\/p>\n<ol>\n<li>Mar\u00eda Carolina Ballesteros,<\/li>\n<li>Carlos Eduardo Saltor y<\/li>\n<li>Claudio Osmar Bonari.<\/li>\n<\/ol>\n<p>Se remiti\u00f3 al Poder Ejecutivo de la Provincia en fecha 15\/12\/2015. Se design\u00f3 en el cargo al Dr. Bonari, quien prest\u00f3 juramento el d\u00eda 23\/08\/2016.<\/p>\n<hr>\n<p><strong>Concurso n\u00b0 94: Defensor\/a de Menores Civil, Penal y del Trabajo. Centro Judicial Capital con asiento en Banda del R\u00edo Sal\u00ed.<\/strong><\/p>\n<p>El 26 de octubre de 2015 se aprob\u00f3 el&nbsp;<a href=\"http:\/\/camtucuman.gob.ar\/documentos\/acuerdos\/acuerdo_2015_156.pdf\" target=\"_blank\" rel=\"noopener noreferrer\">Acuerdo n\u00b0 156\/2015<\/a>&nbsp;por el cual se remiti\u00f3 la terna al Poder Ejecutivo integrada por:<\/p>\n<ol>\n<li>Andrea Fabiana Segura,<\/li>\n<li>Diego Javier Trabadelo y<\/li>\n<li>Mar\u00eda Lorena Arquez.<\/li>\n<\/ol>\n<p>Se design\u00f3 en el cargo a la Dra. Arquez, quien prest\u00f3 juramento el d\u00eda 23 de agosto del 2016.<\/p>\n<hr>\n<p><strong>Concurso n\u00ba 89: Vocal de C\u00e1mara Penal, Sala II. Centro Judicial Capital.<\/strong><\/p>\n<p>El d\u00eda 19\/06\/2015 se remiti\u00f3 al Poder Ejecutivo el&nbsp;<a href=\"http:\/\/camtucuman.gob.ar\/documentos\/acuerdos\/acuerdo_2015_79.pdf\" target=\"_blank\" rel=\"noopener noreferrer\">Acuerdo n\u00ba 79\/2015<\/a>&nbsp;de elevaci\u00f3n de terna, la cual qued\u00f3 integrada por:<\/p>\n<ol>\n<li>Gustavo Aldo Sim\u00f3n Romagnoli,<\/li>\n<li>Juan Carlos Nacul y<\/li>\n<li>Walter Emilio Ojeda \u00c1vila.<\/li>\n<\/ol>\n<p>Fue designado en el cargo el Dr. Romagnoli, prestando juramento el d\u00eda 23\/08\/2016.<\/p>\n<hr>\n<p><strong>Concurso n\u00ba 98:<\/strong>&nbsp;<strong>Juez\/a de Ejecuci\u00f3n en lo Penal, Centro Judicial Concepci\u00f3n.<\/strong><\/p>\n<p>En sesi\u00f3n del 01\/07\/2015 se aprob\u00f3&nbsp;<a href=\"http:\/\/camtucuman.gob.ar\/documentos\/acuerdos\/acuerdo_2015_91.pdf\" target=\"_blank\" rel=\"noopener noreferrer\">Acuerdo n\u00b0 91\/2015<\/a>&nbsp;de elevaci\u00f3n de terna, remitida al Poder Ejecutivo en fecha 02\/07\/2015 e integrada por:<\/p>\n<ol>\n<li>Emilio Edgardo P\u00e9rez,<\/li>\n<li>Alicia Merched y<\/li>\n<li>Fernando Rodolfo Rivera&nbsp;<\/li>\n<\/ol>\n<p>Fue designada en el cargo la Dra. Merched, prestando juramento de ley el d\u00eda 10 de mayo de 2017 ante la Corte Suprema de Justicia de Tucum\u00e1n.&nbsp;<\/p>\n<p><strong>oncurso N\u00b0 214. Fiscal\/a Correccional de la II Nominaci\u00f3n del Centro Judicial Capital:<\/strong><\/p>\n<p>En fecha 19\/08\/2020 se elev\u00f3 al Poder Ejecutivo de la Provincia la terna resultante del concurso, mediante&nbsp;<a href=\"http:\/\/camtucuman.gob.ar\/documentos\/acuerdos\/acuerdo_2020_234.pdf\" target=\"_blank\" rel=\"noopener noreferrer\">Acuerdo N\u00ba234\/2020<\/a>&nbsp;y conforme art. 101 Inc. 5\u00b0 de la Constituci\u00f3n de la Provincia y art. 16 de la Ley 8.197:<\/p>\n<ol>\n<li>Guillermo Taylor,<\/li>\n<li>Gerardo Nicol\u00e1s Salas, y<\/li>\n<li>Patricia del Valle Carugatti.<\/li>\n<\/ol>\n<hr>\n<p><strong>Concurso N\u00ba 190. Juez\/a del Tribunal de Impugnaci\u00f3n del Centro Judicial Capital:<\/strong><\/p>\n<p>En fecha 12\/08\/2020 se elev\u00f3 al Poder Ejecutivo de la Provincia la terna resultante del concurso, mediante&nbsp;<a href=\"http:\/\/camtucuman.gob.ar\/documentos\/acuerdos\/acuerdo_2020_228.pdf\" target=\"_blank\" rel=\"noopener noreferrer\">Acuerdo N\u00ba228\/2020<\/a>&nbsp;y conforme art. 101 Inc. 5\u00b0 de la Constituci\u00f3n de la Provincia y art. 16 de la Ley 8.197:<\/p>\n<ol>\n<li>Agust\u00edn Francisco Puppio.<\/li>\n<li>Laura Julieta Casas, y<\/li>\n<li>Guillermo Gustavo Gonz\u00e1lez.<\/li>\n<\/ol>\n<hr>\n<p><strong>Concurso N\u00b0 189.&nbsp;<\/strong><strong>Juez\/a del Tribunal de Impugnaci\u00f3n del Centro Judicial Capital:<\/strong><\/p>\n<p>En fecha 24\/07\/2020 se elev\u00f3 al Poder Ejecutivo de la Provincia la terna resultante del concurso, mediante&nbsp;<a href=\"http:\/\/camtucuman.gob.ar\/documentos\/acuerdos\/acuerdo_2020_214.pdf\" target=\"_blank\" rel=\"noopener noreferrer\">Acuerdo N\u00b0214\/2020<\/a>&nbsp;y conforme art. 101 Inc. 5\u00b0 de la Constituci\u00f3n de la Provincia y art. 16 de la Ley 8.197:<\/p>\n<ol>\n<li>Carlos Santiago Caramuti,<\/li>\n<li>Calos Felipe D\u00edaz Lannes, y<\/li>\n<li>Laura Julieta Casas.<\/li>\n<li>Agust\u00edn Francisco Puppio. Se integr\u00f3 la terna con el 4to postulante, quien pasa a ocupar el 3er lugar, conforme a lo dispuesto por el art\u00edculo 16 de la ley 8.197 (texto seg\u00fan ley 9.186) por&nbsp;<a href=\"http:\/\/camtucuman.gob.ar\/documentos\/acuerdos\/acuerdo_2020_235.pdf\" target=\"_blank\" rel=\"noopener noreferrer\">Acuerdo N\u00ba235\/2020<\/a>&nbsp;de fecha 19\/08\/2020.<\/li>\n<\/ol>\n<hr>\n<p><strong>Concurso N\u00b0 211.<\/strong>&nbsp;<strong>Vocal de C\u00e1mara en Documentos y Locaciones, Sala II, del Centro Judicial Capital:<\/strong><\/p>\n<p>En fecha 15\/07\/2020 se elev\u00f3 al Poder Ejecutivo de la Provincia la terna resultante del concurso, mediante&nbsp;<a href=\"http:\/\/camtucuman.gob.ar\/documentos\/acuerdos\/acuerdo_2020_184.pdf\" target=\"_blank\" rel=\"noopener noreferrer\">Acuerdo N\u00b0184\/2020<\/a>&nbsp;y conforme art. 101 Inc. 5\u00b0 de la Constituci\u00f3n de la Provincia y art. 16 de la Ley 8.197:<\/p>\n<ol>\n<li>Pablo Roberto Toledo,<\/li>\n<li>Mar\u00eda Soledad Monteros, y<\/li>\n<li>Pedro Daniel Cagna.<\/li>\n<\/ol>\n<hr>\n<p><strong>Concurso N\u00b0 108. Fiscal\/a de Instrucci\u00f3n Penal del Centro Judicial Capital:<\/strong><\/p>\n<p>En sesi\u00f3n de fecha 08\/07\/2020 se declar\u00f3 desierto el concurso, y se llam\u00f3 a Concurso N\u00b0 232 para cubrir el cargo, mediante&nbsp;<a href=\"http:\/\/camtucuman.gob.ar\/documentos\/acuerdos\/acuerdo_2020_180.pdf\" target=\"_blank\" rel=\"noopener noreferrer\">Acuerdo N\u00b0 180\/2020.<\/a><\/p>\n<hr>\n<p><strong>Concurso N\u00b0 210.<\/strong>&nbsp;<strong>Vocal de C\u00e1mara en lo Civil y Comercial Com\u00fan, Sala I, del Centro Judicial Capital:<\/strong><\/p>\n<p>En fecha 08\/07\/2020 se elev\u00f3 al Poder Ejecutivo de la Provincia la terna resultante del concurso, mediante&nbsp;<a href=\"http:\/\/camtucuman.gob.ar\/documentos\/acuerdos\/acuerdo_2020_179.pdf\" target=\"_blank\" rel=\"noopener noreferrer\">Acuerdo N\u00b0179\/2020<\/a>&nbsp;y conforme art. 101 Inc. 5\u00b0 de la Constituci\u00f3n de la Provincia y art. 16 de la Ley 8.197.<\/p>\n<ol>\n<li>Pedro Manuel Ram\u00f3n P\u00e9rez,<\/li>\n<li>Cristina F\u00e1tima Hurtado, y<\/li>\n<li>\u00c1lvaro Zamorano.<\/li>\n<\/ol>\n<hr>\n<p><strong>Concurso N\u00b0 191.&nbsp;<\/strong><strong>Juez\/a del Tribunal de Impugnaci\u00f3n del Centro Judicial Capital:<\/strong><\/p>\n<p>En fecha 08\/07\/2020 se elev\u00f3 al Poder Ejecutivo de la Provincia la terna resultante del concurso, mediante&nbsp;<a href=\"http:\/\/camtucuman.gob.ar\/documentos\/acuerdos\/acuerdo_2020_178.pdf\" target=\"_blank\" rel=\"noopener noreferrer\">Acuerdo N\u00b0178\/2020<\/a>&nbsp;y conforme art. 101 Inc. 5\u00b0 de la Constituci\u00f3n de la Provincia y art. 16 de la Ley 8.197.<\/p>\n<ol>\n<li>Carlos Santiago Caramuti,<\/li>\n<li>Agust\u00edn Francisco Puppio, y<\/li>\n<li>Facundo Maggio.<\/li>\n<\/ol>\n<p>Se integr\u00f3 la terna conforme a lo dispuesto por el art\u00edculo 16 de la ley 8.197 (texto seg\u00fan ley 9.186) por&nbsp;<a href=\"http:\/\/camtucuman.gob.ar\/documentos\/acuerdos\/acuerdo_2020_237.pdf\" target=\"_blank\" rel=\"noopener noreferrer\">Acuerdo N\u00ba237\/2020<\/a>&nbsp;de fecha 19\/08\/2020, de la siguiente manera:<\/p>\n<ol>\n<li>Agust\u00edn Francisco Puppio,<\/li>\n<li>Mar\u00eda Jimena Su\u00e1rez, y<\/li>\n<li>Juana Francisca Ju\u00e1rez.<\/li>\n<\/ol>\n<hr>\n<p><strong>Concurso N\u00b0 175. Vocal de C\u00e1mara de Apelaciones en lo Penal de Instrucci\u00f3n:<\/strong><\/p>\n<p>En fecha 08\/07\/2020 se elev\u00f3 al Poder Ejecutivo de la Provincia la terna resultante del concurso, mediante&nbsp;<a href=\"http:\/\/camtucuman.gob.ar\/documentos\/acuerdos\/acuerdo_2020_177.pdf\" target=\"_blank\" rel=\"noopener noreferrer\">Acuerdo N\u00b0177\/2020<\/a>&nbsp;y conforme art. 101 Inc. 5\u00b0 de la Constituci\u00f3n de la Provincia y art. 16 de la Ley 8.197.<\/p>\n<ol>\n<li>Facundo Maggio,<\/li>\n<li>Carlos Santiago Caramuti, y<\/li>\n<li>Carlos Felipe D\u00edaz Lannes.<\/li>\n<\/ol>\n<p>Se integr\u00f3 la terna conforme a lo dispuesto por el art\u00edculo 16 de la ley 8.197 (texto seg\u00fan ley 9.186) por&nbsp;<a href=\"http:\/\/camtucuman.gob.ar\/documentos\/acuerdos\/acuerdo_2020_236.pdf\" target=\"_blank\" rel=\"noopener noreferrer\">Acuerdo N\u00ba236\/2020<\/a>&nbsp;de fecha 19\/08\/2020, de la siguiente manera:<\/p>\n<ol>\n<li>Carlos Felipe D\u00edaz Lannes,<\/li>\n<li>Patricia del Valle Carugatti, y<\/li>\n<li>Mar\u00eda Valeria Mibelli.<\/li>\n<\/ol>\n<hr>\n<p><strong>Concurso N\u00b0 167.&nbsp;<\/strong><strong>Juez\/a del Trabajo del Centro Judicial Capital:<\/strong><\/p>\n<p>En fecha 01\/07\/2020 se elev\u00f3 al Poder Ejecutivo de la Provincia la terna resultante del concurso, mediante&nbsp;<a href=\"http:\/\/camtucuman.gob.ar\/documentos\/acuerdos\/acuerdo_2020_174.pdf\" target=\"_blank\" rel=\"noopener noreferrer\">Acuerdo N\u00b0174\/2020<\/a>&nbsp;y conforme art. 101 Inc. 5\u00b0 de la Constituci\u00f3n de la Provincia y art. 16 de la Ley 8.197:<\/p>\n<ol>\n<li>Jorge Agust\u00edn Mu\u00f1oz,<\/li>\n<li>Sandra Alicia Gonz\u00e1lez, y&nbsp;<\/li>\n<li>Patricia M\u00f3nica Ruiz.&nbsp;<\/li>\n<\/ol>\n<hr>\n<p><strong>Concurso N\u00b0 188. Juez\/a del Tribunal de Impugnaci\u00f3n del Centro Judicial Capital:<\/strong><\/p>\n<p>En fecha 01\/07\/2020 se elev\u00f3 al Poder Ejecutivo de la Provincia la terna resultante del concurso, mediante&nbsp;<a href=\"http:\/\/camtucuman.gob.ar\/documentos\/acuerdos\/acuerdo_2020_175.pdf\" target=\"_blank\" rel=\"noopener noreferrer\">Acuerdo N\u00b0 175\/2020<\/a>&nbsp;y conforme art. 101 Inc. 5\u00b0 de la Constituci\u00f3n de la Provincia y art. 16 de la Ley 8.197:<\/p>\n<ol>\n<li>Carlos Santiago Caramuti,<\/li>\n<li>Laura Julieta Casas, y<\/li>\n<li>Facundo Maggio.<\/li>\n<\/ol>\n<p>Se design\u00f3 en el cargo al Dr. Maggio, prestando&nbsp;<a href=\"http:\/\/camtucuman.gob.ar\/web\/blog\/2020\/08\/14\/4-nuevos-magistrados-preseleccionados-por-el-cam-prestaron-juramento-ante-la-corte\/\" target=\"_blank\" rel=\"noopener noreferrer\">Juramento de Ley<\/a>&nbsp;por ante la Corte Suprema de Justicia de Tucum\u00e1n en fecha 13\/08\/\/2020.<\/p>\n<hr>\n<p><strong>Concurso N\u00b0 198. Fiscal\/a de C\u00e1mara en lo Penal III del Centro Judicial Concepci\u00f3n.<\/strong><\/p>\n<p>Se declar\u00f3 desierto en sesi\u00f3n de fecha 24\/06\/2020, mediante&nbsp;<a href=\"http:\/\/camtucuman.gob.ar\/documentos\/acuerdos\/acuerdo_2020_163.pdf\" target=\"_blank\" rel=\"noopener noreferrer\">Acuerdo N\u00b0 163\/2020.<\/a><\/p>\n<hr>\n<p><strong>Concurso N\u00b0 200<\/strong>.&nbsp;<strong>Vocal de C\u00e1mara Penal, Sala VI, del Centro Judicial Capital:<\/strong><\/p>\n<p>En fecha 03\/06\/2020 se elev\u00f3 al Poder Ejecutivo de la Provincia la terna resultante del concurso, mediante&nbsp;<a href=\"http:\/\/camtucuman.gob.ar\/documentos\/acuerdos\/acuerdo_2020_164.pdf\" target=\"_blank\" rel=\"noopener noreferrer\">Acuerdo N\u00b0 164\/2020<\/a>&nbsp;y conforme art. 101 Inc. 5\u00b0 de la Constituci\u00f3n de la Provincia y art. 16 de la Ley 8.197:<\/p>\n<ol>\n<li>Cynthia Lorena Rocha,<\/li>\n<li>Isabel de los \u00c1ngeles M\u00e9ndez, y<\/li>\n<li>Enrique Mart\u00edn Cacici.&nbsp;<\/li>\n<li>Mar\u00eda Jimena Su\u00e1rez. Se integr\u00f3 la terna con la 4ta postulante, quien pasa a ocupar el 3er lugar, conforme a lo dispuesto por el art\u00edculo 16 de la ley 8.197 (texto seg\u00fan ley 9.186) por&nbsp;<a href=\"http:\/\/camtucuman.gob.ar\/documentos\/acuerdos\/acuerdo_2020_212.pdf\" target=\"_blank\" rel=\"noopener noreferrer\">Acuerdo N\u00b0 212\/2020<\/a>&nbsp;de fecha 22\/07\/2020.<\/li>\n<\/ol>\n<hr>\n<p><strong>Concurso N\u00b0 203<\/strong>.<strong>&nbsp;Defensor\/a Oficial Penal de la II Nominaci\u00f3n del Centro Judicial Concepci\u00f3n:<\/strong><\/p>\n<p>En fecha 03\/06\/2020 se elev\u00f3 al Poder Ejecutivo de la Provincia la terna resultante del concurso, mediante&nbsp;<a href=\"http:\/\/camtucuman.gob.ar\/documentos\/acuerdos\/acuerdo_2020_162.pdf\" target=\"_blank\" rel=\"noopener noreferrer\">Acuerdo N\u00b0 162\/2020<\/a>&nbsp;y conforme art. 101 Inc. 5\u00b0 de la Constituci\u00f3n de la Provincia y art. 16 de la Ley 8.197:<\/p>\n<ol>\n<li>Carlos Sebasti\u00e1n Pais,&nbsp;<\/li>\n<li>Gerardo Nicol\u00e1s Salas, y<\/li>\n<li>Carlos Mariano Delgado.<\/li>\n<\/ol>\n<hr>\n<p><strong>Concurso N\u00b0 192. Juez\/a del Tribunal de Impugnaci\u00f3n del Centro Judicial Capital:<\/strong><\/p>\n<p>En fecha 03\/06\/2020 se elev\u00f3 al Poder Ejecutivo de la Provincia la terna resultante del concurso, mediante&nbsp;<a href=\"http:\/\/camtucuman.gob.ar\/documentos\/acuerdos\/acuerdo_2020_161.pdf\" target=\"_blank\" rel=\"noopener noreferrer\">Acuerdo N\u00b0 161\/2020<\/a>&nbsp;y conforme art. 101 Inc. 5\u00b0 de la Constituci\u00f3n de la Provincia y art. 16 de la Ley 8.197:<\/p>\n<ol>\n<li>Carlos Santiago Caramuti,<\/li>\n<li>Agust\u00edn Francisco Puppio, y<\/li>\n<li>Facundo Maggio.<\/li>\n<\/ol>\n<p>Se design\u00f3 en el cargo al Dr. Caramuti, prestando&nbsp;<a href=\"http:\/\/camtucuman.gob.ar\/web\/blog\/2020\/08\/14\/4-nuevos-magistrados-preseleccionados-por-el-cam-prestaron-juramento-ante-la-corte\/\" target=\"_blank\" rel=\"noopener noreferrer\">Juramento de Ley<\/a>&nbsp;por ante la Corte Suprema de Justicia de Tucum\u00e1n en fecha 13\/08\/\/2020.<\/p>\n<hr>\n<p><strong>Concurso N\u00b0 163. Juez\/a del Trabajo del Centro Judicial Capital:<\/strong><\/p>\n<p>En fecha 03\/06\/2020 se elev\u00f3 al Poder Ejecutivo de la Provincia la terna resultante del concurso, mediante&nbsp;<a href=\"http:\/\/camtucuman.gob.ar\/documentos\/acuerdos\/acuerdo_2020_160.pdf\" target=\"_blank\" rel=\"noopener noreferrer\">Acuerdo N\u00b0 160\/2020<\/a>&nbsp;y conforme art. 101 Inc. 5\u00b0 de la Constituci\u00f3n de la Provincia y art. 16 de la Ley 8.197:<\/p>\n<ol>\n<li>C\u00e9sar Gabriel Exler,<\/li>\n<li>Mar\u00eda Dolores Malmierca, y<\/li>\n<li>Ram\u00f3n Ricardo Rivero.<\/li>\n<\/ol>\n<hr>\n<p><b>Concurso N\u00b0 209.&nbsp;<\/b><b>Vocal de C\u00e1mara de Apelaciones del Trabajo, Sala III<\/b><b>&nbsp;del Centro Judicial Capital:<\/b><b><\/b><\/p>\n<p>En fecha 13\/05\/2020 se elev\u00f3 al Poder Ejecutivo de la Provincia la terna resultante del concurso, mediante&nbsp;<a href=\"http:\/\/camtucuman.gob.ar\/documentos\/acuerdos\/acuerdo_2020_158.pdf\" target=\"_blank\" rel=\"noopener noreferrer\">Acuerdo N\u00b0 158\/2020<\/a>&nbsp;y conforme art. 101 Inc. 5\u00b0 de la Constituci\u00f3n de la Provincia y art. 16 de la Ley 8.197:<\/p>\n<ol start=\"1\" type=\"1\">\n<li><span lang=\"ES\">Ezio Enrique Jogna Prat,<\/span><\/li>\n<li><span lang=\"ES\">Tatiana Alejandra Carrera,<\/span><\/li>\n<li><span lang=\"ES\">Horacio Javier Rey.<\/span><\/li>\n<li>Graciela Beatriz Corai.&nbsp;Se integr\u00f3 la terna con la 4ta postulante, quien pasa a ocupar el 3er lugar, conforme a lo dispuesto por el art\u00edculo 16 de la ley 8.197 (texto seg\u00fan ley 9.186) por&nbsp;<a href=\"http:\/\/camtucuman.gob.ar\/documentos\/acuerdos\/acuerdo_2020_213.pdf\" target=\"_blank\" rel=\"noopener noreferrer\">Acuerdo N\u00b0 213\/2020<\/a>&nbsp;de fecha 22\/07\/2020.<\/li>\n<\/ol>\n<hr>\n<p><strong>Concurso N\u00b0 168.&nbsp;<\/strong><strong>Juez\/a del Trabajo del Centro Judicial Capital:<\/strong><\/p>\n<p>En fecha 11\/03\/2020 se elev\u00f3 al Poder Ejecutivo de la Provincia la terna resultante del concurso, mediante&nbsp;<a href=\"http:\/\/camtucuman.gob.ar\/documentos\/acuerdos\/acuerdo_2020_80.pdf\">Acuerdo N\u00b0 80\/2020<\/a>&nbsp;y conforme art. 101 Inc. 5\u00b0 de la Constituci\u00f3n de la Provincia y art. 16 de la Ley 8.197:<\/p>\n<ol>\n<li>Horacio Javier Rey,<\/li>\n<li>Rub\u00e9n Dar\u00edo Aquino, y<\/li>\n<li>Mar\u00eda Dolores Malmierca.<\/li>\n<\/ol>\n<p>Se design\u00f3 en el cargo al Dr. Rey, prestando&nbsp;<a href=\"http:\/\/camtucuman.gob.ar\/web\/blog\/2020\/08\/14\/4-nuevos-magistrados-preseleccionados-por-el-cam-prestaron-juramento-ante-la-corte\/\" target=\"_blank\" rel=\"noopener noreferrer\">Juramento de Ley<\/a>&nbsp;por ante la Corte Suprema de Justicia de Tucum\u00e1n en fecha 13\/08\/\/2020.<\/p>\n<hr>\n<p><strong>Concurso N\u00b0 202<\/strong>.&nbsp;<strong>Juez\/a de Instrucci\u00f3n Penal de la II Nominaci\u00f3n del Centro Judicial Concepci\u00f3n:<\/strong><\/p>\n<p>En fecha 26\/02\/2020 se elev\u00f3 al Poder Ejecutivo de la Provincia la terna resultante del concurso, mediante&nbsp;<a href=\"http:\/\/camtucuman.gob.ar\/documentos\/acuerdos\/acuerdo_2020_54.pdf\">Acuerdo N\u00b0 54\/2020<\/a>&nbsp;y conforme art. 101 Inc. 5\u00b0 de la Constituci\u00f3n de la Provincia y art. 16 de la Ley 8.197:<\/p>\n<ol>\n<li>Gerardo Nicol\u00e1s Salas,<\/li>\n<li>Enrique Mart\u00edn Cacici, y<\/li>\n<li>Carlos Sebasti\u00e1n Pais.<\/li>\n<\/ol>\n<p>Se design\u00f3 en el cargo al Dr. Cacici, prestando&nbsp;<a href=\"http:\/\/camtucuman.gob.ar\/web\/blog\/2020\/08\/14\/4-nuevos-magistrados-preseleccionados-por-el-cam-prestaron-juramento-ante-la-corte\/\" target=\"_blank\" rel=\"noopener noreferrer\">Juramento de Ley<\/a>&nbsp;por ante la Corte Suprema de Justicia de Tucum\u00e1n en fecha 13\/08\/\/2020.<\/p>\n<hr>\n<p><strong>Concurso N\u00b0<\/strong>&nbsp;<strong>208. Vocal de C\u00e1mara&nbsp;<\/strong><strong>en lo Contencioso Administrativo, Sala I<\/strong><strong>,<\/strong><strong>&nbsp;del Centro Judicial Capital<\/strong><strong>:<\/strong><\/p>\n<p>En fecha 06\/02\/2020 se elev\u00f3 al Poder Ejecutivo de la Provincia la terna resultante del concurso, mediante&nbsp;<a href=\"http:\/\/camtucuman.gob.ar\/documentos\/acuerdos\/acuerdo_2020_1.pdf\" target=\"_blank\" rel=\"noopener noreferrer\">Acuerdo N\u00b0 01\/2020<\/a>&nbsp;y conforme art. 101 Inc. 5\u00b0 de la Constituci\u00f3n de la Provincia y art. 16 de la Ley 8.197:<\/p>\n<ol>\n<li>Augusto Gonz\u00e1lez Navarro,<\/li>\n<li>Mar\u00eda Florencia Casas, y&nbsp;<\/li>\n<li>Claudia Eleonora M\u00e9ndez.<\/li>\n<\/ol>\n<p>Se design\u00f3 en el cargo a la Dra. Casas, prestando&nbsp;<a href=\"http:\/\/camtucuman.gob.ar\/web\/blog\/2020\/06\/05\/una-nueva-magistrada-para-la-camara-en-lo-contencioso-administrativo\/\" target=\"_blank\" rel=\"noopener noreferrer\">Juramento de Ley<\/a>&nbsp;por ante la Corte Suprema de Justicia de Tucum\u00e1n en fecha 05\/06\/2020.<\/p>\n<hr>\n<p><strong>Concurso N\u00b0 201. Fiscal\/a de Instrucci\u00f3n Penal de la II Nominaci\u00f3n del Centro Judicial Concepci\u00f3n:<\/strong><\/p>\n<p>En fecha 04\/12\/2019 se elev\u00f3 al Poder Ejecutivo de la Provincia la terna resultante del concurso, mediante&nbsp;<a href=\"http:\/\/camtucuman.gob.ar\/documentos\/acuerdos\/acuerdo_2019_341.pdf\" target=\"_blank\" rel=\"noopener noreferrer\">Acuerdo N\u00b0 341\/2019<\/a>&nbsp;y&nbsp;conforme&nbsp;art. 101 Inc. 5\u00b0 de la Constituci\u00f3n de la Provincia y art. 16 de la Ley 8.197:<\/p>\n<ol>\n<li>Carlos Sebasti\u00e1n Pais,<\/li>\n<li>Fernando Nicol\u00e1s Blanno, y<\/li>\n<li>Carlos Gustavo Pic\u00f3n.<\/li>\n<\/ol>\n<p>Fue designado en el cargo el Dr. Pic\u00f3n, prestando&nbsp;<a href=\"http:\/\/camtucuman.gob.ar\/web\/blog\/2020\/02\/20\/tres-nuevos-fiscales-asumieron-en-sus-cargos-luego-de-concursar-en-el-cam\/\" target=\"_blank\" rel=\"noopener noreferrer\">Juramento de Ley<\/a>&nbsp;por ante el Ministro P\u00fablico Fiscal en fecha 20\/02\/2020.<\/p>\n<hr>\n<p><strong>Concurso N\u00b0 166. Juez\/a de Primera Instancia del Trabajo del Centro Judicial Capital:<\/strong><\/p>\n<p>En fecha 04\/12\/2019 se elev\u00f3 al Poder Ejecutivo de la Provincia la terna resultante del concurso, mediante&nbsp;<a href=\"http:\/\/camtucuman.gob.ar\/documentos\/acuerdos\/acuerdo_2019_340.pdf\" target=\"_blank\" rel=\"noopener noreferrer\">Acuerdo N\u00b0 340\/2019<\/a>&nbsp;y&nbsp;conforme&nbsp;art. 101 Inc. 5\u00b0 de la Constituci\u00f3n de la Provincia y art. 16 de la Ley 8.197:<\/p>\n<ol>\n<li>Miguel Enrique Fern\u00e1nez Corona,<\/li>\n<li>Mar\u00eda Alejandra Moyano, y<\/li>\n<li>Rub\u00e9n Dar\u00edo Aquino.<\/li>\n<\/ol>\n<p>Fue designado en el cargo el Dr. Fern\u00e1ndez Corona, prestando&nbsp;<a href=\"http:\/\/camtucuman.gob.ar\/web\/blog\/2020\/02\/26\/la-corte-tomo-juramento-a-tres-magistrados-luego-de-su-paso-por-el-cam\/\" target=\"_blank\" rel=\"noopener noreferrer\">Juramento de Ley<\/a>&nbsp;por ante la CSJT en fecha 26\/02\/2020.<\/p>\n<hr>\n<p><strong>Concurso N\u00b0 197. Fiscal\/a de Instrucci\u00f3n Penal de la V Nominaci\u00f3n del Centro Judicial Capital:<\/strong><\/p>\n<p>En fecha 24\/10\/2019 se elev\u00f3 al Poder Ejecutivo de la Provincia la terna resultante del concurso, mediante&nbsp;<a href=\"http:\/\/camtucuman.gob.ar\/documentos\/acuerdos\/acuerdo_2019_331.pdf\" target=\"_blank\" rel=\"noopener noreferrer\">Acuerdo N\u00b0 331\/2019<\/a>&nbsp;y&nbsp;conforme&nbsp;art. 101 Inc. 5\u00b0 de la Constituci\u00f3n de la Provincia y art. 16 de la Ley 8.197:<\/p>\n<ol>\n<li>Guillermo Taylor,<\/li>\n<li>Carlos Sebasti\u00e1n Pais, y<\/li>\n<li>Jos\u00e9 Augusto Zapata (designado en igual cargo, renunci\u00f3 a integrar esta terna).<\/li>\n<li>Se integr\u00f3 la terna con el 4to postulante en orden de m\u00e9rito, remiti\u00e9ndose nuevamente al Poder Ejecutivo por&nbsp;<a href=\"http:\/\/camtucuman.gob.ar\/documentos\/acuerdos\/acuerdo_2019_351.pdf\" target=\"_blank\" rel=\"noopener noreferrer\">Acuerdo 351\/2019<\/a>&nbsp;de fecha 04\/12\/2019, quedando en 3er lugar el postulante<strong>&nbsp;Daniel Marcelo Leguizam\u00f3n.<\/strong><\/li>\n<\/ol>\n<p>Fue designado en el cargo el Dr. Leguizam\u00f3n, prestando&nbsp;<a href=\"http:\/\/camtucuman.gob.ar\/web\/blog\/2020\/02\/20\/tres-nuevos-fiscales-asumieron-en-sus-cargos-luego-de-concursar-en-el-cam\/\" target=\"_blank\" rel=\"noopener noreferrer\">Juramento de Ley<\/a>&nbsp;por ante el Ministro P\u00fablico Fiscal en fecha 20\/02\/2020.<\/p>\n<hr>\n<p><strong>Concurso N\u00b0 204<\/strong>.&nbsp;<strong>Fiscal\/a de C\u00e1mara Penal I del Centro Judicial Concepci\u00f3n:<\/strong><\/p>\n<p>En fecha 22\/10\/2019 se elev\u00f3 al Poder Ejecutivo de la Provincia la terna resultante del concurso, mediante&nbsp;<a href=\"http:\/\/camtucuman.gob.ar\/documentos\/acuerdos\/acuerdo_2019_302.pdf\" target=\"_blank\" rel=\"noopener noreferrer\">Acuerdo N\u00b0 302\/2019<\/a>&nbsp;y&nbsp;conforme&nbsp;art. 101 Inc. 5\u00b0 de la Constituci\u00f3n de la Provincia y art. 16 de la Ley 8.197:<\/p>\n<ol>\n<li>Fernando Nicol\u00e1s Blanno,<\/li>\n<li>Carlos Gustavo Pic\u00f3n, y<\/li>\n<li>Carlos Mariano Delgado.<\/li>\n<\/ol>\n<p>Fue designado en el cargo el Dr. Blanno, prestando&nbsp;<a href=\"http:\/\/camtucuman.gob.ar\/web\/blog\/2020\/02\/20\/tres-nuevos-fiscales-asumieron-en-sus-cargos-luego-de-concursar-en-el-cam\/\" target=\"_blank\" rel=\"noopener noreferrer\">Juramento de Ley<\/a>&nbsp;por ante el Ministro P\u00fablico Fiscal en fecha 20\/02\/2020.<\/p>\n<hr>\n<p><strong>Concurso N\u00b0 169.&nbsp;<\/strong><strong>Juez\/a del Trabajo del Centro Judicial Concepci\u00f3n:<\/strong><\/p>\n<p>En fecha 16\/10\/2019 se dio de baja el concurso seg\u00fan lo dispuesto en&nbsp;<a href=\"http:\/\/camtucuman.gob.ar\/documentos\/acuerdos\/acuerdo_2019_281.pdf\" target=\"_blank\" rel=\"noopener noreferrer\">Acuerdo N\u00b0 281\/2019<\/a>.<\/p>\n<hr>\n<p><strong>Concurso N\u00b0 170.&nbsp;<\/strong><strong>Juez\/a del Trabajo del Centro Judicial Concepci\u00f3n:<\/strong><\/p>\n<p>En fecha 16\/10\/2019 se dio de baja el concurso seg\u00fan lo dispuesto en&nbsp;<a href=\"http:\/\/camtucuman.gob.ar\/documentos\/acuerdos\/acuerdo_2019_281.pdf\" target=\"_blank\" rel=\"noopener noreferrer\">Acuerdo N\u00b0 281\/2019<\/a>.<\/p>\n<hr>\n<p><strong>Concurso N\u00b0 187. Juez\/a Correccional en lo Penal de la II Nominaci\u00f3n del Centro Judicial Capital:<\/strong><\/p>\n<p>En fecha 09\/10\/2019 se elev\u00f3 al Poder Ejecutivo de la Provincia la terna resultante del concurso, mediante&nbsp;<a href=\"http:\/\/camtucuman.gob.ar\/documentos\/acuerdos\/acuerdo_2019_280.pdf\" target=\"_blank\" rel=\"noopener noreferrer\">Acuerdo N\u00b0 280\/2019<\/a>&nbsp;y&nbsp;conforme&nbsp;art. 101 Inc. 5\u00b0 de la Constituci\u00f3n de la Provincia y art. 16 de la Ley 8.197:<\/p>\n<ol>\n<li>Isolina Mar\u00eda Ap\u00e1s P\u00e9rez de Nucci,<\/li>\n<li>Mar\u00eda Valeria Mibelli, y<\/li>\n<li>Carlos Sebasti\u00e1n Pais.<\/li>\n<\/ol>\n<p>Fue designada en el cargo la Dra. Ap\u00e1s P\u00e9rez de Nucci, prestando&nbsp;<a href=\"http:\/\/camtucuman.gob.ar\/web\/blog\/2020\/02\/13\/juraron-nuevos-magistrados-preseleccionados-por-el-cam\/\" target=\"_blank\" rel=\"noopener noreferrer\">Juramento de Ley<\/a>&nbsp;por ante la CSJT en fecha 12\/02\/2020.<\/p>\n<hr>\n<p><strong>Concurso N\u00b0 184. Fiscal\/a de Instrucci\u00f3n Penal de la X\u00b0 Nominaci\u00f3n del Centro Judicial Capital.<\/strong><\/p>\n<p>En fecha 02\/10\/2019 se elev\u00f3 al Poder Ejecutivo de la Provincia la terna resultante del concurso, mediante&nbsp;<a href=\"http:\/\/camtucuman.gob.ar\/documentos\/acuerdos\/acuerdo_2019_272.pdf\" target=\"_blank\" rel=\"noopener noreferrer\">Acuerdo N\u00b0 272\/2019<\/a>&nbsp;y&nbsp;conforme&nbsp;art. 101 Inc. 5\u00b0 de la Constituci\u00f3n de la Provincia y art. 16 de la Ley 8.197:<\/p>\n<ol>\n<li>Guillermo Taylor,<\/li>\n<li>Jos\u00e9 Augusto Zapata, y<\/li>\n<li>Gerardo Nicol\u00e1s Salas.<\/li>\n<\/ol>\n<p>Fue designado en el cargo el Dr. Zapata, prestando Juramento de Ley ante el Ministerio P\u00fablico Fiscal en fecha 04\/11\/2019.<\/p>\n<hr>\n<p><strong>Concurso N\u00b0 183. Juez\/a de Instrucci\u00f3n Penal de la IV Nominaci\u00f3n del Centro Judicial Capital.<\/strong><\/p>\n<p>En fecha 02\/10\/2019 se elev\u00f3 al Poder Ejecutivo de la Provincia la terna resultante del concurso, mediante&nbsp;<a href=\"http:\/\/camtucuman.gob.ar\/documentos\/acuerdos\/acuerdo_2019_271.pdf\" target=\"_blank\" rel=\"noopener noreferrer\">Acuerdo N\u00b0 271\/2019<\/a>&nbsp; y&nbsp;conforme&nbsp;art. 101 Inc. 5\u00b0 de la Constituci\u00f3n de la Provincia y art. 16 de la Ley 8.197:<\/p>\n<ol>\n<li>Guillermo Mat\u00edas Puig,<\/li>\n<li>Gonzalo Asc\u00e1rate, y<\/li>\n<li>Ra\u00fal Armando Cardozo.<\/li>\n<\/ol>\n<p>Fue designado el Dr. Cardozo, prestando&nbsp;<a href=\"http:\/\/camtucuman.gob.ar\/web\/blog\/2019\/11\/01\/5-nuevos-magistrados-preseleccionados-por-el-cam-tomaron-posesion-de-sus-cargos\/\" target=\"_blank\" rel=\"noopener noreferrer\">Juramento de Ley<\/a>&nbsp;por ante la CSJT en fecha 01\/11\/2019<\/p>\n<hr>\n<p><strong>Concurso N\u00b0 179. Defensor\/a Oficial Penal de la I Nominaci\u00f3n del Centro Judicial Capital:<\/strong><\/p>\n<p>En fecha 25\/09\/2019 se elev\u00f3 al Poder Ejecutivo de la Provincia la terna resultante del concurso, mediante&nbsp;<a href=\"http:\/\/camtucuman.gob.ar\/documentos\/acuerdos\/acuerdo_2019_262.pdf\" target=\"_blank\" rel=\"noopener noreferrer\">Acuerdo N\u00b0 262\/2019<\/a>&nbsp;&nbsp;y&nbsp;conforme&nbsp;art. 101 Inc. 5\u00b0 de la Constituci\u00f3n de la Provincia y art. 16 de la Ley 8.197:<\/p>\n<ol>\n<li>Fanny Siriani,<\/li>\n<li>Isolina Mar\u00eda Ap\u00e1s P\u00e9rez de Nucci, y<\/li>\n<li>Julio Daniel Jorge Plaza.&nbsp;<\/li>\n<\/ol>\n<p>Fue designado en el cargo el Dr. Plaza, prestando&nbsp;<a href=\"http:\/\/camtucuman.gob.ar\/web\/blog\/2019\/11\/05\/asume-un-nuevo-defensor-oficial-penal-luego-de-concursar-en-el-cam\/?fbclid=IwAR0ro8iTNylPMsNGdghOC07A7-iRHqFOebLXMn3x0HGjhFFWeFP9HH5LEbM\" target=\"_blank\" rel=\"noopener noreferrer\">Juramento de Ley<\/a>&nbsp;ante el Ministro Pupilar y de la Defensa, en fecha 05\/11\/2019.<\/p>\n<hr>\n<p><strong>Concurso N\u00b0 181.<\/strong>&nbsp;<strong>Vocal de C\u00e1mara Penal, Sala II, del Centro Judicial Concepci\u00f3n.<\/strong><\/p>\n<p>En fecha 18\/09\/2019 se elev\u00f3 al Poder Ejecutivo de la Provincia la terna resultante del concurso, mediante&nbsp;<a href=\"http:\/\/camtucuman.gob.ar\/documentos\/acuerdos\/acuerdo_2019_248.pdf\" target=\"_blank\" rel=\"noopener noreferrer\">Acuerdo N\u00b0 248\/2019<\/a>&nbsp;y&nbsp;conforme&nbsp;art. 101 Inc. 5\u00b0 de la Constituci\u00f3n de la Provincia y art. 16 de la Ley 8.197:<\/p>\n<ol>\n<li>\n<ol>\n<li>Mar\u00eda Raquel Ferreyra As\u00eds,<\/li>\n<li>Mar\u00eda Valeria Mibelli, y<\/li>\n<li>Juan Fernando Saracho Daza.<\/li>\n<\/ol>\n<\/li>\n<\/ol>\n<p>Fue designado en el cargo el Dr. Saracho Daza, prestando&nbsp;<a href=\"http:\/\/camtucuman.gob.ar\/web\/blog\/2019\/11\/01\/5-nuevos-magistrados-preseleccionados-por-el-cam-tomaron-posesion-de-sus-cargos\/\" target=\"_blank\" rel=\"noopener noreferrer\">Juramento de Ley<\/a>&nbsp;por ante la CSJT en fecha 01\/11\/2019.<\/p>\n<hr>\n<p><strong>Concurso N\u00b0 182. Vocal de C\u00e1mara Penal, Sala I, Centro Judicial Concepci\u00f3n.<\/strong><\/p>\n<p>En fecha 18\/09\/2019 se elev\u00f3 al Poder Ejecutivo de la Provincia la terna resultante del concurso, mediante&nbsp;<a href=\"http:\/\/camtucuman.gob.ar\/documentos\/acuerdos\/acuerdo_2019_249.pdf\" target=\"_blank\" rel=\"noopener noreferrer\">Acuerdo N\u00b0 249\/2019<\/a>&nbsp;y&nbsp;conforme&nbsp;art. 101 Inc. 5\u00b0 de la Constituci\u00f3n de la Provincia y art. 16 de la Ley 8.197:<\/p>\n<ol>\n<li>Carolina Eugenia Epelbaum,<\/li>\n<li>Jorge Ariel Carrasco, y<\/li>\n<li>Claudio Hern\u00e1n Aybar.<\/li>\n<\/ol>\n<p>Fue designado en el cargo el Dr. Aybar, prestando&nbsp;<a href=\"http:\/\/camtucuman.gob.ar\/web\/blog\/2019\/11\/01\/5-nuevos-magistrados-preseleccionados-por-el-cam-tomaron-posesion-de-sus-cargos\/\" target=\"_blank\" rel=\"noopener noreferrer\">Juramento de Ley<\/a>&nbsp;por ante la CSJT en fecha 01\/11\/2019.<\/p>\n<hr>\n<p><strong>Concurso N\u00b0 180.<\/strong>&nbsp;<strong>Vocal de C\u00e1mara Penal, Sala I, del Centro Judicial Concepci\u00f3n.<\/strong><\/p>\n<p>Fue declarado desierto, mediante la firma del&nbsp;<a href=\"http:\/\/camtucuman.gob.ar\/documentos\/acuerdos\/acuerdo_2019_219.pdf\" target=\"_blank\" rel=\"noopener noreferrer\">Acuerdo N\u00b0 219\/2019<\/a>&nbsp;de fecha 04\/09\/2019.&nbsp;<\/p>\n<hr>\n<p><strong>Concurso N\u00b0 186. Juez de Primera Instancia del Trabajo de la II Nominaci\u00f3n del Centro Judicial Capital.<\/strong><\/p>\n<p>En fecha 28\/08\/2019 se elev\u00f3 al Poder Ejecutivo de la Provincia la terna resultante del concurso, mediante&nbsp;<a href=\"http:\/\/camtucuman.gob.ar\/documentos\/acuerdos\/acuerdo_2019_209.pdf\" target=\"_blank\" rel=\"noopener noreferrer\">Acuerdo N\u00b0 209\/2019<\/a>&nbsp;y&nbsp;conforme&nbsp;art. 101 Inc. 5\u00b0 de la Constituci\u00f3n de la Provincia y art. 16 de la Ley 8.197:<\/p>\n<ol>\n<li>Miguel Enrique Fern\u00e1ndez Corona,<\/li>\n<li>Mar\u00eda Constanza Romero, y<\/li>\n<li>Ezio Enrique Jogna Prat.<\/li>\n<\/ol>\n<p>Fue designado en el cargo el Dr. Jogna Prat, prestando&nbsp;<a href=\"http:\/\/camtucuman.gob.ar\/web\/blog\/2019\/11\/13\/nuevos-jueces-del-trabajo-preseleccionados-por-el-cam-prestaron-juramento\/\" target=\"_blank\" rel=\"noopener noreferrer\">Juramento de Ley<\/a>&nbsp;por ante la CSJT en fecha 13\/11\/2019.<\/p>\n<hr>\n<p><strong>Concurso N\u00b0 142. Fiscal de C\u00e1mara de Apelaciones en lo Penal de Instrucci\u00f3n, Centro Judicial Concepci\u00f3n.<\/strong><\/p>\n<p>Se dej\u00f3 sin efecto mediante&nbsp;<a href=\"http:\/\/camtucuman.gob.ar\/documentos\/acuerdos\/acuerdo_2019_210.pdf\" target=\"_blank\" rel=\"noopener noreferrer\">Acuerdo N\u00b0 210\/2019<\/a>&nbsp;de fecha 28\/08\/2019.<\/p>\n<hr>\n<p><strong>Concurso N\u00b0 157. Fiscal de C\u00e1mara de Apelaciones en lo Penal de Instrucci\u00f3n, Centro Judicial Capital.<\/strong><\/p>\n<p>Se dej\u00f3 sin efecto mediante&nbsp;<a href=\"http:\/\/camtucuman.gob.ar\/documentos\/acuerdos\/acuerdo_2019_210.pdf\" target=\"_blank\" rel=\"noopener noreferrer\">Acuerdo N\u00b0 210\/2019<\/a>&nbsp;de fecha 28\/08\/2019.<\/p>\n<hr>\n<p><strong>Concurso N\u00b0 158. Fiscal de C\u00e1mara de Apelaciones en lo Penal de Instrucci\u00f3n, Centro Judicial Capital:<\/strong><\/p>\n<p>Se dej\u00f3 sin efecto mediante&nbsp;<a href=\"http:\/\/camtucuman.gob.ar\/documentos\/acuerdos\/acuerdo_2019_210.pdf\" target=\"_blank\" rel=\"noopener noreferrer\">Acuerdo N\u00b0 210\/2019<\/a>&nbsp;de fecha 28\/08\/2019.<\/p>\n<hr>\n<p><strong>Concurso N\u00b0 194. Juez\/a del Tribunal de Impugnaci\u00f3n del Centro Judicial Concepci\u00f3n y Monteros.<\/strong><\/p>\n<p>En fecha 14\/08\/2019 se elev\u00f3 al Poder Ejecutivo de la Provincia la terna resultante del concurso, mediante&nbsp;<a href=\"http:\/\/camtucuman.gob.ar\/documentos\/acuerdos\/acuerdo_2019_178.pdf\" target=\"_blank\" rel=\"noopener noreferrer\">Acuerdo N\u00b0 178\/2019<\/a>&nbsp;y&nbsp;conforme&nbsp;art. 101 Inc. 5\u00b0 de la Constituci\u00f3n de la Provincia y art. 16 de la Ley 8.197:<\/p>\n<ol>\n<li>Paul Alfredo Hofer,<\/li>\n<li>Jorge Ariel Carrasco, y<\/li>\n<li>Edgardo Leonardo S\u00e1nchez.<\/li>\n<\/ol>\n<p>Fue designado en el cargo el Dr. Hofer, prestando&nbsp;<a href=\"http:\/\/camtucuman.gob.ar\/web\/blog\/2020\/02\/13\/juraron-nuevos-magistrados-preseleccionados-por-el-cam\/\" target=\"_blank\" rel=\"noopener noreferrer\">Juramento de Ley<\/a>&nbsp;por ante la CSJT en fecha 12\/02\/2020.<\/p>\n<hr>\n<p><strong>Concurso N\u00b0 195. Juez\/a del Tribunal de Impugnaci\u00f3n del Centro Judicial Concepci\u00f3n y Monteros.<\/strong><\/p>\n<p>En fecha 07\/08\/2019 se&nbsp;elev\u00f3 al Poder Ejecutivo de la Provincia la terna resultante del concurso, mediante&nbsp;<a href=\"http:\/\/camtucuman.gob.ar\/documentos\/acuerdos\/acuerdo_2019_173.pdf\" target=\"_blank\" rel=\"noopener noreferrer\">Acuerdo N\u00b0 173\/2019<\/a>&nbsp;y&nbsp;conforme&nbsp;art. 101 Inc. 5\u00b0 de la Constituci\u00f3n de la Provincia y art. 16 de la Ley 8.197:<\/p>\n<ol>\n<li>Edgardo Leonardo S\u00e1nchez,<\/li>\n<li>Jorge Ariel Carrasco, y<\/li>\n<li>Carlos Felipe D\u00edaz Lannes.<\/li>\n<\/ol>\n<p>Fue designado en el cargo el Dr. S\u00e1nchez, prestando&nbsp;<a href=\"http:\/\/camtucuman.gob.ar\/web\/blog\/2020\/02\/13\/juraron-nuevos-magistrados-preseleccionados-por-el-cam\/\" target=\"_blank\" rel=\"noopener noreferrer\">Juramento de Ley<\/a>&nbsp;por ante la CSJT en fecha 12\/02\/2020.<\/p>\n<hr>\n<p><strong>Concurso N\u00b0 196. Juez\/a del Tribunal de Impugnaci\u00f3n del Centro Judicial Concepci\u00f3n y Monteros.<\/strong><\/p>\n<p>En fecha 07\/08\/2019 se&nbsp;elev\u00f3 al Poder Ejecutivo de la Provincia la terna resultante del concurso, mediante&nbsp;<a href=\"http:\/\/camtucuman.gob.ar\/documentos\/acuerdos\/acuerdo_2019_174.pdf\" target=\"_blank\" rel=\"noopener noreferrer\">Acuerdo N\u00b0 174\/2019<\/a>&nbsp;y&nbsp;conforme&nbsp;art. 101 Inc. 5\u00b0 de la Constituci\u00f3n de la Provincia y art. 16 de la Ley 8.197:<\/p>\n<ol>\n<li>Mariano Eduardo Fern\u00e1ndez,<\/li>\n<li>Jorge Ariel Carrasco, y<\/li>\n<li>Paul Alfredo Hofer.<\/li>\n<\/ol>\n<p>Fue designado en el cargo el Dr. Carrasco, prestando&nbsp;<a href=\"http:\/\/camtucuman.gob.ar\/web\/blog\/2020\/02\/13\/juraron-nuevos-magistrados-preseleccionados-por-el-cam\/\" target=\"_blank\" rel=\"noopener noreferrer\">Juramento de Ley<\/a>&nbsp;por ante la CSJT en fecha 12\/02\/2020.<\/p>\n<hr>\n<p><strong>Concurso N\u00b0 165. Juez\/a de Primera Instancia del Trabajo del Centro Judicial Capital:<\/strong><\/p>\n<p>En fecha 25\/07\/2019&nbsp;se&nbsp;elev\u00f3 al Poder Ejecutivo de la Provincia la terna resultante del concurso, mediante&nbsp;<a href=\"http:\/\/camtucuman.gob.ar\/documentos\/acuerdos\/acuerdo_2019_156.pdf\" target=\"_blank\" rel=\"noopener noreferrer\">Acuerdo N\u00b0 156\/2019<\/a>&nbsp;y&nbsp;conforme&nbsp;art. 101 Inc. 5\u00b0 de la Constituci\u00f3n de la Provincia y art. 16 de la Ley 8.197:<\/p>\n<ol>\n<li>Ana Mar\u00eda Mena De Bulacio;<\/li>\n<li>Mar\u00eda Constanza Romero; y<\/li>\n<li>Mar\u00eda Carmen L\u00f3pez Dom\u00ednguez.<\/li>\n<\/ol>\n<p>Fue designada en el cargo la Dra. Mena De Bulacio, prestando&nbsp;<a href=\"http:\/\/camtucuman.gob.ar\/web\/blog\/2019\/11\/13\/nuevos-jueces-del-trabajo-preseleccionados-por-el-cam-prestaron-juramento\/\" target=\"_blank\" rel=\"noopener noreferrer\">Juramento de Ley<\/a>&nbsp;por ante la CSJT en fecha 13\/11\/2019.<\/p>\n<hr>\n<p><strong>Concurso N\u00b0 176. Defensor\/a Oficial en lo Penal del Centro Judicial Concepci\u00f3n:<\/strong><\/p>\n<p>En fecha 31\/05\/2019&nbsp;se&nbsp;elev\u00f3 al Poder Ejecutivo de la Provincia la terna resultante del concurso, mediante&nbsp;<a href=\"http:\/\/camtucuman.gob.ar\/documentos\/acuerdos\/acuerdo_2019_132.pdf\" target=\"_blank\" rel=\"noopener noreferrer\">Acuerdo N\u00b0 132\/2019<\/a>&nbsp;y&nbsp;conforme&nbsp;art. 101 Inc. 5\u00b0 de la Constituci\u00f3n de la Provincia y art. 16 de la Ley 8.197:<\/p>\n<ol>\n<li>Mariano Eduardo Fern\u00e1ndez,<\/li>\n<li>Carlos Sebasti\u00e1n Pais, y<\/li>\n<li>Diego \u00c1ngel Molina Franco.<\/li>\n<\/ol>\n<p>Fue designado en el cargo el Dr. Molina Franco, prestando Juramento de Ley por ante el Ministro Pupilar y de la Defensa en fecha 08\/08\/2019.<\/p>\n<hr>\n<p><strong>Concurso N\u00b0 178. Fiscal\/a de C\u00e1mara Penal III del Centro Judicial Capital:<\/strong><\/p>\n<p>En fecha 29\/05\/2019&nbsp;se&nbsp;elev\u00f3 al Poder Ejecutivo de la Provincia la terna resultante del concurso, mediante&nbsp;<a href=\"http:\/\/camtucuman.gob.ar\/documentos\/acuerdos\/acuerdo_2019_128.pdf\" target=\"_blank\" rel=\"noopener noreferrer\">Acuerdo N\u00b0 128\/2019<\/a>&nbsp;y&nbsp;conforme&nbsp;art. 101 Inc. 5\u00b0 de la Constituci\u00f3n de la Provincia y art. 16 de la Ley 8.197:<\/p>\n<ol>\n<li>Diego Ernesto&nbsp;Lammoglia,<\/li>\n<li>Mariano Eduardo&nbsp;Fern\u00e1ndez, y<\/li>\n<li>Enrique Mart\u00edn&nbsp;Cacici.<\/li>\n<\/ol>\n<p>Fue designado en el cargo el Dr. Fern\u00e1ndez, prestando&nbsp;<a href=\"http:\/\/camtucuman.gob.ar\/web\/blog\/2019\/08\/26\/dos-nuevos-fiscales-asumieron-en-sus-funciones\/\" target=\"_blank\" rel=\"noopener noreferrer\">Juramento de Ley<\/a>&nbsp;por ante el Ministro P\u00fablico Fiscal en fecha 26\/08\/2019.<\/p>\n<hr>\n<p><strong>Concurso N\u00b0 172. Juez\/a de Primera Instancia en lo Civil en Familia y Sucesiones de la II Nominaci\u00f3n del Centro Judicial Capital:<\/strong><\/p>\n<p>En fecha 29\/05\/2019&nbsp;se&nbsp;elev\u00f3 al Poder Ejecutivo de la Provincia la terna resultante del concurso, mediante&nbsp;<a href=\"http:\/\/camtucuman.gob.ar\/documentos\/acuerdos\/acuerdo_2019_127.pdf\" target=\"_blank\" rel=\"noopener noreferrer\">Acuerdo N\u00b0 127\/2019<\/a>&nbsp;y&nbsp;conforme&nbsp;art. 101 Inc. 5\u00b0 de la Constituci\u00f3n de la Provincia y art. 16 de la Ley 8.197:<\/p>\n<ol>\n<li>V\u00edctor Ra\u00fal<strong>&nbsp;<\/strong>Carlos<strong>,<\/strong><\/li>\n<li>Diego Javier&nbsp;Trabadelo, y<\/li>\n<li>Pablo Eugenio&nbsp;Barbaglia.<\/li>\n<\/ol>\n<p>Fue designado en el cargo el Dr. Carlos, prestando&nbsp;<a href=\"http:\/\/camtucuman.gob.ar\/web\/blog\/2019\/08\/21\/dos-nuevos-magistrados-preseleccionados-por-el-cam-prestaron-juramento\/\" target=\"_blank\" rel=\"noopener noreferrer\">Juramento de Ley<\/a>&nbsp;por ante la Corte Suprema de Justicia de Tucum\u00e1n en fecha 20\/08\/2019.<\/p>\n<hr>\n<p><strong>Concurso N\u00b0 177. Defensor\/a de Menores en lo Civil, Penal y del Trabajo de la I Nominaci\u00f3n del Centro Judicial Concepci\u00f3n:<\/strong><\/p>\n<p>En fecha 08\/05\/2019 se&nbsp;elev\u00f3 al Poder Ejecutivo de la Provincia la terna resultante del concurso, mediante&nbsp;<a href=\"http:\/\/camtucuman.gob.ar\/documentos\/acuerdos\/acuerdo_2019_110.pdf\" target=\"_blank\" rel=\"noopener noreferrer\">Acuerdo N\u00b0110\/2019<\/a>&nbsp;y&nbsp;conforme&nbsp;art. 101 Inc. 5\u00b0 de la Constituci\u00f3n de la Provincia y art. 16 de la Ley 8.197:<\/p>\n<ol>\n<li>Claudio Hern\u00e1n Aybar,<\/li>\n<li>Mar\u00eda Alejandra Rivas, y<\/li>\n<li>Camilo David Sleiman.<\/li>\n<\/ol>\n<p>Fue designado en el cargo el Dr. Sleiman, prestando Juramento de Ley por ante el Ministro Pupilar y de la Defensa en fecha 08\/08\/2019.<\/p>\n<hr>\n<p><strong>Concurso N\u00b0 185. Juez\/a de Primera Instancia en lo Civil y Comercial Com\u00fan de la VII Nominaci\u00f3n del Centro Judicial Capital:<\/strong><\/p>\n<p>En fecha 30\/04\/2019 se&nbsp;elev\u00f3 al Poder Ejecutivo de la Provincia la terna resultante del concurso, mediante&nbsp;<a href=\"http:\/\/camtucuman.gob.ar\/documentos\/acuerdos\/acuerdo_2019_109.pdf\" target=\"_blank\" rel=\"noopener noreferrer\">Acuerdo 109\/2019<\/a>&nbsp;y&nbsp;conforme&nbsp;art. 101 Inc. 5\u00b0 de la Constituci\u00f3n de la Provincia y art. 16 de la Ley 8.197:<\/p>\n<ol>\n<li>Carlos Ra\u00fal Rivas,<\/li>\n<li>Cristina F\u00e1tima Hurtado, y<\/li>\n<li>Mirta Estela Casares.<\/li>\n<\/ol>\n<p>Fue designada en el cargo la Dra. Casares, prestando&nbsp;<a href=\"http:\/\/camtucuman.gob.ar\/web\/blog\/2019\/08\/21\/dos-nuevos-magistrados-preseleccionados-por-el-cam-prestaron-juramento\/\" target=\"_blank\" rel=\"noopener noreferrer\">Juramento de Ley<\/a>&nbsp;por ante la Corte Suprema de Justicia de Tucum\u00e1n en fecha 20\/08\/2019.<\/p>\n<hr>\n<p><strong>Concurso N\u00b0 173. Juez\/a de Primera Instancia en lo Civil en Documentos y Locaciones , VIII Nominaci\u00f3n, Centro Judicial Capital:<\/strong><\/p>\n<p>En fecha 16\/04\/2019 se&nbsp;elev\u00f3 al Poder Ejecutivo de la Provincia la terna resultante del concurso, mediante&nbsp;<a href=\"http:\/\/camtucuman.gob.ar\/documentos\/acuerdos\/acuerdo_2019_99.pdf\" target=\"_blank\" rel=\"noopener noreferrer\">Acuerdo N\u00b0 99\/2019<\/a>&nbsp;y&nbsp;conforme&nbsp;art. 101 Inc. 5\u00b0 de la Constituci\u00f3n de la Provincia y art. 16 de la Ley 8.197:<\/p>\n<ol>\n<li>Pedro Daniel Cagna,<\/li>\n<li>Ezequiel Stordeur de Zaval\u00eda, y<\/li>\n<li>Cecilia Mar\u00eda Susana Wayar.<\/li>\n<\/ol>\n<p>Fue designada en el cargo la Dra. Wayar, prestando&nbsp;<a href=\"http:\/\/camtucuman.gob.ar\/web\/blog\/2019\/07\/31\/juraron-dos-nuevas-magistradas-preseleccionadas-por-el-cam\/\" target=\"_blank\" rel=\"noopener noreferrer\">Juramento de Ley<\/a>&nbsp;por ante la&nbsp;Corte Suprema de Justicia de Tucum\u00e1n en fecha 30\/07\/2019.<\/p>\n<hr>\n<p><strong>Concurso N\u00b0 174. Vocal de C\u00e1mara Penal, Sala I, Centro Judicial Capital:<\/strong><\/p>\n<p>En fecha 12\/04\/2019 se&nbsp;elev\u00f3 al Poder Ejecutivo de la Provincia la terna resultante del concurso, mediante&nbsp;<a href=\"http:\/\/camtucuman.gob.ar\/documentos\/acuerdos\/acuerdo_2019_97.pdf\" target=\"_blank\" rel=\"noopener noreferrer\">Acuerdo N\u00b0 97\/2019<\/a>&nbsp;y&nbsp;conforme&nbsp;art. 101 Inc. 5\u00b0 de la Constituci\u00f3n de la Provincia y art. 16 de la Ley 8.197:<\/p>\n<ol>\n<li>Diego Ernesto Lammoglia,<\/li>\n<li>Carlos Felipe D\u00edaz Lannes, y<\/li>\n<li>Agust\u00edn Francisco Puppio.<\/li>\n<\/ol>\n<p>Fue designado en el cargo el Dr. Lammoglia, prestando&nbsp;<a href=\"http:\/\/camtucuman.gob.ar\/web\/blog\/2019\/08\/14\/entro-en-funciones-un-nuevo-vocal-de-camara-penal-luego-de-concursar-en-el-cam\/\" target=\"_blank\" rel=\"noopener noreferrer\">Juramento de Ley<\/a>&nbsp;por ante la Corte Suprema de Justicia de Tucum\u00e1n en fecha 14\/08\/2019<\/p>\n<hr>\n<p><strong>Concurso N\u00b0 162. Defensor Oficial en lo Civil y del Trabajo, Centro Judicial Capital, con car\u00e1cter itinerante:<\/strong><\/p>\n<p>En fecha 08\/04\/2019 se&nbsp;elev\u00f3 al Poder Ejecutivo de la Provincia la terna resultante del concurso, mediante&nbsp;<a href=\"http:\/\/camtucuman.gob.ar\/documentos\/acuerdos\/acuerdo_2019_84.pdf\" target=\"_blank\" rel=\"noopener noreferrer\">Acuerdo 84\/2019<\/a>&nbsp;y&nbsp;conforme&nbsp;art. 101 Inc. 5\u00b0 de la Constituci\u00f3n de la Provincia y art. 16 de la Ley 8.197:<\/p>\n<ol>\n<li>Mar\u00eda del Pilar Lau,<\/li>\n<li>Carlos Gustavo Paliza, y<\/li>\n<li>Mercedes Mar\u00eda Navarro Zaldarriaga.<\/li>\n<\/ol>\n<p>Fue designada en el cargo la Dra. Lau, prestando&nbsp;<a href=\"http:\/\/camtucuman.gob.ar\/web\/blog\/2019\/08\/22\/asumio-una-nueva-defensora-oficial-itinerante\/\" target=\"_blank\" rel=\"noopener noreferrer\">Juramento de Ley<\/a>&nbsp;en fecha 21\/08\/2019.<\/p>\n<hr>\n<p><strong>Concurso N\u00b0 147. Juez\/a de Menores del Centro Judicial Monteros:<\/strong><\/p>\n<p>En fecha 20\/03\/2019 se&nbsp;elev\u00f3 al Poder Ejecutivo de la Provincia la terna resultante del concurso, mediante&nbsp;<a href=\"http:\/\/camtucuman.gob.ar\/documentos\/acuerdos\/acuerdo_2019_47.pdf\" target=\"_blank\" rel=\"noopener noreferrer\">Acuerdo n\u00b0 47\/2019<\/a>&nbsp;y&nbsp;conforme&nbsp;art. 101 Inc. 5\u00b0 de la Constituci\u00f3n de la Provincia y art. 16 de la Ley 8.197:<\/p>\n<ol>\n<li>Marcos Javier N\u00fa\u00f1ez Campero,<\/li>\n<li>Jes\u00fas Antonio Paradi, y<\/li>\n<li>H\u00e9ctor Fabi\u00e1n Assad.<\/li>\n<\/ol>\n<p>Fue designado en el cargo el Dr. N\u00fa\u00f1ez Campero, prestando&nbsp;<a href=\"http:\/\/camtucuman.gob.ar\/web\/blog\/2019\/09\/04\/dos-nuevos-magistrados-preseleccionados-por-el-cam-prestaron-juramento-2\/\" target=\"_blank\" rel=\"noopener noreferrer\">Juramento de Ley<\/a>&nbsp;por ante la CSJT en fecha 04\/09\/2019.<\/p>\n<hr>\n<p><strong>Concurso N\u00b0 124. Fiscal de Instrucci\u00f3n Penal, IX Nominaci\u00f3n, Centro Judicial Capital:<\/strong>.<\/p>\n<p>En fecha 13\/03\/2019 se&nbsp;elev\u00f3 al Poder Ejecutivo de la Provincia la terna resultante del concurso, mediante&nbsp;<a href=\"http:\/\/camtucuman.gob.ar\/documentos\/acuerdos\/acuerdo_2019_34.pdf\" target=\"_blank\" rel=\"noopener noreferrer\">Acuerdo N\u00b0 34\/2019<\/a>&nbsp;y conforme&nbsp;art. 101 Inc. 5\u00b0 de la Constituci\u00f3n de la Provincia y art. 16 de la Ley 8.197:<\/p>\n<ol>\n<li>Carlos Eduardo L\u00f3pez,<\/li>\n<li>Facundo Maggio e<\/li>\n<li>Ignacio L\u00f3pez Bustos.<\/li>\n<\/ol>\n<p>Fue designado en el cargo el Dr. L\u00f3pez Bustos, prestando&nbsp;<a href=\"http:\/\/camtucuman.gob.ar\/web\/blog\/2019\/08\/26\/dos-nuevos-fiscales-asumieron-en-sus-funciones\/\" target=\"_blank\" rel=\"noopener noreferrer\">Juramento de Ley<\/a>&nbsp;por ante el Ministro P\u00fablico Fiscal en fecha 26\/08\/2019.<\/p>\n<hr>\n<p><strong>Concurso N\u00b0 160.&nbsp;Fiscal de Instrucci\u00f3n en lo Penal del&nbsp;Centro Judicial Concepci\u00f3n:<\/strong><\/p>\n<p>En fecha 21\/11\/2018 se&nbsp;elev\u00f3 al Poder Ejecutivo de la Provincia la terna resultante del concurso, mediante&nbsp;<a href=\"http:\/\/camtucuman.gob.ar\/documentos\/acuerdos\/acuerdo_2018_141.pdf\" target=\"_blank\" rel=\"noopener noreferrer\">Acuerdo N\u00b0 141\/2018<\/a>&nbsp;y conforme&nbsp;art. 101 Inc. 5\u00b0 de la Constituci\u00f3n de la Provincia y art. 16 de la Ley 8.197:<\/p>\n<ol>\n<li>H\u00e9ctor Fabi\u00e1n Assad,<\/li>\n<li>Gerardo Nicol\u00e1s Salas y<\/li>\n<li>Ra\u00fal Armando Cardozo.<\/li>\n<\/ol>\n<p>Fue designado en el cargo el Dr. Assad, prestando Juramento de Ley por ante el Ministro P\u00fablico Fiscal en fecha 29\/07\/2019.<\/p>\n<hr>\n<p><strong>Concurso N\u00b0 141. Fiscal\/a de C\u00e1mara en lo Penal III, Centro Judicial Concepci\u00f3n:<\/strong><\/p>\n<p>En fecha 14\/11\/2018 se suscribi\u00f3 el&nbsp;<a href=\"http:\/\/camtucuman.gob.ar\/documentos\/acuerdos\/acuerdo_2018_137.pdf\" target=\"_blank\" rel=\"noopener noreferrer\">Acuerdo N\u00b0 137\/2018<\/a>&nbsp;por el cual se declara desierto el concurso.<\/p>\n<hr>\n<p><strong>Concurso N\u00b0 161. Vocal de C\u00e1mara Penal, Sala IV, Centro Judicial Capital:<\/strong><\/p>\n<p>En fecha 16\/10\/2018 se elev\u00f3 al Poder Ejecutivo de la Provincia la terna resultante del concurso, mediante&nbsp;<a href=\"http:\/\/camtucuman.gob.ar\/documentos\/acuerdos\/acuerdo_2018_131.pdf\" target=\"_blank\" rel=\"noopener noreferrer\">Acuerdo N\u00b0 131\/2018<\/a>&nbsp;y conforme&nbsp;art. 101 Inc. 5\u00b0 de la Constituci\u00f3n de la Provincia y art. 16 de la Ley 8.197:<\/p>\n<ol>\n<li>Mar\u00eda Fernanda B\u00e4hler,<\/li>\n<li>Roberto Eduardo Flores&nbsp;y<\/li>\n<li>Julio Daniel Jorge Plaza.<\/li>\n<\/ol>\n<p>Fue designada en el cargo la Dra. B\u00e4hler, prestando&nbsp;<a href=\"http:\/\/camtucuman.gob.ar\/web\/blog\/2019\/07\/31\/juraron-dos-nuevas-magistradas-preseleccionadas-por-el-cam\/\" target=\"_blank\" rel=\"noopener noreferrer\">Juramento de Ley<\/a>&nbsp;por ante la&nbsp;Corte Suprema de Justicia de Tucum\u00e1n en fecha 30\/07\/2019.<\/p>\n<hr>\n<p><strong>Concurso N\u00b0 150. Juez de Primera&nbsp;<\/strong><strong>Instancia del Trabajo, Centro Judicial Monteros:<\/strong><\/p>\n<p>En fecha 03\/10\/2018 se&nbsp;elev\u00f3 al Poder Ejecutivo de la Provincia la terna resultante del concurso, mediante&nbsp;<a href=\"http:\/\/camtucuman.gob.ar\/documentos\/acuerdos\/acuerdo_2018_127.pdf\" target=\"_blank\" rel=\"noopener noreferrer\">Acuerdo N\u00b0 127\/2018<\/a>&nbsp;y conforme art. 101 Inc. 5\u00b0 de la Constituci\u00f3n de la Provincia y art. 16 de la Ley 8.197:<\/p>\n<ol>\n<li>Mar\u00eda Gabriela Rodr\u00edguez Dusing,<\/li>\n<li>Mar\u00eda Carmen L\u00f3pez Dom\u00ednguez y<\/li>\n<li>Tatiana Alejandra Carrera.<\/li>\n<\/ol>\n<p>Fue designada en el cargo la Dra. Carrera, prestando&nbsp;<a href=\"http:\/\/camtucuman.gob.ar\/web\/blog\/2019\/09\/04\/dos-nuevos-magistrados-preseleccionados-por-el-cam-prestaron-juramento-2\/\" target=\"_blank\" rel=\"noopener noreferrer\">Juramento de Ley<\/a>&nbsp;por ante la CSJT en fecha 04\/09\/2019.<\/p>\n<hr>\n<p><strong>Concurso N\u00b0 130. Vocal de C\u00e1mara Penal, Sala III, Centro Judicial Concepci\u00f3n&nbsp;<\/strong>(nuevo cargo creado por Ley N\u00b0 8837):&nbsp;<\/p>\n<p>En fecha 12\/09\/2018 se&nbsp;elev\u00f3 al Poder Ejecutivo de la Provincia la terna resultante del concurso, mediante&nbsp;<a href=\"http:\/\/camtucuman.gob.ar\/documentos\/acuerdos\/acuerdo_2018_109.pdf\" target=\"_blank\" rel=\"noopener noreferrer\">Acuerdo N\u00b0 109\/2018<\/a>&nbsp;y conforme art. 101 Inc. 5\u00b0 de la Constituci\u00f3n de la Provincia y art. 16 de la Ley 8.197:<\/p>\n<ol>\n<li>Mar\u00eda Carolina Ballesteros,<\/li>\n<li>Guillermo Jos\u00e9 Acosta y<\/li>\n<li>Fabi\u00e1n Edgardo Rojas.<\/li>\n<\/ol>\n<p>Fue designado en el cargo el Dr. Rojas, prestando&nbsp;<a href=\"http:\/\/camtucuman.gob.ar\/web\/blog\/2019\/02\/08\/3-nuevos-magistrados-entraron-en-funciones\/\" target=\"_blank\" rel=\"noopener noreferrer\">Juramento de Ley<\/a>&nbsp;por ante la&nbsp;Corte Suprema de Justicia de Tucum\u00e1n en fecha 08\/02\/2019.<\/p>\n<hr>\n<p><strong>Concurso N\u00b0 128. Vocal de C\u00e1mara Penal, Sala III, Centro Judicial Concepci\u00f3n&nbsp;<\/strong>(nuevo cargo creado por Ley N\u00b0 8837):<\/p>\n<p>En fecha 12\/09\/2018 se&nbsp;elev\u00f3 al Poder Ejecutivo de la Provincia la terna resultante del concurso, mediante&nbsp;&nbsp;<a href=\"http:\/\/camtucuman.gob.ar\/documentos\/acuerdos\/acuerdo_2018_108.pdf\" target=\"_blank\" rel=\"noopener noreferrer\">Acuerdo N\u00b0 108\/2018:<\/a>&nbsp;y conforme art. 101 Inc. 5\u00b0 de la Constituci\u00f3n de la Provincia y art. 16 de la Ley 8.197:<\/p>\n<ol>\n<li>Mar\u00eda Carolina Ballesteros,<\/li>\n<li>Guillermo Jos\u00e9 Acosta y<\/li>\n<li>Roberto Eduardo Flores.<\/li>\n<\/ol>\n<p>Fue designado en el cargo el Dr. Acosta, prestando&nbsp;<a href=\"http:\/\/camtucuman.gob.ar\/web\/blog\/2019\/02\/08\/3-nuevos-magistrados-entraron-en-funciones\/\" target=\"_blank\" rel=\"noopener noreferrer\">Juramento de Ley<\/a>&nbsp;por ante la&nbsp;Corte Suprema de Justicia de Tucum\u00e1n en fecha 08\/02\/2019.<\/p>\n<hr>\n<p><strong>Concurso N\u00b0 171.&nbsp;&nbsp;Vocal de C\u00e1mara en lo Contencioso Administrativo Sala I del Centro Judicial Capital:<\/strong><\/p>\n<p>En fecha 12\/09\/2018 se&nbsp;elev\u00f3 al Poder Ejecutivo de la Provincia la terna resultante del concurso, mediante&nbsp;&nbsp;<a href=\"http:\/\/camtucuman.gob.ar\/documentos\/acuerdos\/acuerdo_2018_111.pdf\" target=\"_blank\" rel=\"noopener noreferrer\">Acuerdo N\u00b0 111\/2018<\/a>&nbsp;y conforme art. 101 Inc. 5\u00b0 de la Constituci\u00f3n de la Provincia y art. 16 de la Ley 8.197:<\/p>\n<ol>\n<li>Juan Ricardo Acosta,<\/li>\n<li>Augusto Gonz\u00e1lez Navarro y<\/li>\n<li>Adolfo Antonio Iriarte Yanicelli.<\/li>\n<\/ol>\n<p>Fue designado en el cargo el Dr. Acosta, prestando&nbsp;<a href=\"http:\/\/camtucuman.gob.ar\/web\/blog\/2018\/11\/09\/ingresan-nuevos-magistrados-preseleccionados-por-el-cam\/\" target=\"_blank\" rel=\"noopener noreferrer\">Juramento de Ley<\/a>&nbsp;por ante la Corte Suprema de Justicia de Tucum\u00e1n en fecha 07\/11\/2018.<\/p>\n<hr>\n<p><strong>Concurso N\u00b0 143. Juez\/a de Instrucci\u00f3n en lo Penal, V Nominaci\u00f3n, Centro Judicial Capital:<\/strong><\/p>\n<p>En fecha 12\/09\/2018 se&nbsp;elev\u00f3 al Poder Ejecutivo de la Provincia la terna resultante del concurso, mediante&nbsp;&nbsp;<a href=\"http:\/\/camtucuman.gob.ar\/documentos\/acuerdos\/acuerdo_2018_110.pdf\" target=\"_blank\" rel=\"noopener noreferrer\">Acuerdo N\u00b0 110\/2018<\/a>&nbsp;y conforme art. 101 Inc. 5\u00b0 de la Constituci\u00f3n de la Provincia y art. 16 de la Ley 8.197:<\/p>\n<ol>\n<li>Agust\u00edn Francisco Puppio,<\/li>\n<li>Mar\u00eda Carolina Ballesteros y<\/li>\n<li>Carmen Rosa L\u00f3pez.<\/li>\n<\/ol>\n<p>Fue designada en el cargo la Dra. Ballesteros, prestando&nbsp;<a href=\"http:\/\/camtucuman.gob.ar\/web\/blog\/2019\/02\/08\/3-nuevos-magistrados-entraron-en-funciones\/\" target=\"_blank\" rel=\"noopener noreferrer\">Juramento de Ley<\/a>&nbsp;por ante la&nbsp;Corte Suprema de Justicia de Tucum\u00e1n en fecha 08\/02\/2019.<\/p>\n<hr>\n<p><strong>Concurso N\u00b0 137. Vocal de C\u00e1mara de Apelaciones en lo Penal de Instrucci\u00f3n, Centro Judicial Concepci\u00f3n:<\/strong><\/p>\n<p>Por&nbsp;<a href=\"http:\/\/camtucuman.gob.ar\/documentos\/acuerdos\/acuerdo_2018_114.pdf\" target=\"_blank\" rel=\"noopener noreferrer\">Acuerdo N\u00b0 114\/2018<\/a>&nbsp;&nbsp;de fecha 12\/9\/18 se dispuso dejar sin efecto los concursos n\u00b0 137 a 139, notificar a los interesados y declarar abierta la inscripci\u00f3n para 3 cargos de&nbsp;Juez\/a del Tribunal de Impugnaci\u00f3n del Centro Judicial Concepci\u00f3n y Monteros.<\/p>\n<hr>\n<p><strong>Concurso N\u00b0 138. Vocal de C\u00e1mara de Apelaciones en lo Penal de Instrucci\u00f3n, Centro Judicial Concepci\u00f3n&nbsp;<\/strong>(nuevo cargo creado por Ley N\u00b0 8838):<\/p>\n<p>Por&nbsp;<a href=\"http:\/\/camtucuman.gob.ar\/documentos\/acuerdos\/acuerdo_2018_114.pdf\" target=\"_blank\" rel=\"noopener noreferrer\">Acuerdo N\u00b0 114\/2018<\/a>&nbsp; de fecha 12\/9\/18 se dispuso dejar sin efecto los concursos n\u00b0 137 a 139, notificar a los interesados y declarar abierta la inscripci\u00f3n para 3 cargos de&nbsp;Juez\/a del Tribunal de Impugnaci\u00f3n del Centro Judicial Concepci\u00f3n y Monteros.<\/p>\n<hr>\n<p><strong>Concurso N\u00b0 139. Vocal de C\u00e1mara de Apelaciones en lo Penal de Instrucci\u00f3n, Centro Judicial Concepci\u00f3n&nbsp;<\/strong>(nuevo cargo creado por Ley N\u00b0 8838):<\/p>\n<p>Por&nbsp;<a href=\"http:\/\/camtucuman.gob.ar\/documentos\/acuerdos\/acuerdo_2018_114.pdf\" target=\"_blank\" rel=\"noopener noreferrer\">Acuerdo N\u00b0 114\/2018<\/a>&nbsp;de fecha 12\/9\/18 se dispuso dejar sin efecto los concursos n\u00b0 137 a 139, notificar a los interesados y declarar abierta la inscripci\u00f3n para 3 cargos de&nbsp;Juez\/a del Tribunal de Impugnaci\u00f3n del Centro Judicial Concepci\u00f3n y Monteros.<\/p>\n<hr>\n<p><strong>Concurso N\u00b0 151. Vocal de C\u00e1mara de Apelaciones en lo Penal de Instrucci\u00f3n, Centro Judicial Capital:<\/strong><\/p>\n<p>Por Acuerdo&nbsp;<a href=\"http:\/\/camtucuman.gob.ar\/documentos\/acuerdos\/acuerdo_2018_113.pdf\" target=\"_blank\" rel=\"noopener noreferrer\">113\/2018<\/a>&nbsp;de fecha 12\/9\/18 se dispuso dejar sin efecto los concursos 151 a 156, notificar a los interesados y declarar abierta la inscripci\u00f3n para 6 cargos de Juez\/a del Tribunal de Impugnaci\u00f3n del Centro Judicial Capital.<\/p>\n<hr>\n<p><strong>Concurso N\u00b0 152. Vocal de C\u00e1mara de Apelaciones en lo Penal de Instrucci\u00f3n, Centro Judicial Capital:<\/strong><\/p>\n<p>Por Acuerdo&nbsp;<a href=\"http:\/\/camtucuman.gob.ar\/documentos\/acuerdos\/acuerdo_2018_113.pdf\" target=\"_blank\" rel=\"noopener noreferrer\">113\/2018<\/a>&nbsp;de fecha 12\/9\/18 se dispuso dejar sin efecto los concursos 151 a 156, notificar a los interesados y declarar abierta la inscripci\u00f3n para 6 cargos de Juez\/a del Tribunal de Impugnaci\u00f3n del Centro Judicial Capital.<\/p>\n<hr>\n<p><strong>Concurso N\u00b0 153. Vocal de C\u00e1mara de Apelaciones en lo Penal de Instrucci\u00f3n, Centro Judicial Capital:<\/strong><\/p>\n<p>Por Acuerdo&nbsp;<a href=\"http:\/\/camtucuman.gob.ar\/documentos\/acuerdos\/acuerdo_2018_113.pdf\" target=\"_blank\" rel=\"noopener noreferrer\">113\/2018<\/a>&nbsp;de fecha 12\/9\/18 se dispuso dejar sin efecto los concursos 151 a 156, notificar a los interesados y declarar abierta la inscripci\u00f3n para 6 cargos de Juez\/a del Tribunal de Impugnaci\u00f3n del Centro Judicial Capital.<\/p>\n<hr>\n<p><strong>Concurso N\u00b0 154. Vocal de C\u00e1mara de Apelaciones en lo Penal de Instrucci\u00f3n, Centro Judicial Capital:<\/strong><\/p>\n<p>Por Acuerdo&nbsp;<a href=\"http:\/\/camtucuman.gob.ar\/documentos\/acuerdos\/acuerdo_2018_113.pdf\" target=\"_blank\" rel=\"noopener noreferrer\">113\/2018<\/a>&nbsp;de fecha 12\/9\/18 se dispuso dejar sin efecto los concursos 151 a 156, notificar a los interesados y declarar abierta la inscripci\u00f3n para 6 cargos de Juez\/a del Tribunal de Impugnaci\u00f3n del Centro Judicial Capital.&nbsp;<\/p>\n<hr>\n<p><strong>Concurso N\u00b0 155.<\/strong>&nbsp;<strong>Vocal de C\u00e1mara de Apelaciones en lo Penal de Instrucci\u00f3n, Centro Judicial Capital:<\/strong><\/p>\n<p>Por Acuerdo&nbsp;<a href=\"http:\/\/camtucuman.gob.ar\/documentos\/acuerdos\/acuerdo_2018_113.pdf\" target=\"_blank\" rel=\"noopener noreferrer\">113\/2018<\/a>&nbsp;de fecha 12\/9\/18 se dispuso dejar sin efecto los concursos 151 a 156, notificar a los interesados y declarar abierta la inscripci\u00f3n para 6 cargos de Juez\/a del Tribunal de Impugnaci\u00f3n del Centro Judicial Capital.&nbsp;<\/p>\n<hr>\n<p><strong>Concurso N\u00b0 156. Vocal de C\u00e1mara de Apelaciones en lo Penal de Instrucci\u00f3n, Centro Judicial Capital:<\/strong><\/p>\n<p>Por Acuerdo&nbsp;<a href=\"http:\/\/camtucuman.gob.ar\/documentos\/acuerdos\/acuerdo_2018_113.pdf\" target=\"_blank\" rel=\"noopener noreferrer\">113\/2018<\/a>&nbsp;de fecha 12\/9\/18 se dispuso dejar sin efecto los concursos 151 a 156, notificar a los interesados y declarar abierta la inscripci\u00f3n para 6 cargos de Juez\/a del Tribunal de Impugnaci\u00f3n del Centro Judicial Capital.&nbsp;<\/p>\n<hr>\n<p><strong>Concurso N\u00b0 129. Vocal de C\u00e1mara Penal, Sala III, del Centro Judicial Concepci\u00f3n.<\/strong><\/p>\n<p>En fecha 08\/08\/2018 se&nbsp;elev\u00f3 al Poder Ejecutivo de la Provincia la terna resultante del concurso, mediante&nbsp;<a href=\"http:\/\/camtucuman.gob.ar\/documentos\/acuerdos\/acuerdo_2018_91.pdf\" target=\"_blank\" rel=\"noopener noreferrer\">Acuerdo N\u00b0 91\/2018<\/a>&nbsp;y&nbsp;conforme art. 101 Inc. 5\u00b0 de la Constituci\u00f3n de la Provincia y art. 16 de la Ley 8.197:<\/p>\n<ol>\n<li>Roberto Eduardo Flores,<\/li>\n<li>Patricia del Valle Carugatti y<\/li>\n<li>Guillermo Jos\u00e9 Acosta.<\/li>\n<\/ol>\n<p>Fue designado en el cargo el Dr. Flores, prestando&nbsp;<a href=\"http:\/\/camtucuman.gob.ar\/web\/blog\/2018\/11\/09\/ingresan-nuevos-magistrados-preseleccionados-por-el-cam\/\" target=\"_blank\" rel=\"noopener noreferrer\">Juramento de Ley<\/a>&nbsp;por ante la Corte Suprema de Justicia de Tucum\u00e1n en fecha 07\/11\/2018.<\/p>\n<hr>\n<p><strong>Concurso N\u00b0 149. Juez\/a Civil y Comercial Com\u00fan del Centro Judicial Monteros.<\/strong><\/p>\n<p>En fecha 25\/07\/2018 se&nbsp;elev\u00f3 al Poder Ejecutivo de la Provincia la terna resultante del concurso, mediante&nbsp;<a href=\"http:\/\/camtucuman.gob.ar\/documentos\/acuerdos\/acuerdo_2018_77.pdf\" target=\"_blank\" rel=\"noopener noreferrer\">Acuerdo N\u00b0 77\/2018<\/a>&nbsp;y conforme art. 101 Inc. 5\u00b0 de la Constituci\u00f3n de la Provincia y art. 16 de la Ley 8.197:<\/p>\n<ol>\n<li>V\u00edctor Ra\u00fal Carlos,<\/li>\n<li>Luciana Eleas y<\/li>\n<li>Mirta Estela Casares.<\/li>\n<\/ol>\n<p>Fue designada en el cargo la Dra. Eleas, prestando&nbsp;<a href=\"http:\/\/camtucuman.gob.ar\/web\/blog\/2018\/11\/23\/juraron-2-nuevas-juezas-preseleccionadas-por-el-cam\/\" target=\"_blank\" rel=\"noopener noreferrer\">Juramento de Ley<\/a>&nbsp;por ante la Corte Suprema de Justicia de Tucum\u00e1n en fecha 23\/11\/2018.<\/p>\n<hr>\n<p><strong>Concurso N\u00b0 148. Juez\/a Civil en Documentos y Locaciones del Centro Judicial Monteros.<\/strong><\/p>\n<p>En fecha 25\/07\/2018 se&nbsp;elev\u00f3 al Poder Ejecutivo de la Provincia la terna resultante del concurso, mediante&nbsp;<a href=\"http:\/\/camtucuman.gob.ar\/documentos\/acuerdos\/acuerdo_2018_76.pdf\" target=\"_blank\" rel=\"noopener noreferrer\">Acuerdo N\u00b0 76\/2018<\/a>&nbsp;y conforme art. 101 Inc. 5\u00b0 de la Constituci\u00f3n de la Provincia y art. 16 de la Ley 8.197:<\/p>\n<ol>\n<li>Mar\u00eda Gabriela Rodr\u00edguez Dusing,<\/li>\n<li>Luciana Eleas y<\/li>\n<li>Mar\u00eda Soledad Monteros<\/li>\n<\/ol>\n<p>Fue designada en el cargo la Dra. Rodr\u00edguez Dusing, prestando&nbsp;<a href=\"http:\/\/camtucuman.gob.ar\/web\/blog\/2018\/11\/23\/juraron-2-nuevas-juezas-preseleccionadas-por-el-cam\/\" target=\"_blank\" rel=\"noopener noreferrer\">Juramento de Ley<\/a>&nbsp;por ante la Corte Suprema de Justicia de Tucum\u00e1n en fecha 23\/11\/2018.<\/p>\n<hr>\n<p><strong>Concurso N\u00b0 140. Fiscal\/a de Instrucci\u00f3n, X Nominaci\u00f3n, Centro Judicial Capital:<\/strong><\/p>\n<p>En fecha 19\/06\/2018 se firm\u00f3 el&nbsp;<a href=\"http:\/\/camtucuman.gob.ar\/documentos\/acuerdos\/acuerdo_2018_71.pdf\" target=\"_blank\" rel=\"noopener noreferrer\">Acuerdo N\u00b0 71\/2018<\/a>&nbsp;por el cual se declara desierto el concurso.<\/p>\n<hr>\n<p><strong>Concurso N\u00ba 159.&nbsp;Defensor\/a Oficial en lo Penal de la I Nominaci\u00f3n del Centro Judicial Concepci\u00f3n:<\/strong><\/p>\n<p>En fecha 14\/06\/2018 se elev\u00f3 al Poder Ejecutivo de la Provincia la terna resultante del concurso, mediante&nbsp;<a href=\"http:\/\/camtucuman.gob.ar\/documentos\/acuerdos\/acuerdo_2018_64.pdf\" target=\"_blank\" rel=\"noopener noreferrer\">Acuerdo N\u00b0 64\/2018<\/a>&nbsp;y conforme art. 101 Inc. 5\u00b0 de la Constituci\u00f3n de la Provincia y art. 16 de la Ley 8.197:<\/p>\n<ol>\n<li>Pablo Cannata,<\/li>\n<li>Mariano Eduardo Fern\u00e1ndez y<\/li>\n<li>Carlos Sebasti\u00e1n Pais.<\/li>\n<\/ol>\n<p>Fue designado en el cargo el Dr. Cannata prestando Juramento de Ley&nbsp;en fecha 15\/11\/2018.<\/p>\n<hr>\n<p><strong>Concurso N\u00b0 134. Juez\/a de Cobros y Apremios, Centro Judicial Concepci\u00f3n (nuevo cargo creado por Ley N\u00b0 8837):<\/strong><\/p>\n<p>En fecha 06\/06\/2018 se decidi\u00f3 elevar al Poder Ejecutivo de la Provincia, mediante&nbsp;<a href=\"http:\/\/camtucuman.gob.ar\/documentos\/acuerdos\/acuerdo_2018_55.pdf\" target=\"_blank\" rel=\"noopener noreferrer\">Acuerdo N\u00b0<strong>&nbsp;<\/strong>55\/2018,<\/a>&nbsp;la terna resultante:<\/p>\n<ol>\n<li>Adolfo Antonio Iriarte Yanicelli,<\/li>\n<li>Juan Carlos Ghiringhelli y<\/li>\n<li>Patricio Rom\u00e1n Argota.<\/li>\n<\/ol>\n<p>Fue designado en el cargo el Dr. Iriarte Yanicelli, prestando&nbsp;<a href=\"http:\/\/camtucuman.gob.ar\/web\/blog\/2018\/11\/09\/ingresan-nuevos-magistrados-preseleccionados-por-el-cam\/\" target=\"_blank\" rel=\"noopener noreferrer\">Juramento de Ley<\/a>&nbsp;por ante la Corte Suprema de Justicia de Tucum\u00e1n en fecha 07\/11\/2018.<\/p>\n<hr>\n<p><strong>Concurso N\u00b0 146. Vocal de C\u00e1mara Penal, Sala I, Centro Judicial Concepci\u00f3n:<\/strong><\/p>\n<p>Se declar\u00f3 desierto mediante&nbsp;<a href=\"http:\/\/camtucuman.gob.ar\/documentos\/acuerdos\/acuerdo_2018_52.pdf\" target=\"_blank\" rel=\"noopener noreferrer\">Acuerdo N\u00b0 52\/2018.<\/a><\/p>\n<hr>\n<p><strong>Concurso N\u00b0 145. Vocal de C\u00e1mara Penal, Sala II, Centro Judicial Concepci\u00f3n:<\/strong><\/p>\n<p>Se declar\u00f3 desierto por&nbsp;&nbsp;<a href=\"http:\/\/camtucuman.gob.ar\/documentos\/acuerdos\/acuerdo_2018_36.pdf\" target=\"_blank\" rel=\"noopener noreferrer\">Acuerdo N\u00b0 36\/2018<\/a><\/p>\n<hr>\n<p><strong>Concurso N\u00b0 123. Juez\/a de Menores de la II Nominaci\u00f3n del Centro Judicial Capital:<\/strong><\/p>\n<p>En fecha 04\/04\/2018 se elev\u00f3 al Poder Ejecutivo de la Provincia&nbsp; la siguiente terna, conforme&nbsp;<a href=\"http:\/\/camtucuman.gob.ar\/documentos\/acuerdos\/acuerdo_2018_25.pdf\" target=\"_blank\" rel=\"noopener noreferrer\">Acuerdo 25\/2018<\/a>, Art. 101 Inc. 5\u00b0 de la Constituci\u00f3n de la Provincia y Art. 16 de la Ley 8.197:<\/p>\n<ol>\n<li>Eugenia Mar\u00eda Posse<\/li>\n<li>Aurora del Carmen D\u00edaz Arga\u00f1araz<\/li>\n<li>Federico Rafael Moeykens.<\/li>\n<\/ol>\n<p>Fue designado en el cargo el Dr.&nbsp;Moeykens, prestando&nbsp;<a href=\"http:\/\/camtucuman.gob.ar\/web\/blog\/2018\/08\/08\/juraron-3-nuevos-magistrados-preseleccionados-por-el-cam\/\" target=\"_blank\" rel=\"noopener noreferrer\">juramento de ley<\/a>&nbsp;el d\u00eda 07\/08\/2018.<\/p>\n<hr>\n<p><strong>Concurso N\u00b0 144.&nbsp;Vocal de C\u00e1mara de Apelaciones Civil y Comercial Com\u00fan del Centro Judicial Concepci\u00f3n:<\/strong><\/p>\n<p>En fecha 14\/03\/2018 se elev\u00f3 al Poder Ejecutivo de la Provincia la siguiente terna, conforme&nbsp;&nbsp;<a href=\"http:\/\/camtucuman.gob.ar\/documentos\/acuerdos\/acuerdo_2018_23.pdf\" target=\"_blank\" rel=\"noopener noreferrer\">Acuerdo N\u00b0 23\/2018<\/a>,&nbsp;Art. 101 Inc. 5\u00b0 de la Constituci\u00f3n de la Provincia y Art. 16 de la Ley 8.197:<\/p>\n<ol>\n<li>Mario Rodolfo Leal,<\/li>\n<li>Mar\u00eda del Rosario Arias, y<\/li>\n<li>Mirta Estela Casares.<\/li>\n<\/ol>\n<p>Fue designado en el cargo el Dr. Leal,&nbsp;prestando&nbsp;<a href=\"http:\/\/camtucuman.gob.ar\/web\/blog\/2018\/08\/08\/juraron-3-nuevos-magistrados-preseleccionados-por-el-cam\/\" target=\"_blank\" rel=\"noopener noreferrer\">juramento de ley<\/a>&nbsp;el d\u00eda 07\/08\/2018.<\/p>\n<hr>\n<p><strong>Concurso N\u00b0 136.&nbsp;Defensor\/a Oficial en lo Penal del Centro Judicial Concepci\u00f3n:<\/strong><\/p>\n<p>En fecha 28\/02\/2018 se declar\u00f3 desierto al no haber alcanzado ning\u00fan postulante los requisitos para acceder a la etapa de entrevistas personales, por&nbsp;<a href=\"http:\/\/camtucuman.gob.ar\/documentos\/acuerdos\/acuerdo_2018_13.pdf\" target=\"_blank\" rel=\"noopener noreferrer\">Acuerdo N\u00b0 13\/2018.<\/a><\/p>\n<hr>\n<p><strong>Concurso N\u00b0 131. Juez\/a en lo Civil y Comercial Com\u00fan del Centro Judicial Concepci\u00f3n:<\/strong><strong>&nbsp;<\/strong><\/p>\n<p>En fecha 07\/12\/2017 se elev\u00f3 al Poder Ejecutivo de la Provincia la siguiente terna, conforme&nbsp;<a href=\"http:\/\/camtucuman.gob.ar\/documentos\/acuerdos\/acuerdo_2017_140.pdf\" target=\"_blank\" rel=\"noopener noreferrer\">Acuerdo N\u00b0 140\/2017<\/a>, Art. 101 Inc. 5\u00b0 de la Constituci\u00f3n de la Provincia y Art. 16 de la Ley 8.197:<\/p>\n<ol>\n<li>Mirta Estela Casares,<\/li>\n<li>Mar\u00eda del Rosario Arias, y<\/li>\n<li>Carlos Rub\u00e9n Molina.<\/li>\n<\/ol>\n<p>Fue designado en el cargo el Dr. Molina, prestando juramento el d\u00eda&nbsp;<a href=\"http:\/\/camtucuman.gob.ar\/web\/blog\/2018\/04\/13\/asumen-6-magistrados-preseleccionados-por-el-consejo\/\" target=\"_blank\" rel=\"noopener noreferrer\">13\/04\/2018.<\/a><\/p>\n<hr>\n<p><strong>Concurso N\u00b0 132. Juzgado en lo Civil en Familia y Sucesiones, Centro Judicial Concepci\u00f3n&nbsp;<\/strong>(nuevo cargo creado por Ley N\u00b0 8837):<\/p>\n<p>En fecha 18\/10\/2017 se elev\u00f3 al Poder Ejecutivo de la Provincia la siguiente terna, conforme&nbsp;<a href=\"http:\/\/camtucuman.gob.ar\/documentos\/acuerdos\/acuerdo_2017_130.pdf\" target=\"_blank\" rel=\"noopener noreferrer\">Acuerdo N\u00b0 130\/2017<\/a>, Art. 101 Inc. 5\u00b0 de la Constituci\u00f3n de la Provincia y Art. 16 de la Ley 8.197:<\/p>\n<ol>\n<li>Mar\u00eda Claudia del Valle Albornoz,<\/li>\n<li>Roberto Jos\u00e9 Javier Zelaya,<\/li>\n<li>Mariela Viviana Donaire.<\/li>\n<\/ol>\n<p>Fue designada en el cargo la Dra. Donaire, prestando juramento el d\u00eda&nbsp;<a href=\"http:\/\/camtucuman.gob.ar\/web\/blog\/2018\/04\/13\/asumen-6-magistrados-preseleccionados-por-el-consejo\/\" target=\"_blank\" rel=\"noopener noreferrer\">13\/04\/2018.<\/a><\/p>\n<hr>\n<p><strong>Concurso N\u00b0 133. Juzgado de Primera Instancia del Trabajo, Centro Judicial Concepci\u00f3n&nbsp;<\/strong>(nuevo cargo &nbsp;creado por Ley N\u00b0 8837):<\/p>\n<p>En fecha 28\/09\/2017 se elev\u00f3 al Poder Ejecutivo de la Provincia la siguiente terna, conforme&nbsp;<a href=\"http:\/\/camtucuman.gob.ar\/documentos\/acuerdos\/acuerdo_2017_129.pdf\" target=\"_blank\" rel=\"noopener noreferrer\">Acuerdo N\u00b0 129\/2017<\/a>, Art 101 Inc. 5\u00b0 de la Constituci\u00f3n de la Provincia&nbsp;y Art. 16 de la Ley 8.197:<\/p>\n<ol>\n<li>Tomas Ram\u00f3n Vicente Alba,<\/li>\n<li>Mar\u00eda Alicia Gonz\u00e1lez Mestre,<\/li>\n<li>Tatianana Alejandra Carrera<\/li>\n<\/ol>\n<p>Fue designado en el cargo el Dr. Alba, prestando juramento el d\u00eda&nbsp;<a href=\"http:\/\/camtucuman.gob.ar\/web\/blog\/2018\/04\/13\/asumen-6-magistrados-preseleccionados-por-el-consejo\/\" target=\"_blank\" rel=\"noopener noreferrer\">13\/04\/2018.<\/a><\/p>\n<hr>\n<p><strong>Concurso N\u00b0 135. Juez\/a de Instrucci\u00f3n en lo Penal del Centro Judicial Concepci\u00f3n.<\/strong><\/p>\n<p>En fecha 20\/09\/2017 se elev\u00f3 al Poder Ejecutivo de la Provincia la siguiente terna, conforme&nbsp;<a href=\"http:\/\/camtucuman.gob.ar\/documentos\/acuerdos\/acuerdo_2017_127.pdf\" target=\"_blank\" rel=\"noopener noreferrer\">Acuerdo N\u00b0 127\/2017<\/a>&nbsp;, Art 101 Inc. 5\u00b0 de la Constituci\u00f3n de la Provincia&nbsp;y Art. 16 de la Ley 8.197:<\/p>\n<ol>\n<li>Roberto Eduardo Flores,<\/li>\n<li>Cristian Andr\u00e9s Vel\u00e1zquez, y<\/li>\n<li>Patricia Del Valle Carugatti.<\/li>\n<\/ol>\n<p>Fue designado en el cargo el Dr. Vel\u00e1zquez,&nbsp;<a href=\"http:\/\/camtucuman.gob.ar\/web\/blog\/2018\/02\/20\/5-nuevos-magistrados-preseleccionados-por-el-cam-entraron-en-funciones\/\" target=\"_blank\" rel=\"noopener noreferrer\">prestando juramento<\/a>&nbsp;el d\u00eda 20\/02\/2018 por ante la Corte Suprema de Justicia.<\/p>\n<hr>\n<p><strong>Concurso N\u00b0 127. Juzgado de Primera Instancia del Trabajo de la VI Nominaci\u00f3n del Centro Judicial Capital:<\/strong><\/p>\n<p>En fecha 04\/08\/2017 se elev\u00f3 al Poder Ejecutivo de la Provincia la siguiente terna, conforme&nbsp;<a href=\"http:\/\/camtucuman.gob.ar\/documentos\/acuerdos\/acuerdo_2017_110.pdf\" target=\"_blank\" rel=\"noopener noreferrer\">Acuerdo N\u00b0 110\/2017<\/a>, Art.&nbsp;101 Inc. 5\u00b0 de la Constituci\u00f3n de la Provincia&nbsp;y Art. 16 de la Ley 8.197:<\/p>\n<ol>\n<li>Tom\u00e1s Ram\u00f3n Vicente Alba,<\/li>\n<li>Miguel Fern\u00e1ndez Corona,<\/li>\n<li>Leonardo Andr\u00e9s Toscano.<\/li>\n<\/ol>\n<p>Fue designado en el cargo el Dr. Toscano, prestando juramento el d\u00eda&nbsp;<a href=\"http:\/\/camtucuman.gob.ar\/web\/blog\/2018\/04\/13\/asumen-6-magistrados-preseleccionados-por-el-consejo\/\" target=\"_blank\" rel=\"noopener noreferrer\">13\/04\/2018<\/a>.<\/p>\n<hr>\n<p><strong>Concurso N\u00b0 106. Defensor\u00eda Oficial en lo Civil y del Trabajo, Centro Judicial Capital con car\u00e1cter itinerante:<\/strong><\/p>\n<p>Se declar\u00f3 desierto mediante&nbsp;<a href=\"http:\/\/camtucuman.gob.ar\/documentos\/acuerdos\/acuerdo_2017_109.pdf\" target=\"_blank\" rel=\"noopener noreferrer\">Acuerdo N\u00b0 109\/2017<\/a>&nbsp;de fecha 27 de julio de 2017.<\/p>\n<hr>\n<p><strong>Concurso N\u00b0 112,&nbsp;Fiscal de Instrucci\u00f3n Penal del Centro Judicial Monteros.<\/strong><\/p>\n<p>En fecha 26\/07\/2017 se elev\u00f3 al Poder Ejecutivo de la Provincia la siguiente terna, conforme&nbsp;<a href=\"http:\/\/camtucuman.gob.ar\/documentos\/acuerdos\/acuerdo_2017_105.pdf\" target=\"_blank\" rel=\"noopener noreferrer\">Acuerdo N\u00b0 105\/2017<\/a>, Art.&nbsp;101 Inc. 5\u00b0 de la Constituci\u00f3n de la Provincia&nbsp;y Art. 16 de la Ley 8.197:<\/p>\n<ol>\n<li>Facundo Maggio<\/li>\n<li>Carlos Eduardo L\u00f3pez<\/li>\n<li>Eugenia Mar\u00eda Posse.<\/li>\n<\/ol>\n<p>Fue designada en el cargo la Dra. Posse,&nbsp;<a href=\"http:\/\/camtucuman.gob.ar\/web\/blog\/2018\/02\/20\/5-nuevos-magistrados-preseleccionados-por-el-cam-entraron-en-funciones\/\" target=\"_blank\" rel=\"noopener noreferrer\">prestando juramento<\/a>&nbsp;el d\u00eda 20\/02\/2018 por ante la Corte Suprema de Justicia de Tucum\u00e1n.<\/p>\n<hr>\n<p><strong>Concurso N\u00b0 109, Fiscal\u00eda de Instrucci\u00f3n Penal del Centro Judicial Capital.<\/strong><\/p>\n<p>En fecha 29\/06\/2017 se elev\u00f3 al Poder Ejecutivo de la Provincia la siguiente terna, conforme&nbsp;&nbsp;<a href=\"http:\/\/camtucuman.gob.ar\/documentos\/acuerdos\/acuerdo_2017_104.pdf\" target=\"_blank\" rel=\"noopener noreferrer\">Acuerdo N\u00b0 104<\/a>\/2017,&nbsp;Art. 101 Inc. 5\u00b0 de la Constituci\u00f3n de la Provincia&nbsp;y Art. 16 de la Ley 8.197:<\/p>\n<ol>\n<li>Pedro Le\u00f3n Gallo,<\/li>\n<li>Facundo Maggio, y<\/li>\n<li>Luis Jos\u00e9 Mar\u00eda Amarillo<\/li>\n<\/ol>\n<hr>\n<p><strong>Concurso N\u00b0 108, Fiscal\u00eda de Instrucci\u00f3n Penal del Centro Judicial Capital.<\/strong><\/p>\n<p>En fecha 29\/06\/2017 se elev\u00f3 al Poder Ejecutivo de la Provincia la siguiente terna, conforme&nbsp;&nbsp;<a href=\"http:\/\/camtucuman.gob.ar\/documentos\/acuerdos\/acuerdo_2017_103.pdf\" target=\"_blank\" rel=\"noopener noreferrer\">Acuerdo N\u00b0 103<\/a>\/2017, Art. 101 Inc. 5\u00b0 de la Constituci\u00f3n de la Provincia&nbsp;y Art. 16 de la Ley 8.197:<\/p>\n<ol>\n<li>Pedro Le\u00f3n Gallo,<\/li>\n<li>Eugenia Mar\u00eda Posse, y<\/li>\n<li>Luis Jos\u00e9 Mar\u00eda Amarillo<\/li>\n<\/ol>\n<hr>\n<p><strong>Concurso N\u00b0 110, Fiscal\u00eda de Instrucci\u00f3n Penal del Centro Judicial Capital.<\/strong><\/p>\n<p>En fecha 16\/06\/2017 se remiti\u00f3 al Poder Ejecutivo de la Provincia&nbsp;la siguiente terna, conforme&nbsp;<a href=\"http:\/\/camtucuman.gob.ar\/documentos\/acuerdos\/acuerdo_2017_97.pdf\" target=\"_blank\" rel=\"noopener noreferrer\">Acuerdo N\u00b0 97\/2017<\/a>&nbsp;, Art. 101 Inc. 5\u00ba de la Constituci\u00f3n de la Provincia y Art. 16 de la Ley 8.197:<\/p>\n<ol>\n<li>Facundo Maggio,<\/li>\n<li>Pedro Le\u00f3n Gallo,<\/li>\n<li>Luis Jos\u00e9 Mar\u00eda Amarillo<\/li>\n<\/ol>\n<p>Fue designado en el cargo el Dr. Gallo,&nbsp;prestando&nbsp;<a href=\"http:\/\/camtucuman.gob.ar\/web\/blog\/2018\/08\/08\/juraron-3-nuevos-magistrados-preseleccionados-por-el-cam\/\" target=\"_blank\" rel=\"noopener noreferrer\">juramento de ley<\/a>&nbsp;el d\u00eda 07\/08\/2018.<\/p>\n<hr>\n<p><strong>Concurso N\u00b0 126,&nbsp;Juzgado de Primera Instancia en lo Civil en Documentos y Locaciones de la II Nominaci\u00f3n del Centro Judicial Capital.<\/strong><\/p>\n<p>En fecha 16\/06\/2017 se remiti\u00f3 al Poder Ejecutivo de la Provincia&nbsp;la siguiente terna, conforme&nbsp;<a href=\"http:\/\/camtucuman.gob.ar\/documentos\/acuerdos\/acuerdo_2017_98.pdf\" target=\"_blank\" rel=\"noopener noreferrer\">Acuerdo N\u00b0 98\/2017<\/a>&nbsp;, Art. 101 Inc. 5\u00ba de la Constituci\u00f3n de la Provincia y Art. 16 de la Ley 8.197:<\/p>\n<ol>\n<li>Mar\u00eda Victoria G\u00f3mez Tacconi,<\/li>\n<li>Ezequiel Stordeur de Zaval\u00eda,<\/li>\n<li>Mar\u00eda In\u00e9s Barros de Araujo.<\/li>\n<\/ol>\n<p>Fue designada en el cargo la Dra. G\u00f3mez Tacconi,&nbsp;<a href=\"http:\/\/camtucuman.gob.ar\/web\/blog\/2018\/02\/20\/5-nuevos-magistrados-preseleccionados-por-el-cam-entraron-en-funciones\/\" target=\"_blank\" rel=\"noopener noreferrer\">prestando juramento<\/a>&nbsp;el d\u00eda 20\/02\/2018 por ante la Corte Suprema de Justicia de Tucum\u00e1n.<\/p>\n<hr>\n<p><strong>Concurso N\u00b0 111, Fiscal\u00eda de Instrucci\u00f3n en lo Penal del Centro Judicial Concepci\u00f3n.<\/strong><\/p>\n<p>En fecha 06\/06\/2017&nbsp;se aprob\u00f3 el&nbsp;<a href=\"http:\/\/camtucuman.gob.ar\/documentos\/acuerdos\/acuerdo_2017_88.pdf\" target=\"_blank\" rel=\"noopener noreferrer\">Acuerdo N\u00b0 88\/2017<\/a>, que declara desierto el Concurso N\u00b0 111 para Fiscal\/a de Instrucci\u00f3n en lo Penal del Centro Judicial Concepci\u00f3n, y el&nbsp;<a href=\"http:\/\/camtucuman.gob.ar\/documentos\/acuerdos\/acuerdo_2017_89.pdf\" target=\"_blank\" rel=\"noopener noreferrer\">Acuerdo N\u00b0 89\/2017<\/a>&nbsp;que llama nuevamente a concurso para ese cargo, con denominaci\u00f3n de Concurso N\u00b0 160.<\/p>\n<hr>\n<p><strong>Concurso N\u00ba 114&nbsp;Juzgado en lo Civil en Documentos y Locaciones de la I Nominaci\u00f3n, Centro Judicial Capital.<\/strong><\/p>\n<p>En fecha 24\/05\/2017 se remiti\u00f3 al Poder Ejecutivo de la Provincia la siguiente terna, conforme al&nbsp;<a href=\"http:\/\/camtucuman.gob.ar\/documentos\/acuerdos\/acuerdo_2017_79.pdf\" target=\"_blank\" rel=\"noopener noreferrer\">Acuerdo N\u00ba 79\/2017<\/a>, al&nbsp;Art. 101 Inc. 5\u00ba de la Constituci\u00f3n de la Provincia y al Art. 16 de la Ley 8.197:<\/p>\n<ol>\n<li>Mar\u00eda del Rosario Arias,<\/li>\n<li>Pedro Daniel Cagna,<\/li>\n<li>Enzo Dar\u00edo Pautassi<\/li>\n<\/ol>\n<p>Fue designada en el cargo la Dra. Arias, prestando juramento el d\u00eda&nbsp;<a href=\"http:\/\/camtucuman.gob.ar\/web\/blog\/2018\/04\/13\/asumen-6-magistrados-preseleccionados-por-el-consejo\/\" target=\"_blank\" rel=\"noopener noreferrer\">13\/04\/2018<\/a>.&nbsp;<\/p>\n<h4>Concurso N\u00ba 116, Vocal\u00eda de C\u00e1mara Penal, Sala II, Centro Judicial Capital.<\/h4>\n<p>En fecha 04\/05\/2017 se remiti\u00f3 al Poder Ejecutivo de la Provincia la siguiente terna, conforme al <a href=\"http:\/\/camtucuman.gob.ar\/documentos\/acuerdos\/acuerdo_2017_67.pdf\" target=\"_blank\" rel=\"noopener noreferrer\">Acuerdo N\u00ba 67\/2017<\/a>, al&nbsp;Art. 101 Inc. 5\u00ba de la Constituci\u00f3n de la Provincia y al Art. 16 de la Ley 8.197:<\/p>\n<ol>\n<li>Juan Carlos Nacul<\/li>\n<li>Luis Fernando Morales Lezica<\/li>\n<li>Carlos Eduardo Saltor.<\/li>\n<\/ol>\n<h4>Concurso N\u00ba 125. Vocal de C\u00e1mara de Apelaciones en lo Civil en Familia y Sucesiones y Documentos y Locaciones, Sala de Familia y Sucesiones, del Centro Judicial Concepci\u00f3n. &nbsp;<\/h4>\n<p>En fecha 26 de abril de 2017 se elev\u00f3 al Poder Ejecutivo de la Provincia la siguiente terna, seg\u00fan <a href=\"http:\/\/camtucuman.gob.ar\/documentos\/acuerdos\/acuerdo_2017_45.pdf\" target=\"_blank\" rel=\"noopener noreferrer\">Acuerdo N\u00ba&nbsp;45\/2017<\/a> y&nbsp;conforme Art. 101 Inc. 5\u00ba de la Constituci\u00f3n de la Provincia y Art. 16 de la Ley 8.197:<\/p>\n<ol>\n<li>Mariana Josefina Rey Galindo,<\/li>\n<li>Ana Carolina Cano, y<\/li>\n<li>Andrea Fabiana Segura.<\/li>\n<\/ol>\n<h4>Concurso N\u00b0 92. Juzgado de Menores Centro Judicial Capital con asiento en Banda del R\u00edo Sal\u00ed.<\/h4>\n<p>En fecha 10\/04\/2017 se remiti\u00f3 al Poder Ejecutivo de la Provincia la siguiente terna, seg\u00fan Acuerdo&nbsp;<a href=\"http:\/\/camtucuman.gob.ar\/documentos\/acuerdos\/acuerdo_2017_40.pdf\" target=\"_blank\" rel=\"noopener noreferrer\">N\u00ba 40\/2017<\/a>&nbsp; y conforme Art. 101 Inc. 5\u00ba de la Constituci\u00f3n de la Provincia y Art. 16 de la Ley 8.197:<\/p>\n<ol>\n<li>I\u00e1cono, Ana Mar\u00eda<\/li>\n<li>N\u00fa\u00f1ez Campero, Marcos Javier<\/li>\n<li>Clemente, Ricardo Daniel<\/li>\n<\/ol>\n<h4>Concurso N\u00ba 119. Juzgado de Instrucci\u00f3n Penal de la II Nominaci\u00f3n del Centro Judicial Capital.<\/h4>\n<p>En fecha 15\/03\/2017&nbsp;se remiti\u00f3 al Poder Ejecutivo provincial la siguiente terna, seg\u00fan <a href=\"http:\/\/camtucuman.gob.ar\/documentos\/acuerdos\/acuerdo_2017_31.pdf\" target=\"_blank\" rel=\"noopener noreferrer\">Acuerdo N\u00ba 31\/2017<\/a>&nbsp; y conforme Art. 101 Inc. 5\u00ba de la Constituci\u00f3n de la Provincia y Art. 16 de la Ley 8.197:<\/p>\n<ol>\n<li>Ballesteros, Mar\u00eda Carolina.<\/li>\n<li>Maggio, Facundo.<\/li>\n<li>Nacul, Juan Carlos.<\/li>\n<\/ol>\n<h4>Concurso N\u00ba 104. Fiscal\u00eda de C\u00e1mara Penal Vl Centro Judicial Capital<\/h4>\n<p>En fecha 15\/03\/2017&nbsp;se remiti\u00f3 al Poder Ejecutivo provincial la siguiente terna, seg\u00fan <a href=\"http:\/\/camtucuman.gob.ar\/documentos\/acuerdos\/acuerdo_2017_30.pdf\" target=\"_blank\" rel=\"noopener noreferrer\">Acuerdo N\u00ba 30\/2017<\/a> &nbsp;y conforme Art. 101 Inc. 5\u00ba de la Constituci\u00f3n de la Provincia y Art. 16 de la Ley 8.197:<\/p>\n<ol>\n<li>Nacul, Juan Carlos,<\/li>\n<li>Saltor, Carlos Eduardo,<\/li>\n<li>Epelbaum, Carolina Eugenia.<\/li>\n<\/ol>\n<h4>Concurso N\u00ba 115. Defensor\/a Oficial en lo Penal de la I Nominaci\u00f3n del Centro Judicial Concepci\u00f3n.<\/h4>\n<p>Se declar\u00f3 desierto mediante <a href=\"http:\/\/camtucuman.gob.ar\/documentos\/acuerdos\/acuerdo_2017_23.pdf\" target=\"_blank\" rel=\"noopener noreferrer\">Acuerdo N\u00ba 23\/2017.<\/a><\/p>\n<h4><strong>Concurso N\u00b0 122. Vocal\u00eda de C\u00e1mara Penal, Sala II, Centro Judicial Concepci\u00f3n.<\/strong><\/h4>\n<p>En Fecha 08\/03\/2017 se remiti\u00f3 al Poder Ejecutivo provincial la siguiente terna correspondiente a Concurso N\u00ba 122, Seg\u00fan Acuerdo <a href=\"http:\/\/camtucuman.gob.ar\/documentos\/acuerdos\/acuerdo_2017_24.pdf\" target=\"_blank\" rel=\"noopener noreferrer\">N\u00ba 24\/2017<\/a>&nbsp;y conforme Art. 101 Inc. 5\u00ba de la Constituci\u00f3n de la Provincia y Art. 16 de la Ley 8.197:<\/p>\n<ol>\n<li>Mar\u00eda Carolina Ballesteros,<\/li>\n<li>Juan Carlos Nacul,<\/li>\n<li>Sergio Dante Altamirano.<\/li>\n<\/ol>\n<p><strong>Concurso N\u00ba 121 Fiscal de C\u00e1mara Civil, Comercial, Laboral y Contencioso Administrativo del Centro Judicial Capital:&nbsp;<\/strong>En Fecha 27\/12\/2016 se remiti\u00f3 al Poder Ejecutivo provincial la siguiente terna correspondiente a Concurso N\u00ba 121, Seg\u00fan Acuerdo N\u00ba 125\/2016 y conforme Art. 101 Inc. 5\u00ba de la Constituci\u00f3n de la Provincia y Art. 16 de la Ley 8.197:&nbsp;1. Hael, Juana In\u00e9s.&nbsp;2. M\u00e9ndez, Eleonora Claudia.&nbsp;3. Holgado, Sergio Eusebio.<\/p>\n<p><strong>Concurso N\u00ba 105 Defensor\/a Oficial Civil y del Trabajo del Centro Judicial Capital con asiento en Banda del R\u00edo Sal\u00ed:&nbsp;<\/strong>En Fecha 27\/12\/2016 se remiti\u00f3 al Poder Ejecutivo provincial la siguiente terna correspondiente al Concurso N\u00ba 105, Seg\u00fan Acuerdo N\u00ba 124\/2016 y&nbsp; conforme Art. 101 Inc. 5\u00ba de la Constituci\u00f3n de la Provincia y Art. 16 de la Ley 8.197:&nbsp;1. M\u00e9ndez, Eleonora Claudia.&nbsp;2.&nbsp;Acu\u00f1a,&nbsp;Agust\u00edn Eugenio.&nbsp;3.&nbsp;Carlos, V\u00edctor Ra\u00fal.<\/p>\n<p><strong>Concurso N\u00ba 118 Fiscal\/a en lo Civil y del Trabajo, Centro Judicial Monteros:&nbsp;<\/strong>El d\u00eda 29\/11\/16 se remiti\u00f3 al Poder Ejecutivo el Acuerdo N\u00b0 121\/2016 de elevaci\u00f3n de terna integrada por las Dras. Alicia Estela Carranza, Eleonora Claudia M\u00e9ndez y Mar\u00eda In\u00e9s Barros.<\/p>\n<p><strong>Concurso N\u00ba 117 Juez\/a en lo Civil en Familia y Sucesiones, Centro Judicial Monteros:&nbsp;<\/strong>El d\u00eda 10\/11\/16 se remiti\u00f3 al Poder Ejecutivo Acuerdo N\u00b0 115\/2016 de elevaci\u00f3n de terna integrada por las Dras. Eleonora Claudia M\u00e9ndez, Mariana Josefina Rey Galindo y Mar\u00eda Isabel Nieva Conejos.<\/p>\n<p><strong>Concurso N\u00ba 101 Juez\/a en lo Civil en Familia y Sucesiones de la I Nominaci\u00f3n. Centro Judicial Concepci\u00f3n:&nbsp;<\/strong>El 7 de abril de 2016 se remiti\u00f3 al Poder Ejecutivo el Acuerdo N\u00b0 39\/2016 de elevaci\u00f3n de terna integrada por los Dres. Mariela Viviana Donaire, Eleonora Claudia M\u00e9ndez y Jos\u00e9 Rub\u00e9n Sale. Fue designado en el cargo el Dr. Sale, jurando el d\u00eda 23 de agosto del corriente.<\/p>\n<p><strong>Concurso N\u00ba 97 Juez de Ejecuci\u00f3n en lo Penal. Centro Judicial Capital:<\/strong>&nbsp;El 07 de abril de 2016 se remiti\u00f3 al Poder Ejecutivo el Acuerdo N\u00b0 38\/2016 de elevaci\u00f3n de terna integrada por los Dres. Roberto Eduardo Flores, Lucas Manuel Maggio y Roberto Eugenio Guyot. Fue designado en el cargo el Dr. Guyot, jurando el d\u00eda 23 de agosto del corriente.<\/p>\n<p><strong>Concurso N\u00ba 96 Fiscal de Instrucci\u00f3n Penal de la II Nominaci\u00f3n. Centro Judicial Capital:&nbsp;<\/strong>En sesi\u00f3n del 9\/12\/2015 se aprob\u00f3 el Acuerdo N\u00ba 172\/2015 de elevaci\u00f3n de terna integrada por los Dres. Mar\u00eda Carolina Ballesteros, Carlos Eduardo Saltor y Claudio Osmar Bonari. Se remiti\u00f3 al Poder Ejecutivo de la Provincia en fecha 15\/12\/2015. Se design\u00f3 en el cargo al Dr. Bonari, quien prest\u00f3 juramento el d\u00eda 23\/08\/2016.<\/p>\n<p><strong>Concurso N\u00ba 94&nbsp;Defensor\/a de Menores&nbsp;Civil, Penal y del Trabajo. Centro Judicial Capital con asiento en Banda del R\u00edo Sal\u00ed:&nbsp;<\/strong>El 26 de octubre de 2015 se aprob\u00f3 el Acuerdo N\u00b0 156\/2015 por el cual se remiti\u00f3 la terna al Poder Ejecutivo integrada por los Dres. Andrea Fabiana Segura, Diego Javier Trabadelo y Mar\u00eda Lorena Arquez. Se design\u00f3 en el cargo a la Dra. Arquez, quien prest\u00f3 juramento el d\u00eda 23 de agosto del corriente.<\/p>\n<p><strong>Concurso N\u00ba 89&nbsp;Vocal de C\u00e1mara Penal, Sala II. Centro Judicial Capital:&nbsp;<\/strong>El d\u00eda 19\/06\/2015 se remiti\u00f3 al Poder Ejecutivo el Acuerdo N\u00ba 79\/2015 de elevaci\u00f3n de terna, la cual qued\u00f3 integrada por los Dres. Gustavo Aldo Sim\u00f3n Romagnoli, Juan Carlos Nacul y Walter Emilio Ojeda \u00c1vila. Fue designado en el cargo el Dr. Romagnoli, prestando juramento el d\u00eda 23\/08\/2016.<\/p>\n<p><strong>Concurso N\u00ba 100&nbsp;Juez\/a en lo Civil y Comercial Com\u00fan de la VIII Nominaci\u00f3n. Centro Judicial Capital:&nbsp;<\/strong>El 12\/05\/2016 se remiti\u00f3 al Poder Ejecutivo el Acuerdo N\u00b0 53\/2016 de elevaci\u00f3n de terna integrada por los Dres. Eleonora Claudia M\u00e9ndez, Pedro Manuel Ram\u00f3n P\u00e9rez y Fernando Garc\u00eda Hamilton. Se design\u00f3 en el cargo al Dr. P\u00e9rez, quien jur\u00f3 el d\u00eda 23 de agosto del corriente.<\/p>\n<p><strong>Concurso N\u00ba 103&nbsp;Juez\/a en lo Civil y Comercial Com\u00fan de la I Nominaci\u00f3n. Centro Judicial Capital:<\/strong>&nbsp;El d\u00eda 3 de agosto del corriente se remiti\u00f3 al Poder Ejecutivo el Acuerdo N\u00b0 74\/2016 de elevaci\u00f3n de terna, la cual qued\u00f3 integrada por los Dres. \u00c1lvaro Zamorano, Fernando Garc\u00eda Hamilton y Hern\u00e1n Fr\u00edas Silva.<\/p>\n<p><strong>Concurso N\u00ba 120 Vocal de C\u00e1mara Penal, Sala II. Centro Judicial Concepci\u00f3n:&nbsp;<\/strong>En fecha 16\/08\/2016 se aprob\u00f3 el Acuerdo N\u00b0 77\/2016 declarando desierto el concurso por no haber al menos tres postulantes alcanzado el puntaje m\u00ednimo para acceder a la etapa de entrevistas.<\/p>\n<p><strong>Concurso N\u00ba 102&nbsp;Juez\/a de Conciliaci\u00f3n y Tr\u00e1mite de la III Nominaci\u00f3n. Centro Judicial Capital:<\/strong>&nbsp;El d\u00eda 2 de junio de 2016 se remiti\u00f3 al Poder Ejecutivo el Acuerdo N\u00b0 58\/2016 de elevaci\u00f3n de terna, la cual se integr\u00f3 con los Dres. Miguel Eduardo Fern\u00e1ndez Corona, Mar\u00eda Gabriela Rodr\u00edguez Dusing y Guillermo Ernesto Kutter.<\/p>\n<p><strong>Concurso N\u00ba 113&nbsp;Vocal de C\u00e1mara del Trabajo, Sala II. Centro Judicial Concepci\u00f3n:&nbsp;<\/strong>El d\u00eda 18\/05\/2016 se remiti\u00f3 al Poder Ejecutivo el Acuerdo N\u00b0 56\/2016 de elevaci\u00f3n de terna, la que qued\u00f3 integrada por los Dres. Pedro Patricio Stordeur, Tom\u00e1s Ram\u00f3n Vicente Alba y Mar\u00eda Alicia Gonz\u00e1lez Mestre.<\/p>\n<p><strong>Concurso N\u00ba 107 Defensor\/a Oficial en lo Civil y del Trabajo. Centro Judicial Concepci\u00f3n, con car\u00e1cter itinerante:&nbsp;<\/strong>El 18 de mayo de 2016 se remiti\u00f3 al Poder Ejecutivo el Acuerdo N\u00b0 55\/2016 de elevaci\u00f3n de terna, la cual qued\u00f3 integrada por los Dres. Victor Ra\u00fal Carlos, Eleonora Claudia M\u00e9ndez y Agust\u00edn Eugenio Acu\u00f1a.<\/p>\n<p><strong>Concurso N\u00ba 98 Juez\/Jueza de Ejecuci\u00f3n en lo Penal, Centro Judicial Concepci\u00f3n:&nbsp;<\/strong>En sesi\u00f3n del 01\/07\/2015 se aprob\u00f3 Acuerdo N\u00b0 91\/2015 de elevaci\u00f3n de terna integrada por los Dres. Emilio Edgardo P\u00e9rez, Alicia Merched y Fernando Rodolfo Rivera y se remiti\u00f3 al Poder Ejecutivo en fecha 2\/7\/2015.<\/p>\n","protected":false},"excerpt":{"rendered":"<p>Concurso n\u00ba250. Fiscal\/a de Instrucci\u00f3n Penal de la VIII Nominaci\u00f3n del Centro Judicial Capital: En fecha 20\/05\/2024 se elev\u00f3 al Poder Ejecutivo de la Provincia la terna resultante del concurso, mediante&nbsp;Acuerdo n\u00b088\/2024&nbsp;y conforme art. 101 inc. 5\u00ba de la Constituci\u00f3n de la Provincia y art. 16 de la Ley 8.197: Patricio Agust\u00edn Prado, Mar\u00eda Paula&hellip;<\/p>\n","protected":false},"author":1,"featured_media":0,"parent":392,"menu_order":0,"comment_status":"closed","ping_status":"closed","template":"","meta":{"ngg_post_thumbnail":0,"footnotes":""},"class_list":["post-589","page","type-page","status-publish","hentry","description-off"],"_links":{"self":[{"href":"https:\/\/camtucuman.gob.ar\/accesible\/wp-json\/wp\/v2\/pages\/589","targetHints":{"allow":["GET"]}}],"collection":[{"href":"https:\/\/camtucuman.gob.ar\/accesible\/wp-json\/wp\/v2\/pages"}],"about":[{"href":"https:\/\/camtucuman.gob.ar\/accesible\/wp-json\/wp\/v2\/types\/page"}],"author":[{"embeddable":true,"href":"https:\/\/camtucuman.gob.ar\/accesible\/wp-json\/wp\/v2\/users\/1"}],"replies":[{"embeddable":true,"href":"https:\/\/camtucuman.gob.ar\/accesible\/wp-json\/wp\/v2\/comments?post=589"}],"version-history":[{"count":9,"href":"https:\/\/camtucuman.gob.ar\/accesible\/wp-json\/wp\/v2\/pages\/589\/revisions"}],"predecessor-version":[{"id":1791,"href":"https:\/\/camtucuman.gob.ar\/accesible\/wp-json\/wp\/v2\/pages\/589\/revisions\/1791"}],"up":[{"embeddable":true,"href":"https:\/\/camtucuman.gob.ar\/accesible\/wp-json\/wp\/v2\/pages\/392"}],"wp:attachment":[{"href":"https:\/\/camtucuman.gob.ar\/accesible\/wp-json\/wp\/v2\/media?parent=589"}],"curies":[{"name":"wp","href":"https:\/\/api.w.org\/{rel}","templated":true}]}}